{"id":1298,"date":"2015-01-15T21:56:00","date_gmt":"2015-01-15T20:56:00","guid":{"rendered":"http:\/\/thilomuster.info\/?page_id=1298"},"modified":"2025-06-26T01:12:57","modified_gmt":"2025-06-25T23:12:57","slug":"upcoming-events","status":"publish","type":"page","link":"https:\/\/thilomuster.info\/en\/upcoming-events\/","title":{"rendered":"Concerts &#038; Events"},"content":{"rendered":"<p>[et_pb_section fb_built=&#8221;1&#8243; admin_label=&#8221;section&#8221; _builder_version=&#8221;4.16&#8243; background_color=&#8221;#ffffff&#8221; background_image=&#8221;https:\/\/thilomuster.info\/wp-content\/uploads\/2021\/03\/Applaus-Zugabe-blass-scaled.jpg&#8221; parallax=&#8221;on&#8221; parallax_method=&#8221;off&#8221; transparent_background=&#8221;off&#8221; global_colors_info=&#8221;{}&#8221;][et_pb_row admin_label=&#8221;row&#8221; _builder_version=&#8221;4.16&#8243; background_size=&#8221;initial&#8221; background_position=&#8221;top_left&#8221; background_repeat=&#8221;repeat&#8221; global_colors_info=&#8221;{}&#8221;][et_pb_column type=&#8221;4_4&#8243; _builder_version=&#8221;4.16&#8243; custom_padding=&#8221;|||&#8221; global_colors_info=&#8221;{}&#8221; custom_padding__hover=&#8221;|||&#8221;][et_pb_text admin_label=&#8221;Text&#8221; _builder_version=&#8221;4.16&#8243; background_size=&#8221;initial&#8221; background_position=&#8221;top_left&#8221; background_repeat=&#8221;repeat&#8221; global_colors_info=&#8221;{}&#8221;]<\/p>\n<h2>Upcoming Events<\/h2>\n<p>[\/et_pb_text][et_pb_text admin_label=&#8221;Text&#8221; _builder_version=&#8221;4.16&#8243; background_size=&#8221;initial&#8221; background_position=&#8221;top_left&#8221; background_repeat=&#8221;repeat&#8221; global_colors_info=&#8221;{}&#8221;] <div class=\"em em-view-container\" id=\"em-view-58296794\" data-view=\"list\">\r\n\t<div class=\"em pixelbones em-list em-events-list\" id=\"em-events-list-58296794\" data-view-id=\"58296794\">\r\n\t<table cellpadding=\"0\" cellspacing=\"0\" class=\"events-table\" >\r\n    <thead>\r\n        <tr>\r\n\t\t\t<th class=\"event-time\" width=\"150\">Date\/Time<\/th>\r\n\t\t\t<th class=\"event-description\" width=\"*\">Event<\/th>\r\n\t\t<\/tr>\r\n   \t<\/thead>\r\n    <tbody><div class=\"em-event em-item\" style=\"--default-border:#FFFFFF;\">\r\n\t<div class=\"em-item-image \">\r\n\t\t\r\n\t\t<img src='https:\/\/thilomuster.info\/wp-content\/uploads\/2015\/09\/Orgel-Pauluskirche1.jpg' alt='Konzert mit Cantus Basel'\/>\r\n\t\t\r\n\t\t\r\n\t<\/div>\r\n\t<div class=\"em-item-info\">\r\n\t\t<h3 class=\"em-item-title\"><a href=\"https:\/\/thilomuster.info\/en\/events\/konzert-mit-cantus-basel-2\/\">Konzert mit Cantus Basel<\/a><\/h3>\r\n\t\t<h4>Basel \/ CH<\/h4>\r\n\t\t<div class=\"em-event-meta em-item-meta\">\r\n\t\t\t<div class=\"em-item-meta-line em-event-date em-event-meta-datetime\">\r\n\t\t\t\t<span class=\"em-icon-calendar em-icon\"><\/span>\r\n\t\t\t\t09.05.2026\u00a0\u00a0\u00a0\u00a0\r\n\t\t\t<\/div>\r\n\t\t\t<div class=\"em-item-meta-line em-event-time em-event-meta-datetime\">\r\n\t\t\t\t<span class=\"em-icon-clock em-icon\"><\/span>\r\n\t\t\t\t19:30 - 20:45\r\n\t\t\t<\/div>\r\n\t\t\t\r\n\t\t\t\r\n\t\t\t<div class=\"em-item-meta-line em-event-location\">\r\n\t\t\t\t<span class=\"em-icon-location em-icon\"><\/span>\r\n\t\t\t\t<a href=\"https:\/\/thilomuster.info\/locations\/pauluskirche\/\">Pauluskirche<\/a>\r\n\t\t\t<\/div>\r\n\t\t\t\r\n\t\t\t\r\n\t\t\t\r\n\t\t\t<div class=\"em-item-meta-line em-item-taxonomy em-event-categories\">\r\n\t\t\t\t<span class=\"em-icon-category em-icon\"><\/span>\r\n\t\t\t\t<div>\t<ul class=\"event-categories\">\r\n\t\t\t\t\t<li><a href=\"https:\/\/thilomuster.info\/en\/events\/categories\/concerts\/\">Concerts<\/a><\/li>\r\n\t\t\t<\/ul>\r\n\t<\/div>\r\n\t\t\t<\/div>\r\n\t\t\t\r\n\t\t\t\r\n\t\t<\/div>\r\n\t\t<div class=\"em-item-desc\">\r\n\t\t\tZolt\u00e1n Kod\u00e1ly (1882-1967): Missa brevis Morten Lauridsen (*1943): Lux aeterna Cantus Basel, Ltg. Olga Pavlu Thilo Muster, Orgel Cantus Basel\r\n\t\t<\/div>\r\n\t\t<div class=\"em-item-actions input\">\r\n\t\t\t<a class=\"em-item-read-more button\" href=\"https:\/\/thilomuster.info\/en\/events\/konzert-mit-cantus-basel-2\/\">Weitere Informationen<\/a>\r\n\t\t\t\r\n\t\t<\/div>\r\n\t<\/div>\r\n<\/div><div class=\"em-event em-item\" style=\"--default-border:#FFFFFF;\">\r\n\t<div class=\"em-item-image \">\r\n\t\t\r\n\t\t<img src='https:\/\/thilomuster.info\/wp-content\/uploads\/2026\/02\/Musiksaal-Ausschnitt-\u00a9Stadtcasino-Basel-Fotografie-\u00a9Roman-Weyeneth-scaled.jpg' alt='Jubil\u00e4umskonzert Unichor und Uniorchester Basel'\/>\r\n\t\t\r\n\t\t\r\n\t<\/div>\r\n\t<div class=\"em-item-info\">\r\n\t\t<h3 class=\"em-item-title\"><a href=\"https:\/\/thilomuster.info\/en\/events\/jubilaeumskonzert-unichor-und-uniorchester-basel\/\">Jubil\u00e4umskonzert Unichor und Uniorchester Basel<\/a><\/h3>\r\n\t\t<h4>Basel <\/h4>\r\n\t\t<div class=\"em-event-meta em-item-meta\">\r\n\t\t\t<div class=\"em-item-meta-line em-event-date em-event-meta-datetime\">\r\n\t\t\t\t<span class=\"em-icon-calendar em-icon\"><\/span>\r\n\t\t\t\t07.06.2026\u00a0\u00a0\u00a0\u00a0\r\n\t\t\t<\/div>\r\n\t\t\t<div class=\"em-item-meta-line em-event-time em-event-meta-datetime\">\r\n\t\t\t\t<span class=\"em-icon-clock em-icon\"><\/span>\r\n\t\t\t\t17:00 - 18:30\r\n\t\t\t<\/div>\r\n\t\t\t\r\n\t\t\t\r\n\t\t\t<div class=\"em-item-meta-line em-event-location\">\r\n\t\t\t\t<span class=\"em-icon-location em-icon\"><\/span>\r\n\t\t\t\t<a href=\"https:\/\/thilomuster.info\/en\/locations\/stadtcasino-musiksaal\/\">Stadtcasino, Musiksaal<\/a>\r\n\t\t\t<\/div>\r\n\t\t\t\r\n\t\t\t\r\n\t\t\t\r\n\t\t\t<div class=\"em-item-meta-line em-item-taxonomy em-event-categories\">\r\n\t\t\t\t<span class=\"em-icon-category em-icon\"><\/span>\r\n\t\t\t\t<div>\t<ul class=\"event-categories\">\r\n\t\t\t\t\t<li><a href=\"https:\/\/thilomuster.info\/en\/events\/categories\/concerts\/\">Concerts<\/a><\/li>\r\n\t\t\t<\/ul>\r\n\t<\/div>\r\n\t\t\t<\/div>\r\n\t\t\t\r\n\t\t\t\r\n\t\t<\/div>\r\n\t\t<div class=\"em-item-desc\">\r\n\t\t\tKonzert anl\u00e4sslich des 30-j\u00e4hrigen Jubil\u00e4ums von Chor und Orchester der Universit\u00e4t Basel PROGRAMM: Felix Mendelssohn-Bartholdy: Psalm 42 MWV A15 - \"Wie der Hirsch schreit\" Edward [...]\r\n\t\t<\/div>\r\n\t\t<div class=\"em-item-actions input\">\r\n\t\t\t<a class=\"em-item-read-more button\" href=\"https:\/\/thilomuster.info\/en\/events\/jubilaeumskonzert-unichor-und-uniorchester-basel\/\">Weitere Informationen<\/a>\r\n\t\t\t\r\n\t\t<\/div>\r\n\t<\/div>\r\n<\/div><div class=\"em-event em-item\" style=\"--default-border:#FFFFFF;\">\r\n\t<div class=\"em-item-image \">\r\n\t\t\r\n\t\t<img src='https:\/\/thilomuster.info\/wp-content\/uploads\/2025\/10\/steinmayer-orgel-christuskirche-mannheim-2-jpg-100-1920x1080-1.jpg' alt='ORGEL:PUNKT:SECHS'\/>\r\n\t\t\r\n\t\t\r\n\t<\/div>\r\n\t<div class=\"em-item-info\">\r\n\t\t<h3 class=\"em-item-title\"><a href=\"https:\/\/thilomuster.info\/en\/events\/orgelpunktsechs\/\">ORGEL:PUNKT:SECHS<\/a><\/h3>\r\n\t\t<h4>Mannheim \/ DE<\/h4>\r\n\t\t<div class=\"em-event-meta em-item-meta\">\r\n\t\t\t<div class=\"em-item-meta-line em-event-date em-event-meta-datetime\">\r\n\t\t\t\t<span class=\"em-icon-calendar em-icon\"><\/span>\r\n\t\t\t\t04.09.2026\u00a0\u00a0\u00a0\u00a0\r\n\t\t\t<\/div>\r\n\t\t\t<div class=\"em-item-meta-line em-event-time em-event-meta-datetime\">\r\n\t\t\t\t<span class=\"em-icon-clock em-icon\"><\/span>\r\n\t\t\t\t18:00 - 18:45\r\n\t\t\t<\/div>\r\n\t\t\t\r\n\t\t\t\r\n\t\t\t<div class=\"em-item-meta-line em-event-location\">\r\n\t\t\t\t<span class=\"em-icon-location em-icon\"><\/span>\r\n\t\t\t\t<a href=\"https:\/\/thilomuster.info\/locations\/christuskirche\/\">Christuskirche<\/a>\r\n\t\t\t<\/div>\r\n\t\t\t\r\n\t\t\t\r\n\t\t\t\r\n\t\t\t<div class=\"em-item-meta-line em-item-taxonomy em-event-categories\">\r\n\t\t\t\t<span class=\"em-icon-category em-icon\"><\/span>\r\n\t\t\t\t<div>\t<ul class=\"event-categories\">\r\n\t\t\t\t\t<li><a href=\"https:\/\/thilomuster.info\/en\/events\/categories\/concerts\/\">Concerts<\/a><\/li>\r\n\t\t\t\t\t<li><a href=\"https:\/\/thilomuster.info\/en\/events\/categories\/recital\/\">Recital<\/a><\/li>\r\n\t\t\t<\/ul>\r\n\t<\/div>\r\n\t\t\t<\/div>\r\n\t\t\t\r\n\t\t\t\r\n\t\t<\/div>\r\n\t\t<div class=\"em-item-desc\">\r\n\t\t\tOrgelkonzert auf dem \u00abMannheimer Wunderwerk\u00bb, der Orgel von G.F. Steinmeyer von 1911 https:\/\/www.christuskirche.org\/programm\/2026 &nbsp; &nbsp;\r\n\t\t<\/div>\r\n\t\t<div class=\"em-item-actions input\">\r\n\t\t\t<a class=\"em-item-read-more button\" href=\"https:\/\/thilomuster.info\/en\/events\/orgelpunktsechs\/\">Weitere Informationen<\/a>\r\n\t\t\t\r\n\t\t<\/div>\r\n\t<\/div>\r\n<\/div><div class=\"em-event em-item\" style=\"--default-border:#a8d144;\">\r\n\t<div class=\"em-item-image \">\r\n\t\t\r\n\t\t<img src='https:\/\/thilomuster.info\/wp-content\/uploads\/2025\/10\/D_Berlin_Auenkirche_014a.jpg' alt='Anton Bruckner Sinfonie Nr. 9'\/>\r\n\t\t\r\n\t\t\r\n\t<\/div>\r\n\t<div class=\"em-item-info\">\r\n\t\t<h3 class=\"em-item-title\"><a href=\"https:\/\/thilomuster.info\/en\/events\/anton-bruckner-sinfonie-nr-9\/\">Anton Bruckner Sinfonie Nr. 9<\/a><\/h3>\r\n\t\t<h4>Berlin \/ DE<\/h4>\r\n\t\t<div class=\"em-event-meta em-item-meta\">\r\n\t\t\t<div class=\"em-item-meta-line em-event-date em-event-meta-datetime\">\r\n\t\t\t\t<span class=\"em-icon-calendar em-icon\"><\/span>\r\n\t\t\t\t11.10.2026\u00a0\u00a0\u00a0\u00a0\r\n\t\t\t<\/div>\r\n\t\t\t<div class=\"em-item-meta-line em-event-time em-event-meta-datetime\">\r\n\t\t\t\t<span class=\"em-icon-clock em-icon\"><\/span>\r\n\t\t\t\t18:00 - 19:15\r\n\t\t\t<\/div>\r\n\t\t\t\r\n\t\t\t\r\n\t\t\t<div class=\"em-item-meta-line em-event-location\">\r\n\t\t\t\t<span class=\"em-icon-location em-icon\"><\/span>\r\n\t\t\t\t<a href=\"https:\/\/thilomuster.info\/locations\/auenkirche-2\/\">Auenkirche<\/a>\r\n\t\t\t<\/div>\r\n\t\t\t\r\n\t\t\t\r\n\t\t\t\r\n\t\t\t<div class=\"em-item-meta-line em-item-taxonomy em-event-categories\">\r\n\t\t\t\t<span class=\"em-icon-category em-icon\"><\/span>\r\n\t\t\t\t<div>\t<ul class=\"event-categories\">\r\n\t\t\t\t\t<li><a href=\"https:\/\/thilomuster.info\/en\/events\/categories\/bruckner-s-ninth\/\">Bruckner&#039;s Ninth<\/a><\/li>\r\n\t\t\t\t\t<li><a href=\"https:\/\/thilomuster.info\/en\/events\/categories\/concerts\/\">Concerts<\/a><\/li>\r\n\t\t\t\t\t<li><a href=\"https:\/\/thilomuster.info\/en\/events\/categories\/recital\/\">Recital<\/a><\/li>\r\n\t\t\t<\/ul>\r\n\t<\/div>\r\n\t\t\t<\/div>\r\n\t\t\t\r\n\t\t\t\r\n\t\t<\/div>\r\n\t\t<div class=\"em-item-desc\">\r\n\t\t\tAnton Bruckner: Symphonie Nr. 9 d-moll in der kongenialen Bearbeitung f\u00fcr Orgel von Eberhard Klotz Im Rahmen der Gesamtauff\u00fchrung aller 11 Sinfonien Bruckners am Bruckner-Orgelfestival [...]\r\n\t\t<\/div>\r\n\t\t<div class=\"em-item-actions input\">\r\n\t\t\t<a class=\"em-item-read-more button\" href=\"https:\/\/thilomuster.info\/en\/events\/anton-bruckner-sinfonie-nr-9\/\">Weitere Informationen<\/a>\r\n\t\t\t\r\n\t\t<\/div>\r\n\t<\/div>\r\n<\/div><div class=\"em-event em-item\" style=\"--default-border:#FFFFFF;\">\r\n\t<div class=\"em-item-image \">\r\n\t\t\r\n\t\t<img src='https:\/\/thilomuster.info\/wp-content\/uploads\/2026\/01\/Flyerneuffr-pdf.jpg' alt='Taragot &amp; Orgue \u00e0 la Biennale Organopole 2026'\/>\r\n\t\t\r\n\t\t\r\n\t<\/div>\r\n\t<div class=\"em-item-info\">\r\n\t\t<h3 class=\"em-item-title\"><a href=\"https:\/\/thilomuster.info\/en\/events\/taragot-orgue-le-souffle-des-balkans-a-la-biennale-organopole-2026\/\">Taragot &amp; Orgue \u00e0 la Biennale Organopole 2026<\/a><\/h3>\r\n\t\t<h4>Lausanne \/ CH<\/h4>\r\n\t\t<div class=\"em-event-meta em-item-meta\">\r\n\t\t\t<div class=\"em-item-meta-line em-event-date em-event-meta-datetime\">\r\n\t\t\t\t<span class=\"em-icon-calendar em-icon\"><\/span>\r\n\t\t\t\t27.11.2026\u00a0\u00a0\u00a0\u00a0\r\n\t\t\t<\/div>\r\n\t\t\t<div class=\"em-item-meta-line em-event-time em-event-meta-datetime\">\r\n\t\t\t\t<span class=\"em-icon-clock em-icon\"><\/span>\r\n\t\t\t\t20:00 - 21:15\r\n\t\t\t<\/div>\r\n\t\t\t\r\n\t\t\t\r\n\t\t\t<div class=\"em-item-meta-line em-event-location\">\r\n\t\t\t\t<span class=\"em-icon-location em-icon\"><\/span>\r\n\t\t\t\t<a href=\"https:\/\/thilomuster.info\/locations\/eglise-saint-paul\/\">\u00c9glise Saint-Paul<\/a>\r\n\t\t\t<\/div>\r\n\t\t\t\r\n\t\t\t\r\n\t\t\t\r\n\t\t\t<div class=\"em-item-meta-line em-item-taxonomy em-event-categories\">\r\n\t\t\t\t<span class=\"em-icon-category em-icon\"><\/span>\r\n\t\t\t\t<div>\t<ul class=\"event-categories\">\r\n\t\t\t\t\t<li><a href=\"https:\/\/thilomuster.info\/en\/events\/categories\/concerts\/\">Concerts<\/a><\/li>\r\n\t\t\t\t\t<li><a href=\"https:\/\/thilomuster.info\/en\/events\/categories\/taragot-organ\/\">Taragot &amp; Organ<\/a><\/li>\r\n\t\t\t<\/ul>\r\n\t<\/div>\r\n\t\t\t<\/div>\r\n\t\t\t\r\n\t\t\t\r\n\t\t<\/div>\r\n\t\t<div class=\"em-item-desc\">\r\n\t\t\tLe souffle des Balkans \u2013 franchement d\u00e9coiffant ! Concert avec\u00a0Samuel Freiburghaus, taragot, clarinette, frula, tilinca Musique des Balkans, tzigane et klezmer de Roumanie, Bulgarie, Bosnie, [...]\r\n\t\t<\/div>\r\n\t\t<div class=\"em-item-actions input\">\r\n\t\t\t<a class=\"em-item-read-more button\" href=\"https:\/\/thilomuster.info\/en\/events\/taragot-orgue-le-souffle-des-balkans-a-la-biennale-organopole-2026\/\">Weitere Informationen<\/a>\r\n\t\t\t\r\n\t\t<\/div>\r\n\t<\/div>\r\n<\/div><\/tbody><\/table>\t<\/div>\r\n<\/div> [\/et_pb_text][et_pb_text admin_label=&#8221;Text&#8221; _builder_version=&#8221;4.16&#8243; background_size=&#8221;initial&#8221; background_position=&#8221;top_left&#8221; background_repeat=&#8221;repeat&#8221; global_colors_info=&#8221;{}&#8221;]<\/p>\n<h2>Past Events<\/h2>\n<p>[\/et_pb_text][et_pb_text admin_label=&#8221;Text&#8221; _builder_version=&#8221;4.16&#8243; background_size=&#8221;initial&#8221; background_position=&#8221;top_left&#8221; background_repeat=&#8221;repeat&#8221; use_border_color=&#8221;off&#8221; border_color=&#8221;#ffffff&#8221; border_style=&#8221;solid&#8221; global_colors_info=&#8221;{}&#8221;]<div class=\"em em-view-container\" id=\"em-view-1344240021\" data-view=\"list\">\r\n\t<div class=\"em pixelbones em-list em-events-list\" id=\"em-events-list-1344240021\" data-view-id=\"1344240021\">\r\n\t<table cellpadding=\"0\" cellspacing=\"0\" class=\"events-table\" >\r\n    <thead>\r\n        <tr>\r\n\t\t\t<th class=\"event-time\" width=\"150\">Date\/Time<\/th>\r\n\t\t\t<th class=\"event-description\" width=\"*\">Event<\/th>\r\n\t\t<\/tr>\r\n   \t<\/thead>\r\n    <tbody><div class=\"em-event em-item\" style=\"--default-border:#FFFFFF;\">\r\n\t<div class=\"em-item-image \">\r\n\t\t\r\n\t\t<img src='https:\/\/thilomuster.info\/wp-content\/uploads\/2020\/11\/FlyerDneu-scaled.jpg' alt='Taragot &amp; Orgel \u2013 umwerfender Balkansound'\/>\r\n\t\t\r\n\t\t\r\n\t<\/div>\r\n\t<div class=\"em-item-info\">\r\n\t\t<h3 class=\"em-item-title\"><a href=\"https:\/\/thilomuster.info\/en\/events\/taragot-orgel-umwerfender-balkansound-14\/\">Taragot &amp; Orgel \u2013 umwerfender Balkansound<\/a><\/h3>\r\n\t\t<h4>Heiden \/ CH<\/h4>\r\n\t\t<div class=\"em-event-meta em-item-meta\">\r\n\t\t\t<div class=\"em-item-meta-line em-event-date em-event-meta-datetime\">\r\n\t\t\t\t<span class=\"em-icon-calendar em-icon\"><\/span>\r\n\t\t\t\t22.03.2026\u00a0\u00a0\u00a0\u00a0\r\n\t\t\t<\/div>\r\n\t\t\t<div class=\"em-item-meta-line em-event-time em-event-meta-datetime\">\r\n\t\t\t\t<span class=\"em-icon-clock em-icon\"><\/span>\r\n\t\t\t\t17:00 - 18:15\r\n\t\t\t<\/div>\r\n\t\t\t\r\n\t\t\t\r\n\t\t\t<div class=\"em-item-meta-line em-event-location\">\r\n\t\t\t\t<span class=\"em-icon-location em-icon\"><\/span>\r\n\t\t\t\t<a href=\"https:\/\/thilomuster.info\/locations\/evangelische-kirche-2\/\">evangelische Kirche<\/a>\r\n\t\t\t<\/div>\r\n\t\t\t\r\n\t\t\t\r\n\t\t\t\r\n\t\t\t<div class=\"em-item-meta-line em-item-taxonomy em-event-categories\">\r\n\t\t\t\t<span class=\"em-icon-category em-icon\"><\/span>\r\n\t\t\t\t<div>\t<ul class=\"event-categories\">\r\n\t\t\t\t\t<li><a href=\"https:\/\/thilomuster.info\/en\/events\/categories\/concerts\/\">Concerts<\/a><\/li>\r\n\t\t\t\t\t<li><a href=\"https:\/\/thilomuster.info\/en\/events\/categories\/taragot-organ\/\">Taragot &amp; Organ<\/a><\/li>\r\n\t\t\t<\/ul>\r\n\t<\/div>\r\n\t\t\t<\/div>\r\n\t\t\t\r\n\t\t\t\r\n\t\t<\/div>\r\n\t\t<div class=\"em-item-desc\">\r\n\t\t\tZusammen mit\u00a0Samuel Freiburghaus,\u00a0Taragot, Klarinetten, Frula &amp; Bassethorn Musik des Balkans, der Lautari und Klezmorim\u00a0aus Rum\u00e4nien, Bulgarien, Serbien, Albanien, Griechenland, Azerbaidschan und Armenien\r\n\t\t<\/div>\r\n\t\t<div class=\"em-item-actions input\">\r\n\t\t\t<a class=\"em-item-read-more button\" href=\"https:\/\/thilomuster.info\/en\/events\/taragot-orgel-umwerfender-balkansound-14\/\">Weitere Informationen<\/a>\r\n\t\t\t\r\n\t\t<\/div>\r\n\t<\/div>\r\n<\/div><div class=\"em-event em-item\" style=\"--default-border:#FFFFFF;\">\r\n\t<div class=\"em-item-image \">\r\n\t\t\r\n\t\t<img src='https:\/\/thilomuster.info\/wp-content\/uploads\/2025\/06\/Orgue_de_la_chapelle_des_Maccabees_St-Pierre_Geneve-scaled.jpg' alt='R\u00e9cital d&#039;orgue'\/>\r\n\t\t\r\n\t\t\r\n\t<\/div>\r\n\t<div class=\"em-item-info\">\r\n\t\t<h3 class=\"em-item-title\"><a href=\"https:\/\/thilomuster.info\/en\/events\/recital-dorgue-2\/\">R\u00e9cital d&#039;orgue<\/a><\/h3>\r\n\t\t<h4>Gen\u00e8ve \/ CH<\/h4>\r\n\t\t<div class=\"em-event-meta em-item-meta\">\r\n\t\t\t<div class=\"em-item-meta-line em-event-date em-event-meta-datetime\">\r\n\t\t\t\t<span class=\"em-icon-calendar em-icon\"><\/span>\r\n\t\t\t\t07.03.2026\u00a0\u00a0\u00a0\u00a0\r\n\t\t\t<\/div>\r\n\t\t\t<div class=\"em-item-meta-line em-event-time em-event-meta-datetime\">\r\n\t\t\t\t<span class=\"em-icon-clock em-icon\"><\/span>\r\n\t\t\t\t00:00 - 18:15\r\n\t\t\t<\/div>\r\n\t\t\t\r\n\t\t\t\r\n\t\t\t<div class=\"em-item-meta-line em-event-location\">\r\n\t\t\t\t<span class=\"em-icon-location em-icon\"><\/span>\r\n\t\t\t\t<a href=\"https:\/\/thilomuster.info\/locations\/cathedrale-st-pierre\/\">Cath\u00e9drale St-Pierre<\/a>\r\n\t\t\t<\/div>\r\n\t\t\t\r\n\t\t\t\r\n\t\t\t\r\n\t\t\t<div class=\"em-item-meta-line em-item-taxonomy em-event-categories\">\r\n\t\t\t\t<span class=\"em-icon-category em-icon\"><\/span>\r\n\t\t\t\t<div>\t<ul class=\"event-categories\">\r\n\t\t\t\t\t<li><a href=\"https:\/\/thilomuster.info\/en\/events\/categories\/concerts\/\">Concerts<\/a><\/li>\r\n\t\t\t\t\t<li><a href=\"https:\/\/thilomuster.info\/en\/events\/categories\/recital\/\">Recital<\/a><\/li>\r\n\t\t\t<\/ul>\r\n\t<\/div>\r\n\t\t\t<\/div>\r\n\t\t\t\r\n\t\t\t\r\n\t\t<\/div>\r\n\t\t<div class=\"em-item-desc\">\r\n\t\t\tSur l'orgue Walcker (1888) de la Chapelle des Macchab\u00e9es dans la Cath\u00e9drale St-Pierre\r\n\t\t<\/div>\r\n\t\t<div class=\"em-item-actions input\">\r\n\t\t\t<a class=\"em-item-read-more button\" href=\"https:\/\/thilomuster.info\/en\/events\/recital-dorgue-2\/\">Weitere Informationen<\/a>\r\n\t\t\t\r\n\t\t<\/div>\r\n\t<\/div>\r\n<\/div><div class=\"em-event em-item\" style=\"--default-border:#FFFFFF;\">\r\n\t<div class=\"em-item-image \">\r\n\t\t\r\n\t\t<img src='https:\/\/thilomuster.info\/wp-content\/uploads\/2021\/11\/Flyerneufr-scaled.jpg' alt='Taragot &amp; Orgue \u2013 pour les 100 ans de Marcel Cellier'\/>\r\n\t\t\r\n\t\t\r\n\t<\/div>\r\n\t<div class=\"em-item-info\">\r\n\t\t<h3 class=\"em-item-title\"><a href=\"https:\/\/thilomuster.info\/en\/events\/taragot-orgue-pour-les-100-ans-de-marcel-cellier\/\">Taragot &amp; Orgue \u2013 pour les 100 ans de Marcel Cellier<\/a><\/h3>\r\n\t\t<h4>Cully \/ CH<\/h4>\r\n\t\t<div class=\"em-event-meta em-item-meta\">\r\n\t\t\t<div class=\"em-item-meta-line em-event-date em-event-meta-datetime\">\r\n\t\t\t\t<span class=\"em-icon-calendar em-icon\"><\/span>\r\n\t\t\t\t23.11.2025\u00a0\u00a0\u00a0\u00a0\r\n\t\t\t<\/div>\r\n\t\t\t<div class=\"em-item-meta-line em-event-time em-event-meta-datetime\">\r\n\t\t\t\t<span class=\"em-icon-clock em-icon\"><\/span>\r\n\t\t\t\t17:00 - 18:15\r\n\t\t\t<\/div>\r\n\t\t\t\r\n\t\t\t\r\n\t\t\t<div class=\"em-item-meta-line em-event-location\">\r\n\t\t\t\t<span class=\"em-icon-location em-icon\"><\/span>\r\n\t\t\t\t<a href=\"https:\/\/thilomuster.info\/locations\/temple-3\/\">Temple<\/a>\r\n\t\t\t<\/div>\r\n\t\t\t\r\n\t\t\t\r\n\t\t\t\r\n\t\t\t<div class=\"em-item-meta-line em-item-taxonomy em-event-categories\">\r\n\t\t\t\t<span class=\"em-icon-category em-icon\"><\/span>\r\n\t\t\t\t<div>\t<ul class=\"event-categories\">\r\n\t\t\t\t\t<li><a href=\"https:\/\/thilomuster.info\/en\/events\/categories\/concerts\/\">Concerts<\/a><\/li>\r\n\t\t\t\t\t<li><a href=\"https:\/\/thilomuster.info\/en\/events\/categories\/taragot-organ\/\">Taragot &amp; Organ<\/a><\/li>\r\n\t\t\t<\/ul>\r\n\t<\/div>\r\n\t\t\t<\/div>\r\n\t\t\t\r\n\t\t\t\r\n\t\t<\/div>\r\n\t\t<div class=\"em-item-desc\">\r\n\t\t\tConcert avec Samuel Freiburghaus, taragot, clarinettes, froula Musique des Balkans Taragot &amp; Orgue \u00e0 Cully\r\n\t\t<\/div>\r\n\t\t<div class=\"em-item-actions input\">\r\n\t\t\t<a class=\"em-item-read-more button\" href=\"https:\/\/thilomuster.info\/en\/events\/taragot-orgue-pour-les-100-ans-de-marcel-cellier\/\">Weitere Informationen<\/a>\r\n\t\t\t\r\n\t\t<\/div>\r\n\t<\/div>\r\n<\/div><div class=\"em-event em-item\" style=\"--default-border:#FFFFFF;\">\r\n\t<div class=\"em-item-image \">\r\n\t\t\r\n\t\t<img src='https:\/\/thilomuster.info\/wp-content\/uploads\/2025\/08\/Bildschirmfoto-2025-08-08-um-17.19.01.jpg' alt='Dritte Arlesheimer Orgelnacht'\/>\r\n\t\t\r\n\t\t\r\n\t<\/div>\r\n\t<div class=\"em-item-info\">\r\n\t\t<h3 class=\"em-item-title\"><a href=\"https:\/\/thilomuster.info\/en\/events\/dritte-arlesheimer-orgelnacht\/\">Dritte Arlesheimer Orgelnacht<\/a><\/h3>\r\n\t\t<h4>Arlesheim <\/h4>\r\n\t\t<div class=\"em-event-meta em-item-meta\">\r\n\t\t\t<div class=\"em-item-meta-line em-event-date em-event-meta-datetime\">\r\n\t\t\t\t<span class=\"em-icon-calendar em-icon\"><\/span>\r\n\t\t\t\t20.09.2025\u00a0\u00a0\u00a0\u00a0\r\n\t\t\t<\/div>\r\n\t\t\t<div class=\"em-item-meta-line em-event-time em-event-meta-datetime\">\r\n\t\t\t\t<span class=\"em-icon-clock em-icon\"><\/span>\r\n\t\t\t\t19:00 - 23:45\r\n\t\t\t<\/div>\r\n\t\t\t\r\n\t\t\t\r\n\t\t\t<div class=\"em-item-meta-line em-event-location\">\r\n\t\t\t\t<span class=\"em-icon-location em-icon\"><\/span>\r\n\t\t\t\t<a href=\"https:\/\/thilomuster.info\/en\/locations\/reformierte-kirche\/\">reformierte Kirche<\/a>\r\n\t\t\t<\/div>\r\n\t\t\t\r\n\t\t\t\r\n\t\t\t\r\n\t\t\t<div class=\"em-item-meta-line em-item-taxonomy em-event-categories\">\r\n\t\t\t\t<span class=\"em-icon-category em-icon\"><\/span>\r\n\t\t\t\t<div>\t<ul class=\"event-categories\">\r\n\t\t\t\t\t<li><a href=\"https:\/\/thilomuster.info\/en\/events\/categories\/concerts\/\">Concerts<\/a><\/li>\r\n\t\t\t\t\t<li><a href=\"https:\/\/thilomuster.info\/en\/events\/categories\/recital\/\">Recital<\/a><\/li>\r\n\t\t\t<\/ul>\r\n\t<\/div>\r\n\t\t\t<\/div>\r\n\t\t\t\r\n\t\t\t\r\n\t\t<\/div>\r\n\t\t<div class=\"em-item-desc\">\r\n\t\t\tKonzerte von 19h bis Mitternacht in der ref. Kirche und im Dom zu Arlesheim Weitere Infos hier!\r\n\t\t<\/div>\r\n\t\t<div class=\"em-item-actions input\">\r\n\t\t\t<a class=\"em-item-read-more button\" href=\"https:\/\/thilomuster.info\/en\/events\/dritte-arlesheimer-orgelnacht\/\">Weitere Informationen<\/a>\r\n\t\t\t\r\n\t\t<\/div>\r\n\t<\/div>\r\n<\/div><div class=\"em-event em-item\" style=\"--default-border:#FFFFFF;\">\r\n\t<div class=\"em-item-image has-placeholder\">\r\n\t\t\r\n\t\t\r\n\t\t<div class=\"em-item-image-placeholder\">\r\n\t\t\t<div class=\"date\">\r\n\t\t\t\t<span class=\"day\">07<\/span>\r\n\t\t\t\t<span class=\"month\">Sep<\/span>\r\n\t\t\t<\/div>\r\n\t\t<\/div>\r\n\t\t\r\n\t<\/div>\r\n\t<div class=\"em-item-info\">\r\n\t\t<h3 class=\"em-item-title\"><a href=\"https:\/\/thilomuster.info\/en\/events\/einweihung-der-neuen-klahre-orgel\/\">Einweihung der neuen Klahre-Orgel<\/a><\/h3>\r\n\t\t<h4>Hofstetten \/ CH<\/h4>\r\n\t\t<div class=\"em-event-meta em-item-meta\">\r\n\t\t\t<div class=\"em-item-meta-line em-event-date em-event-meta-datetime\">\r\n\t\t\t\t<span class=\"em-icon-calendar em-icon\"><\/span>\r\n\t\t\t\t07.09.2025\u00a0\u00a0\u00a0\u00a0\r\n\t\t\t<\/div>\r\n\t\t\t<div class=\"em-item-meta-line em-event-time em-event-meta-datetime\">\r\n\t\t\t\t<span class=\"em-icon-clock em-icon\"><\/span>\r\n\t\t\t\t11:00 - 12:30\r\n\t\t\t<\/div>\r\n\t\t\t\r\n\t\t\t\r\n\t\t\t<div class=\"em-item-meta-line em-event-location\">\r\n\t\t\t\t<span class=\"em-icon-location em-icon\"><\/span>\r\n\t\t\t\t<a href=\"https:\/\/thilomuster.info\/locations\/kath-kirche-3\/\">kath. Kirche<\/a>\r\n\t\t\t<\/div>\r\n\t\t\t\r\n\t\t\t\r\n\t\t\t\r\n\t\t\t<div class=\"em-item-meta-line em-item-taxonomy em-event-categories\">\r\n\t\t\t\t<span class=\"em-icon-category em-icon\"><\/span>\r\n\t\t\t\t<div>\t<ul class=\"event-categories\">\r\n\t\t\t\t\t<li><a href=\"https:\/\/thilomuster.info\/en\/events\/categories\/concerts\/\">Concerts<\/a><\/li>\r\n\t\t\t\t\t<li><a href=\"https:\/\/thilomuster.info\/en\/events\/categories\/recital\/\">Recital<\/a><\/li>\r\n\t\t\t<\/ul>\r\n\t<\/div>\r\n\t\t\t<\/div>\r\n\t\t\t\r\n\t\t\t\r\n\t\t<\/div>\r\n\t\t<div class=\"em-item-desc\">\r\n\t\t\tC\u00e4cilienchor Hofstetten-Fl\u00fch, Chor Metzerlen An der Orgel: Thilo Muster, Christian Thomann\r\n\t\t<\/div>\r\n\t\t<div class=\"em-item-actions input\">\r\n\t\t\t<a class=\"em-item-read-more button\" href=\"https:\/\/thilomuster.info\/en\/events\/einweihung-der-neuen-klahre-orgel\/\">Weitere Informationen<\/a>\r\n\t\t\t\r\n\t\t<\/div>\r\n\t<\/div>\r\n<\/div><div class=\"em-event em-item\" style=\"--default-border:#FFFFFF;\">\r\n\t<div class=\"em-item-image \">\r\n\t\t\r\n\t\t<img src='https:\/\/thilomuster.info\/wp-content\/uploads\/2023\/08\/Solothurn_-_St-_Ursen_-_Orgel.jpg' alt='Orgelkonzert'\/>\r\n\t\t\r\n\t\t\r\n\t<\/div>\r\n\t<div class=\"em-item-info\">\r\n\t\t<h3 class=\"em-item-title\"><a href=\"https:\/\/thilomuster.info\/en\/events\/orgelkonzert\/\">Orgelkonzert<\/a><\/h3>\r\n\t\t<h4>Solothurn \/ CH<\/h4>\r\n\t\t<div class=\"em-event-meta em-item-meta\">\r\n\t\t\t<div class=\"em-item-meta-line em-event-date em-event-meta-datetime\">\r\n\t\t\t\t<span class=\"em-icon-calendar em-icon\"><\/span>\r\n\t\t\t\t08.07.2025\u00a0\u00a0\u00a0\u00a0\r\n\t\t\t<\/div>\r\n\t\t\t<div class=\"em-item-meta-line em-event-time em-event-meta-datetime\">\r\n\t\t\t\t<span class=\"em-icon-clock em-icon\"><\/span>\r\n\t\t\t\t18:00 - 19:00\r\n\t\t\t<\/div>\r\n\t\t\t\r\n\t\t\t\r\n\t\t\t<div class=\"em-item-meta-line em-event-location\">\r\n\t\t\t\t<span class=\"em-icon-location em-icon\"><\/span>\r\n\t\t\t\t<a href=\"https:\/\/thilomuster.info\/locations\/st-ursen-kathedrale\/\">St. Ursen-Kathedrale<\/a>\r\n\t\t\t<\/div>\r\n\t\t\t\r\n\t\t\t\r\n\t\t\t\r\n\t\t\t<div class=\"em-item-meta-line em-item-taxonomy em-event-categories\">\r\n\t\t\t\t<span class=\"em-icon-category em-icon\"><\/span>\r\n\t\t\t\t<div>\t<ul class=\"event-categories\">\r\n\t\t\t\t\t<li><a href=\"https:\/\/thilomuster.info\/en\/events\/categories\/concerts\/\">Concerts<\/a><\/li>\r\n\t\t\t\t\t<li><a href=\"https:\/\/thilomuster.info\/en\/events\/categories\/recital\/\">Recital<\/a><\/li>\r\n\t\t\t<\/ul>\r\n\t<\/div>\r\n\t\t\t<\/div>\r\n\t\t\t\r\n\t\t\t\r\n\t\t<\/div>\r\n\t\t<div class=\"em-item-desc\">\r\n\t\t\tThilo Muster spielt auf der Prozessionsorgel, der Chororgel und der Hauptorgel www.orgelkonzertesolothurn.ch\r\n\t\t<\/div>\r\n\t\t<div class=\"em-item-actions input\">\r\n\t\t\t<a class=\"em-item-read-more button\" href=\"https:\/\/thilomuster.info\/en\/events\/orgelkonzert\/\">Weitere Informationen<\/a>\r\n\t\t\t\r\n\t\t<\/div>\r\n\t<\/div>\r\n<\/div><div class=\"em-event em-item\" style=\"--default-border:#FFFFFF;\">\r\n\t<div class=\"em-item-image \">\r\n\t\t\r\n\t\t<img src='https:\/\/thilomuster.info\/wp-content\/uploads\/2024\/10\/H0KFGSWfS1lgX8lxazKsSqmwXxuBitw6M8HOWgOb.jpg' alt='Orgues Estivales de la Cath\u00e9drale'\/>\r\n\t\t\r\n\t\t\r\n\t<\/div>\r\n\t<div class=\"em-item-info\">\r\n\t\t<h3 class=\"em-item-title\"><a href=\"https:\/\/thilomuster.info\/en\/events\/orgues-estivales-de-la-cathedrale\/\">Orgues Estivales de la Cath\u00e9drale<\/a><\/h3>\r\n\t\t<h4>Fribourg \/ CH<\/h4>\r\n\t\t<div class=\"em-event-meta em-item-meta\">\r\n\t\t\t<div class=\"em-item-meta-line em-event-date em-event-meta-datetime\">\r\n\t\t\t\t<span class=\"em-icon-calendar em-icon\"><\/span>\r\n\t\t\t\t02.07.2025\u00a0\u00a0\u00a0\u00a0\r\n\t\t\t<\/div>\r\n\t\t\t<div class=\"em-item-meta-line em-event-time em-event-meta-datetime\">\r\n\t\t\t\t<span class=\"em-icon-clock em-icon\"><\/span>\r\n\t\t\t\t12:15 - 13:00\r\n\t\t\t<\/div>\r\n\t\t\t\r\n\t\t\t\r\n\t\t\t<div class=\"em-item-meta-line em-event-location\">\r\n\t\t\t\t<span class=\"em-icon-location em-icon\"><\/span>\r\n\t\t\t\t<a href=\"https:\/\/thilomuster.info\/locations\/cathedrale-saint-nicolas\/\">Cath\u00e9drale Saint-Nicolas<\/a>\r\n\t\t\t<\/div>\r\n\t\t\t\r\n\t\t\t\r\n\t\t\t\r\n\t\t\t<div class=\"em-item-meta-line em-item-taxonomy em-event-categories\">\r\n\t\t\t\t<span class=\"em-icon-category em-icon\"><\/span>\r\n\t\t\t\t<div>\t<ul class=\"event-categories\">\r\n\t\t\t\t\t<li><a href=\"https:\/\/thilomuster.info\/en\/events\/categories\/concerts\/\">Concerts<\/a><\/li>\r\n\t\t\t\t\t<li><a href=\"https:\/\/thilomuster.info\/en\/events\/categories\/recital\/\">Recital<\/a><\/li>\r\n\t\t\t<\/ul>\r\n\t<\/div>\r\n\t\t\t<\/div>\r\n\t\t\t\r\n\t\t\t\r\n\t\t<\/div>\r\n\t\t<div class=\"em-item-desc\">\r\n\t\t\t\u0152uvres de Anonymus, John Bull, William Byrd, (orgue de ch\u0153ur) Joseph Jongen et Thilo Muster (Wanderings), (grandes orgues) www.concerts-cathedrale-fribourg.ch &nbsp;\r\n\t\t<\/div>\r\n\t\t<div class=\"em-item-actions input\">\r\n\t\t\t<a class=\"em-item-read-more button\" href=\"https:\/\/thilomuster.info\/en\/events\/orgues-estivales-de-la-cathedrale\/\">Weitere Informationen<\/a>\r\n\t\t\t\r\n\t\t<\/div>\r\n\t<\/div>\r\n<\/div><div class=\"em-event em-item\" style=\"--default-border:#FFFFFF;\">\r\n\t<div class=\"em-item-image \">\r\n\t\t\r\n\t\t<img src='https:\/\/thilomuster.info\/wp-content\/uploads\/2020\/11\/FlyerDneu-scaled.jpg' alt='Taragot &amp; Orgel \u2013 umwerfender Balkansound'\/>\r\n\t\t\r\n\t\t\r\n\t<\/div>\r\n\t<div class=\"em-item-info\">\r\n\t\t<h3 class=\"em-item-title\"><a href=\"https:\/\/thilomuster.info\/en\/events\/taragot-orgel-umwerfender-balkansound-13\/\">Taragot &amp; Orgel \u2013 umwerfender Balkansound<\/a><\/h3>\r\n\t\t<h4>Berzona \/ CH<\/h4>\r\n\t\t<div class=\"em-event-meta em-item-meta\">\r\n\t\t\t<div class=\"em-item-meta-line em-event-date em-event-meta-datetime\">\r\n\t\t\t\t<span class=\"em-icon-calendar em-icon\"><\/span>\r\n\t\t\t\t07.06.2025\u00a0\u00a0\u00a0\u00a0\r\n\t\t\t<\/div>\r\n\t\t\t<div class=\"em-item-meta-line em-event-time em-event-meta-datetime\">\r\n\t\t\t\t<span class=\"em-icon-clock em-icon\"><\/span>\r\n\t\t\t\t15:30 - 16:30\r\n\t\t\t<\/div>\r\n\t\t\t\r\n\t\t\t\r\n\t\t\t<div class=\"em-item-meta-line em-event-location\">\r\n\t\t\t\t<span class=\"em-icon-location em-icon\"><\/span>\r\n\t\t\t\t<a href=\"https:\/\/thilomuster.info\/locations\/chiesa-di-s-defendente\/\">Chiesa di S. Defendente<\/a>\r\n\t\t\t<\/div>\r\n\t\t\t\r\n\t\t\t\r\n\t\t\t\r\n\t\t\t<div class=\"em-item-meta-line em-item-taxonomy em-event-categories\">\r\n\t\t\t\t<span class=\"em-icon-category em-icon\"><\/span>\r\n\t\t\t\t<div>\t<ul class=\"event-categories\">\r\n\t\t\t\t\t<li><a href=\"https:\/\/thilomuster.info\/en\/events\/categories\/concerts\/\">Concerts<\/a><\/li>\r\n\t\t\t\t\t<li><a href=\"https:\/\/thilomuster.info\/en\/events\/categories\/taragot-organ\/\">Taragot &amp; Organ<\/a><\/li>\r\n\t\t\t<\/ul>\r\n\t<\/div>\r\n\t\t\t<\/div>\r\n\t\t\t\r\n\t\t\t\r\n\t\t<\/div>\r\n\t\t<div class=\"em-item-desc\">\r\n\t\t\tZusammen mit Samuel Freiburghaus, Taragot, Klarinetten, Frula &amp; Bassethorn Musik des Balkans, der Lautari und Klezmorim aus Rum\u00e4nien, Bulgarien, Serbien, Albanien, Griechenland, Azerbaidschan und Armenien\r\n\t\t<\/div>\r\n\t\t<div class=\"em-item-actions input\">\r\n\t\t\t<a class=\"em-item-read-more button\" href=\"https:\/\/thilomuster.info\/en\/events\/taragot-orgel-umwerfender-balkansound-13\/\">Weitere Informationen<\/a>\r\n\t\t\t\r\n\t\t<\/div>\r\n\t<\/div>\r\n<\/div><div class=\"em-event em-item\" style=\"--default-border:#FFFFFF;\">\r\n\t<div class=\"em-item-image \">\r\n\t\t\r\n\t\t<img src='https:\/\/thilomuster.info\/wp-content\/uploads\/2020\/11\/FlyerDneu-scaled.jpg' alt='Taragot &amp; Orgel \u2013 umwerfender Balkansound.'\/>\r\n\t\t\r\n\t\t\r\n\t<\/div>\r\n\t<div class=\"em-item-info\">\r\n\t\t<h3 class=\"em-item-title\"><a href=\"https:\/\/thilomuster.info\/en\/events\/taragot-orgel-umwerfender-balkansound-12\/\">Taragot &amp; Orgel \u2013 umwerfender Balkansound.<\/a><\/h3>\r\n\t\t<h4>Wittnau <\/h4>\r\n\t\t<div class=\"em-event-meta em-item-meta\">\r\n\t\t\t<div class=\"em-item-meta-line em-event-date em-event-meta-datetime\">\r\n\t\t\t\t<span class=\"em-icon-calendar em-icon\"><\/span>\r\n\t\t\t\t30.03.2025\u00a0\u00a0\u00a0\u00a0\r\n\t\t\t<\/div>\r\n\t\t\t<div class=\"em-item-meta-line em-event-time em-event-meta-datetime\">\r\n\t\t\t\t<span class=\"em-icon-clock em-icon\"><\/span>\r\n\t\t\t\t17:00 - 18:15\r\n\t\t\t<\/div>\r\n\t\t\t\r\n\t\t\t\r\n\t\t\t<div class=\"em-item-meta-line em-event-location\">\r\n\t\t\t\t<span class=\"em-icon-location em-icon\"><\/span>\r\n\t\t\t\t<a href=\"https:\/\/thilomuster.info\/locations\/kirche-st-martin\/\">Kirche St. Martin<\/a>\r\n\t\t\t<\/div>\r\n\t\t\t\r\n\t\t\t\r\n\t\t\t\r\n\t\t\t<div class=\"em-item-meta-line em-item-taxonomy em-event-categories\">\r\n\t\t\t\t<span class=\"em-icon-category em-icon\"><\/span>\r\n\t\t\t\t<div>\t<ul class=\"event-categories\">\r\n\t\t\t\t\t<li><a href=\"https:\/\/thilomuster.info\/en\/events\/categories\/concerts\/\">Concerts<\/a><\/li>\r\n\t\t\t\t\t<li><a href=\"https:\/\/thilomuster.info\/en\/events\/categories\/taragot-organ\/\">Taragot &amp; Organ<\/a><\/li>\r\n\t\t\t<\/ul>\r\n\t<\/div>\r\n\t\t\t<\/div>\r\n\t\t\t\r\n\t\t\t\r\n\t\t<\/div>\r\n\t\t<div class=\"em-item-desc\">\r\n\t\t\tZusammen mit Samuel Freiburghaus, Taragot, Klarinetten, Frula &amp; Bassethorn Musik des Balkans, der Lautari und Klezmorim aus Rum\u00e4nien, Bulgarien, Serbien, Albanien, Griechenland, Azerbaidschan und Armenien\r\n\t\t<\/div>\r\n\t\t<div class=\"em-item-actions input\">\r\n\t\t\t<a class=\"em-item-read-more button\" href=\"https:\/\/thilomuster.info\/en\/events\/taragot-orgel-umwerfender-balkansound-12\/\">Weitere Informationen<\/a>\r\n\t\t\t\r\n\t\t<\/div>\r\n\t<\/div>\r\n<\/div><div class=\"em-event em-item\" style=\"--default-border:#FFFFFF;\">\r\n\t<div class=\"em-item-image \">\r\n\t\t\r\n\t\t<img src='https:\/\/thilomuster.info\/wp-content\/uploads\/2020\/11\/FlyerDneu-scaled.jpg' alt='Taragot &amp; Orgel \u2013 umwerfender Balkansound. Benefizkonzert'\/>\r\n\t\t\r\n\t\t\r\n\t<\/div>\r\n\t<div class=\"em-item-info\">\r\n\t\t<h3 class=\"em-item-title\"><a href=\"https:\/\/thilomuster.info\/en\/events\/taragot-orgel-umwerfender-balkansound-benefizkonzert\/\">Taragot &amp; Orgel \u2013 umwerfender Balkansound. Benefizkonzert<\/a><\/h3>\r\n\t\t<h4>Basel \/ CH<\/h4>\r\n\t\t<div class=\"em-event-meta em-item-meta\">\r\n\t\t\t<div class=\"em-item-meta-line em-event-date em-event-meta-datetime\">\r\n\t\t\t\t<span class=\"em-icon-calendar em-icon\"><\/span>\r\n\t\t\t\t21.03.2025\u00a0\u00a0\u00a0\u00a0\r\n\t\t\t<\/div>\r\n\t\t\t<div class=\"em-item-meta-line em-event-time em-event-meta-datetime\">\r\n\t\t\t\t<span class=\"em-icon-clock em-icon\"><\/span>\r\n\t\t\t\t19:30 - 20:45\r\n\t\t\t<\/div>\r\n\t\t\t\r\n\t\t\t\r\n\t\t\t<div class=\"em-item-meta-line em-event-location\">\r\n\t\t\t\t<span class=\"em-icon-location em-icon\"><\/span>\r\n\t\t\t\t<a href=\"https:\/\/thilomuster.info\/locations\/pauluskirche\/\">Pauluskirche<\/a>\r\n\t\t\t<\/div>\r\n\t\t\t\r\n\t\t\t\r\n\t\t\t\r\n\t\t\t<div class=\"em-item-meta-line em-item-taxonomy em-event-categories\">\r\n\t\t\t\t<span class=\"em-icon-category em-icon\"><\/span>\r\n\t\t\t\t<div>\t<ul class=\"event-categories\">\r\n\t\t\t\t\t<li><a href=\"https:\/\/thilomuster.info\/en\/events\/categories\/concerts\/\">Concerts<\/a><\/li>\r\n\t\t\t\t\t<li><a href=\"https:\/\/thilomuster.info\/en\/events\/categories\/taragot-organ\/\">Taragot &amp; Organ<\/a><\/li>\r\n\t\t\t<\/ul>\r\n\t<\/div>\r\n\t\t\t<\/div>\r\n\t\t\t\r\n\t\t\t\r\n\t\t<\/div>\r\n\t\t<div class=\"em-item-desc\">\r\n\t\t\tZusammen mit Samuel Freiburghaus, Taragot, Klarinetten, Frula &amp; Bassethorn Musik des Balkans, der Lautari und Klezmorim aus Rum\u00e4nien, Bulgarien, Serbien, Albanien, Griechenland, Azerbaidschan und Armenien [...]\r\n\t\t<\/div>\r\n\t\t<div class=\"em-item-actions input\">\r\n\t\t\t<a class=\"em-item-read-more button\" href=\"https:\/\/thilomuster.info\/en\/events\/taragot-orgel-umwerfender-balkansound-benefizkonzert\/\">Weitere Informationen<\/a>\r\n\t\t\t\r\n\t\t<\/div>\r\n\t<\/div>\r\n<\/div><div class=\"em-event em-item\" style=\"--default-border:#FFFFFF;\">\r\n\t<div class=\"em-item-image \">\r\n\t\t\r\n\t\t<img src='https:\/\/thilomuster.info\/wp-content\/uploads\/2020\/11\/FlyerDneu-scaled.jpg' alt='Musik unter Sternen: Taragot &amp; Orgel'\/>\r\n\t\t\r\n\t\t\r\n\t<\/div>\r\n\t<div class=\"em-item-info\">\r\n\t\t<h3 class=\"em-item-title\"><a href=\"https:\/\/thilomuster.info\/en\/events\/musik-unter-sternen-taragot-orgel\/\">Musik unter Sternen: Taragot &amp; Orgel<\/a><\/h3>\r\n\t\t<h4>Arlesheim <\/h4>\r\n\t\t<div class=\"em-event-meta em-item-meta\">\r\n\t\t\t<div class=\"em-item-meta-line em-event-date em-event-meta-datetime\">\r\n\t\t\t\t<span class=\"em-icon-calendar em-icon\"><\/span>\r\n\t\t\t\t15.02.2025\u00a0\u00a0\u00a0\u00a0\r\n\t\t\t<\/div>\r\n\t\t\t<div class=\"em-item-meta-line em-event-time em-event-meta-datetime\">\r\n\t\t\t\t<span class=\"em-icon-clock em-icon\"><\/span>\r\n\t\t\t\t17:30 - 18:15\r\n\t\t\t<\/div>\r\n\t\t\t\r\n\t\t\t\r\n\t\t\t<div class=\"em-item-meta-line em-event-location\">\r\n\t\t\t\t<span class=\"em-icon-location em-icon\"><\/span>\r\n\t\t\t\t<a href=\"https:\/\/thilomuster.info\/en\/locations\/reformierte-kirche\/\">reformierte Kirche<\/a>\r\n\t\t\t<\/div>\r\n\t\t\t\r\n\t\t\t\r\n\t\t\t\r\n\t\t\t<div class=\"em-item-meta-line em-item-taxonomy em-event-categories\">\r\n\t\t\t\t<span class=\"em-icon-category em-icon\"><\/span>\r\n\t\t\t\t<div>\t<ul class=\"event-categories\">\r\n\t\t\t\t\t<li><a href=\"https:\/\/thilomuster.info\/en\/events\/categories\/concerts\/\">Concerts<\/a><\/li>\r\n\t\t\t\t\t<li><a href=\"https:\/\/thilomuster.info\/en\/events\/categories\/taragot-organ\/\">Taragot &amp; Organ<\/a><\/li>\r\n\t\t\t<\/ul>\r\n\t<\/div>\r\n\t\t\t<\/div>\r\n\t\t\t\r\n\t\t\t\r\n\t\t<\/div>\r\n\t\t<div class=\"em-item-desc\">\r\n\t\t\tUmwerfender Balkansound mit Samuel Freiburghaus,\u00a0Taragot, Frula, Bassethorn und Klarinetten und Thilo Muster, Orgel\r\n\t\t<\/div>\r\n\t\t<div class=\"em-item-actions input\">\r\n\t\t\t<a class=\"em-item-read-more button\" href=\"https:\/\/thilomuster.info\/en\/events\/musik-unter-sternen-taragot-orgel\/\">Weitere Informationen<\/a>\r\n\t\t\t\r\n\t\t<\/div>\r\n\t<\/div>\r\n<\/div><div class=\"em-event em-item\" style=\"--default-border:#FFFFFF;\">\r\n\t<div class=\"em-item-image \">\r\n\t\t\r\n\t\t<img src='https:\/\/thilomuster.info\/wp-content\/uploads\/2021\/11\/Flyerneufr-scaled.jpg' alt='Taragot &amp; Orgue \u2013 le souffle des Balkans'\/>\r\n\t\t\r\n\t\t\r\n\t<\/div>\r\n\t<div class=\"em-item-info\">\r\n\t\t<h3 class=\"em-item-title\"><a href=\"https:\/\/thilomuster.info\/en\/events\/taragot-orgue-le-souffle-des-balkans-4\/\">Taragot &amp; Orgue \u2013 le souffle des Balkans<\/a><\/h3>\r\n\t\t<h4>Le Locle \/ CH<\/h4>\r\n\t\t<div class=\"em-event-meta em-item-meta\">\r\n\t\t\t<div class=\"em-item-meta-line em-event-date em-event-meta-datetime\">\r\n\t\t\t\t<span class=\"em-icon-calendar em-icon\"><\/span>\r\n\t\t\t\t02.02.2025\u00a0\u00a0\u00a0\u00a0\r\n\t\t\t<\/div>\r\n\t\t\t<div class=\"em-item-meta-line em-event-time em-event-meta-datetime\">\r\n\t\t\t\t<span class=\"em-icon-clock em-icon\"><\/span>\r\n\t\t\t\t17:00 - 18:15\r\n\t\t\t<\/div>\r\n\t\t\t\r\n\t\t\t\r\n\t\t\t<div class=\"em-item-meta-line em-event-location\">\r\n\t\t\t\t<span class=\"em-icon-location em-icon\"><\/span>\r\n\t\t\t\t<a href=\"https:\/\/thilomuster.info\/locations\/temple-2\/\">Temple<\/a>\r\n\t\t\t<\/div>\r\n\t\t\t\r\n\t\t\t\r\n\t\t\t\r\n\t\t\t<div class=\"em-item-meta-line em-item-taxonomy em-event-categories\">\r\n\t\t\t\t<span class=\"em-icon-category em-icon\"><\/span>\r\n\t\t\t\t<div>\t<ul class=\"event-categories\">\r\n\t\t\t\t\t<li><a href=\"https:\/\/thilomuster.info\/en\/events\/categories\/concerts\/\">Concerts<\/a><\/li>\r\n\t\t\t\t\t<li><a href=\"https:\/\/thilomuster.info\/en\/events\/categories\/taragot-organ\/\">Taragot &amp; Organ<\/a><\/li>\r\n\t\t\t<\/ul>\r\n\t<\/div>\r\n\t\t\t<\/div>\r\n\t\t\t\r\n\t\t\t\r\n\t\t<\/div>\r\n\t\t<div class=\"em-item-desc\">\r\n\t\t\tMusique des Balkans, des Lautari et Klezmorim de Roumanie, Serbie, Bulgarie, Albanie, Azerbaidjan, Arm\u00e9nie avec Samuel Freiburghaus, taragot, frula et clarinettes\r\n\t\t<\/div>\r\n\t\t<div class=\"em-item-actions input\">\r\n\t\t\t<a class=\"em-item-read-more button\" href=\"https:\/\/thilomuster.info\/en\/events\/taragot-orgue-le-souffle-des-balkans-4\/\">Weitere Informationen<\/a>\r\n\t\t\t\r\n\t\t<\/div>\r\n\t<\/div>\r\n<\/div><div class=\"em-event em-item\" style=\"--default-border:#FFFFFF;\">\r\n\t<div class=\"em-item-image \">\r\n\t\t\r\n\t\t<img src='https:\/\/thilomuster.info\/wp-content\/uploads\/2020\/11\/FlyerDneu-scaled.jpg' alt='Taragot &amp; Orgel \u2013 umwerfender Balkansound'\/>\r\n\t\t\r\n\t\t\r\n\t<\/div>\r\n\t<div class=\"em-item-info\">\r\n\t\t<h3 class=\"em-item-title\"><a href=\"https:\/\/thilomuster.info\/en\/events\/taragot-orgel-umwerfender-balkansound-11\/\">Taragot &amp; Orgel \u2013 umwerfender Balkansound<\/a><\/h3>\r\n\t\t<h4>Basel \/ CH<\/h4>\r\n\t\t<div class=\"em-event-meta em-item-meta\">\r\n\t\t\t<div class=\"em-item-meta-line em-event-date em-event-meta-datetime\">\r\n\t\t\t\t<span class=\"em-icon-calendar em-icon\"><\/span>\r\n\t\t\t\t13.11.2024\u00a0\u00a0\u00a0\u00a0\r\n\t\t\t<\/div>\r\n\t\t\t<div class=\"em-item-meta-line em-event-time em-event-meta-datetime\">\r\n\t\t\t\t<span class=\"em-icon-clock em-icon\"><\/span>\r\n\t\t\t\t18:00 - 18:45\r\n\t\t\t<\/div>\r\n\t\t\t\r\n\t\t\t\r\n\t\t\t<div class=\"em-item-meta-line em-event-location\">\r\n\t\t\t\t<span class=\"em-icon-location em-icon\"><\/span>\r\n\t\t\t\t<a href=\"https:\/\/thilomuster.info\/en\/locations\/theodorskirche-2\/\">Theodorskirche<\/a>\r\n\t\t\t<\/div>\r\n\t\t\t\r\n\t\t\t\r\n\t\t\t\r\n\t\t\t<div class=\"em-item-meta-line em-item-taxonomy em-event-categories\">\r\n\t\t\t\t<span class=\"em-icon-category em-icon\"><\/span>\r\n\t\t\t\t<div>\t<ul class=\"event-categories\">\r\n\t\t\t\t\t<li><a href=\"https:\/\/thilomuster.info\/en\/events\/categories\/concerts\/\">Concerts<\/a><\/li>\r\n\t\t\t\t\t<li><a href=\"https:\/\/thilomuster.info\/en\/events\/categories\/taragot-organ\/\">Taragot &amp; Organ<\/a><\/li>\r\n\t\t\t<\/ul>\r\n\t<\/div>\r\n\t\t\t<\/div>\r\n\t\t\t\r\n\t\t\t\r\n\t\t<\/div>\r\n\t\t<div class=\"em-item-desc\">\r\n\t\t\tZusammen mit Samuel Freiburghaus, Taragot, Klarinetten, Frula &amp; Bassethorn Musik des Balkans, der Lautari und Klezmorim aus Rum\u00e4nien, Bulgarien, Serbien, Albanien, Griechenland, Azerbaidschan und Armenien [...]\r\n\t\t<\/div>\r\n\t\t<div class=\"em-item-actions input\">\r\n\t\t\t<a class=\"em-item-read-more button\" href=\"https:\/\/thilomuster.info\/en\/events\/taragot-orgel-umwerfender-balkansound-11\/\">Weitere Informationen<\/a>\r\n\t\t\t\r\n\t\t<\/div>\r\n\t<\/div>\r\n<\/div><div class=\"em-event em-item\" style=\"--default-border:#FFFFFF;\">\r\n\t<div class=\"em-item-image \">\r\n\t\t\r\n\t\t<img src='https:\/\/thilomuster.info\/wp-content\/uploads\/2024\/08\/scene02.jpg' alt='Cercle Bach Gen\u00e8ve \u2013 Rutter, Hagen'\/>\r\n\t\t\r\n\t\t\r\n\t<\/div>\r\n\t<div class=\"em-item-info\">\r\n\t\t<h3 class=\"em-item-title\"><a href=\"https:\/\/thilomuster.info\/en\/events\/cercle-bach-geneve-rutter-hagen\/\">Cercle Bach Gen\u00e8ve \u2013 Rutter, Hagen<\/a><\/h3>\r\n\t\t<h4>Gen\u00e8ve \/ CH<\/h4>\r\n\t\t<div class=\"em-event-meta em-item-meta\">\r\n\t\t\t<div class=\"em-item-meta-line em-event-date em-event-meta-datetime\">\r\n\t\t\t\t<span class=\"em-icon-calendar em-icon\"><\/span>\r\n\t\t\t\t10.11.2024\u00a0\u00a0\u00a0\u00a0\r\n\t\t\t<\/div>\r\n\t\t\t<div class=\"em-item-meta-line em-event-time em-event-meta-datetime\">\r\n\t\t\t\t<span class=\"em-icon-clock em-icon\"><\/span>\r\n\t\t\t\t17:00 - 18:30\r\n\t\t\t<\/div>\r\n\t\t\t\r\n\t\t\t\r\n\t\t\t<div class=\"em-item-meta-line em-event-location\">\r\n\t\t\t\t<span class=\"em-icon-location em-icon\"><\/span>\r\n\t\t\t\t<a href=\"https:\/\/thilomuster.info\/en\/locations\/victoria-hall\/\">Victoria Hall<\/a>\r\n\t\t\t<\/div>\r\n\t\t\t\r\n\t\t\t\r\n\t\t\t\r\n\t\t\t<div class=\"em-item-meta-line em-item-taxonomy em-event-categories\">\r\n\t\t\t\t<span class=\"em-icon-category em-icon\"><\/span>\r\n\t\t\t\t<div>\t<ul class=\"event-categories\">\r\n\t\t\t\t\t<li><a href=\"https:\/\/thilomuster.info\/en\/events\/categories\/concerts\/\">Concerts<\/a><\/li>\r\n\t\t\t<\/ul>\r\n\t<\/div>\r\n\t\t\t<\/div>\r\n\t\t\t\r\n\t\t\t\r\n\t\t<\/div>\r\n\t\t<div class=\"em-item-desc\">\r\n\t\t\tJohn Rutter: Te Deum &amp; Gloria Daron Hagen: Everyone, Everywhere Mi-Young Kim,\u00a0mezzo-soprano Shavon Lloyd, baryton Thilo Muster, orgue Cercle Bach Cantus Laetus Ma\u00eetrise du CPMDT [...]\r\n\t\t<\/div>\r\n\t\t<div class=\"em-item-actions input\">\r\n\t\t\t<a class=\"em-item-read-more button\" href=\"https:\/\/thilomuster.info\/en\/events\/cercle-bach-geneve-rutter-hagen\/\">Weitere Informationen<\/a>\r\n\t\t\t\r\n\t\t<\/div>\r\n\t<\/div>\r\n<\/div><div class=\"em-event em-item\" style=\"--default-border:#a8d144;\">\r\n\t<div class=\"em-item-image \">\r\n\t\t\r\n\t\t<img src='https:\/\/thilomuster.info\/wp-content\/uploads\/2022\/12\/Bruckner-Dudelange-IIb-15.1.23.jpg' alt='Bruckner Symphonie Nr. 9 d-moll f\u00fcr Orgel'\/>\r\n\t\t\r\n\t\t\r\n\t<\/div>\r\n\t<div class=\"em-item-info\">\r\n\t\t<h3 class=\"em-item-title\"><a href=\"https:\/\/thilomuster.info\/en\/events\/bruckner-symphonie-nr-9-d-moll-fuer-orgel-10\/\">Bruckner Symphonie Nr. 9 d-moll f\u00fcr Orgel<\/a><\/h3>\r\n\t\t<h4>Dudelange \/ LUX<\/h4>\r\n\t\t<div class=\"em-event-meta em-item-meta\">\r\n\t\t\t<div class=\"em-item-meta-line em-event-date em-event-meta-datetime\">\r\n\t\t\t\t<span class=\"em-icon-calendar em-icon\"><\/span>\r\n\t\t\t\t02.11.2024\u00a0\u00a0\u00a0\u00a0\r\n\t\t\t<\/div>\r\n\t\t\t<div class=\"em-item-meta-line em-event-time em-event-meta-datetime\">\r\n\t\t\t\t<span class=\"em-icon-clock em-icon\"><\/span>\r\n\t\t\t\t19:30 - 20:45\r\n\t\t\t<\/div>\r\n\t\t\t\r\n\t\t\t\r\n\t\t\t<div class=\"em-item-meta-line em-event-location\">\r\n\t\t\t\t<span class=\"em-icon-location em-icon\"><\/span>\r\n\t\t\t\t<a href=\"https:\/\/thilomuster.info\/en\/locations\/eglise-saint-martin\/\">\u00c9glise Saint-Martin<\/a>\r\n\t\t\t<\/div>\r\n\t\t\t\r\n\t\t\t\r\n\t\t\t\r\n\t\t\t<div class=\"em-item-meta-line em-item-taxonomy em-event-categories\">\r\n\t\t\t\t<span class=\"em-icon-category em-icon\"><\/span>\r\n\t\t\t\t<div>\t<ul class=\"event-categories\">\r\n\t\t\t\t\t<li><a href=\"https:\/\/thilomuster.info\/en\/events\/categories\/bruckner-s-ninth\/\">Bruckner&#039;s Ninth<\/a><\/li>\r\n\t\t\t\t\t<li><a href=\"https:\/\/thilomuster.info\/en\/events\/categories\/concerts\/\">Concerts<\/a><\/li>\r\n\t\t\t\t\t<li><a href=\"https:\/\/thilomuster.info\/en\/events\/categories\/recital\/\">Recital<\/a><\/li>\r\n\t\t\t<\/ul>\r\n\t<\/div>\r\n\t\t\t<\/div>\r\n\t\t\t\r\n\t\t\t\r\n\t\t<\/div>\r\n\t\t<div class=\"em-item-desc\">\r\n\t\t\tAnton Bruckner: Symphonie Nr. 9 d-moll\u00a0in der kongenialen Bearbeitung f\u00fcr Orgel von\u00a0Eberhard Klotz Eintritt frei \u2013 Kollekte\r\n\t\t<\/div>\r\n\t\t<div class=\"em-item-actions input\">\r\n\t\t\t<a class=\"em-item-read-more button\" href=\"https:\/\/thilomuster.info\/en\/events\/bruckner-symphonie-nr-9-d-moll-fuer-orgel-10\/\">Weitere Informationen<\/a>\r\n\t\t\t\r\n\t\t<\/div>\r\n\t<\/div>\r\n<\/div><div class=\"em-event em-item\" style=\"--default-border:#FFFFFF;\">\r\n\t<div class=\"em-item-image \">\r\n\t\t\r\n\t\t<img src='https:\/\/thilomuster.info\/wp-content\/uploads\/2021\/11\/Flyerneufr-scaled.jpg' alt='Taragot &amp; Orgue \u2013 le souffle des Balkans'\/>\r\n\t\t\r\n\t\t\r\n\t<\/div>\r\n\t<div class=\"em-item-info\">\r\n\t\t<h3 class=\"em-item-title\"><a href=\"https:\/\/thilomuster.info\/en\/events\/taragot-orgue-le-souffle-des-balkans-3\/\">Taragot &amp; Orgue \u2013 le souffle des Balkans<\/a><\/h3>\r\n\t\t<h4>Gen\u00e8ve \/ CH<\/h4>\r\n\t\t<div class=\"em-event-meta em-item-meta\">\r\n\t\t\t<div class=\"em-item-meta-line em-event-date em-event-meta-datetime\">\r\n\t\t\t\t<span class=\"em-icon-calendar em-icon\"><\/span>\r\n\t\t\t\t29.09.2024\u00a0\u00a0\u00a0\u00a0\r\n\t\t\t<\/div>\r\n\t\t\t<div class=\"em-item-meta-line em-event-time em-event-meta-datetime\">\r\n\t\t\t\t<span class=\"em-icon-clock em-icon\"><\/span>\r\n\t\t\t\t17:00 - 18:15\r\n\t\t\t<\/div>\r\n\t\t\t\r\n\t\t\t\r\n\t\t\t<div class=\"em-item-meta-line em-event-location\">\r\n\t\t\t\t<span class=\"em-icon-location em-icon\"><\/span>\r\n\t\t\t\t<a href=\"https:\/\/thilomuster.info\/locations\/cathedrale-st-pierre\/\">Cath\u00e9drale St-Pierre<\/a>\r\n\t\t\t<\/div>\r\n\t\t\t\r\n\t\t\t\r\n\t\t\t\r\n\t\t\t<div class=\"em-item-meta-line em-item-taxonomy em-event-categories\">\r\n\t\t\t\t<span class=\"em-icon-category em-icon\"><\/span>\r\n\t\t\t\t<div>\t<ul class=\"event-categories\">\r\n\t\t\t\t\t<li><a href=\"https:\/\/thilomuster.info\/en\/events\/categories\/concerts\/\">Concerts<\/a><\/li>\r\n\t\t\t\t\t<li><a href=\"https:\/\/thilomuster.info\/en\/events\/categories\/taragot-organ\/\">Taragot &amp; Organ<\/a><\/li>\r\n\t\t\t<\/ul>\r\n\t<\/div>\r\n\t\t\t<\/div>\r\n\t\t\t\r\n\t\t\t\r\n\t\t<\/div>\r\n\t\t<div class=\"em-item-desc\">\r\n\t\t\tMusique des Balkans, des Lautari et Klezmorim de Roumanie, Serbie, Bulgarie, Albanie, Azerbaidjan, Arm\u00e9nie avec\u00a0Samuel Freiburghaus,\u00a0taragot, frula et clarinettes\r\n\t\t<\/div>\r\n\t\t<div class=\"em-item-actions input\">\r\n\t\t\t<a class=\"em-item-read-more button\" href=\"https:\/\/thilomuster.info\/en\/events\/taragot-orgue-le-souffle-des-balkans-3\/\">Weitere Informationen<\/a>\r\n\t\t\t\r\n\t\t<\/div>\r\n\t<\/div>\r\n<\/div><div class=\"em-event em-item\" style=\"--default-border:#a8d144;\">\r\n\t<div class=\"em-item-image \">\r\n\t\t\r\n\t\t<img src='https:\/\/thilomuster.info\/wp-content\/uploads\/2022\/12\/Bruckner-Dudelange-IIb-15.1.23.jpg' alt='Bruckner Symphonie Nr. 9 d-moll f\u00fcr Orgel'\/>\r\n\t\t\r\n\t\t\r\n\t<\/div>\r\n\t<div class=\"em-item-info\">\r\n\t\t<h3 class=\"em-item-title\"><a href=\"https:\/\/thilomuster.info\/en\/events\/bruckner-symphonie-nr-9-d-moll-fuer-orgel-11\/\">Bruckner Symphonie Nr. 9 d-moll f\u00fcr Orgel<\/a><\/h3>\r\n\t\t<h4>Rheinfelden \/ DE<\/h4>\r\n\t\t<div class=\"em-event-meta em-item-meta\">\r\n\t\t\t<div class=\"em-item-meta-line em-event-date em-event-meta-datetime\">\r\n\t\t\t\t<span class=\"em-icon-calendar em-icon\"><\/span>\r\n\t\t\t\t21.09.2024\u00a0\u00a0\u00a0\u00a0\r\n\t\t\t<\/div>\r\n\t\t\t<div class=\"em-item-meta-line em-event-time em-event-meta-datetime\">\r\n\t\t\t\t<span class=\"em-icon-clock em-icon\"><\/span>\r\n\t\t\t\t19:00 - 20:00\r\n\t\t\t<\/div>\r\n\t\t\t\r\n\t\t\t\r\n\t\t\t<div class=\"em-item-meta-line em-event-location\">\r\n\t\t\t\t<span class=\"em-icon-location em-icon\"><\/span>\r\n\t\t\t\t<a href=\"https:\/\/thilomuster.info\/locations\/st-josefskirche\/\">St. Josefskirche<\/a>\r\n\t\t\t<\/div>\r\n\t\t\t\r\n\t\t\t\r\n\t\t\t\r\n\t\t\t<div class=\"em-item-meta-line em-item-taxonomy em-event-categories\">\r\n\t\t\t\t<span class=\"em-icon-category em-icon\"><\/span>\r\n\t\t\t\t<div>\t<ul class=\"event-categories\">\r\n\t\t\t\t\t<li><a href=\"https:\/\/thilomuster.info\/en\/events\/categories\/bruckner-s-ninth\/\">Bruckner&#039;s Ninth<\/a><\/li>\r\n\t\t\t\t\t<li><a href=\"https:\/\/thilomuster.info\/en\/events\/categories\/concerts\/\">Concerts<\/a><\/li>\r\n\t\t\t\t\t<li><a href=\"https:\/\/thilomuster.info\/en\/events\/categories\/recital\/\">Recital<\/a><\/li>\r\n\t\t\t<\/ul>\r\n\t<\/div>\r\n\t\t\t<\/div>\r\n\t\t\t\r\n\t\t\t\r\n\t\t<\/div>\r\n\t\t<div class=\"em-item-desc\">\r\n\t\t\tAnton Bruckner: Symphonie Nr. 9 d-moll\u00a0in der kongenialen Bearbeitung f\u00fcr Orgel von\u00a0Eberhard Klotz Eintritt frei \u2013 Kollekte\r\n\t\t<\/div>\r\n\t\t<div class=\"em-item-actions input\">\r\n\t\t\t<a class=\"em-item-read-more button\" href=\"https:\/\/thilomuster.info\/en\/events\/bruckner-symphonie-nr-9-d-moll-fuer-orgel-11\/\">Weitere Informationen<\/a>\r\n\t\t\t\r\n\t\t<\/div>\r\n\t<\/div>\r\n<\/div><div class=\"em-event em-item\" style=\"--default-border:#a8d144;\">\r\n\t<div class=\"em-item-image \">\r\n\t\t\r\n\t\t<img src='https:\/\/thilomuster.info\/wp-content\/uploads\/2023\/01\/image.jpeg' alt='Bruckner Sinfonie Nr. 9 d-moll f\u00fcr Orgel'\/>\r\n\t\t\r\n\t\t\r\n\t<\/div>\r\n\t<div class=\"em-item-info\">\r\n\t\t<h3 class=\"em-item-title\"><a href=\"https:\/\/thilomuster.info\/en\/events\/bruckner-sinfonie-nr-9-d-moll-fuer-orgel\/\">Bruckner Sinfonie Nr. 9 d-moll f\u00fcr Orgel<\/a><\/h3>\r\n\t\t<h4>Speyer \/ DE<\/h4>\r\n\t\t<div class=\"em-event-meta em-item-meta\">\r\n\t\t\t<div class=\"em-item-meta-line em-event-date em-event-meta-datetime\">\r\n\t\t\t\t<span class=\"em-icon-calendar em-icon\"><\/span>\r\n\t\t\t\t31.08.2024\u00a0\u00a0\u00a0\u00a0\r\n\t\t\t<\/div>\r\n\t\t\t<div class=\"em-item-meta-line em-event-time em-event-meta-datetime\">\r\n\t\t\t\t<span class=\"em-icon-clock em-icon\"><\/span>\r\n\t\t\t\t19:30 - 20:30\r\n\t\t\t<\/div>\r\n\t\t\t\r\n\t\t\t\r\n\t\t\t<div class=\"em-item-meta-line em-event-location\">\r\n\t\t\t\t<span class=\"em-icon-location em-icon\"><\/span>\r\n\t\t\t\t<a href=\"https:\/\/thilomuster.info\/locations\/dom-4\/\">Dom<\/a>\r\n\t\t\t<\/div>\r\n\t\t\t\r\n\t\t\t\r\n\t\t\t\r\n\t\t\t<div class=\"em-item-meta-line em-item-taxonomy em-event-categories\">\r\n\t\t\t\t<span class=\"em-icon-category em-icon\"><\/span>\r\n\t\t\t\t<div>\t<ul class=\"event-categories\">\r\n\t\t\t\t\t<li><a href=\"https:\/\/thilomuster.info\/en\/events\/categories\/bruckner-s-ninth\/\">Bruckner&#039;s Ninth<\/a><\/li>\r\n\t\t\t\t\t<li><a href=\"https:\/\/thilomuster.info\/en\/events\/categories\/concerts\/\">Concerts<\/a><\/li>\r\n\t\t\t\t\t<li><a href=\"https:\/\/thilomuster.info\/en\/events\/categories\/recital\/\">Recital<\/a><\/li>\r\n\t\t\t<\/ul>\r\n\t<\/div>\r\n\t\t\t<\/div>\r\n\t\t\t\r\n\t\t\t\r\n\t\t<\/div>\r\n\t\t<div class=\"em-item-desc\">\r\n\t\t\tAnton Bruckner: Sinfonie Nr. 9 d-moll\u00a0in der kongenialen Bearbeitung f\u00fcr Orgel von\u00a0Eberhard Klotz\r\n\t\t<\/div>\r\n\t\t<div class=\"em-item-actions input\">\r\n\t\t\t<a class=\"em-item-read-more button\" href=\"https:\/\/thilomuster.info\/en\/events\/bruckner-sinfonie-nr-9-d-moll-fuer-orgel\/\">Weitere Informationen<\/a>\r\n\t\t\t\r\n\t\t<\/div>\r\n\t<\/div>\r\n<\/div><div class=\"em-event em-item\" style=\"--default-border:#a8d144;\">\r\n\t<div class=\"em-item-image \">\r\n\t\t\r\n\t\t<img src='https:\/\/thilomuster.info\/wp-content\/uploads\/2024\/02\/Hauptorgel_Ulmer_Muenster-scaled.jpg' alt='Bruckner Sinfonie Nr. 9 d-moll'\/>\r\n\t\t\r\n\t\t\r\n\t<\/div>\r\n\t<div class=\"em-item-info\">\r\n\t\t<h3 class=\"em-item-title\"><a href=\"https:\/\/thilomuster.info\/en\/events\/bruckner-sinfonie-nr-9-d-moll\/\">Bruckner Sinfonie Nr. 9 d-moll<\/a><\/h3>\r\n\t\t<h4>Ulm \/ DE<\/h4>\r\n\t\t<div class=\"em-event-meta em-item-meta\">\r\n\t\t\t<div class=\"em-item-meta-line em-event-date em-event-meta-datetime\">\r\n\t\t\t\t<span class=\"em-icon-calendar em-icon\"><\/span>\r\n\t\t\t\t25.08.2024\u00a0\u00a0\u00a0\u00a0\r\n\t\t\t<\/div>\r\n\t\t\t<div class=\"em-item-meta-line em-event-time em-event-meta-datetime\">\r\n\t\t\t\t<span class=\"em-icon-clock em-icon\"><\/span>\r\n\t\t\t\t11:30 - 12:30\r\n\t\t\t<\/div>\r\n\t\t\t\r\n\t\t\t\r\n\t\t\t<div class=\"em-item-meta-line em-event-location\">\r\n\t\t\t\t<span class=\"em-icon-location em-icon\"><\/span>\r\n\t\t\t\t<a href=\"https:\/\/thilomuster.info\/locations\/muenster\/\">M\u00fcnster<\/a>\r\n\t\t\t<\/div>\r\n\t\t\t\r\n\t\t\t\r\n\t\t\t\r\n\t\t\t<div class=\"em-item-meta-line em-item-taxonomy em-event-categories\">\r\n\t\t\t\t<span class=\"em-icon-category em-icon\"><\/span>\r\n\t\t\t\t<div>\t<ul class=\"event-categories\">\r\n\t\t\t\t\t<li><a href=\"https:\/\/thilomuster.info\/en\/events\/categories\/bruckner-s-ninth\/\">Bruckner&#039;s Ninth<\/a><\/li>\r\n\t\t\t\t\t<li><a href=\"https:\/\/thilomuster.info\/en\/events\/categories\/concerts\/\">Concerts<\/a><\/li>\r\n\t\t\t\t\t<li><a href=\"https:\/\/thilomuster.info\/en\/events\/categories\/recital\/\">Recital<\/a><\/li>\r\n\t\t\t<\/ul>\r\n\t<\/div>\r\n\t\t\t<\/div>\r\n\t\t\t\r\n\t\t\t\r\n\t\t<\/div>\r\n\t\t<div class=\"em-item-desc\">\r\n\t\t\tAnton Bruckner: Sinfonie Nr. 9 d-moll\u00a0in der kongenialen Bearbeitung f\u00fcr Orgel von\u00a0Eberhard Klotz\r\n\t\t<\/div>\r\n\t\t<div class=\"em-item-actions input\">\r\n\t\t\t<a class=\"em-item-read-more button\" href=\"https:\/\/thilomuster.info\/en\/events\/bruckner-sinfonie-nr-9-d-moll\/\">Weitere Informationen<\/a>\r\n\t\t\t\r\n\t\t<\/div>\r\n\t<\/div>\r\n<\/div><div class=\"em-event em-item\" style=\"--default-border:#a8d144;\">\r\n\t<div class=\"em-item-image \">\r\n\t\t\r\n\t\t<img src='https:\/\/thilomuster.info\/wp-content\/uploads\/2024\/01\/114690_4g.jpg' alt='Bruckner Sinfonie Nr. 9 d-moll'\/>\r\n\t\t\r\n\t\t\r\n\t<\/div>\r\n\t<div class=\"em-item-info\">\r\n\t\t<h3 class=\"em-item-title\"><a href=\"https:\/\/thilomuster.info\/en\/events\/anton-bruckner-sinfonie-nr-9-d-moll\/\">Bruckner Sinfonie Nr. 9 d-moll<\/a><\/h3>\r\n\t\t<h4>Freiburg i.Br. \/ DE<\/h4>\r\n\t\t<div class=\"em-event-meta em-item-meta\">\r\n\t\t\t<div class=\"em-item-meta-line em-event-date em-event-meta-datetime\">\r\n\t\t\t\t<span class=\"em-icon-calendar em-icon\"><\/span>\r\n\t\t\t\t06.08.2024\u00a0\u00a0\u00a0\u00a0\r\n\t\t\t<\/div>\r\n\t\t\t<div class=\"em-item-meta-line em-event-time em-event-meta-datetime\">\r\n\t\t\t\t<span class=\"em-icon-clock em-icon\"><\/span>\r\n\t\t\t\t20:15 - 21:30\r\n\t\t\t<\/div>\r\n\t\t\t\r\n\t\t\t\r\n\t\t\t<div class=\"em-item-meta-line em-event-location\">\r\n\t\t\t\t<span class=\"em-icon-location em-icon\"><\/span>\r\n\t\t\t\t<a href=\"https:\/\/thilomuster.info\/en\/locations\/munster-unserer-lieben-frau\/\">M\u00fcnster \u00abUnserer lieben Frau\u00bb<\/a>\r\n\t\t\t<\/div>\r\n\t\t\t\r\n\t\t\t\r\n\t\t\t\r\n\t\t\t<div class=\"em-item-meta-line em-item-taxonomy em-event-categories\">\r\n\t\t\t\t<span class=\"em-icon-category em-icon\"><\/span>\r\n\t\t\t\t<div>\t<ul class=\"event-categories\">\r\n\t\t\t\t\t<li><a href=\"https:\/\/thilomuster.info\/en\/events\/categories\/bruckner-s-ninth\/\">Bruckner&#039;s Ninth<\/a><\/li>\r\n\t\t\t\t\t<li><a href=\"https:\/\/thilomuster.info\/en\/events\/categories\/concerts\/\">Concerts<\/a><\/li>\r\n\t\t\t\t\t<li><a href=\"https:\/\/thilomuster.info\/en\/events\/categories\/recital\/\">Recital<\/a><\/li>\r\n\t\t\t<\/ul>\r\n\t<\/div>\r\n\t\t\t<\/div>\r\n\t\t\t\r\n\t\t\t\r\n\t\t<\/div>\r\n\t\t<div class=\"em-item-desc\">\r\n\t\t\tAnton Bruckner: Sinfonie Nr. 9 d-moll\u00a0in der kongenialen Bearbeitung f\u00fcr Orgel von\u00a0Eberhard Klotz\r\n\t\t<\/div>\r\n\t\t<div class=\"em-item-actions input\">\r\n\t\t\t<a class=\"em-item-read-more button\" href=\"https:\/\/thilomuster.info\/en\/events\/anton-bruckner-sinfonie-nr-9-d-moll\/\">Weitere Informationen<\/a>\r\n\t\t\t\r\n\t\t<\/div>\r\n\t<\/div>\r\n<\/div><div class=\"em-event em-item\" style=\"--default-border:#a8d144;\">\r\n\t<div class=\"em-item-image \">\r\n\t\t\r\n\t\t<img src='https:\/\/thilomuster.info\/wp-content\/uploads\/2024\/04\/Muenchner_Lukaschor_in_der_Salvatorkirche_Duisburg_09-scaled.jpg' alt='Orgelfestival Ruhr'\/>\r\n\t\t\r\n\t\t\r\n\t<\/div>\r\n\t<div class=\"em-item-info\">\r\n\t\t<h3 class=\"em-item-title\"><a href=\"https:\/\/thilomuster.info\/en\/events\/orgelfestival-ruhr\/\">Orgelfestival Ruhr<\/a><\/h3>\r\n\t\t<h4>Duisburg \/ DE<\/h4>\r\n\t\t<div class=\"em-event-meta em-item-meta\">\r\n\t\t\t<div class=\"em-item-meta-line em-event-date em-event-meta-datetime\">\r\n\t\t\t\t<span class=\"em-icon-calendar em-icon\"><\/span>\r\n\t\t\t\t23.06.2024\u00a0\u00a0\u00a0\u00a0\r\n\t\t\t<\/div>\r\n\t\t\t<div class=\"em-item-meta-line em-event-time em-event-meta-datetime\">\r\n\t\t\t\t<span class=\"em-icon-clock em-icon\"><\/span>\r\n\t\t\t\t18:00 - 19:00\r\n\t\t\t<\/div>\r\n\t\t\t\r\n\t\t\t\r\n\t\t\t<div class=\"em-item-meta-line em-event-location\">\r\n\t\t\t\t<span class=\"em-icon-location em-icon\"><\/span>\r\n\t\t\t\t<a href=\"https:\/\/thilomuster.info\/locations\/salvatorkirche-duisburg\/\">Salvatorkirche Duisburg<\/a>\r\n\t\t\t<\/div>\r\n\t\t\t\r\n\t\t\t\r\n\t\t\t\r\n\t\t\t<div class=\"em-item-meta-line em-item-taxonomy em-event-categories\">\r\n\t\t\t\t<span class=\"em-icon-category em-icon\"><\/span>\r\n\t\t\t\t<div>\t<ul class=\"event-categories\">\r\n\t\t\t\t\t<li><a href=\"https:\/\/thilomuster.info\/en\/events\/categories\/bruckner-s-ninth\/\">Bruckner&#039;s Ninth<\/a><\/li>\r\n\t\t\t\t\t<li><a href=\"https:\/\/thilomuster.info\/en\/events\/categories\/concerts\/\">Concerts<\/a><\/li>\r\n\t\t\t\t\t<li><a href=\"https:\/\/thilomuster.info\/en\/events\/categories\/recital\/\">Recital<\/a><\/li>\r\n\t\t\t<\/ul>\r\n\t<\/div>\r\n\t\t\t<\/div>\r\n\t\t\t\r\n\t\t\t\r\n\t\t<\/div>\r\n\t\t<div class=\"em-item-desc\">\r\n\t\t\tWerke von Rameau, Jongen, Bruckner (Scherzo aus der neunten Sinfonie) und Thilo Muster (Wanderings) Salvatorkirche Duisburg Orgelfestival Ruhr\r\n\t\t<\/div>\r\n\t\t<div class=\"em-item-actions input\">\r\n\t\t\t<a class=\"em-item-read-more button\" href=\"https:\/\/thilomuster.info\/en\/events\/orgelfestival-ruhr\/\">Weitere Informationen<\/a>\r\n\t\t\t\r\n\t\t<\/div>\r\n\t<\/div>\r\n<\/div><div class=\"em-event em-item\" style=\"--default-border:#FFFFFF;\">\r\n\t<div class=\"em-item-image \">\r\n\t\t\r\n\t\t<img src='https:\/\/thilomuster.info\/wp-content\/uploads\/2020\/11\/FlyerDneu-scaled.jpg' alt='Taragot &amp; Orgel \u2013 umwerfender Balkansound.'\/>\r\n\t\t\r\n\t\t\r\n\t<\/div>\r\n\t<div class=\"em-item-info\">\r\n\t\t<h3 class=\"em-item-title\"><a href=\"https:\/\/thilomuster.info\/en\/events\/taragot-orgel-umwerfender-balkansound-11\/\">Taragot &amp; Orgel \u2013 umwerfender Balkansound.<\/a><\/h3>\r\n\t\t<h4>K\u00f6lliken \/ CH<\/h4>\r\n\t\t<div class=\"em-event-meta em-item-meta\">\r\n\t\t\t<div class=\"em-item-meta-line em-event-date em-event-meta-datetime\">\r\n\t\t\t\t<span class=\"em-icon-calendar em-icon\"><\/span>\r\n\t\t\t\t16.03.2024\u00a0\u00a0\u00a0\u00a0\r\n\t\t\t<\/div>\r\n\t\t\t<div class=\"em-item-meta-line em-event-time em-event-meta-datetime\">\r\n\t\t\t\t<span class=\"em-icon-clock em-icon\"><\/span>\r\n\t\t\t\t20:15 - 21:30\r\n\t\t\t<\/div>\r\n\t\t\t\r\n\t\t\t\r\n\t\t\t<div class=\"em-item-meta-line em-event-location\">\r\n\t\t\t\t<span class=\"em-icon-location em-icon\"><\/span>\r\n\t\t\t\t<a href=\"https:\/\/thilomuster.info\/locations\/ref-kirche-6\/\">ref. Kirche<\/a>\r\n\t\t\t<\/div>\r\n\t\t\t\r\n\t\t\t\r\n\t\t\t\r\n\t\t\t<div class=\"em-item-meta-line em-item-taxonomy em-event-categories\">\r\n\t\t\t\t<span class=\"em-icon-category em-icon\"><\/span>\r\n\t\t\t\t<div>\t<ul class=\"event-categories\">\r\n\t\t\t\t\t<li><a href=\"https:\/\/thilomuster.info\/en\/events\/categories\/concerts\/\">Concerts<\/a><\/li>\r\n\t\t\t\t\t<li><a href=\"https:\/\/thilomuster.info\/en\/events\/categories\/concerts\/\">Konzerte<\/a><\/li>\r\n\t\t\t\t\t<li><a href=\"https:\/\/thilomuster.info\/en\/events\/categories\/taragot-organ\/\">Taragot &amp; Organ<\/a><\/li>\r\n\t\t\t\t\t<li><a href=\"https:\/\/thilomuster.info\/en\/events\/categories\/taragot-organ\/\">Taragot &amp; Orgel<\/a><\/li>\r\n\t\t\t<\/ul>\r\n\t<\/div>\r\n\t\t\t<\/div>\r\n\t\t\t\r\n\t\t\t\r\n\t\t<\/div>\r\n\t\t<div class=\"em-item-desc\">\r\n\t\t\tZusammen mit Samuel Freiburghaus, Taragot, Klarinetten, Frula &amp; Nehrun Aliev,\u00a0Perkussion, Klarinette Website des Veranstalters\r\n\t\t<\/div>\r\n\t\t<div class=\"em-item-actions input\">\r\n\t\t\t<a class=\"em-item-read-more button\" href=\"https:\/\/thilomuster.info\/en\/events\/taragot-orgel-umwerfender-balkansound-11\/\">Weitere Informationen<\/a>\r\n\t\t\t\r\n\t\t<\/div>\r\n\t<\/div>\r\n<\/div><div class=\"em-event em-item\" style=\"--default-border:#FFFFFF;\">\r\n\t<div class=\"em-item-image \">\r\n\t\t\r\n\t\t<img src='https:\/\/thilomuster.info\/wp-content\/uploads\/2024\/01\/DSC_0346-1536x1024-1.jpg' alt='MOTETTENKONZERT mit Cantus Rheinfelden'\/>\r\n\t\t\r\n\t\t\r\n\t<\/div>\r\n\t<div class=\"em-item-info\">\r\n\t\t<h3 class=\"em-item-title\"><a href=\"https:\/\/thilomuster.info\/en\/events\/motettenkonzert-mit-cantus-rheinfelden-2\/\">MOTETTENKONZERT mit Cantus Rheinfelden<\/a><\/h3>\r\n\t\t<h4>Laufenburg CH<\/h4>\r\n\t\t<div class=\"em-event-meta em-item-meta\">\r\n\t\t\t<div class=\"em-item-meta-line em-event-date em-event-meta-datetime\">\r\n\t\t\t\t<span class=\"em-icon-calendar em-icon\"><\/span>\r\n\t\t\t\t10.03.2024\u00a0\u00a0\u00a0\u00a0\r\n\t\t\t<\/div>\r\n\t\t\t<div class=\"em-item-meta-line em-event-time em-event-meta-datetime\">\r\n\t\t\t\t<span class=\"em-icon-clock em-icon\"><\/span>\r\n\t\t\t\t17:00 - 18:30\r\n\t\t\t<\/div>\r\n\t\t\t\r\n\t\t\t\r\n\t\t\t<div class=\"em-item-meta-line em-event-location\">\r\n\t\t\t\t<span class=\"em-icon-location em-icon\"><\/span>\r\n\t\t\t\t<a href=\"https:\/\/thilomuster.info\/locations\/stadtkirche-laufenburg\/\">Stadtkirche Laufenburg<\/a>\r\n\t\t\t<\/div>\r\n\t\t\t\r\n\t\t\t\r\n\t\t\t\r\n\t\t\t<div class=\"em-item-meta-line em-item-taxonomy em-event-categories\">\r\n\t\t\t\t<span class=\"em-icon-category em-icon\"><\/span>\r\n\t\t\t\t<div>\t<ul class=\"event-categories\">\r\n\t\t\t\t\t<li><a href=\"https:\/\/thilomuster.info\/en\/events\/categories\/concerts\/\">Concerts<\/a><\/li>\r\n\t\t\t<\/ul>\r\n\t<\/div>\r\n\t\t\t<\/div>\r\n\t\t\t\r\n\t\t\t\r\n\t\t<\/div>\r\n\t\t<div class=\"em-item-desc\">\r\n\t\t\tMOTETTENKONZERT mit Cantus Rheinfelden, unter der Leitung von Angelika Hirsch Werke: Johann Chr. Fr. Bach: \u201eWachet auf, ruft uns die Stimme\u201c Joseph Gabriel Rheinberger: \u201eStabat [...]\r\n\t\t<\/div>\r\n\t\t<div class=\"em-item-actions input\">\r\n\t\t\t<a class=\"em-item-read-more button\" href=\"https:\/\/thilomuster.info\/en\/events\/motettenkonzert-mit-cantus-rheinfelden-2\/\">Weitere Informationen<\/a>\r\n\t\t\t\r\n\t\t<\/div>\r\n\t<\/div>\r\n<\/div><div class=\"em-event em-item\" style=\"--default-border:#FFFFFF;\">\r\n\t<div class=\"em-item-image \">\r\n\t\t\r\n\t\t<img src='https:\/\/thilomuster.info\/wp-content\/uploads\/2024\/01\/DSC_0346-1536x1024-1.jpg' alt='MOTETTENKONZERT mit Cantus Rheinfelden'\/>\r\n\t\t\r\n\t\t\r\n\t<\/div>\r\n\t<div class=\"em-item-info\">\r\n\t\t<h3 class=\"em-item-title\"><a href=\"https:\/\/thilomuster.info\/en\/events\/motettenkonzert-mit-cantus-rheinfelden\/\">MOTETTENKONZERT mit Cantus Rheinfelden<\/a><\/h3>\r\n\t\t<h4>Rheinfelden \/ CH<\/h4>\r\n\t\t<div class=\"em-event-meta em-item-meta\">\r\n\t\t\t<div class=\"em-item-meta-line em-event-date em-event-meta-datetime\">\r\n\t\t\t\t<span class=\"em-icon-calendar em-icon\"><\/span>\r\n\t\t\t\t09.03.2024\u00a0\u00a0\u00a0\u00a0\r\n\t\t\t<\/div>\r\n\t\t\t<div class=\"em-item-meta-line em-event-time em-event-meta-datetime\">\r\n\t\t\t\t<span class=\"em-icon-clock em-icon\"><\/span>\r\n\t\t\t\t20:00 - 21:30\r\n\t\t\t<\/div>\r\n\t\t\t\r\n\t\t\t\r\n\t\t\t<div class=\"em-item-meta-line em-event-location\">\r\n\t\t\t\t<span class=\"em-icon-location em-icon\"><\/span>\r\n\t\t\t\t<a href=\"https:\/\/thilomuster.info\/locations\/stadtkirche-st-martin\/\">Stadtkirche St. Martin<\/a>\r\n\t\t\t<\/div>\r\n\t\t\t\r\n\t\t\t\r\n\t\t\t\r\n\t\t\t<div class=\"em-item-meta-line em-item-taxonomy em-event-categories\">\r\n\t\t\t\t<span class=\"em-icon-category em-icon\"><\/span>\r\n\t\t\t\t<div>\t<ul class=\"event-categories\">\r\n\t\t\t\t\t<li><a href=\"https:\/\/thilomuster.info\/en\/events\/categories\/concerts\/\">Concerts<\/a><\/li>\r\n\t\t\t<\/ul>\r\n\t<\/div>\r\n\t\t\t<\/div>\r\n\t\t\t\r\n\t\t\t\r\n\t\t<\/div>\r\n\t\t<div class=\"em-item-desc\">\r\n\t\t\tMOTETTENKONZERT mit Cantus Rheinfelden, unter der Leitung von Angelika Hirsch Werke: Johann Chr. Fr. Bach: \u201eWachet auf, ruft uns die Stimme\u201c Joseph Gabriel Rheinberger: \u201eStabat [...]\r\n\t\t<\/div>\r\n\t\t<div class=\"em-item-actions input\">\r\n\t\t\t<a class=\"em-item-read-more button\" href=\"https:\/\/thilomuster.info\/en\/events\/motettenkonzert-mit-cantus-rheinfelden\/\">Weitere Informationen<\/a>\r\n\t\t\t\r\n\t\t<\/div>\r\n\t<\/div>\r\n<\/div><div class=\"em-event em-item\" style=\"--default-border:#FFFFFF;\">\r\n\t<div class=\"em-item-image \">\r\n\t\t\r\n\t\t<img src='https:\/\/thilomuster.info\/wp-content\/uploads\/2017\/11\/TaragotOrgel-Serif.jpg' alt='Taragot &amp; Orgue \u2013 le souffle des Balkans : franchement d\u00e9coiffant !'\/>\r\n\t\t\r\n\t\t\r\n\t<\/div>\r\n\t<div class=\"em-item-info\">\r\n\t\t<h3 class=\"em-item-title\"><a href=\"https:\/\/thilomuster.info\/en\/events\/taragot-orgue-le-souffle-des-balkans-franchement-decoiffant-5\/\">Taragot &amp; Orgue \u2013 le souffle des Balkans : franchement d\u00e9coiffant !<\/a><\/h3>\r\n\t\t<h4>Talant <\/h4>\r\n\t\t<div class=\"em-event-meta em-item-meta\">\r\n\t\t\t<div class=\"em-item-meta-line em-event-date em-event-meta-datetime\">\r\n\t\t\t\t<span class=\"em-icon-calendar em-icon\"><\/span>\r\n\t\t\t\t04.02.2024\u00a0\u00a0\u00a0\u00a0\r\n\t\t\t<\/div>\r\n\t\t\t<div class=\"em-item-meta-line em-event-time em-event-meta-datetime\">\r\n\t\t\t\t<span class=\"em-icon-clock em-icon\"><\/span>\r\n\t\t\t\t17:00 - 18:15\r\n\t\t\t<\/div>\r\n\t\t\t\r\n\t\t\t\r\n\t\t\t<div class=\"em-item-meta-line em-event-location\">\r\n\t\t\t\t<span class=\"em-icon-location em-icon\"><\/span>\r\n\t\t\t\t<a href=\"https:\/\/thilomuster.info\/locations\/eglise-notre-dame\/\">Eglise Notre Dame<\/a>\r\n\t\t\t<\/div>\r\n\t\t\t\r\n\t\t\t\r\n\t\t\t\r\n\t\t\t<div class=\"em-item-meta-line em-item-taxonomy em-event-categories\">\r\n\t\t\t\t<span class=\"em-icon-category em-icon\"><\/span>\r\n\t\t\t\t<div>\t<ul class=\"event-categories\">\r\n\t\t\t\t\t<li><a href=\"https:\/\/thilomuster.info\/en\/events\/categories\/concerts\/\">Concerts<\/a><\/li>\r\n\t\t\t\t\t<li><a href=\"https:\/\/thilomuster.info\/en\/events\/categories\/concerts\/\">Konzerte<\/a><\/li>\r\n\t\t\t\t\t<li><a href=\"https:\/\/thilomuster.info\/en\/events\/categories\/taragot-organ\/\">Taragot &amp; Organ<\/a><\/li>\r\n\t\t\t\t\t<li><a href=\"https:\/\/thilomuster.info\/en\/events\/categories\/taragot-organ\/\">Taragot &amp; Orgel<\/a><\/li>\r\n\t\t\t<\/ul>\r\n\t<\/div>\r\n\t\t\t<\/div>\r\n\t\t\t\r\n\t\t\t\r\n\t\t<\/div>\r\n\t\t<div class=\"em-item-desc\">\r\n\t\t\tSamuel Freiburghaus, taragot, clarinettes, froula, tilinca Thilo Muster, orgue Musique des Balkans, des Tziganes et Klezmorim de Roumaine, Bulgarie, Serbie, Albanie, Gr\u00e8ce, Arm\u00e9nie et Azerba\u00efdjan. [...]\r\n\t\t<\/div>\r\n\t\t<div class=\"em-item-actions input\">\r\n\t\t\t<a class=\"em-item-read-more button\" href=\"https:\/\/thilomuster.info\/en\/events\/taragot-orgue-le-souffle-des-balkans-franchement-decoiffant-5\/\">Weitere Informationen<\/a>\r\n\t\t\t\r\n\t\t<\/div>\r\n\t<\/div>\r\n<\/div><div class=\"em-event em-item\" style=\"--default-border:#FFFFFF;\">\r\n\t<div class=\"em-item-image \">\r\n\t\t\r\n\t\t<img src='https:\/\/thilomuster.info\/wp-content\/uploads\/2015\/09\/Orgel-Pauluskirche1.jpg' alt='BLUES &amp; BEYOND am Blues Festival Basel'\/>\r\n\t\t\r\n\t\t\r\n\t<\/div>\r\n\t<div class=\"em-item-info\">\r\n\t\t<h3 class=\"em-item-title\"><a href=\"https:\/\/thilomuster.info\/en\/events\/__blues-beyond-am-blues-festival-basel\/\">BLUES &amp; BEYOND am Blues Festival Basel<\/a><\/h3>\r\n\t\t<h4>Basel \/ CH<\/h4>\r\n\t\t<div class=\"em-event-meta em-item-meta\">\r\n\t\t\t<div class=\"em-item-meta-line em-event-date em-event-meta-datetime\">\r\n\t\t\t\t<span class=\"em-icon-calendar em-icon\"><\/span>\r\n\t\t\t\t15.11.2023\u00a0\u00a0\u00a0\u00a0\r\n\t\t\t<\/div>\r\n\t\t\t<div class=\"em-item-meta-line em-event-time em-event-meta-datetime\">\r\n\t\t\t\t<span class=\"em-icon-clock em-icon\"><\/span>\r\n\t\t\t\t20:00 - 21:00\r\n\t\t\t<\/div>\r\n\t\t\t\r\n\t\t\t\r\n\t\t\t<div class=\"em-item-meta-line em-event-location\">\r\n\t\t\t\t<span class=\"em-icon-location em-icon\"><\/span>\r\n\t\t\t\t<a href=\"https:\/\/thilomuster.info\/locations\/pauluskirche\/\">Pauluskirche<\/a>\r\n\t\t\t<\/div>\r\n\t\t\t\r\n\t\t\t\r\n\t\t\t\r\n\t\t\t<div class=\"em-item-meta-line em-item-taxonomy em-event-categories\">\r\n\t\t\t\t<span class=\"em-icon-category em-icon\"><\/span>\r\n\t\t\t\t<div>\t<ul class=\"event-categories\">\r\n\t\t\t\t\t<li><a href=\"https:\/\/thilomuster.info\/en\/events\/categories\/concerts\/\">Concerts<\/a><\/li>\r\n\t\t\t<\/ul>\r\n\t<\/div>\r\n\t\t\t<\/div>\r\n\t\t\t\r\n\t\t\t\r\n\t\t<\/div>\r\n\t\t<div class=\"em-item-desc\">\r\n\t\t\tKonzert mit den Basler Madrigalisten, Ltg. Raphael Immmoos und Sam Burckhardt, Saxofon Werke von Alain (Litanies), Muster (Wanderings) u.a. www.bluesbasel.ch\r\n\t\t<\/div>\r\n\t\t<div class=\"em-item-actions input\">\r\n\t\t\t<a class=\"em-item-read-more button\" href=\"https:\/\/thilomuster.info\/en\/events\/__blues-beyond-am-blues-festival-basel\/\">Weitere Informationen<\/a>\r\n\t\t\t\r\n\t\t<\/div>\r\n\t<\/div>\r\n<\/div><div class=\"em-event em-item\" style=\"--default-border:#FFFFFF;\">\r\n\t<div class=\"em-item-image \">\r\n\t\t\r\n\t\t<img src='https:\/\/thilomuster.info\/wp-content\/uploads\/2023\/08\/RefKircheArlesheim.jpg' alt='Jubli\u00e4umskonzert 50 Jahre Orgel Arlesheim'\/>\r\n\t\t\r\n\t\t\r\n\t<\/div>\r\n\t<div class=\"em-item-info\">\r\n\t\t<h3 class=\"em-item-title\"><a href=\"https:\/\/thilomuster.info\/en\/events\/jubliaeumskonzert-50-jahre-orgel-arlesheim\/\">Jubli\u00e4umskonzert 50 Jahre Orgel Arlesheim<\/a><\/h3>\r\n\t\t<h4>Arlesheim <\/h4>\r\n\t\t<div class=\"em-event-meta em-item-meta\">\r\n\t\t\t<div class=\"em-item-meta-line em-event-date em-event-meta-datetime\">\r\n\t\t\t\t<span class=\"em-icon-calendar em-icon\"><\/span>\r\n\t\t\t\t29.10.2023\u00a0\u00a0\u00a0\u00a0\r\n\t\t\t<\/div>\r\n\t\t\t<div class=\"em-item-meta-line em-event-time em-event-meta-datetime\">\r\n\t\t\t\t<span class=\"em-icon-clock em-icon\"><\/span>\r\n\t\t\t\t17:00 - 18:00\r\n\t\t\t<\/div>\r\n\t\t\t\r\n\t\t\t\r\n\t\t\t<div class=\"em-item-meta-line em-event-location\">\r\n\t\t\t\t<span class=\"em-icon-location em-icon\"><\/span>\r\n\t\t\t\t<a href=\"https:\/\/thilomuster.info\/en\/locations\/reformierte-kirche\/\">reformierte Kirche<\/a>\r\n\t\t\t<\/div>\r\n\t\t\t\r\n\t\t\t\r\n\t\t\t\r\n\t\t\t<div class=\"em-item-meta-line em-item-taxonomy em-event-categories\">\r\n\t\t\t\t<span class=\"em-icon-category em-icon\"><\/span>\r\n\t\t\t\t<div>\t<ul class=\"event-categories\">\r\n\t\t\t\t\t<li><a href=\"https:\/\/thilomuster.info\/en\/events\/categories\/concerts\/\">Concerts<\/a><\/li>\r\n\t\t\t\t\t<li><a href=\"https:\/\/thilomuster.info\/en\/events\/categories\/recital\/\">Recital<\/a><\/li>\r\n\t\t\t<\/ul>\r\n\t<\/div>\r\n\t\t\t<\/div>\r\n\t\t\t\r\n\t\t\t\r\n\t\t<\/div>\r\n\t\t<div class=\"em-item-desc\">\r\n\t\t\tWerke von Bach (dorische Toccata und Fuge), Muster (Wanderings \u2013 drei St\u00fccke f\u00fcr Orgel) Mussorgsky (Ausz\u00fcge aus Bilder einer Ausstellung) Alexandra Weidlich und Thilo Muster, [...]\r\n\t\t<\/div>\r\n\t\t<div class=\"em-item-actions input\">\r\n\t\t\t<a class=\"em-item-read-more button\" href=\"https:\/\/thilomuster.info\/en\/events\/jubliaeumskonzert-50-jahre-orgel-arlesheim\/\">Weitere Informationen<\/a>\r\n\t\t\t\r\n\t\t<\/div>\r\n\t<\/div>\r\n<\/div><div class=\"em-event em-item\" style=\"--default-border:#FFFFFF;\">\r\n\t<div class=\"em-item-image \">\r\n\t\t\r\n\t\t<img src='https:\/\/thilomuster.info\/wp-content\/uploads\/2023\/07\/Claraorgel.webp' alt='Festival 30 Jahre Metzlerorgel \u2013 Abschlusskonzert'\/>\r\n\t\t\r\n\t\t\r\n\t<\/div>\r\n\t<div class=\"em-item-info\">\r\n\t\t<h3 class=\"em-item-title\"><a href=\"https:\/\/thilomuster.info\/en\/events\/festival-30-jahre-metzlerorgel-abschlusskonzert\/\">Festival 30 Jahre Metzlerorgel \u2013 Abschlusskonzert<\/a><\/h3>\r\n\t\t<h4>Basel \/ CH<\/h4>\r\n\t\t<div class=\"em-event-meta em-item-meta\">\r\n\t\t\t<div class=\"em-item-meta-line em-event-date em-event-meta-datetime\">\r\n\t\t\t\t<span class=\"em-icon-calendar em-icon\"><\/span>\r\n\t\t\t\t27.10.2023\u00a0\u00a0\u00a0\u00a0\r\n\t\t\t<\/div>\r\n\t\t\t<div class=\"em-item-meta-line em-event-time em-event-meta-datetime\">\r\n\t\t\t\t<span class=\"em-icon-clock em-icon\"><\/span>\r\n\t\t\t\t19:30 - 20:15\r\n\t\t\t<\/div>\r\n\t\t\t\r\n\t\t\t\r\n\t\t\t<div class=\"em-item-meta-line em-event-location\">\r\n\t\t\t\t<span class=\"em-icon-location em-icon\"><\/span>\r\n\t\t\t\t<a href=\"https:\/\/thilomuster.info\/en\/locations\/kirche-st-clara\/\">Kirche St. Clara<\/a>\r\n\t\t\t<\/div>\r\n\t\t\t\r\n\t\t\t\r\n\t\t\t\r\n\t\t\t<div class=\"em-item-meta-line em-item-taxonomy em-event-categories\">\r\n\t\t\t\t<span class=\"em-icon-category em-icon\"><\/span>\r\n\t\t\t\t<div>\t<ul class=\"event-categories\">\r\n\t\t\t\t\t<li><a href=\"https:\/\/thilomuster.info\/en\/events\/categories\/concerts\/\">Concerts<\/a><\/li>\r\n\t\t\t\t\t<li><a href=\"https:\/\/thilomuster.info\/en\/events\/categories\/recital\/\">Recital<\/a><\/li>\r\n\t\t\t<\/ul>\r\n\t<\/div>\r\n\t\t\t<\/div>\r\n\t\t\t\r\n\t\t\t\r\n\t\t<\/div>\r\n\t\t<div class=\"em-item-desc\">\r\n\t\t\tJ.S.Bach Toccata und Fuge d-moll BWV 538 Joseph Jongen Chant de May Jehan Alain Litanies Thilo Muster Wanderings, drei St\u00fccke f\u00fcr Orgel (2012\/2023): Daybreak \u2013 [...]\r\n\t\t<\/div>\r\n\t\t<div class=\"em-item-actions input\">\r\n\t\t\t<a class=\"em-item-read-more button\" href=\"https:\/\/thilomuster.info\/en\/events\/festival-30-jahre-metzlerorgel-abschlusskonzert\/\">Weitere Informationen<\/a>\r\n\t\t\t\r\n\t\t<\/div>\r\n\t<\/div>\r\n<\/div><div class=\"em-event em-item\" style=\"--default-border:#FFFFFF;\">\r\n\t<div class=\"em-item-image \">\r\n\t\t\r\n\t\t<img src='https:\/\/thilomuster.info\/wp-content\/uploads\/2022\/05\/image.jpeg' alt='Orgelkonzerte an der Brosy-Orgel'\/>\r\n\t\t\r\n\t\t\r\n\t<\/div>\r\n\t<div class=\"em-item-info\">\r\n\t\t<h3 class=\"em-item-title\"><a href=\"https:\/\/thilomuster.info\/en\/events\/orgelkonzerte-an-der-brosy-orgel\/\">Orgelkonzerte an der Brosy-Orgel<\/a><\/h3>\r\n\t\t<h4>Erschwil <\/h4>\r\n\t\t<div class=\"em-event-meta em-item-meta\">\r\n\t\t\t<div class=\"em-item-meta-line em-event-date em-event-meta-datetime\">\r\n\t\t\t\t<span class=\"em-icon-calendar em-icon\"><\/span>\r\n\t\t\t\t18.06.2023\u00a0\u00a0\u00a0\u00a0\r\n\t\t\t<\/div>\r\n\t\t\t<div class=\"em-item-meta-line em-event-time em-event-meta-datetime\">\r\n\t\t\t\t<span class=\"em-icon-clock em-icon\"><\/span>\r\n\t\t\t\t16:30 - 17:30\r\n\t\t\t<\/div>\r\n\t\t\t\r\n\t\t\t\r\n\t\t\t<div class=\"em-item-meta-line em-event-location\">\r\n\t\t\t\t<span class=\"em-icon-location em-icon\"><\/span>\r\n\t\t\t\t<a href=\"https:\/\/thilomuster.info\/locations\/kath-kirche-erschwil\/\">kath. Kirche<\/a>\r\n\t\t\t<\/div>\r\n\t\t\t\r\n\t\t\t\r\n\t\t\t\r\n\t\t\t<div class=\"em-item-meta-line em-item-taxonomy em-event-categories\">\r\n\t\t\t\t<span class=\"em-icon-category em-icon\"><\/span>\r\n\t\t\t\t<div>\t<ul class=\"event-categories\">\r\n\t\t\t\t\t<li><a href=\"https:\/\/thilomuster.info\/en\/events\/categories\/concerts\/\">Concerts<\/a><\/li>\r\n\t\t\t\t\t<li><a href=\"https:\/\/thilomuster.info\/en\/events\/categories\/recital\/\">Recital<\/a><\/li>\r\n\t\t\t<\/ul>\r\n\t<\/div>\r\n\t\t\t<\/div>\r\n\t\t\t\r\n\t\t\t\r\n\t\t<\/div>\r\n\t\t<div class=\"em-item-desc\">\r\n\t\t\tOrgel Rezital www.brosyorgel.ch\r\n\t\t<\/div>\r\n\t\t<div class=\"em-item-actions input\">\r\n\t\t\t<a class=\"em-item-read-more button\" href=\"https:\/\/thilomuster.info\/en\/events\/orgelkonzerte-an-der-brosy-orgel\/\">Weitere Informationen<\/a>\r\n\t\t\t\r\n\t\t<\/div>\r\n\t<\/div>\r\n<\/div><div class=\"em-event em-item\" style=\"--default-border:#FFFFFF;\">\r\n\t<div class=\"em-item-image \">\r\n\t\t\r\n\t\t<img src='https:\/\/thilomuster.info\/wp-content\/uploads\/2023\/02\/3-\u00a9-Martin-Doering-scaled.jpg' alt='De l&#039;orgue antique \u00e0 l&#039;orgue moderne'\/>\r\n\t\t\r\n\t\t\r\n\t<\/div>\r\n\t<div class=\"em-item-info\">\r\n\t\t<h3 class=\"em-item-title\"><a href=\"https:\/\/thilomuster.info\/en\/events\/de-lorgue-antique-a-lorgue-moderne\/\">De l&#039;orgue antique \u00e0 l&#039;orgue moderne<\/a><\/h3>\r\n\t\t<h4>Basel <\/h4>\r\n\t\t<div class=\"em-event-meta em-item-meta\">\r\n\t\t\t<div class=\"em-item-meta-line em-event-date em-event-meta-datetime\">\r\n\t\t\t\t<span class=\"em-icon-calendar em-icon\"><\/span>\r\n\t\t\t\t10.06.2023\u00a0\u00a0\u00a0\u00a0\r\n\t\t\t<\/div>\r\n\t\t\t<div class=\"em-item-meta-line em-event-time em-event-meta-datetime\">\r\n\t\t\t\t<span class=\"em-icon-clock em-icon\"><\/span>\r\n\t\t\t\t10:00 - 12:00\r\n\t\t\t<\/div>\r\n\t\t\t\r\n\t\t\t\r\n\t\t\t<div class=\"em-item-meta-line em-event-location\">\r\n\t\t\t\t<span class=\"em-icon-location em-icon\"><\/span>\r\n\t\t\t\t<a href=\"https:\/\/thilomuster.info\/en\/locations\/stadtcasino-musiksaal\/\">Stadtcasino, Musiksaal<\/a>\r\n\t\t\t<\/div>\r\n\t\t\t\r\n\t\t\t\r\n\t\t\t\r\n\t\t\t<div class=\"em-item-meta-line em-item-taxonomy em-event-categories\">\r\n\t\t\t\t<span class=\"em-icon-category em-icon\"><\/span>\r\n\t\t\t\t<div>\t<ul class=\"event-categories\">\r\n\t\t\t\t\t<li><a href=\"https:\/\/thilomuster.info\/en\/events\/categories\/concerts\/\">Concerts<\/a><\/li>\r\n\t\t\t\t\t<li><a href=\"https:\/\/thilomuster.info\/en\/events\/categories\/recital\/\">Recital<\/a><\/li>\r\n\t\t\t<\/ul>\r\n\t<\/div>\r\n\t\t\t<\/div>\r\n\t\t\t\r\n\t\t\t\r\n\t\t<\/div>\r\n\t\t<div class=\"em-item-desc\">\r\n\t\t\tIl y a quelques ann\u00e9es, nos arch\u00e9ologues, dont Anne de Pury, membre de l\u2019AF et de la SEF, ont d\u00e9couvert \u00e0 Avenches un orgue romain. [...]\r\n\t\t<\/div>\r\n\t\t<div class=\"em-item-actions input\">\r\n\t\t\t<a class=\"em-item-read-more button\" href=\"https:\/\/thilomuster.info\/en\/events\/de-lorgue-antique-a-lorgue-moderne\/\">Weitere Informationen<\/a>\r\n\t\t\t\r\n\t\t<\/div>\r\n\t<\/div>\r\n<\/div><div class=\"em-event em-item\" style=\"--default-border:#FFFFFF;\">\r\n\t<div class=\"em-item-image \">\r\n\t\t\r\n\t\t<img src='https:\/\/thilomuster.info\/wp-content\/uploads\/2022\/12\/NOB-Flyer.jpg' alt='Neues Orchester Basel'\/>\r\n\t\t\r\n\t\t\r\n\t<\/div>\r\n\t<div class=\"em-item-info\">\r\n\t\t<h3 class=\"em-item-title\"><a href=\"https:\/\/thilomuster.info\/en\/events\/neues-orchester-basel\/\">Neues Orchester Basel<\/a><\/h3>\r\n\t\t<h4>Basel <\/h4>\r\n\t\t<div class=\"em-event-meta em-item-meta\">\r\n\t\t\t<div class=\"em-item-meta-line em-event-date em-event-meta-datetime\">\r\n\t\t\t\t<span class=\"em-icon-calendar em-icon\"><\/span>\r\n\t\t\t\t14.05.2023\u00a0\u00a0\u00a0\u00a0\r\n\t\t\t<\/div>\r\n\t\t\t<div class=\"em-item-meta-line em-event-time em-event-meta-datetime\">\r\n\t\t\t\t<span class=\"em-icon-clock em-icon\"><\/span>\r\n\t\t\t\t17:00 - 18:30\r\n\t\t\t<\/div>\r\n\t\t\t\r\n\t\t\t\r\n\t\t\t<div class=\"em-item-meta-line em-event-location\">\r\n\t\t\t\t<span class=\"em-icon-location em-icon\"><\/span>\r\n\t\t\t\t<a href=\"https:\/\/thilomuster.info\/en\/locations\/stadtcasino-musiksaal\/\">Stadtcasino, Musiksaal<\/a>\r\n\t\t\t<\/div>\r\n\t\t\t\r\n\t\t\t\r\n\t\t\t\r\n\t\t\t<div class=\"em-item-meta-line em-item-taxonomy em-event-categories\">\r\n\t\t\t\t<span class=\"em-icon-category em-icon\"><\/span>\r\n\t\t\t\t<div>\t<ul class=\"event-categories\">\r\n\t\t\t\t\t<li><a href=\"https:\/\/thilomuster.info\/en\/events\/categories\/concerts\/\">Concerts<\/a><\/li>\r\n\t\t\t<\/ul>\r\n\t<\/div>\r\n\t\t\t<\/div>\r\n\t\t\t\r\n\t\t\t\r\n\t\t<\/div>\r\n\t\t<div class=\"em-item-desc\">\r\n\t\t\t\u00abFliegende Melodien\u00bb Neues Orchester Basel, Ltg. Christian Kn\u00fcsel Thilo Muster, Orgel Franz Schubert \u00abUnvollendete\u00bb Francis Poulenc Orgelkonzert Thilo Muster Urauff\u00fchrung neues Auftragswerk: Bachiana balcanica\u00a0f\u00fcr Orgel [...]\r\n\t\t<\/div>\r\n\t\t<div class=\"em-item-actions input\">\r\n\t\t\t<a class=\"em-item-read-more button\" href=\"https:\/\/thilomuster.info\/en\/events\/neues-orchester-basel\/\">Weitere Informationen<\/a>\r\n\t\t\t\r\n\t\t<\/div>\r\n\t<\/div>\r\n<\/div><div class=\"em-event em-item\" style=\"--default-border:#FFFFFF;\">\r\n\t<div class=\"em-item-image has-placeholder\">\r\n\t\t\r\n\t\t\r\n\t\t<div class=\"em-item-image-placeholder\">\r\n\t\t\t<div class=\"date\">\r\n\t\t\t\t<span class=\"day\">01<\/span>\r\n\t\t\t\t<span class=\"month\">Apr<\/span>\r\n\t\t\t<\/div>\r\n\t\t<\/div>\r\n\t\t\r\n\t<\/div>\r\n\t<div class=\"em-item-info\">\r\n\t\t<h3 class=\"em-item-title\"><a href=\"https:\/\/thilomuster.info\/en\/events\/orgelvesper-zur-passionszeit-2\/\">Orgelvesper zur Passionszeit<\/a><\/h3>\r\n\t\t<h4>Arlesheim <\/h4>\r\n\t\t<div class=\"em-event-meta em-item-meta\">\r\n\t\t\t<div class=\"em-item-meta-line em-event-date em-event-meta-datetime\">\r\n\t\t\t\t<span class=\"em-icon-calendar em-icon\"><\/span>\r\n\t\t\t\t01.04.2023\u00a0\u00a0\u00a0\u00a0\r\n\t\t\t<\/div>\r\n\t\t\t<div class=\"em-item-meta-line em-event-time em-event-meta-datetime\">\r\n\t\t\t\t<span class=\"em-icon-clock em-icon\"><\/span>\r\n\t\t\t\t17:30 - 18:15\r\n\t\t\t<\/div>\r\n\t\t\t\r\n\t\t\t\r\n\t\t\t<div class=\"em-item-meta-line em-event-location\">\r\n\t\t\t\t<span class=\"em-icon-location em-icon\"><\/span>\r\n\t\t\t\t<a href=\"https:\/\/thilomuster.info\/en\/locations\/reformierte-kirche\/\">reformierte Kirche<\/a>\r\n\t\t\t<\/div>\r\n\t\t\t\r\n\t\t\t\r\n\t\t\t\r\n\t\t\t<div class=\"em-item-meta-line em-item-taxonomy em-event-categories\">\r\n\t\t\t\t<span class=\"em-icon-category em-icon\"><\/span>\r\n\t\t\t\t<div>\t<ul class=\"event-categories\">\r\n\t\t\t\t\t<li><a href=\"https:\/\/thilomuster.info\/en\/events\/categories\/concerts\/\">Concerts<\/a><\/li>\r\n\t\t\t\t\t<li><a href=\"https:\/\/thilomuster.info\/en\/events\/categories\/recital\/\">Recital<\/a><\/li>\r\n\t\t\t<\/ul>\r\n\t<\/div>\r\n\t\t\t<\/div>\r\n\t\t\t\r\n\t\t\t\r\n\t\t<\/div>\r\n\t\t<div class=\"em-item-desc\">\r\n\t\t\tProgramm Johann Sebastian Bach\u00a0(1685 \u20131750) \u2013 Pr\u00e4ludium f-Moll\u00a0BWV 534 Otto Malling (1848-1915) \u2013 Gethsemane (aus op. 54) \u2013 Die Worte der Liebe \u2013 Die Worte [...]\r\n\t\t<\/div>\r\n\t\t<div class=\"em-item-actions input\">\r\n\t\t\t<a class=\"em-item-read-more button\" href=\"https:\/\/thilomuster.info\/en\/events\/orgelvesper-zur-passionszeit-2\/\">Weitere Informationen<\/a>\r\n\t\t\t\r\n\t\t<\/div>\r\n\t<\/div>\r\n<\/div><div class=\"em-event em-item\" style=\"--default-border:#FFFFFF;\">\r\n\t<div class=\"em-item-image \">\r\n\t\t\r\n\t\t<img src='https:\/\/thilomuster.info\/wp-content\/uploads\/2020\/11\/FlyerDneu-scaled.jpg' alt='Taragot &amp; Orgel \u2013 umwerfender Balkansound.'\/>\r\n\t\t\r\n\t\t\r\n\t<\/div>\r\n\t<div class=\"em-item-info\">\r\n\t\t<h3 class=\"em-item-title\"><a href=\"https:\/\/thilomuster.info\/en\/events\/taragot-orgel-umwerfender-balkansound-7\/\">Taragot &amp; Orgel \u2013 umwerfender Balkansound.<\/a><\/h3>\r\n\t\t<h4>Erlach <\/h4>\r\n\t\t<div class=\"em-event-meta em-item-meta\">\r\n\t\t\t<div class=\"em-item-meta-line em-event-date em-event-meta-datetime\">\r\n\t\t\t\t<span class=\"em-icon-calendar em-icon\"><\/span>\r\n\t\t\t\t19.02.2023\u00a0\u00a0\u00a0\u00a0\r\n\t\t\t<\/div>\r\n\t\t\t<div class=\"em-item-meta-line em-event-time em-event-meta-datetime\">\r\n\t\t\t\t<span class=\"em-icon-clock em-icon\"><\/span>\r\n\t\t\t\t17:00 - 18:15\r\n\t\t\t<\/div>\r\n\t\t\t\r\n\t\t\t\r\n\t\t\t<div class=\"em-item-meta-line em-event-location\">\r\n\t\t\t\t<span class=\"em-icon-location em-icon\"><\/span>\r\n\t\t\t\t<a href=\"https:\/\/thilomuster.info\/locations\/orgelserenade\/\">Orgelserenade<\/a>\r\n\t\t\t<\/div>\r\n\t\t\t\r\n\t\t\t\r\n\t\t\t\r\n\t\t\t<div class=\"em-item-meta-line em-item-taxonomy em-event-categories\">\r\n\t\t\t\t<span class=\"em-icon-category em-icon\"><\/span>\r\n\t\t\t\t<div>\t<ul class=\"event-categories\">\r\n\t\t\t\t\t<li><a href=\"https:\/\/thilomuster.info\/en\/events\/categories\/concerts\/\">Concerts<\/a><\/li>\r\n\t\t\t\t\t<li><a href=\"https:\/\/thilomuster.info\/en\/events\/categories\/concerts\/\">Konzerte<\/a><\/li>\r\n\t\t\t\t\t<li><a href=\"https:\/\/thilomuster.info\/en\/events\/categories\/taragot-organ\/\">Taragot &amp; Organ<\/a><\/li>\r\n\t\t\t\t\t<li><a href=\"https:\/\/thilomuster.info\/en\/events\/categories\/taragot-organ\/\">Taragot &amp; Orgel<\/a><\/li>\r\n\t\t\t<\/ul>\r\n\t<\/div>\r\n\t\t\t<\/div>\r\n\t\t\t\r\n\t\t\t\r\n\t\t<\/div>\r\n\t\t<div class=\"em-item-desc\">\r\n\t\t\tZusammen mit Samuel Freiburghaus, Taragot, Klarinetten, Frula &amp; Nehrun Aliev,\u00a0Perkussion, Klarinette Website des Veranstalters\r\n\t\t<\/div>\r\n\t\t<div class=\"em-item-actions input\">\r\n\t\t\t<a class=\"em-item-read-more button\" href=\"https:\/\/thilomuster.info\/en\/events\/taragot-orgel-umwerfender-balkansound-7\/\">Weitere Informationen<\/a>\r\n\t\t\t\r\n\t\t<\/div>\r\n\t<\/div>\r\n<\/div><div class=\"em-event em-item\" style=\"--default-border:#FFFFFF;\">\r\n\t<div class=\"em-item-image \">\r\n\t\t\r\n\t\t<img src='https:\/\/thilomuster.info\/wp-content\/uploads\/2020\/11\/FlyerDneu-scaled.jpg' alt='Taragot &amp; Orgel \u2013 umwerfender Balkansound'\/>\r\n\t\t\r\n\t\t\r\n\t<\/div>\r\n\t<div class=\"em-item-info\">\r\n\t\t<h3 class=\"em-item-title\"><a href=\"https:\/\/thilomuster.info\/en\/events\/taragot-orgel-umwerfender-balkansound-10\/\">Taragot &amp; Orgel \u2013 umwerfender Balkansound<\/a><\/h3>\r\n\t\t<h4>Z\u00fcrich \/ CH<\/h4>\r\n\t\t<div class=\"em-event-meta em-item-meta\">\r\n\t\t\t<div class=\"em-item-meta-line em-event-date em-event-meta-datetime\">\r\n\t\t\t\t<span class=\"em-icon-calendar em-icon\"><\/span>\r\n\t\t\t\t22.01.2023\u00a0\u00a0\u00a0\u00a0\r\n\t\t\t<\/div>\r\n\t\t\t<div class=\"em-item-meta-line em-event-time em-event-meta-datetime\">\r\n\t\t\t\t<span class=\"em-icon-clock em-icon\"><\/span>\r\n\t\t\t\t17:00 - 18:15\r\n\t\t\t<\/div>\r\n\t\t\t\r\n\t\t\t\r\n\t\t\t<div class=\"em-item-meta-line em-event-location\">\r\n\t\t\t\t<span class=\"em-icon-location em-icon\"><\/span>\r\n\t\t\t\t<a href=\"https:\/\/thilomuster.info\/en\/locations\/zuercher-orgeltage-citykirche-offener-st-jakob\/\">Z\u00fcrcher Orgeltage \u2013 Citykirche offener St. Jakob<\/a>\r\n\t\t\t<\/div>\r\n\t\t\t\r\n\t\t\t\r\n\t\t\t\r\n\t\t\t<div class=\"em-item-meta-line em-item-taxonomy em-event-categories\">\r\n\t\t\t\t<span class=\"em-icon-category em-icon\"><\/span>\r\n\t\t\t\t<div>\t<ul class=\"event-categories\">\r\n\t\t\t\t\t<li><a href=\"https:\/\/thilomuster.info\/en\/events\/categories\/concerts\/\">Concerts<\/a><\/li>\r\n\t\t\t\t\t<li><a href=\"https:\/\/thilomuster.info\/en\/events\/categories\/taragot-organ\/\">Taragot &amp; Organ<\/a><\/li>\r\n\t\t\t<\/ul>\r\n\t<\/div>\r\n\t\t\t<\/div>\r\n\t\t\t\r\n\t\t\t\r\n\t\t<\/div>\r\n\t\t<div class=\"em-item-desc\">\r\n\t\t\tSamuel Freiburghaus, Taragot, Klarinetten, Frula Thilo Muster,\u00a0Orgel Musik des Balkans, der Lautari und Klezmorim aus Rum\u00e4nien, Bulgarien, Serbien, Albanien, Mazedonien, Griechenland, Armenien und Aserbaidschan\r\n\t\t<\/div>\r\n\t\t<div class=\"em-item-actions input\">\r\n\t\t\t<a class=\"em-item-read-more button\" href=\"https:\/\/thilomuster.info\/en\/events\/taragot-orgel-umwerfender-balkansound-10\/\">Weitere Informationen<\/a>\r\n\t\t\t\r\n\t\t<\/div>\r\n\t<\/div>\r\n<\/div><div class=\"em-event em-item\" style=\"--default-border:#FFFFFF;\">\r\n\t<div class=\"em-item-image \">\r\n\t\t\r\n\t\t<img src='https:\/\/thilomuster.info\/wp-content\/uploads\/2020\/11\/FlyerDneu-scaled.jpg' alt='Taragot &amp; Orgel \u2013 umwerfender Balkansound.'\/>\r\n\t\t\r\n\t\t\r\n\t<\/div>\r\n\t<div class=\"em-item-info\">\r\n\t\t<h3 class=\"em-item-title\"><a href=\"https:\/\/thilomuster.info\/en\/events\/taragot-orgel-umwerfender-balkansound-4\/\">Taragot &amp; Orgel \u2013 umwerfender Balkansound.<\/a><\/h3>\r\n\t\t<h4>Bottrop <\/h4>\r\n\t\t<div class=\"em-event-meta em-item-meta\">\r\n\t\t\t<div class=\"em-item-meta-line em-event-date em-event-meta-datetime\">\r\n\t\t\t\t<span class=\"em-icon-calendar em-icon\"><\/span>\r\n\t\t\t\t02.01.2023\u00a0\u00a0\u00a0\u00a0\r\n\t\t\t<\/div>\r\n\t\t\t<div class=\"em-item-meta-line em-event-time em-event-meta-datetime\">\r\n\t\t\t\t<span class=\"em-icon-clock em-icon\"><\/span>\r\n\t\t\t\t20:00 - 21:15\r\n\t\t\t<\/div>\r\n\t\t\t\r\n\t\t\t\r\n\t\t\t<div class=\"em-item-meta-line em-event-location\">\r\n\t\t\t\t<span class=\"em-icon-location em-icon\"><\/span>\r\n\t\t\t\t<a href=\"https:\/\/thilomuster.info\/en\/locations\/festival-orgel-plus\/\">Festival Orgel PLUS<\/a>\r\n\t\t\t<\/div>\r\n\t\t\t\r\n\t\t\t\r\n\t\t\t\r\n\t\t\t<div class=\"em-item-meta-line em-item-taxonomy em-event-categories\">\r\n\t\t\t\t<span class=\"em-icon-category em-icon\"><\/span>\r\n\t\t\t\t<div>\t<ul class=\"event-categories\">\r\n\t\t\t\t\t<li><a href=\"https:\/\/thilomuster.info\/en\/events\/categories\/concerts\/\">Concerts<\/a><\/li>\r\n\t\t\t\t\t<li><a href=\"https:\/\/thilomuster.info\/en\/events\/categories\/concerts\/\">Konzerte<\/a><\/li>\r\n\t\t\t\t\t<li><a href=\"https:\/\/thilomuster.info\/en\/events\/categories\/taragot-organ\/\">Taragot &amp; Organ<\/a><\/li>\r\n\t\t\t\t\t<li><a href=\"https:\/\/thilomuster.info\/en\/events\/categories\/taragot-organ\/\">Taragot &amp; Orgel<\/a><\/li>\r\n\t\t\t<\/ul>\r\n\t<\/div>\r\n\t\t\t<\/div>\r\n\t\t\t\r\n\t\t\t\r\n\t\t<\/div>\r\n\t\t<div class=\"em-item-desc\">\r\n\t\t\tZusammen mit Samuel Freiburghaus, Taragot, Klarinetten, Frula &amp; Nehrun Aliev,\u00a0Perkussion, Klarinette Website des Veranstalters\r\n\t\t<\/div>\r\n\t\t<div class=\"em-item-actions input\">\r\n\t\t\t<a class=\"em-item-read-more button\" href=\"https:\/\/thilomuster.info\/en\/events\/taragot-orgel-umwerfender-balkansound-4\/\">Weitere Informationen<\/a>\r\n\t\t\t\r\n\t\t<\/div>\r\n\t<\/div>\r\n<\/div><div class=\"em-event em-item\" style=\"--default-border:#FFFFFF;\">\r\n\t<div class=\"em-item-image has-placeholder\">\r\n\t\t\r\n\t\t\r\n\t\t<div class=\"em-item-image-placeholder\">\r\n\t\t\t<div class=\"date\">\r\n\t\t\t\t<span class=\"day\">20<\/span>\r\n\t\t\t\t<span class=\"month\">Nov<\/span>\r\n\t\t\t<\/div>\r\n\t\t<\/div>\r\n\t\t\r\n\t<\/div>\r\n\t<div class=\"em-item-info\">\r\n\t\t<h3 class=\"em-item-title\"><a href=\"https:\/\/thilomuster.info\/en\/events\/dvorak-messe-in-d-op-86-und-biblische-lieder-2\/\">Dvo\u0159\u00e1k: Messe in D, op. 86 und biblische Lieder<\/a><\/h3>\r\n\t\t<h4>Basel <\/h4>\r\n\t\t<div class=\"em-event-meta em-item-meta\">\r\n\t\t\t<div class=\"em-item-meta-line em-event-date em-event-meta-datetime\">\r\n\t\t\t\t<span class=\"em-icon-calendar em-icon\"><\/span>\r\n\t\t\t\t20.11.2022\u00a0\u00a0\u00a0\u00a0\r\n\t\t\t<\/div>\r\n\t\t\t<div class=\"em-item-meta-line em-event-time em-event-meta-datetime\">\r\n\t\t\t\t<span class=\"em-icon-clock em-icon\"><\/span>\r\n\t\t\t\t17:00 - 18:15\r\n\t\t\t<\/div>\r\n\t\t\t\r\n\t\t\t\r\n\t\t\t<div class=\"em-item-meta-line em-event-location\">\r\n\t\t\t\t<span class=\"em-icon-location em-icon\"><\/span>\r\n\t\t\t\t<a href=\"https:\/\/thilomuster.info\/locations\/martinskirche\/\">Martinskirche<\/a>\r\n\t\t\t<\/div>\r\n\t\t\t\r\n\t\t\t\r\n\t\t\t\r\n\t\t\t<div class=\"em-item-meta-line em-item-taxonomy em-event-categories\">\r\n\t\t\t\t<span class=\"em-icon-category em-icon\"><\/span>\r\n\t\t\t\t<div>\t<ul class=\"event-categories\">\r\n\t\t\t\t\t<li><a href=\"https:\/\/thilomuster.info\/en\/events\/categories\/concerts\/\">Concerts<\/a><\/li>\r\n\t\t\t<\/ul>\r\n\t<\/div>\r\n\t\t\t<\/div>\r\n\t\t\t\r\n\t\t\t\r\n\t\t<\/div>\r\n\t\t<div class=\"em-item-desc\">\r\n\t\t\tAline Du Pasquier, Sopran Roswitha M\u00fcller, Alt Raphael H\u00f6hn, Tenor Matthias Helm, Bass Thilo Muster, Orgel Kantorei St. Arbogast, Muttenz Angelika Hirsch, Leitung www.kantoreistarbogast.ch\r\n\t\t<\/div>\r\n\t\t<div class=\"em-item-actions input\">\r\n\t\t\t<a class=\"em-item-read-more button\" href=\"https:\/\/thilomuster.info\/en\/events\/dvorak-messe-in-d-op-86-und-biblische-lieder-2\/\">Weitere Informationen<\/a>\r\n\t\t\t\r\n\t\t<\/div>\r\n\t<\/div>\r\n<\/div><div class=\"em-event em-item\" style=\"--default-border:#FFFFFF;\">\r\n\t<div class=\"em-item-image has-placeholder\">\r\n\t\t\r\n\t\t\r\n\t\t<div class=\"em-item-image-placeholder\">\r\n\t\t\t<div class=\"date\">\r\n\t\t\t\t<span class=\"day\">19<\/span>\r\n\t\t\t\t<span class=\"month\">Nov<\/span>\r\n\t\t\t<\/div>\r\n\t\t<\/div>\r\n\t\t\r\n\t<\/div>\r\n\t<div class=\"em-item-info\">\r\n\t\t<h3 class=\"em-item-title\"><a href=\"https:\/\/thilomuster.info\/en\/events\/dvorak-messe-in-d-op-86-und-biblische-lieder\/\">Dvo\u0159\u00e1k: Messe in D, op. 86 und biblische Lieder<\/a><\/h3>\r\n\t\t<h4>Basel <\/h4>\r\n\t\t<div class=\"em-event-meta em-item-meta\">\r\n\t\t\t<div class=\"em-item-meta-line em-event-date em-event-meta-datetime\">\r\n\t\t\t\t<span class=\"em-icon-calendar em-icon\"><\/span>\r\n\t\t\t\t19.11.2022\u00a0\u00a0\u00a0\u00a0\r\n\t\t\t<\/div>\r\n\t\t\t<div class=\"em-item-meta-line em-event-time em-event-meta-datetime\">\r\n\t\t\t\t<span class=\"em-icon-clock em-icon\"><\/span>\r\n\t\t\t\t19:00 - 20:15\r\n\t\t\t<\/div>\r\n\t\t\t\r\n\t\t\t\r\n\t\t\t<div class=\"em-item-meta-line em-event-location\">\r\n\t\t\t\t<span class=\"em-icon-location em-icon\"><\/span>\r\n\t\t\t\t<a href=\"https:\/\/thilomuster.info\/locations\/martinskirche\/\">Martinskirche<\/a>\r\n\t\t\t<\/div>\r\n\t\t\t\r\n\t\t\t\r\n\t\t\t\r\n\t\t\t<div class=\"em-item-meta-line em-item-taxonomy em-event-categories\">\r\n\t\t\t\t<span class=\"em-icon-category em-icon\"><\/span>\r\n\t\t\t\t<div>\t<ul class=\"event-categories\">\r\n\t\t\t\t\t<li><a href=\"https:\/\/thilomuster.info\/en\/events\/categories\/concerts\/\">Concerts<\/a><\/li>\r\n\t\t\t<\/ul>\r\n\t<\/div>\r\n\t\t\t<\/div>\r\n\t\t\t\r\n\t\t\t\r\n\t\t<\/div>\r\n\t\t<div class=\"em-item-desc\">\r\n\t\t\tAline Du Pasquier, Sopran Roswitha M\u00fcller, Alt Raphael H\u00f6hn, Tenor Matthias Helm, Bass Thilo Muster, Orgel Kantorei St. Arbogast, Muttenz Angelika Hirsch, Leitung www.kantoreistarbogast.ch\r\n\t\t<\/div>\r\n\t\t<div class=\"em-item-actions input\">\r\n\t\t\t<a class=\"em-item-read-more button\" href=\"https:\/\/thilomuster.info\/en\/events\/dvorak-messe-in-d-op-86-und-biblische-lieder\/\">Weitere Informationen<\/a>\r\n\t\t\t\r\n\t\t<\/div>\r\n\t<\/div>\r\n<\/div><div class=\"em-event em-item\" style=\"--default-border:#FFFFFF;\">\r\n\t<div class=\"em-item-image \">\r\n\t\t\r\n\t\t<img src='https:\/\/thilomuster.info\/wp-content\/uploads\/2020\/11\/FlyerDneu-scaled.jpg' alt='Taragot &amp; Orgel \u2013 umwerfender Balkansound'\/>\r\n\t\t\r\n\t\t\r\n\t<\/div>\r\n\t<div class=\"em-item-info\">\r\n\t\t<h3 class=\"em-item-title\"><a href=\"https:\/\/thilomuster.info\/en\/events\/taragot-orgel-umwerfender-balkansound-8\/\">Taragot &amp; Orgel \u2013 umwerfender Balkansound<\/a><\/h3>\r\n\t\t<h4>Seewen <\/h4>\r\n\t\t<div class=\"em-event-meta em-item-meta\">\r\n\t\t\t<div class=\"em-item-meta-line em-event-date em-event-meta-datetime\">\r\n\t\t\t\t<span class=\"em-icon-calendar em-icon\"><\/span>\r\n\t\t\t\t30.10.2022\u00a0\u00a0\u00a0\u00a0\r\n\t\t\t<\/div>\r\n\t\t\t<div class=\"em-item-meta-line em-event-time em-event-meta-datetime\">\r\n\t\t\t\t<span class=\"em-icon-clock em-icon\"><\/span>\r\n\t\t\t\t11:15 - 12:00\r\n\t\t\t<\/div>\r\n\t\t\t\r\n\t\t\t\r\n\t\t\t<div class=\"em-item-meta-line em-event-location\">\r\n\t\t\t\t<span class=\"em-icon-location em-icon\"><\/span>\r\n\t\t\t\t<a href=\"https:\/\/thilomuster.info\/locations\/museum-fuer-musikautomaten\/\">Museum f\u00fcr Musikautomaten<\/a>\r\n\t\t\t<\/div>\r\n\t\t\t\r\n\t\t\t\r\n\t\t\t\r\n\t\t\t<div class=\"em-item-meta-line em-item-taxonomy em-event-categories\">\r\n\t\t\t\t<span class=\"em-icon-category em-icon\"><\/span>\r\n\t\t\t\t<div>\t<ul class=\"event-categories\">\r\n\t\t\t\t\t<li><a href=\"https:\/\/thilomuster.info\/en\/events\/categories\/concerts\/\">Concerts<\/a><\/li>\r\n\t\t\t\t\t<li><a href=\"https:\/\/thilomuster.info\/en\/events\/categories\/taragot-organ\/\">Taragot &amp; Organ<\/a><\/li>\r\n\t\t\t<\/ul>\r\n\t<\/div>\r\n\t\t\t<\/div>\r\n\t\t\t\r\n\t\t\t\r\n\t\t<\/div>\r\n\t\t<div class=\"em-item-desc\">\r\n\t\t\tSamuel Freiburghaus, Taragot, Klarinetten, Bassethorn, Frula, Tilinca Thilo Muster,\u00a0an der Britannic-Orgel www.musikautomaten,ch\r\n\t\t<\/div>\r\n\t\t<div class=\"em-item-actions input\">\r\n\t\t\t<a class=\"em-item-read-more button\" href=\"https:\/\/thilomuster.info\/en\/events\/taragot-orgel-umwerfender-balkansound-8\/\">Weitere Informationen<\/a>\r\n\t\t\t\r\n\t\t<\/div>\r\n\t<\/div>\r\n<\/div><div class=\"em-event em-item\" style=\"--default-border:#FFFFFF;\">\r\n\t<div class=\"em-item-image \">\r\n\t\t\r\n\t\t<img src='https:\/\/thilomuster.info\/wp-content\/uploads\/2020\/11\/FlyerDneu-scaled.jpg' alt='Taragot &amp; Orgel \u2013 umwerfender Balkansound.'\/>\r\n\t\t\r\n\t\t\r\n\t<\/div>\r\n\t<div class=\"em-item-info\">\r\n\t\t<h3 class=\"em-item-title\"><a href=\"https:\/\/thilomuster.info\/en\/events\/taragot-orgel-umwerfender-balkansound-6\/\">Taragot &amp; Orgel \u2013 umwerfender Balkansound.<\/a><\/h3>\r\n\t\t<h4>Leuven <\/h4>\r\n\t\t<div class=\"em-event-meta em-item-meta\">\r\n\t\t\t<div class=\"em-item-meta-line em-event-date em-event-meta-datetime\">\r\n\t\t\t\t<span class=\"em-icon-calendar em-icon\"><\/span>\r\n\t\t\t\t15.10.2022\u00a0\u00a0\u00a0\u00a0\r\n\t\t\t<\/div>\r\n\t\t\t<div class=\"em-item-meta-line em-event-time em-event-meta-datetime\">\r\n\t\t\t\t<span class=\"em-icon-clock em-icon\"><\/span>\r\n\t\t\t\t20:00 - 21:15\r\n\t\t\t<\/div>\r\n\t\t\t\r\n\t\t\t\r\n\t\t\t<div class=\"em-item-meta-line em-event-location\">\r\n\t\t\t\t<span class=\"em-icon-location em-icon\"><\/span>\r\n\t\t\t\t<a href=\"https:\/\/thilomuster.info\/locations\/sint-pieterskerk\/\">Sint-Pieterskerk<\/a>\r\n\t\t\t<\/div>\r\n\t\t\t\r\n\t\t\t\r\n\t\t\t\r\n\t\t\t<div class=\"em-item-meta-line em-item-taxonomy em-event-categories\">\r\n\t\t\t\t<span class=\"em-icon-category em-icon\"><\/span>\r\n\t\t\t\t<div>\t<ul class=\"event-categories\">\r\n\t\t\t\t\t<li><a href=\"https:\/\/thilomuster.info\/en\/events\/categories\/concerts\/\">Concerts<\/a><\/li>\r\n\t\t\t\t\t<li><a href=\"https:\/\/thilomuster.info\/en\/events\/categories\/concerts\/\">Konzerte<\/a><\/li>\r\n\t\t\t\t\t<li><a href=\"https:\/\/thilomuster.info\/en\/events\/categories\/taragot-organ\/\">Taragot &amp; Organ<\/a><\/li>\r\n\t\t\t\t\t<li><a href=\"https:\/\/thilomuster.info\/en\/events\/categories\/taragot-organ\/\">Taragot &amp; Orgel<\/a><\/li>\r\n\t\t\t<\/ul>\r\n\t<\/div>\r\n\t\t\t<\/div>\r\n\t\t\t\r\n\t\t\t\r\n\t\t<\/div>\r\n\t\t<div class=\"em-item-desc\">\r\n\t\t\tZusammen mit Samuel Freiburghaus, Taragot, Klarinetten, Frula &amp; Nehrun Aliev,\u00a0Perkussion, Klarinette Website des Veranstalters\r\n\t\t<\/div>\r\n\t\t<div class=\"em-item-actions input\">\r\n\t\t\t<a class=\"em-item-read-more button\" href=\"https:\/\/thilomuster.info\/en\/events\/taragot-orgel-umwerfender-balkansound-6\/\">Weitere Informationen<\/a>\r\n\t\t\t\r\n\t\t<\/div>\r\n\t<\/div>\r\n<\/div><div class=\"em-event em-item\" style=\"--default-border:#a8d144;\">\r\n\t<div class=\"em-item-image \">\r\n\t\t\r\n\t\t<img src='https:\/\/thilomuster.info\/wp-content\/uploads\/2017\/11\/SamuelThiloAusschnitt.jpg' alt='Taragot &amp; Orgue \u2013 le souffle des Balkans : franchement d\u00e9coiffant !'\/>\r\n\t\t\r\n\t\t\r\n\t<\/div>\r\n\t<div class=\"em-item-info\">\r\n\t\t<h3 class=\"em-item-title\"><a href=\"https:\/\/thilomuster.info\/en\/events\/taragot-orgue-le-souffle-des-balkans-franchement-decoiffant-4\/\">Taragot &amp; Orgue \u2013 le souffle des Balkans : franchement d\u00e9coiffant !<\/a><\/h3>\r\n\t\t<h4>Cormoret <\/h4>\r\n\t\t<div class=\"em-event-meta em-item-meta\">\r\n\t\t\t<div class=\"em-item-meta-line em-event-date em-event-meta-datetime\">\r\n\t\t\t\t<span class=\"em-icon-calendar em-icon\"><\/span>\r\n\t\t\t\t11.09.2022\u00a0\u00a0\u00a0\u00a0\r\n\t\t\t<\/div>\r\n\t\t\t<div class=\"em-item-meta-line em-event-time em-event-meta-datetime\">\r\n\t\t\t\t<span class=\"em-icon-clock em-icon\"><\/span>\r\n\t\t\t\t17:30 - 18:45\r\n\t\t\t<\/div>\r\n\t\t\t\r\n\t\t\t\r\n\t\t\t<div class=\"em-item-meta-line em-event-location\">\r\n\t\t\t\t<span class=\"em-icon-location em-icon\"><\/span>\r\n\t\t\t\t<a href=\"https:\/\/thilomuster.info\/locations\/festival-musicales-jube\/\">Festival Musicales JUBE<\/a>\r\n\t\t\t<\/div>\r\n\t\t\t\r\n\t\t\t\r\n\t\t\t\r\n\t\t\t<div class=\"em-item-meta-line em-item-taxonomy em-event-categories\">\r\n\t\t\t\t<span class=\"em-icon-category em-icon\"><\/span>\r\n\t\t\t\t<div>\t<ul class=\"event-categories\">\r\n\t\t\t\t\t<li><a href=\"https:\/\/thilomuster.info\/en\/events\/categories\/concerts\/\">Konzerte<\/a><\/li>\r\n\t\t\t\t\t<li><a href=\"https:\/\/thilomuster.info\/en\/events\/categories\/taragot-organ\/\">Taragot &amp; Orgel<\/a><\/li>\r\n\t\t\t<\/ul>\r\n\t<\/div>\r\n\t\t\t<\/div>\r\n\t\t\t\r\n\t\t\t\r\n\t\t<\/div>\r\n\t\t<div class=\"em-item-desc\">\r\n\t\t\tConcert avec\u00a0Samuel Freiburghaus, taragot, clarinette, frula, tilinca Musique des Balkans, tzigane et klezmer de Roumanie, Bulgarie, Bosnie, Arm\u00e9nie und Azerbaidjan.\r\n\t\t<\/div>\r\n\t\t<div class=\"em-item-actions input\">\r\n\t\t\t<a class=\"em-item-read-more button\" href=\"https:\/\/thilomuster.info\/en\/events\/taragot-orgue-le-souffle-des-balkans-franchement-decoiffant-4\/\">Weitere Informationen<\/a>\r\n\t\t\t\r\n\t\t<\/div>\r\n\t<\/div>\r\n<\/div><div class=\"em-event em-item\" style=\"--default-border:#FFFFFF;\">\r\n\t<div class=\"em-item-image has-placeholder\">\r\n\t\t\r\n\t\t\r\n\t\t<div class=\"em-item-image-placeholder\">\r\n\t\t\t<div class=\"date\">\r\n\t\t\t\t<span class=\"day\">02<\/span>\r\n\t\t\t\t<span class=\"month\">Sep<\/span>\r\n\t\t\t<\/div>\r\n\t\t<\/div>\r\n\t\t\r\n\t<\/div>\r\n\t<div class=\"em-item-info\">\r\n\t\t<h3 class=\"em-item-title\"><a href=\"https:\/\/thilomuster.info\/en\/events\/4-basler-orgelfestival-cesar-franck-zum-200-geburtstag\/\">4. Basler Orgelfestival \u2013 C\u00e9sar Franck zum 200. Geburtstag<\/a><\/h3>\r\n\t\t<h4>Liestal <\/h4>\r\n\t\t<div class=\"em-event-meta em-item-meta\">\r\n\t\t\t<div class=\"em-item-meta-line em-event-date em-event-meta-datetime\">\r\n\t\t\t\t<span class=\"em-icon-calendar em-icon\"><\/span>\r\n\t\t\t\t02.09.2022\u00a0\u00a0\u00a0\u00a0\r\n\t\t\t<\/div>\r\n\t\t\t<div class=\"em-item-meta-line em-event-time em-event-meta-datetime\">\r\n\t\t\t\t<span class=\"em-icon-clock em-icon\"><\/span>\r\n\t\t\t\t18:30 - 19:30\r\n\t\t\t<\/div>\r\n\t\t\t\r\n\t\t\t\r\n\t\t\t<div class=\"em-item-meta-line em-event-location\">\r\n\t\t\t\t<span class=\"em-icon-location em-icon\"><\/span>\r\n\t\t\t\t<a href=\"https:\/\/thilomuster.info\/en\/locations\/stadtkirche-4\/\">Stadtkirche<\/a>\r\n\t\t\t<\/div>\r\n\t\t\t\r\n\t\t\t\r\n\t\t\t\r\n\t\t\t<div class=\"em-item-meta-line em-item-taxonomy em-event-categories\">\r\n\t\t\t\t<span class=\"em-icon-category em-icon\"><\/span>\r\n\t\t\t\t<div>\t<ul class=\"event-categories\">\r\n\t\t\t\t\t<li><a href=\"https:\/\/thilomuster.info\/en\/events\/categories\/concerts\/\">Concerts<\/a><\/li>\r\n\t\t\t\t\t<li><a href=\"https:\/\/thilomuster.info\/en\/events\/categories\/recital\/\">Recital<\/a><\/li>\r\n\t\t\t<\/ul>\r\n\t<\/div>\r\n\t\t\t<\/div>\r\n\t\t\t\r\n\t\t\t\r\n\t\t<\/div>\r\n\t\t<div class=\"em-item-desc\">\r\n\t\t\tWerke von Charles Tournemire, Samuel Rousseau und Joseph Ermend Bonnal Thilo Muster und Ilja V\u00f6llmy,\u00a0Orgel www.orgel-basel.ch\r\n\t\t<\/div>\r\n\t\t<div class=\"em-item-actions input\">\r\n\t\t\t<a class=\"em-item-read-more button\" href=\"https:\/\/thilomuster.info\/en\/events\/4-basler-orgelfestival-cesar-franck-zum-200-geburtstag\/\">Weitere Informationen<\/a>\r\n\t\t\t\r\n\t\t<\/div>\r\n\t<\/div>\r\n<\/div><div class=\"em-event em-item\" style=\"--default-border:#FFFFFF;\">\r\n\t<div class=\"em-item-image has-placeholder\">\r\n\t\t\r\n\t\t\r\n\t\t<div class=\"em-item-image-placeholder\">\r\n\t\t\t<div class=\"date\">\r\n\t\t\t\t<span class=\"day\">13<\/span>\r\n\t\t\t\t<span class=\"month\">Aug<\/span>\r\n\t\t\t<\/div>\r\n\t\t<\/div>\r\n\t\t\r\n\t<\/div>\r\n\t<div class=\"em-item-info\">\r\n\t\t<h3 class=\"em-item-title\"><a href=\"https:\/\/thilomuster.info\/en\/events\/basler-orgelspaziergang\/\">Basler Orgelspaziergang<\/a><\/h3>\r\n\t\t<h4>Basel <\/h4>\r\n\t\t<div class=\"em-event-meta em-item-meta\">\r\n\t\t\t<div class=\"em-item-meta-line em-event-date em-event-meta-datetime\">\r\n\t\t\t\t<span class=\"em-icon-calendar em-icon\"><\/span>\r\n\t\t\t\t13.08.2022\u00a0\u00a0\u00a0\u00a0\r\n\t\t\t<\/div>\r\n\t\t\t<div class=\"em-item-meta-line em-event-time em-event-meta-datetime\">\r\n\t\t\t\t<span class=\"em-icon-clock em-icon\"><\/span>\r\n\t\t\t\t09:00 - 10:00\r\n\t\t\t<\/div>\r\n\t\t\t\r\n\t\t\t\r\n\t\t\t<div class=\"em-item-meta-line em-event-location\">\r\n\t\t\t\t<span class=\"em-icon-location em-icon\"><\/span>\r\n\t\t\t\t<a href=\"https:\/\/thilomuster.info\/en\/locations\/stadtcasino-musiksaal\/\">Stadtcasino, Musiksaal<\/a>\r\n\t\t\t<\/div>\r\n\t\t\t\r\n\t\t\t\r\n\t\t\t\r\n\t\t\t<div class=\"em-item-meta-line em-item-taxonomy em-event-categories\">\r\n\t\t\t\t<span class=\"em-icon-category em-icon\"><\/span>\r\n\t\t\t\t<div>\t<ul class=\"event-categories\">\r\n\t\t\t\t\t<li><a href=\"https:\/\/thilomuster.info\/en\/events\/categories\/concerts\/\">Concerts<\/a><\/li>\r\n\t\t\t\t\t<li><a href=\"https:\/\/thilomuster.info\/en\/events\/categories\/recital\/\">Recital<\/a><\/li>\r\n\t\t\t<\/ul>\r\n\t<\/div>\r\n\t\t\t<\/div>\r\n\t\t\t\r\n\t\t\t\r\n\t\t<\/div>\r\n\t\t<div class=\"em-item-desc\">\r\n\t\t\tKurzkonzert\u00a0an der Metzler Orgel im Musiksaal des Stadtcasino Basel Weitere Konzerte: www.orgel-basel.ch 09h00-10h00 Stadtcasino Basel 10h30-11h30 Orchesterproberaum Sinfonierochester Basel 13h30-14h30 Kleiner Saal Musikakademie 15h00-16h00 Marienkirche\r\n\t\t<\/div>\r\n\t\t<div class=\"em-item-actions input\">\r\n\t\t\t<a class=\"em-item-read-more button\" href=\"https:\/\/thilomuster.info\/en\/events\/basler-orgelspaziergang\/\">Weitere Informationen<\/a>\r\n\t\t\t\r\n\t\t<\/div>\r\n\t<\/div>\r\n<\/div><div class=\"em-event em-item\" style=\"--default-border:#FFFFFF;\">\r\n\t<div class=\"em-item-image has-placeholder\">\r\n\t\t\r\n\t\t\r\n\t\t<div class=\"em-item-image-placeholder\">\r\n\t\t\t<div class=\"date\">\r\n\t\t\t\t<span class=\"day\">19<\/span>\r\n\t\t\t\t<span class=\"month\">Jun<\/span>\r\n\t\t\t<\/div>\r\n\t\t<\/div>\r\n\t\t\r\n\t<\/div>\r\n\t<div class=\"em-item-info\">\r\n\t\t<h3 class=\"em-item-title\"><a href=\"https:\/\/thilomuster.info\/en\/events\/recital-dorgue\/\">R\u00e9cital d&#039;orgue<\/a><\/h3>\r\n\t\t<h4>Chavannes \/ CH<\/h4>\r\n\t\t<div class=\"em-event-meta em-item-meta\">\r\n\t\t\t<div class=\"em-item-meta-line em-event-date em-event-meta-datetime\">\r\n\t\t\t\t<span class=\"em-icon-calendar em-icon\"><\/span>\r\n\t\t\t\t19.06.2022\u00a0\u00a0\u00a0\u00a0\r\n\t\t\t<\/div>\r\n\t\t\t<div class=\"em-item-meta-line em-event-time em-event-meta-datetime\">\r\n\t\t\t\t<span class=\"em-icon-clock em-icon\"><\/span>\r\n\t\t\t\t17:00 - 18:00\r\n\t\t\t<\/div>\r\n\t\t\t\r\n\t\t\t\r\n\t\t\t<div class=\"em-item-meta-line em-event-location\">\r\n\t\t\t\t<span class=\"em-icon-location em-icon\"><\/span>\r\n\t\t\t\t<a href=\"https:\/\/thilomuster.info\/locations\/temple\/\">Temple<\/a>\r\n\t\t\t<\/div>\r\n\t\t\t\r\n\t\t\t\r\n\t\t\t\r\n\t\t\t<div class=\"em-item-meta-line em-item-taxonomy em-event-categories\">\r\n\t\t\t\t<span class=\"em-icon-category em-icon\"><\/span>\r\n\t\t\t\t<div>\t<ul class=\"event-categories\">\r\n\t\t\t\t\t<li><a href=\"https:\/\/thilomuster.info\/en\/events\/categories\/concerts\/\">Concerts<\/a><\/li>\r\n\t\t\t\t\t<li><a href=\"https:\/\/thilomuster.info\/en\/events\/categories\/recital\/\">Recital<\/a><\/li>\r\n\t\t\t<\/ul>\r\n\t<\/div>\r\n\t\t\t<\/div>\r\n\t\t\t\r\n\t\t\t\r\n\t\t<\/div>\r\n\t\t<div class=\"em-item-desc\">\r\n\t\t\tmusique ancienne\r\n\t\t<\/div>\r\n\t\t<div class=\"em-item-actions input\">\r\n\t\t\t<a class=\"em-item-read-more button\" href=\"https:\/\/thilomuster.info\/en\/events\/recital-dorgue\/\">Weitere Informationen<\/a>\r\n\t\t\t\r\n\t\t<\/div>\r\n\t<\/div>\r\n<\/div><div class=\"em-event em-item\" style=\"--default-border:#FFFFFF;\">\r\n\t<div class=\"em-item-image has-placeholder\">\r\n\t\t\r\n\t\t\r\n\t\t<div class=\"em-item-image-placeholder\">\r\n\t\t\t<div class=\"date\">\r\n\t\t\t\t<span class=\"day\">12<\/span>\r\n\t\t\t\t<span class=\"month\">Jun<\/span>\r\n\t\t\t<\/div>\r\n\t\t<\/div>\r\n\t\t\r\n\t<\/div>\r\n\t<div class=\"em-item-info\">\r\n\t\t<h3 class=\"em-item-title\"><a href=\"https:\/\/thilomuster.info\/en\/events\/bach-und-schuetz\/\">Bach und Sch\u00fctz<\/a><\/h3>\r\n\t\t<h4>Arlesheim <\/h4>\r\n\t\t<div class=\"em-event-meta em-item-meta\">\r\n\t\t\t<div class=\"em-item-meta-line em-event-date em-event-meta-datetime\">\r\n\t\t\t\t<span class=\"em-icon-calendar em-icon\"><\/span>\r\n\t\t\t\t12.06.2022\u00a0\u00a0\u00a0\u00a0\r\n\t\t\t<\/div>\r\n\t\t\t<div class=\"em-item-meta-line em-event-time em-event-meta-datetime\">\r\n\t\t\t\t<span class=\"em-icon-clock em-icon\"><\/span>\r\n\t\t\t\t20:00 - 21:30\r\n\t\t\t<\/div>\r\n\t\t\t\r\n\t\t\t\r\n\t\t\t<div class=\"em-item-meta-line em-event-location\">\r\n\t\t\t\t<span class=\"em-icon-location em-icon\"><\/span>\r\n\t\t\t\t<a href=\"https:\/\/thilomuster.info\/en\/locations\/reformierte-kirche\/\">reformierte Kirche<\/a>\r\n\t\t\t<\/div>\r\n\t\t\t\r\n\t\t\t\r\n\t\t\t\r\n\t\t\t<div class=\"em-item-meta-line em-item-taxonomy em-event-categories\">\r\n\t\t\t\t<span class=\"em-icon-category em-icon\"><\/span>\r\n\t\t\t\t<div>\t<ul class=\"event-categories\">\r\n\t\t\t\t\t<li><a href=\"https:\/\/thilomuster.info\/en\/events\/categories\/concerts\/\">Concerts<\/a><\/li>\r\n\t\t\t<\/ul>\r\n\t<\/div>\r\n\t\t\t<\/div>\r\n\t\t\t\r\n\t\t\t\r\n\t\t<\/div>\r\n\t\t<div class=\"em-item-desc\">\r\n\t\t\tAline Du Pasquier und Linda Deborah Loosli, Sopran Christina Metz, Alt Hans-J\u00fcrg Rickenbacher, Tenor Robert Koller, Bass Simon Lilly und Andrew Hammersley, Trompete Arlesheimer Bach-Kantaten-Chor [...]\r\n\t\t<\/div>\r\n\t\t<div class=\"em-item-actions input\">\r\n\t\t\t<a class=\"em-item-read-more button\" href=\"https:\/\/thilomuster.info\/en\/events\/bach-und-schuetz\/\">Weitere Informationen<\/a>\r\n\t\t\t\r\n\t\t<\/div>\r\n\t<\/div>\r\n<\/div><div class=\"em-event em-item\" style=\"--default-border:#FFFFFF;\">\r\n\t<div class=\"em-item-image has-placeholder\">\r\n\t\t\r\n\t\t\r\n\t\t<div class=\"em-item-image-placeholder\">\r\n\t\t\t<div class=\"date\">\r\n\t\t\t\t<span class=\"day\">12<\/span>\r\n\t\t\t\t<span class=\"month\">Jun<\/span>\r\n\t\t\t<\/div>\r\n\t\t<\/div>\r\n\t\t\r\n\t<\/div>\r\n\t<div class=\"em-item-info\">\r\n\t\t<h3 class=\"em-item-title\"><a href=\"https:\/\/thilomuster.info\/en\/events\/bach-und-schuetz-2\/\">Bach und Sch\u00fctz<\/a><\/h3>\r\n\t\t<h4>Arlesheim <\/h4>\r\n\t\t<div class=\"em-event-meta em-item-meta\">\r\n\t\t\t<div class=\"em-item-meta-line em-event-date em-event-meta-datetime\">\r\n\t\t\t\t<span class=\"em-icon-calendar em-icon\"><\/span>\r\n\t\t\t\t12.06.2022\u00a0\u00a0\u00a0\u00a0\r\n\t\t\t<\/div>\r\n\t\t\t<div class=\"em-item-meta-line em-event-time em-event-meta-datetime\">\r\n\t\t\t\t<span class=\"em-icon-clock em-icon\"><\/span>\r\n\t\t\t\t10:00 - 11:30\r\n\t\t\t<\/div>\r\n\t\t\t\r\n\t\t\t\r\n\t\t\t<div class=\"em-item-meta-line em-event-location\">\r\n\t\t\t\t<span class=\"em-icon-location em-icon\"><\/span>\r\n\t\t\t\t<a href=\"https:\/\/thilomuster.info\/en\/locations\/reformierte-kirche\/\">reformierte Kirche<\/a>\r\n\t\t\t<\/div>\r\n\t\t\t\r\n\t\t\t\r\n\t\t\t\r\n\t\t\t<div class=\"em-item-meta-line em-item-taxonomy em-event-categories\">\r\n\t\t\t\t<span class=\"em-icon-category em-icon\"><\/span>\r\n\t\t\t\t<div>\t<ul class=\"event-categories\">\r\n\t\t\t\t\t<li><a href=\"https:\/\/thilomuster.info\/en\/events\/categories\/concerts\/\">Concerts<\/a><\/li>\r\n\t\t\t<\/ul>\r\n\t<\/div>\r\n\t\t\t<\/div>\r\n\t\t\t\r\n\t\t\t\r\n\t\t<\/div>\r\n\t\t<div class=\"em-item-desc\">\r\n\t\t\tAline Du Pasquier und Linda Deborah Loosli, Sopran Christina Metz, Alt Hans-J\u00fcrg Rickenbacher, Tenor Robert Koller, Bass Simon Lilly und Andrew Hammersley, Trompete Arlesheimer Bach-Kantaten-Chor [...]\r\n\t\t<\/div>\r\n\t\t<div class=\"em-item-actions input\">\r\n\t\t\t<a class=\"em-item-read-more button\" href=\"https:\/\/thilomuster.info\/en\/events\/bach-und-schuetz-2\/\">Weitere Informationen<\/a>\r\n\t\t\t\r\n\t\t<\/div>\r\n\t<\/div>\r\n<\/div><div class=\"em-event em-item\" style=\"--default-border:#FFFFFF;\">\r\n\t<div class=\"em-item-image has-placeholder\">\r\n\t\t\r\n\t\t\r\n\t\t<div class=\"em-item-image-placeholder\">\r\n\t\t\t<div class=\"date\">\r\n\t\t\t\t<span class=\"day\">27<\/span>\r\n\t\t\t\t<span class=\"month\">May<\/span>\r\n\t\t\t<\/div>\r\n\t\t<\/div>\r\n\t\t\r\n\t<\/div>\r\n\t<div class=\"em-item-info\">\r\n\t\t<h3 class=\"em-item-title\"><a href=\"https:\/\/thilomuster.info\/en\/events\/in-memoriam\/\">In Memoriam<\/a><\/h3>\r\n\t\t<h4>Rheinfelden <\/h4>\r\n\t\t<div class=\"em-event-meta em-item-meta\">\r\n\t\t\t<div class=\"em-item-meta-line em-event-date em-event-meta-datetime\">\r\n\t\t\t\t<span class=\"em-icon-calendar em-icon\"><\/span>\r\n\t\t\t\t27.05.2022\u00a0\u00a0\u00a0\u00a0\r\n\t\t\t<\/div>\r\n\t\t\t<div class=\"em-item-meta-line em-event-time em-event-meta-datetime\">\r\n\t\t\t\t<span class=\"em-icon-clock em-icon\"><\/span>\r\n\t\t\t\t20:00 - 21:00\r\n\t\t\t<\/div>\r\n\t\t\t\r\n\t\t\t\r\n\t\t\t<div class=\"em-item-meta-line em-event-location\">\r\n\t\t\t\t<span class=\"em-icon-location em-icon\"><\/span>\r\n\t\t\t\t<a href=\"https:\/\/thilomuster.info\/locations\/ref-kirche-5\/\">ref. Kirche<\/a>\r\n\t\t\t<\/div>\r\n\t\t\t\r\n\t\t\t\r\n\t\t\t\r\n\t\t\t<div class=\"em-item-meta-line em-item-taxonomy em-event-categories\">\r\n\t\t\t\t<span class=\"em-icon-category em-icon\"><\/span>\r\n\t\t\t\t<div>\t<ul class=\"event-categories\">\r\n\t\t\t\t\t<li><a href=\"https:\/\/thilomuster.info\/en\/events\/categories\/concerts\/\">Concerts<\/a><\/li>\r\n\t\t\t<\/ul>\r\n\t<\/div>\r\n\t\t\t<\/div>\r\n\t\t\t\r\n\t\t\t\r\n\t\t<\/div>\r\n\t\t<div class=\"em-item-desc\">\r\n\t\t\tMusik f\u00fcr Blechbl\u00e4ser und Orgel \u2013 In Memoriam Thomas Haas Der Titel bezieht sich auf das letzte St\u00fcck des Abends und auf den verstorbenen Trompeter [...]\r\n\t\t<\/div>\r\n\t\t<div class=\"em-item-actions input\">\r\n\t\t\t<a class=\"em-item-read-more button\" href=\"https:\/\/thilomuster.info\/en\/events\/in-memoriam\/\">Weitere Informationen<\/a>\r\n\t\t\t\r\n\t\t<\/div>\r\n\t<\/div>\r\n<\/div><div class=\"em-event em-item\" style=\"--default-border:#FFFFFF;\">\r\n\t<div class=\"em-item-image \">\r\n\t\t\r\n\t\t<img src='https:\/\/thilomuster.info\/wp-content\/uploads\/2017\/11\/TaragotOrgel-Serif.jpg' alt='Taragot &amp; Orgue \u2013 le souffle des Balkans : franchement d\u00e9coiffant !'\/>\r\n\t\t\r\n\t\t\r\n\t<\/div>\r\n\t<div class=\"em-item-info\">\r\n\t\t<h3 class=\"em-item-title\"><a href=\"https:\/\/thilomuster.info\/en\/events\/taragot-orgue-le-souffle-des-balkans-franchement-decoiffant-3\/\">Taragot &amp; Orgue \u2013 le souffle des Balkans : franchement d\u00e9coiffant !<\/a><\/h3>\r\n\t\t<h4>Saint-Jean-de-Luz <\/h4>\r\n\t\t<div class=\"em-event-meta em-item-meta\">\r\n\t\t\t<div class=\"em-item-meta-line em-event-date em-event-meta-datetime\">\r\n\t\t\t\t<span class=\"em-icon-calendar em-icon\"><\/span>\r\n\t\t\t\t18.04.2022\u00a0\u00a0\u00a0\u00a0\r\n\t\t\t<\/div>\r\n\t\t\t<div class=\"em-item-meta-line em-event-time em-event-meta-datetime\">\r\n\t\t\t\t<span class=\"em-icon-clock em-icon\"><\/span>\r\n\t\t\t\t17:00 - 18:15\r\n\t\t\t<\/div>\r\n\t\t\t\r\n\t\t\t\r\n\t\t\t<div class=\"em-item-meta-line em-event-location\">\r\n\t\t\t\t<span class=\"em-icon-location em-icon\"><\/span>\r\n\t\t\t\t<a href=\"https:\/\/thilomuster.info\/locations\/festiorgues-le-chant-des-orgues-basques-eglise-st-jean-baptiste\/\">Festiorgues \u2013 le chant des orgues basques, \u00c9glise St-Jean-Baptiste<\/a>\r\n\t\t\t<\/div>\r\n\t\t\t\r\n\t\t\t\r\n\t\t\t\r\n\t\t\t<div class=\"em-item-meta-line em-item-taxonomy em-event-categories\">\r\n\t\t\t\t<span class=\"em-icon-category em-icon\"><\/span>\r\n\t\t\t\t<div>\t<ul class=\"event-categories\">\r\n\t\t\t\t\t<li><a href=\"https:\/\/thilomuster.info\/en\/events\/categories\/concerts\/\">Concerts<\/a><\/li>\r\n\t\t\t\t\t<li><a href=\"https:\/\/thilomuster.info\/en\/events\/categories\/concerts\/\">Konzerte<\/a><\/li>\r\n\t\t\t\t\t<li><a href=\"https:\/\/thilomuster.info\/en\/events\/categories\/taragot-organ\/\">Taragot &amp; Organ<\/a><\/li>\r\n\t\t\t\t\t<li><a href=\"https:\/\/thilomuster.info\/en\/events\/categories\/taragot-organ\/\">Taragot &amp; Orgel<\/a><\/li>\r\n\t\t\t<\/ul>\r\n\t<\/div>\r\n\t\t\t<\/div>\r\n\t\t\t\r\n\t\t\t\r\n\t\t<\/div>\r\n\t\t<div class=\"em-item-desc\">\r\n\t\t\tSamuel Freiburghaus, taragot, clarinettes, froula, tilinca Thilo Muster, orgue Musique des Balkans, des Tziganes et Klezmorim de Roumaine, Bulgarie, Serbie, Albanie, Gr\u00e8ce, Arm\u00e9nie et Azerba\u00efdjan. [...]\r\n\t\t<\/div>\r\n\t\t<div class=\"em-item-actions input\">\r\n\t\t\t<a class=\"em-item-read-more button\" href=\"https:\/\/thilomuster.info\/en\/events\/taragot-orgue-le-souffle-des-balkans-franchement-decoiffant-3\/\">Weitere Informationen<\/a>\r\n\t\t\t\r\n\t\t<\/div>\r\n\t<\/div>\r\n<\/div><div class=\"em-event em-item\" style=\"--default-border:#FFFFFF;\">\r\n\t<div class=\"em-item-image \">\r\n\t\t\r\n\t\t<img src='https:\/\/thilomuster.info\/wp-content\/uploads\/2017\/11\/SamuelThiloAusschnitt.jpg' alt='Taragot &amp; Orgue \u2013 le souffle des Balkans : franchement d\u00e9coiffant !'\/>\r\n\t\t\r\n\t\t\r\n\t<\/div>\r\n\t<div class=\"em-item-info\">\r\n\t\t<h3 class=\"em-item-title\"><a href=\"https:\/\/thilomuster.info\/en\/events\/taragot-orgue-le-souffle-des-balkans-franchement-decoiffant-annule\/\">Taragot &amp; Orgue \u2013 le souffle des Balkans : franchement d\u00e9coiffant !<\/a><\/h3>\r\n\t\t<h4>Milvignes <\/h4>\r\n\t\t<div class=\"em-event-meta em-item-meta\">\r\n\t\t\t<div class=\"em-item-meta-line em-event-date em-event-meta-datetime\">\r\n\t\t\t\t<span class=\"em-icon-calendar em-icon\"><\/span>\r\n\t\t\t\t27.03.2022\u00a0\u00a0\u00a0\u00a0\r\n\t\t\t<\/div>\r\n\t\t\t<div class=\"em-item-meta-line em-event-time em-event-meta-datetime\">\r\n\t\t\t\t<span class=\"em-icon-clock em-icon\"><\/span>\r\n\t\t\t\t17:00 - 18:15\r\n\t\t\t<\/div>\r\n\t\t\t\r\n\t\t\t\r\n\t\t\t<div class=\"em-item-meta-line em-event-location\">\r\n\t\t\t\t<span class=\"em-icon-location em-icon\"><\/span>\r\n\t\t\t\t<a href=\"https:\/\/thilomuster.info\/locations\/temple-dauvernier\/\">Temple d&#039;Auvernier<\/a>\r\n\t\t\t<\/div>\r\n\t\t\t\r\n\t\t\t\r\n\t\t\t\r\n\t\t\t<div class=\"em-item-meta-line em-item-taxonomy em-event-categories\">\r\n\t\t\t\t<span class=\"em-icon-category em-icon\"><\/span>\r\n\t\t\t\t<div>\t<ul class=\"event-categories\">\r\n\t\t\t\t\t<li><a href=\"https:\/\/thilomuster.info\/en\/events\/categories\/concerts\/\">Concerts<\/a><\/li>\r\n\t\t\t\t\t<li><a href=\"https:\/\/thilomuster.info\/en\/events\/categories\/concerts\/\">Konzerte<\/a><\/li>\r\n\t\t\t\t\t<li><a href=\"https:\/\/thilomuster.info\/en\/events\/categories\/taragot-organ\/\">Taragot &amp; Organ<\/a><\/li>\r\n\t\t\t\t\t<li><a href=\"https:\/\/thilomuster.info\/en\/events\/categories\/taragot-organ\/\">Taragot &amp; Orgel<\/a><\/li>\r\n\t\t\t<\/ul>\r\n\t<\/div>\r\n\t\t\t<\/div>\r\n\t\t\t\r\n\t\t\t\r\n\t\t<\/div>\r\n\t\t<div class=\"em-item-desc\">\r\n\t\t\tConcert avec\u00a0Samuel Freiburghaus, taragot, clarinette, frula, tilinca Musique des Balkans, tzigane et klezmer de Roumanie, Bulgarie, Bosnie, Arm\u00e9nie und Azerbaidjan.\r\n\t\t<\/div>\r\n\t\t<div class=\"em-item-actions input\">\r\n\t\t\t<a class=\"em-item-read-more button\" href=\"https:\/\/thilomuster.info\/en\/events\/taragot-orgue-le-souffle-des-balkans-franchement-decoiffant-annule\/\">Weitere Informationen<\/a>\r\n\t\t\t\r\n\t\t<\/div>\r\n\t<\/div>\r\n<\/div><div class=\"em-event em-item\" style=\"--default-border:#FFFFFF;\">\r\n\t<div class=\"em-item-image \">\r\n\t\t\r\n\t\t<img src='https:\/\/thilomuster.info\/wp-content\/uploads\/2020\/11\/FlyerDneu-scaled.jpg' alt='Taragot &amp; Orgel \u2013 umwerfender Balkansound.'\/>\r\n\t\t\r\n\t\t\r\n\t<\/div>\r\n\t<div class=\"em-item-info\">\r\n\t\t<h3 class=\"em-item-title\"><a href=\"https:\/\/thilomuster.info\/en\/events\/taragot-orgel-umwerfender-balkansound-9\/\">Taragot &amp; Orgel \u2013 umwerfender Balkansound.<\/a><\/h3>\r\n\t\t<h4>Z\u00fcrich \/ CH<\/h4>\r\n\t\t<div class=\"em-event-meta em-item-meta\">\r\n\t\t\t<div class=\"em-item-meta-line em-event-date em-event-meta-datetime\">\r\n\t\t\t\t<span class=\"em-icon-calendar em-icon\"><\/span>\r\n\t\t\t\t22.01.2022\u00a0\u00a0\u00a0\u00a0\r\n\t\t\t<\/div>\r\n\t\t\t<div class=\"em-item-meta-line em-event-time em-event-meta-datetime\">\r\n\t\t\t\t<span class=\"em-icon-clock em-icon\"><\/span>\r\n\t\t\t\t17:00 - 18:15\r\n\t\t\t<\/div>\r\n\t\t\t\r\n\t\t\t\r\n\t\t\t<div class=\"em-item-meta-line em-event-location\">\r\n\t\t\t\t<span class=\"em-icon-location em-icon\"><\/span>\r\n\t\t\t\t<a href=\"https:\/\/thilomuster.info\/en\/locations\/zuercher-orgeltage-citykirche-offener-st-jakob\/\">Z\u00fcrcher Orgeltage \u2013 Citykirche offener St. Jakob<\/a>\r\n\t\t\t<\/div>\r\n\t\t\t\r\n\t\t\t\r\n\t\t\t\r\n\t\t\t<div class=\"em-item-meta-line em-item-taxonomy em-event-categories\">\r\n\t\t\t\t<span class=\"em-icon-category em-icon\"><\/span>\r\n\t\t\t\t<div>\t<ul class=\"event-categories\">\r\n\t\t\t\t\t<li><a href=\"https:\/\/thilomuster.info\/en\/events\/categories\/concerts\/\">Concerts<\/a><\/li>\r\n\t\t\t\t\t<li><a href=\"https:\/\/thilomuster.info\/en\/events\/categories\/taragot-organ\/\">Taragot &amp; Organ<\/a><\/li>\r\n\t\t\t<\/ul>\r\n\t<\/div>\r\n\t\t\t<\/div>\r\n\t\t\t\r\n\t\t\t\r\n\t\t<\/div>\r\n\t\t<div class=\"em-item-desc\">\r\n\t\t\tSamuel Freiburghaus, Taragot, Klarinetten, Frula Thilo Muster, Orgel Musik des Balkans, der Lautari und Klezmorim aus Rum\u00e4nien, Serbien, Bulgarien, Albanien, Griechenland, Armenien und Azerbaidschan\r\n\t\t<\/div>\r\n\t\t<div class=\"em-item-actions input\">\r\n\t\t\t<a class=\"em-item-read-more button\" href=\"https:\/\/thilomuster.info\/en\/events\/taragot-orgel-umwerfender-balkansound-9\/\">Weitere Informationen<\/a>\r\n\t\t\t\r\n\t\t<\/div>\r\n\t<\/div>\r\n<\/div><div class=\"em-event em-item\" style=\"--default-border:#FFFFFF;\">\r\n\t<div class=\"em-item-image \">\r\n\t\t\r\n\t\t<img src='https:\/\/thilomuster.info\/wp-content\/uploads\/2020\/11\/FlyerDneu-scaled.jpg' alt='Taragot &amp; Orgel \u2013 umwerfender Balkansound.'\/>\r\n\t\t\r\n\t\t\r\n\t<\/div>\r\n\t<div class=\"em-item-info\">\r\n\t\t<h3 class=\"em-item-title\"><a href=\"https:\/\/thilomuster.info\/en\/events\/taragot-orgel-umwerfender-balkansound-5\/\">Taragot &amp; Orgel \u2013 umwerfender Balkansound.<\/a><\/h3>\r\n\t\t<h4>Stammheim \/ CH<\/h4>\r\n\t\t<div class=\"em-event-meta em-item-meta\">\r\n\t\t\t<div class=\"em-item-meta-line em-event-date em-event-meta-datetime\">\r\n\t\t\t\t<span class=\"em-icon-calendar em-icon\"><\/span>\r\n\t\t\t\t12.11.2021\u00a0\u00a0\u00a0\u00a0\r\n\t\t\t<\/div>\r\n\t\t\t<div class=\"em-item-meta-line em-event-time em-event-meta-datetime\">\r\n\t\t\t\t<span class=\"em-icon-clock em-icon\"><\/span>\r\n\t\t\t\t18:30 - 19:45\r\n\t\t\t<\/div>\r\n\t\t\t\r\n\t\t\t\r\n\t\t\t<div class=\"em-item-meta-line em-event-location\">\r\n\t\t\t\t<span class=\"em-icon-location em-icon\"><\/span>\r\n\t\t\t\t<a href=\"https:\/\/thilomuster.info\/locations\/ref-kirche-4\/\">ref. Kirche<\/a>\r\n\t\t\t<\/div>\r\n\t\t\t\r\n\t\t\t\r\n\t\t\t\r\n\t\t\t<div class=\"em-item-meta-line em-item-taxonomy em-event-categories\">\r\n\t\t\t\t<span class=\"em-icon-category em-icon\"><\/span>\r\n\t\t\t\t<div>\t<ul class=\"event-categories\">\r\n\t\t\t\t\t<li><a href=\"https:\/\/thilomuster.info\/en\/events\/categories\/concerts\/\">Concerts<\/a><\/li>\r\n\t\t\t\t\t<li><a href=\"https:\/\/thilomuster.info\/en\/events\/categories\/taragot-organ\/\">Taragot &amp; Organ<\/a><\/li>\r\n\t\t\t<\/ul>\r\n\t<\/div>\r\n\t\t\t<\/div>\r\n\t\t\t\r\n\t\t\t\r\n\t\t<\/div>\r\n\t\t<div class=\"em-item-desc\">\r\n\t\t\tZusammen mit Samuel Freiburghaus, Taragot, Klarinetten, Frula &amp; Nehrun Aliev,\u00a0Perkussion, Klarinette &nbsp;\r\n\t\t<\/div>\r\n\t\t<div class=\"em-item-actions input\">\r\n\t\t\t<a class=\"em-item-read-more button\" href=\"https:\/\/thilomuster.info\/en\/events\/taragot-orgel-umwerfender-balkansound-5\/\">Weitere Informationen<\/a>\r\n\t\t\t\r\n\t\t<\/div>\r\n\t<\/div>\r\n<\/div><div class=\"em-event em-item\" style=\"--default-border:#FFFFFF;\">\r\n\t<div class=\"em-item-image \">\r\n\t\t\r\n\t\t<img src='https:\/\/thilomuster.info\/wp-content\/uploads\/2017\/11\/TaragotOrgel-Serif.jpg' alt='Taragot &amp; Orgue \u2013 le souffle des Balkans : franchement d\u00e9coiffant !'\/>\r\n\t\t\r\n\t\t\r\n\t<\/div>\r\n\t<div class=\"em-item-info\">\r\n\t\t<h3 class=\"em-item-title\"><a href=\"https:\/\/thilomuster.info\/en\/events\/taragot-orgue-le-souffle-des-balkans-franchement-decoiffant-2\/\">Taragot &amp; Orgue \u2013 le souffle des Balkans : franchement d\u00e9coiffant !<\/a><\/h3>\r\n\t\t<h4>La R\u00e9ole\/Bordeaux <\/h4>\r\n\t\t<div class=\"em-event-meta em-item-meta\">\r\n\t\t\t<div class=\"em-item-meta-line em-event-date em-event-meta-datetime\">\r\n\t\t\t\t<span class=\"em-icon-calendar em-icon\"><\/span>\r\n\t\t\t\t07.11.2021\u00a0\u00a0\u00a0\u00a0\r\n\t\t\t<\/div>\r\n\t\t\t<div class=\"em-item-meta-line em-event-time em-event-meta-datetime\">\r\n\t\t\t\t<span class=\"em-icon-clock em-icon\"><\/span>\r\n\t\t\t\t17:00 - 18:15\r\n\t\t\t<\/div>\r\n\t\t\t\r\n\t\t\t\r\n\t\t\t<div class=\"em-item-meta-line em-event-location\">\r\n\t\t\t\t<span class=\"em-icon-location em-icon\"><\/span>\r\n\t\t\t\t<a href=\"https:\/\/thilomuster.info\/en\/locations\/festival-dorgue-de-la-reole-eglise-st-pierre\/\">Festival d&#039;orgue \u2013 Eglise St-Pierre<\/a>\r\n\t\t\t<\/div>\r\n\t\t\t\r\n\t\t\t\r\n\t\t\t\r\n\t\t\t<div class=\"em-item-meta-line em-item-taxonomy em-event-categories\">\r\n\t\t\t\t<span class=\"em-icon-category em-icon\"><\/span>\r\n\t\t\t\t<div>\t<ul class=\"event-categories\">\r\n\t\t\t\t\t<li><a href=\"https:\/\/thilomuster.info\/en\/events\/categories\/concerts\/\">Concerts<\/a><\/li>\r\n\t\t\t\t\t<li><a href=\"https:\/\/thilomuster.info\/en\/events\/categories\/taragot-organ\/\">Taragot &amp; Organ<\/a><\/li>\r\n\t\t\t<\/ul>\r\n\t<\/div>\r\n\t\t\t<\/div>\r\n\t\t\t\r\n\t\t\t\r\n\t\t<\/div>\r\n\t\t<div class=\"em-item-desc\">\r\n\t\t\tSamuel Freiburghaus, taragot, clarinettes, froula, tilinca Thilo Muster, orgue Musique des Balkans, des Tziganes et Klezmorim de Roumaine, Bulgarie, Serbie, Albanie, Gr\u00e8ce, Arm\u00e9nie et Azerba\u00efdjan. [...]\r\n\t\t<\/div>\r\n\t\t<div class=\"em-item-actions input\">\r\n\t\t\t<a class=\"em-item-read-more button\" href=\"https:\/\/thilomuster.info\/en\/events\/taragot-orgue-le-souffle-des-balkans-franchement-decoiffant-2\/\">Weitere Informationen<\/a>\r\n\t\t\t\r\n\t\t<\/div>\r\n\t<\/div>\r\n<\/div><div class=\"em-event em-item\" style=\"--default-border:#FFFFFF;\">\r\n\t<div class=\"em-item-image \">\r\n\t\t\r\n\t\t<img src='https:\/\/thilomuster.info\/wp-content\/uploads\/2021\/05\/image.jpeg' alt='Orgelspiel Herbstzyklus'\/>\r\n\t\t\r\n\t\t\r\n\t<\/div>\r\n\t<div class=\"em-item-info\">\r\n\t\t<h3 class=\"em-item-title\"><a href=\"https:\/\/thilomuster.info\/en\/events\/orgelspiel-herbstzyklus\/\">Orgelspiel Herbstzyklus<\/a><\/h3>\r\n\t\t<h4>Z\u00fcrich <\/h4>\r\n\t\t<div class=\"em-event-meta em-item-meta\">\r\n\t\t\t<div class=\"em-item-meta-line em-event-date em-event-meta-datetime\">\r\n\t\t\t\t<span class=\"em-icon-calendar em-icon\"><\/span>\r\n\t\t\t\t27.10.2021\u00a0\u00a0\u00a0\u00a0\r\n\t\t\t<\/div>\r\n\t\t\t<div class=\"em-item-meta-line em-event-time em-event-meta-datetime\">\r\n\t\t\t\t<span class=\"em-icon-clock em-icon\"><\/span>\r\n\t\t\t\t18:30 - 19:30\r\n\t\t\t<\/div>\r\n\t\t\t\r\n\t\t\t\r\n\t\t\t<div class=\"em-item-meta-line em-event-location\">\r\n\t\t\t\t<span class=\"em-icon-location em-icon\"><\/span>\r\n\t\t\t\t<a href=\"https:\/\/thilomuster.info\/en\/locations\/grossmuenster\/\">Grossm\u00fcnster<\/a>\r\n\t\t\t<\/div>\r\n\t\t\t\r\n\t\t\t\r\n\t\t\t\r\n\t\t\t<div class=\"em-item-meta-line em-item-taxonomy em-event-categories\">\r\n\t\t\t\t<span class=\"em-icon-category em-icon\"><\/span>\r\n\t\t\t\t<div>\t<ul class=\"event-categories\">\r\n\t\t\t\t\t<li><a href=\"https:\/\/thilomuster.info\/en\/events\/categories\/concerts\/\">Concerts<\/a><\/li>\r\n\t\t\t\t\t<li><a href=\"https:\/\/thilomuster.info\/en\/events\/categories\/recital\/\">Recital<\/a><\/li>\r\n\t\t\t<\/ul>\r\n\t<\/div>\r\n\t\t\t<\/div>\r\n\t\t\t\r\n\t\t\t\r\n\t\t<\/div>\r\n\t\t<div class=\"em-item-desc\">\r\n\t\t\tOrgelkonzert Werke von Jehan Alain, Maurice Durufl\u00e9, Ermend Bonnal Mehr Info: www.grossmuenster.ch\r\n\t\t<\/div>\r\n\t\t<div class=\"em-item-actions input\">\r\n\t\t\t<a class=\"em-item-read-more button\" href=\"https:\/\/thilomuster.info\/en\/events\/orgelspiel-herbstzyklus\/\">Weitere Informationen<\/a>\r\n\t\t\t\r\n\t\t<\/div>\r\n\t<\/div>\r\n<\/div><div class=\"em-event em-item\" style=\"--default-border:#FFFFFF;\">\r\n\t<div class=\"em-item-image \">\r\n\t\t\r\n\t\t<img src='https:\/\/thilomuster.info\/wp-content\/uploads\/2020\/11\/FlyerDneu-scaled.jpg' alt='Taragot &amp; Orgel \u2013 umwerfender Balkansound.'\/>\r\n\t\t\r\n\t\t\r\n\t<\/div>\r\n\t<div class=\"em-item-info\">\r\n\t\t<h3 class=\"em-item-title\"><a href=\"https:\/\/thilomuster.info\/en\/events\/taragot-orgel-umwerfender-balkansound-3\/\">Taragot &amp; Orgel \u2013 umwerfender Balkansound.<\/a><\/h3>\r\n\t\t<h4>Rheinfelden <\/h4>\r\n\t\t<div class=\"em-event-meta em-item-meta\">\r\n\t\t\t<div class=\"em-item-meta-line em-event-date em-event-meta-datetime\">\r\n\t\t\t\t<span class=\"em-icon-calendar em-icon\"><\/span>\r\n\t\t\t\t26.09.2021\u00a0\u00a0\u00a0\u00a0\r\n\t\t\t<\/div>\r\n\t\t\t<div class=\"em-item-meta-line em-event-time em-event-meta-datetime\">\r\n\t\t\t\t<span class=\"em-icon-clock em-icon\"><\/span>\r\n\t\t\t\t17:00 - 18:15\r\n\t\t\t<\/div>\r\n\t\t\t\r\n\t\t\t\r\n\t\t\t<div class=\"em-item-meta-line em-event-location\">\r\n\t\t\t\t<span class=\"em-icon-location em-icon\"><\/span>\r\n\t\t\t\t<a href=\"https:\/\/thilomuster.info\/en\/locations\/orgelwoche-christuskirche\/\">Orgelwoche Christuskirche<\/a>\r\n\t\t\t<\/div>\r\n\t\t\t\r\n\t\t\t\r\n\t\t\t\r\n\t\t\t<div class=\"em-item-meta-line em-item-taxonomy em-event-categories\">\r\n\t\t\t\t<span class=\"em-icon-category em-icon\"><\/span>\r\n\t\t\t\t<div>\t<ul class=\"event-categories\">\r\n\t\t\t\t\t<li><a href=\"https:\/\/thilomuster.info\/en\/events\/categories\/concerts\/\">Concerts<\/a><\/li>\r\n\t\t\t\t\t<li><a href=\"https:\/\/thilomuster.info\/en\/events\/categories\/taragot-organ\/\">Taragot &amp; Organ<\/a><\/li>\r\n\t\t\t<\/ul>\r\n\t<\/div>\r\n\t\t\t<\/div>\r\n\t\t\t\r\n\t\t\t\r\n\t\t<\/div>\r\n\t\t<div class=\"em-item-desc\">\r\n\t\t\tZusammen mit Samuel Freiburghaus, Taragot, Klarinetten, Frula &amp; Nehrun Aliev,\u00a0Perkussion, Klarinette &nbsp;\r\n\t\t<\/div>\r\n\t\t<div class=\"em-item-actions input\">\r\n\t\t\t<a class=\"em-item-read-more button\" href=\"https:\/\/thilomuster.info\/en\/events\/taragot-orgel-umwerfender-balkansound-3\/\">Weitere Informationen<\/a>\r\n\t\t\t\r\n\t\t<\/div>\r\n\t<\/div>\r\n<\/div><div class=\"em-event em-item\" style=\"--default-border:#FFFFFF;\">\r\n\t<div class=\"em-item-image has-placeholder\">\r\n\t\t\r\n\t\t\r\n\t\t<div class=\"em-item-image-placeholder\">\r\n\t\t\t<div class=\"date\">\r\n\t\t\t\t<span class=\"day\">05<\/span>\r\n\t\t\t\t<span class=\"month\">Sep<\/span>\r\n\t\t\t<\/div>\r\n\t\t<\/div>\r\n\t\t\r\n\t<\/div>\r\n\t<div class=\"em-item-info\">\r\n\t\t<h3 class=\"em-item-title\"><a href=\"https:\/\/thilomuster.info\/en\/events\/deine-erde-brennt-orgelfestival-im-stadtcasino-basel\/\">\u00abDeine Erde brennt\u00bb Orgelfestival im Stadtcasino Basel<\/a><\/h3>\r\n\t\t<h4>Basel <\/h4>\r\n\t\t<div class=\"em-event-meta em-item-meta\">\r\n\t\t\t<div class=\"em-item-meta-line em-event-date em-event-meta-datetime\">\r\n\t\t\t\t<span class=\"em-icon-calendar em-icon\"><\/span>\r\n\t\t\t\t05.09.2021\u00a0\u00a0\u00a0\u00a0\r\n\t\t\t<\/div>\r\n\t\t\t<div class=\"em-item-meta-line em-event-time em-event-meta-datetime\">\r\n\t\t\t\t<span class=\"em-icon-clock em-icon\"><\/span>\r\n\t\t\t\t19:30 - 21:15\r\n\t\t\t<\/div>\r\n\t\t\t\r\n\t\t\t\r\n\t\t\t<div class=\"em-item-meta-line em-event-location\">\r\n\t\t\t\t<span class=\"em-icon-location em-icon\"><\/span>\r\n\t\t\t\t<a href=\"https:\/\/thilomuster.info\/en\/locations\/stadtcasino-musiksaal\/\">Stadtcasino, Musiksaal<\/a>\r\n\t\t\t<\/div>\r\n\t\t\t\r\n\t\t\t\r\n\t\t\t\r\n\t\t\t<div class=\"em-item-meta-line em-item-taxonomy em-event-categories\">\r\n\t\t\t\t<span class=\"em-icon-category em-icon\"><\/span>\r\n\t\t\t\t<div>\t<ul class=\"event-categories\">\r\n\t\t\t\t\t<li><a href=\"https:\/\/thilomuster.info\/en\/events\/categories\/concerts\/\">Concerts<\/a><\/li>\r\n\t\t\t<\/ul>\r\n\t<\/div>\r\n\t\t\t<\/div>\r\n\t\t\t\r\n\t\t\t\r\n\t\t<\/div>\r\n\t\t<div class=\"em-item-desc\">\r\n\t\t\tSONNTAG, 5.9.2021, 19.30h\u00a0\u2013 \u00abDEINE ERDE BRENNT\u00bb Benefizkonzert mit Schwerpunkt Lettland mit Ch\u00f6ren und SolistInnen aus der\u00a0Region\u00a0Basel. 50% der Ticketeinnahmen gehen zugunsten des Wiederaufbaus\u00a0der alten Orgel [...]\r\n\t\t<\/div>\r\n\t\t<div class=\"em-item-actions input\">\r\n\t\t\t<a class=\"em-item-read-more button\" href=\"https:\/\/thilomuster.info\/en\/events\/deine-erde-brennt-orgelfestival-im-stadtcasino-basel\/\">Weitere Informationen<\/a>\r\n\t\t\t\r\n\t\t<\/div>\r\n\t<\/div>\r\n<\/div><div class=\"em-event em-item\" style=\"--default-border:#FFFFFF;\">\r\n\t<div class=\"em-item-image \">\r\n\t\t\r\n\t\t<img src='https:\/\/thilomuster.info\/wp-content\/uploads\/2020\/11\/FlyerDneu-scaled.jpg' alt='Taragot &amp; Orgel \u2013 umwerfender Balkansound.'\/>\r\n\t\t\r\n\t\t\r\n\t<\/div>\r\n\t<div class=\"em-item-info\">\r\n\t\t<h3 class=\"em-item-title\"><a href=\"https:\/\/thilomuster.info\/en\/events\/taragot-orgel-umwerfender-balkansound-2\/\">Taragot &amp; Orgel \u2013 umwerfender Balkansound.<\/a><\/h3>\r\n\t\t<h4>Biel \/ CH<\/h4>\r\n\t\t<div class=\"em-event-meta em-item-meta\">\r\n\t\t\t<div class=\"em-item-meta-line em-event-date em-event-meta-datetime\">\r\n\t\t\t\t<span class=\"em-icon-calendar em-icon\"><\/span>\r\n\t\t\t\t22.08.2021\u00a0\u00a0\u00a0\u00a0\r\n\t\t\t<\/div>\r\n\t\t\t<div class=\"em-item-meta-line em-event-time em-event-meta-datetime\">\r\n\t\t\t\t<span class=\"em-icon-clock em-icon\"><\/span>\r\n\t\t\t\t17:00 - 18:15\r\n\t\t\t<\/div>\r\n\t\t\t\r\n\t\t\t\r\n\t\t\t<div class=\"em-item-meta-line em-event-location\">\r\n\t\t\t\t<span class=\"em-icon-location em-icon\"><\/span>\r\n\t\t\t\t<a href=\"https:\/\/thilomuster.info\/locations\/stadtkirche-6\/\">Stadtkirche<\/a>\r\n\t\t\t<\/div>\r\n\t\t\t\r\n\t\t\t\r\n\t\t\t\r\n\t\t\t<div class=\"em-item-meta-line em-item-taxonomy em-event-categories\">\r\n\t\t\t\t<span class=\"em-icon-category em-icon\"><\/span>\r\n\t\t\t\t<div>\t<ul class=\"event-categories\">\r\n\t\t\t\t\t<li><a href=\"https:\/\/thilomuster.info\/en\/events\/categories\/concerts\/\">Concerts<\/a><\/li>\r\n\t\t\t\t\t<li><a href=\"https:\/\/thilomuster.info\/en\/events\/categories\/taragot-organ\/\">Taragot &amp; Organ<\/a><\/li>\r\n\t\t\t<\/ul>\r\n\t<\/div>\r\n\t\t\t<\/div>\r\n\t\t\t\r\n\t\t\t\r\n\t\t<\/div>\r\n\t\t<div class=\"em-item-desc\">\r\n\t\t\tZusammen mit Samuel Freiburghaus, Taragot, Klarinetten, Frula &amp; Nehrun Aliev,\u00a0Perkussion, Klarinette Website des Veranstalters\r\n\t\t<\/div>\r\n\t\t<div class=\"em-item-actions input\">\r\n\t\t\t<a class=\"em-item-read-more button\" href=\"https:\/\/thilomuster.info\/en\/events\/taragot-orgel-umwerfender-balkansound-2\/\">Weitere Informationen<\/a>\r\n\t\t\t\r\n\t\t<\/div>\r\n\t<\/div>\r\n<\/div><div class=\"em-event em-item\" style=\"--default-border:#FFFFFF;\">\r\n\t<div class=\"em-item-image \">\r\n\t\t\r\n\t\t<img src='https:\/\/thilomuster.info\/wp-content\/uploads\/2020\/11\/FlyerDneu-scaled.jpg' alt='Taragot &amp; Orgel \u2013 umwerfender Balkansound.'\/>\r\n\t\t\r\n\t\t\r\n\t<\/div>\r\n\t<div class=\"em-item-info\">\r\n\t\t<h3 class=\"em-item-title\"><a href=\"https:\/\/thilomuster.info\/en\/events\/taragot-orgel-umwerfender-balkansound\/\">Taragot &amp; Orgel \u2013 umwerfender Balkansound.<\/a><\/h3>\r\n\t\t<h4>Murrhardt \/ DE<\/h4>\r\n\t\t<div class=\"em-event-meta em-item-meta\">\r\n\t\t\t<div class=\"em-item-meta-line em-event-date em-event-meta-datetime\">\r\n\t\t\t\t<span class=\"em-icon-calendar em-icon\"><\/span>\r\n\t\t\t\t04.07.2021\u00a0\u00a0\u00a0\u00a0\r\n\t\t\t<\/div>\r\n\t\t\t<div class=\"em-item-meta-line em-event-time em-event-meta-datetime\">\r\n\t\t\t\t<span class=\"em-icon-clock em-icon\"><\/span>\r\n\t\t\t\t19:30 - 20:45\r\n\t\t\t<\/div>\r\n\t\t\t\r\n\t\t\t\r\n\t\t\t<div class=\"em-item-meta-line em-event-location\">\r\n\t\t\t\t<span class=\"em-icon-location em-icon\"><\/span>\r\n\t\t\t\t<a href=\"https:\/\/thilomuster.info\/en\/locations\/internationaler-orgelzyklus-stadtkirche\/\">internationaler Orgelzyklus Stadtkirche<\/a>\r\n\t\t\t<\/div>\r\n\t\t\t\r\n\t\t\t\r\n\t\t\t\r\n\t\t\t<div class=\"em-item-meta-line em-item-taxonomy em-event-categories\">\r\n\t\t\t\t<span class=\"em-icon-category em-icon\"><\/span>\r\n\t\t\t\t<div>\t<ul class=\"event-categories\">\r\n\t\t\t\t\t<li><a href=\"https:\/\/thilomuster.info\/en\/events\/categories\/concerts\/\">Concerts<\/a><\/li>\r\n\t\t\t\t\t<li><a href=\"https:\/\/thilomuster.info\/en\/events\/categories\/taragot-organ\/\">Taragot &amp; Organ<\/a><\/li>\r\n\t\t\t<\/ul>\r\n\t<\/div>\r\n\t\t\t<\/div>\r\n\t\t\t\r\n\t\t\t\r\n\t\t<\/div>\r\n\t\t<div class=\"em-item-desc\">\r\n\t\t\tKonzert mit Samuel Freiburghaus, Taragot, Frula, Klarinetten Musik des Balkans, der Lautari und Klezmorim aus Rum\u00e4nien, Bulgarien, Serbien, Albanien, Armenien und Azerbaidschan\r\n\t\t<\/div>\r\n\t\t<div class=\"em-item-actions input\">\r\n\t\t\t<a class=\"em-item-read-more button\" href=\"https:\/\/thilomuster.info\/en\/events\/taragot-orgel-umwerfender-balkansound\/\">Weitere Informationen<\/a>\r\n\t\t\t\r\n\t\t<\/div>\r\n\t<\/div>\r\n<\/div><div class=\"em-event em-item\" style=\"--default-border:#FFFFFF;\">\r\n\t<div class=\"em-item-image has-placeholder\">\r\n\t\t\r\n\t\t\r\n\t\t<div class=\"em-item-image-placeholder\">\r\n\t\t\t<div class=\"date\">\r\n\t\t\t\t<span class=\"day\">22<\/span>\r\n\t\t\t\t<span class=\"month\">Jan<\/span>\r\n\t\t\t<\/div>\r\n\t\t<\/div>\r\n\t\t\r\n\t<\/div>\r\n\t<div class=\"em-item-info\">\r\n\t\t<h3 class=\"em-item-title\"><a href=\"https:\/\/thilomuster.info\/en\/events\/horatio-parker-orgelkonzert\/\">Horatio Parker \u2013 Orgelkonzert \u2013 ABGESAGT!<\/a><\/h3>\r\n\t\t<h4>Basel <\/h4>\r\n\t\t<div class=\"em-event-meta em-item-meta\">\r\n\t\t\t<div class=\"em-item-meta-line em-event-date em-event-meta-datetime\">\r\n\t\t\t\t<span class=\"em-icon-calendar em-icon\"><\/span>\r\n\t\t\t\t22.01.2021\u00a0\u00a0\u00a0\u00a0\r\n\t\t\t<\/div>\r\n\t\t\t<div class=\"em-item-meta-line em-event-time em-event-meta-datetime\">\r\n\t\t\t\t<span class=\"em-icon-clock em-icon\"><\/span>\r\n\t\t\t\t19:30 - 21:30\r\n\t\t\t<\/div>\r\n\t\t\t\r\n\t\t\t\r\n\t\t\t<div class=\"em-item-meta-line em-event-location\">\r\n\t\t\t\t<span class=\"em-icon-location em-icon\"><\/span>\r\n\t\t\t\t<a href=\"https:\/\/thilomuster.info\/en\/locations\/stadtcasino-musiksaal\/\">Stadtcasino, Musiksaal<\/a>\r\n\t\t\t<\/div>\r\n\t\t\t\r\n\t\t\t\r\n\t\t\t\r\n\t\t\t<div class=\"em-item-meta-line em-item-taxonomy em-event-categories\">\r\n\t\t\t\t<span class=\"em-icon-category em-icon\"><\/span>\r\n\t\t\t\t<div>\t<ul class=\"event-categories\">\r\n\t\t\t\t\t<li><a href=\"https:\/\/thilomuster.info\/en\/events\/categories\/concerts\/\">Concerts<\/a><\/li>\r\n\t\t\t<\/ul>\r\n\t<\/div>\r\n\t\t\t<\/div>\r\n\t\t\t\r\n\t\t\t\r\n\t\t<\/div>\r\n\t\t<div class=\"em-item-desc\">\r\n\t\t\tCollegium Musicum Basel, Leitung Johannes Schlaefli Programm: Felix Mendelssohn: Ouverture \u201eHeimkehr aus der Fremde\u201c Horatio Parker (1863-1919): Orgelkonzert \u2014 Pause \u2014 Johannes Brahms: 3. Sinfonie, [...]\r\n\t\t<\/div>\r\n\t\t<div class=\"em-item-actions input\">\r\n\t\t\t<a class=\"em-item-read-more button\" href=\"https:\/\/thilomuster.info\/en\/events\/horatio-parker-orgelkonzert\/\">Weitere Informationen<\/a>\r\n\t\t\t\r\n\t\t<\/div>\r\n\t<\/div>\r\n<\/div><div class=\"em-event em-item\" style=\"--default-border:#FFFFFF;\">\r\n\t<div class=\"em-item-image \">\r\n\t\t\r\n\t\t<img src='https:\/\/thilomuster.info\/wp-content\/uploads\/2017\/11\/SamuelThiloAusschnitt.jpg' alt='Taragot &amp; Orgue \u2013 le souffle des Balkans : franchement d\u00e9coiffant ! \u2013 ANNUL\u00c9 !'\/>\r\n\t\t\r\n\t\t\r\n\t<\/div>\r\n\t<div class=\"em-item-info\">\r\n\t\t<h3 class=\"em-item-title\"><a href=\"https:\/\/thilomuster.info\/en\/events\/taragot-orgue-musique-des-balkans-tzigane-et-klezmer\/\">Taragot &amp; Orgue \u2013 le souffle des Balkans : franchement d\u00e9coiffant ! \u2013 ANNUL\u00c9 !<\/a><\/h3>\r\n\t\t<h4>Milvignes <\/h4>\r\n\t\t<div class=\"em-event-meta em-item-meta\">\r\n\t\t\t<div class=\"em-item-meta-line em-event-date em-event-meta-datetime\">\r\n\t\t\t\t<span class=\"em-icon-calendar em-icon\"><\/span>\r\n\t\t\t\t22.11.2020\u00a0\u00a0\u00a0\u00a0\r\n\t\t\t<\/div>\r\n\t\t\t<div class=\"em-item-meta-line em-event-time em-event-meta-datetime\">\r\n\t\t\t\t<span class=\"em-icon-clock em-icon\"><\/span>\r\n\t\t\t\t17:00 - 18:15\r\n\t\t\t<\/div>\r\n\t\t\t\r\n\t\t\t\r\n\t\t\t<div class=\"em-item-meta-line em-event-location\">\r\n\t\t\t\t<span class=\"em-icon-location em-icon\"><\/span>\r\n\t\t\t\t<a href=\"https:\/\/thilomuster.info\/locations\/temple-dauvernier\/\">Temple d&#039;Auvernier<\/a>\r\n\t\t\t<\/div>\r\n\t\t\t\r\n\t\t\t\r\n\t\t\t\r\n\t\t\t<div class=\"em-item-meta-line em-item-taxonomy em-event-categories\">\r\n\t\t\t\t<span class=\"em-icon-category em-icon\"><\/span>\r\n\t\t\t\t<div>\t<ul class=\"event-categories\">\r\n\t\t\t\t\t<li><a href=\"https:\/\/thilomuster.info\/en\/events\/categories\/concerts\/\">Concerts<\/a><\/li>\r\n\t\t\t\t\t<li><a href=\"https:\/\/thilomuster.info\/en\/events\/categories\/taragot-organ\/\">Taragot &amp; Organ<\/a><\/li>\r\n\t\t\t<\/ul>\r\n\t<\/div>\r\n\t\t\t<\/div>\r\n\t\t\t\r\n\t\t\t\r\n\t\t<\/div>\r\n\t\t<div class=\"em-item-desc\">\r\n\t\t\tConcert avec\u00a0Samuel Freiburghaus, taragot, clarinette, frula, tilinca Musique des Balkans, tzigane et klezmer de Roumanie, Bulgarie, Bosnie, Arm\u00e9nie und Azerbaidjan.\r\n\t\t<\/div>\r\n\t\t<div class=\"em-item-actions input\">\r\n\t\t\t<a class=\"em-item-read-more button\" href=\"https:\/\/thilomuster.info\/en\/events\/taragot-orgue-musique-des-balkans-tzigane-et-klezmer\/\">Weitere Informationen<\/a>\r\n\t\t\t\r\n\t\t<\/div>\r\n\t<\/div>\r\n<\/div><div class=\"em-event em-item\" style=\"--default-border:#FFFFFF;\">\r\n\t<div class=\"em-item-image \">\r\n\t\t\r\n\t\t<img src='https:\/\/thilomuster.info\/wp-content\/uploads\/2017\/11\/TaragotOrgel-Serif.jpg' alt='Taragot &amp; Orgue \u2013 le souffle des Balkans : franchement d\u00e9coiffant ! \u2013 REPORT\u00c9 !'\/>\r\n\t\t\r\n\t\t\r\n\t<\/div>\r\n\t<div class=\"em-item-info\">\r\n\t\t<h3 class=\"em-item-title\"><a href=\"https:\/\/thilomuster.info\/en\/events\/taragot-orgue-le-souffle-des-balkans-franchement-decoiffant\/\">Taragot &amp; Orgue \u2013 le souffle des Balkans : franchement d\u00e9coiffant ! \u2013 REPORT\u00c9 !<\/a><\/h3>\r\n\t\t<h4>La R\u00e9ole\/Bordeaux <\/h4>\r\n\t\t<div class=\"em-event-meta em-item-meta\">\r\n\t\t\t<div class=\"em-item-meta-line em-event-date em-event-meta-datetime\">\r\n\t\t\t\t<span class=\"em-icon-calendar em-icon\"><\/span>\r\n\t\t\t\t15.11.2020\u00a0\u00a0\u00a0\u00a0\r\n\t\t\t<\/div>\r\n\t\t\t<div class=\"em-item-meta-line em-event-time em-event-meta-datetime\">\r\n\t\t\t\t<span class=\"em-icon-clock em-icon\"><\/span>\r\n\t\t\t\t17:00 - 18:15\r\n\t\t\t<\/div>\r\n\t\t\t\r\n\t\t\t\r\n\t\t\t<div class=\"em-item-meta-line em-event-location\">\r\n\t\t\t\t<span class=\"em-icon-location em-icon\"><\/span>\r\n\t\t\t\t<a href=\"https:\/\/thilomuster.info\/en\/locations\/festival-dorgue-de-la-reole-eglise-st-pierre\/\">Festival d&#039;orgue \u2013 Eglise St-Pierre<\/a>\r\n\t\t\t<\/div>\r\n\t\t\t\r\n\t\t\t\r\n\t\t\t\r\n\t\t\t<div class=\"em-item-meta-line em-item-taxonomy em-event-categories\">\r\n\t\t\t\t<span class=\"em-icon-category em-icon\"><\/span>\r\n\t\t\t\t<div>\t<ul class=\"event-categories\">\r\n\t\t\t\t\t<li><a href=\"https:\/\/thilomuster.info\/en\/events\/categories\/concerts\/\">Concerts<\/a><\/li>\r\n\t\t\t\t\t<li><a href=\"https:\/\/thilomuster.info\/en\/events\/categories\/taragot-organ\/\">Taragot &amp; Organ<\/a><\/li>\r\n\t\t\t<\/ul>\r\n\t<\/div>\r\n\t\t\t<\/div>\r\n\t\t\t\r\n\t\t\t\r\n\t\t<\/div>\r\n\t\t<div class=\"em-item-desc\">\r\n\t\t\tSamuel Freiburghaus, taragot, clarinettes, froula, tilinca Thilo Muster, orgue Musique des Balkans, des Tziganes et Klezmorim de Roumaine, Bulgarie, Serbie, Albanie, Gr\u00e8ce, Arm\u00e9nie et Azerba\u00efdjan. [...]\r\n\t\t<\/div>\r\n\t\t<div class=\"em-item-actions input\">\r\n\t\t\t<a class=\"em-item-read-more button\" href=\"https:\/\/thilomuster.info\/en\/events\/taragot-orgue-le-souffle-des-balkans-franchement-decoiffant\/\">Weitere Informationen<\/a>\r\n\t\t\t\r\n\t\t<\/div>\r\n\t<\/div>\r\n<\/div><div class=\"em-event em-item\" style=\"--default-border:#FFFFFF;\">\r\n\t<div class=\"em-item-image \">\r\n\t\t\r\n\t\t<img src='https:\/\/thilomuster.info\/wp-content\/uploads\/2019\/06\/SamuelThiloAusschnitt.jpg' alt='Orgelfestival im Stadtcasino Basel \u2013 Orgel trifft Tango, Jazz und Balkanmusik'\/>\r\n\t\t\r\n\t\t\r\n\t<\/div>\r\n\t<div class=\"em-item-info\">\r\n\t\t<h3 class=\"em-item-title\"><a href=\"https:\/\/thilomuster.info\/en\/events\/orgelfestival-stadtcasino-basel-orgeltanznacht\/\">Orgelfestival im Stadtcasino Basel \u2013 Orgel trifft Tango, Jazz und Balkanmusik<\/a><\/h3>\r\n\t\t<h4>Basel <\/h4>\r\n\t\t<div class=\"em-event-meta em-item-meta\">\r\n\t\t\t<div class=\"em-item-meta-line em-event-date em-event-meta-datetime\">\r\n\t\t\t\t<span class=\"em-icon-calendar em-icon\"><\/span>\r\n\t\t\t\t19.09.2020\u00a0\u00a0\u00a0\u00a0\r\n\t\t\t<\/div>\r\n\t\t\t<div class=\"em-item-meta-line em-event-time em-event-meta-datetime\">\r\n\t\t\t\t<span class=\"em-icon-clock em-icon\"><\/span>\r\n\t\t\t\t19:30 - 22:00\r\n\t\t\t<\/div>\r\n\t\t\t\r\n\t\t\t\r\n\t\t\t<div class=\"em-item-meta-line em-event-location\">\r\n\t\t\t\t<span class=\"em-icon-location em-icon\"><\/span>\r\n\t\t\t\t<a href=\"https:\/\/thilomuster.info\/en\/locations\/stadtcasino-musiksaal\/\">Stadtcasino, Musiksaal<\/a>\r\n\t\t\t<\/div>\r\n\t\t\t\r\n\t\t\t\r\n\t\t\t\r\n\t\t\t<div class=\"em-item-meta-line em-item-taxonomy em-event-categories\">\r\n\t\t\t\t<span class=\"em-icon-category em-icon\"><\/span>\r\n\t\t\t\t<div>\t<ul class=\"event-categories\">\r\n\t\t\t\t\t<li><a href=\"https:\/\/thilomuster.info\/en\/events\/categories\/concerts\/\">Concerts<\/a><\/li>\r\n\t\t\t\t\t<li><a href=\"https:\/\/thilomuster.info\/en\/events\/categories\/taragot-organ\/\">Taragot &amp; Organ<\/a><\/li>\r\n\t\t\t<\/ul>\r\n\t<\/div>\r\n\t\t\t<\/div>\r\n\t\t\t\r\n\t\t\t\r\n\t\t<\/div>\r\n\t\t<div class=\"em-item-desc\">\r\n\t\t\tKonzert mit Showtanz. Durch das Programm f\u00fchrt Patricia Moreno von Radio SRF2. Ausf\u00fchrende: Tango: Orchestra SILENCIO, Roger H\u00e9lou, Leitung &amp; Orgel, Lysandre Donoso (Bandoneon), Luciano [...]\r\n\t\t<\/div>\r\n\t\t<div class=\"em-item-actions input\">\r\n\t\t\t<a class=\"em-item-read-more button\" href=\"https:\/\/thilomuster.info\/en\/events\/orgelfestival-stadtcasino-basel-orgeltanznacht\/\">Weitere Informationen<\/a>\r\n\t\t\t\r\n\t\t<\/div>\r\n\t<\/div>\r\n<\/div><div class=\"em-event em-item\" style=\"--default-border:#FFFFFF;\">\r\n\t<div class=\"em-item-image \">\r\n\t\t\r\n\t\t<img src='https:\/\/thilomuster.info\/wp-content\/uploads\/2017\/11\/SamuelThiloAusschnitt.jpg' alt='Taragot &amp; Orgel \u2013 Musik des Balkans, der Gypsies und Klezmorim \u2013 verschoben!'\/>\r\n\t\t\r\n\t\t\r\n\t<\/div>\r\n\t<div class=\"em-item-info\">\r\n\t\t<h3 class=\"em-item-title\"><a href=\"https:\/\/thilomuster.info\/en\/events\/taragot-orgel-musik-des-balkans-der-gypsies-und-klezmorim-2\/\">Taragot &amp; Orgel \u2013 Musik des Balkans, der Gypsies und Klezmorim \u2013 verschoben!<\/a><\/h3>\r\n\t\t<h4>Aarau <\/h4>\r\n\t\t<div class=\"em-event-meta em-item-meta\">\r\n\t\t\t<div class=\"em-item-meta-line em-event-date em-event-meta-datetime\">\r\n\t\t\t\t<span class=\"em-icon-calendar em-icon\"><\/span>\r\n\t\t\t\t27.06.2020\u00a0\u00a0\u00a0\u00a0\r\n\t\t\t<\/div>\r\n\t\t\t<div class=\"em-item-meta-line em-event-time em-event-meta-datetime\">\r\n\t\t\t\t<span class=\"em-icon-clock em-icon\"><\/span>\r\n\t\t\t\t11:30 - 12:00\r\n\t\t\t<\/div>\r\n\t\t\t\r\n\t\t\t\r\n\t\t\t<div class=\"em-item-meta-line em-event-location\">\r\n\t\t\t\t<span class=\"em-icon-location em-icon\"><\/span>\r\n\t\t\t\t<a href=\"https:\/\/thilomuster.info\/en\/locations\/stadtkirche\/\">Stadtkirche<\/a>\r\n\t\t\t<\/div>\r\n\t\t\t\r\n\t\t\t\r\n\t\t\t\r\n\t\t\t<div class=\"em-item-meta-line em-item-taxonomy em-event-categories\">\r\n\t\t\t\t<span class=\"em-icon-category em-icon\"><\/span>\r\n\t\t\t\t<div>\t<ul class=\"event-categories\">\r\n\t\t\t\t\t<li><a href=\"https:\/\/thilomuster.info\/en\/events\/categories\/concerts\/\">Concerts<\/a><\/li>\r\n\t\t\t\t\t<li><a href=\"https:\/\/thilomuster.info\/en\/events\/categories\/taragot-organ\/\">Taragot &amp; Organ<\/a><\/li>\r\n\t\t\t<\/ul>\r\n\t<\/div>\r\n\t\t\t<\/div>\r\n\t\t\t\r\n\t\t\t\r\n\t\t<\/div>\r\n\t\t<div class=\"em-item-desc\">\r\n\t\t\tKonzert mit\u00a0Samuel Freiburghaus,\u00a0Taragot, Klarinette,\u00a0Frula, Tilinca. Musik des Balkans, der Gypsies und Klezmorim aus Rum\u00e4nien, Bulgarien, Bosnien, Armenien und Aserbaidschan. Infos:\u00a0www.ref-aarau.ch\r\n\t\t<\/div>\r\n\t\t<div class=\"em-item-actions input\">\r\n\t\t\t<a class=\"em-item-read-more button\" href=\"https:\/\/thilomuster.info\/en\/events\/taragot-orgel-musik-des-balkans-der-gypsies-und-klezmorim-2\/\">Weitere Informationen<\/a>\r\n\t\t\t\r\n\t\t<\/div>\r\n\t<\/div>\r\n<\/div><div class=\"em-event em-item\" style=\"--default-border:#FFFFFF;\">\r\n\t<div class=\"em-item-image \">\r\n\t\t\r\n\t\t<img src='https:\/\/thilomuster.info\/wp-content\/uploads\/2017\/11\/TaragotOrgel-Serif.jpg' alt='Taragot &amp; Orgel \u2013 Musik des Balkans, der Gypsies und Klezmorim \u2013 FINDET STATT!'\/>\r\n\t\t\r\n\t\t\r\n\t<\/div>\r\n\t<div class=\"em-item-info\">\r\n\t\t<h3 class=\"em-item-title\"><a href=\"https:\/\/thilomuster.info\/en\/events\/taragot-orgel-musik-des-balkans-der-gypsies-und-klezmorim-3\/\">Taragot &amp; Orgel \u2013 Musik des Balkans, der Gypsies und Klezmorim \u2013 FINDET STATT!<\/a><\/h3>\r\n\t\t<h4>Wittnau <\/h4>\r\n\t\t<div class=\"em-event-meta em-item-meta\">\r\n\t\t\t<div class=\"em-item-meta-line em-event-date em-event-meta-datetime\">\r\n\t\t\t\t<span class=\"em-icon-calendar em-icon\"><\/span>\r\n\t\t\t\t21.06.2020\u00a0\u00a0\u00a0\u00a0\r\n\t\t\t<\/div>\r\n\t\t\t<div class=\"em-item-meta-line em-event-time em-event-meta-datetime\">\r\n\t\t\t\t<span class=\"em-icon-clock em-icon\"><\/span>\r\n\t\t\t\t17:00 - 18:15\r\n\t\t\t<\/div>\r\n\t\t\t\r\n\t\t\t\r\n\t\t\t<div class=\"em-item-meta-line em-event-location\">\r\n\t\t\t\t<span class=\"em-icon-location em-icon\"><\/span>\r\n\t\t\t\t<a href=\"https:\/\/thilomuster.info\/locations\/kirche-st-martin\/\">Kirche St. Martin<\/a>\r\n\t\t\t<\/div>\r\n\t\t\t\r\n\t\t\t\r\n\t\t\t\r\n\t\t\t<div class=\"em-item-meta-line em-item-taxonomy em-event-categories\">\r\n\t\t\t\t<span class=\"em-icon-category em-icon\"><\/span>\r\n\t\t\t\t<div>\t<ul class=\"event-categories\">\r\n\t\t\t\t\t<li><a href=\"https:\/\/thilomuster.info\/en\/events\/categories\/concerts\/\">Concerts<\/a><\/li>\r\n\t\t\t\t\t<li><a href=\"https:\/\/thilomuster.info\/en\/events\/categories\/taragot-organ\/\">Taragot &amp; Organ<\/a><\/li>\r\n\t\t\t<\/ul>\r\n\t<\/div>\r\n\t\t\t<\/div>\r\n\t\t\t\r\n\t\t\t\r\n\t\t<\/div>\r\n\t\t<div class=\"em-item-desc\">\r\n\t\t\tKonzert mit\u00a0Samuel Freiburghaus,\u00a0Taragot, Klarinette,\u00a0Frula, Tilinca. Musik des Balkans, der Gypsies und Klezmorim aus Rum\u00e4nien, Bulgarien, Bosnien, Armenien und Aserbaidschan. Infos:\u00a0www.grundschinznach.ch\r\n\t\t<\/div>\r\n\t\t<div class=\"em-item-actions input\">\r\n\t\t\t<a class=\"em-item-read-more button\" href=\"https:\/\/thilomuster.info\/en\/events\/taragot-orgel-musik-des-balkans-der-gypsies-und-klezmorim-3\/\">Weitere Informationen<\/a>\r\n\t\t\t\r\n\t\t<\/div>\r\n\t<\/div>\r\n<\/div><div class=\"em-event em-item\" style=\"--default-border:#FFFFFF;\">\r\n\t<div class=\"em-item-image has-placeholder\">\r\n\t\t\r\n\t\t\r\n\t\t<div class=\"em-item-image-placeholder\">\r\n\t\t\t<div class=\"date\">\r\n\t\t\t\t<span class=\"day\">07<\/span>\r\n\t\t\t\t<span class=\"month\">Jun<\/span>\r\n\t\t\t<\/div>\r\n\t\t<\/div>\r\n\t\t\r\n\t<\/div>\r\n\t<div class=\"em-item-info\">\r\n\t\t<h3 class=\"em-item-title\"><a href=\"https:\/\/thilomuster.info\/en\/events\/bach-kantaten-119-127\/\">Bach Kantaten 119 &amp; 127 \u2013 ABGESAGT!<\/a><\/h3>\r\n\t\t<h4>Arlesheim <\/h4>\r\n\t\t<div class=\"em-event-meta em-item-meta\">\r\n\t\t\t<div class=\"em-item-meta-line em-event-date em-event-meta-datetime\">\r\n\t\t\t\t<span class=\"em-icon-calendar em-icon\"><\/span>\r\n\t\t\t\t07.06.2020\u00a0\u00a0\u00a0\u00a0\r\n\t\t\t<\/div>\r\n\t\t\t<div class=\"em-item-meta-line em-event-time em-event-meta-datetime\">\r\n\t\t\t\t<span class=\"em-icon-clock em-icon\"><\/span>\r\n\t\t\t\t19:00 - 20:30\r\n\t\t\t<\/div>\r\n\t\t\t\r\n\t\t\t\r\n\t\t\t<div class=\"em-item-meta-line em-event-location\">\r\n\t\t\t\t<span class=\"em-icon-location em-icon\"><\/span>\r\n\t\t\t\t<a href=\"https:\/\/thilomuster.info\/en\/locations\/reformierte-kirche\/\">reformierte Kirche<\/a>\r\n\t\t\t<\/div>\r\n\t\t\t\r\n\t\t\t\r\n\t\t\t\r\n\t\t\t<div class=\"em-item-meta-line em-item-taxonomy em-event-categories\">\r\n\t\t\t\t<span class=\"em-icon-category em-icon\"><\/span>\r\n\t\t\t\t<div>\t<ul class=\"event-categories\">\r\n\t\t\t\t\t<li><a href=\"https:\/\/thilomuster.info\/en\/events\/categories\/concerts\/\">Concerts<\/a><\/li>\r\n\t\t\t<\/ul>\r\n\t<\/div>\r\n\t\t\t<\/div>\r\n\t\t\t\r\n\t\t\t\r\n\t\t<\/div>\r\n\t\t<div class=\"em-item-desc\">\r\n\t\t\tBach-Kantaten-Chor Arlesheim Leitung: Peter Koller Aline Du Pasquier, Sopran Linda Deborah Loosli, Sopran Nino Aurelio Gm\u00fcnder,Tenor Robert Koller, Bass\r\n\t\t<\/div>\r\n\t\t<div class=\"em-item-actions input\">\r\n\t\t\t<a class=\"em-item-read-more button\" href=\"https:\/\/thilomuster.info\/en\/events\/bach-kantaten-119-127\/\">Weitere Informationen<\/a>\r\n\t\t\t\r\n\t\t<\/div>\r\n\t<\/div>\r\n<\/div><div class=\"em-event em-item\" style=\"--default-border:#FFFFFF;\">\r\n\t<div class=\"em-item-image has-placeholder\">\r\n\t\t\r\n\t\t\r\n\t\t<div class=\"em-item-image-placeholder\">\r\n\t\t\t<div class=\"date\">\r\n\t\t\t\t<span class=\"day\">07<\/span>\r\n\t\t\t\t<span class=\"month\">Jun<\/span>\r\n\t\t\t<\/div>\r\n\t\t<\/div>\r\n\t\t\r\n\t<\/div>\r\n\t<div class=\"em-item-info\">\r\n\t\t<h3 class=\"em-item-title\"><a href=\"https:\/\/thilomuster.info\/en\/events\/bach-kantaten-119-127-2\/\">Bach Kantaten 119 &amp; 127 Im Gottesdienst \u2013 ABGESAGT!<\/a><\/h3>\r\n\t\t<h4>Arlesheim <\/h4>\r\n\t\t<div class=\"em-event-meta em-item-meta\">\r\n\t\t\t<div class=\"em-item-meta-line em-event-date em-event-meta-datetime\">\r\n\t\t\t\t<span class=\"em-icon-calendar em-icon\"><\/span>\r\n\t\t\t\t07.06.2020\u00a0\u00a0\u00a0\u00a0\r\n\t\t\t<\/div>\r\n\t\t\t<div class=\"em-item-meta-line em-event-time em-event-meta-datetime\">\r\n\t\t\t\t<span class=\"em-icon-clock em-icon\"><\/span>\r\n\t\t\t\t10:00 - 11:30\r\n\t\t\t<\/div>\r\n\t\t\t\r\n\t\t\t\r\n\t\t\t<div class=\"em-item-meta-line em-event-location\">\r\n\t\t\t\t<span class=\"em-icon-location em-icon\"><\/span>\r\n\t\t\t\t<a href=\"https:\/\/thilomuster.info\/en\/locations\/reformierte-kirche\/\">reformierte Kirche<\/a>\r\n\t\t\t<\/div>\r\n\t\t\t\r\n\t\t\t\r\n\t\t\t\r\n\t\t\t<div class=\"em-item-meta-line em-item-taxonomy em-event-categories\">\r\n\t\t\t\t<span class=\"em-icon-category em-icon\"><\/span>\r\n\t\t\t\t<div>\t<ul class=\"event-categories\">\r\n\t\t\t\t\t<li><a href=\"https:\/\/thilomuster.info\/en\/events\/categories\/concerts\/\">Concerts<\/a><\/li>\r\n\t\t\t<\/ul>\r\n\t<\/div>\r\n\t\t\t<\/div>\r\n\t\t\t\r\n\t\t\t\r\n\t\t<\/div>\r\n\t\t<div class=\"em-item-desc\">\r\n\t\t\tBach-Kantaten-Chor Arlesheim Leitung: Peter Koller Aline Du Pasquier, Sopran Linda Deborah Loosli, Sopran Nino Aurelio Gm\u00fcnder,Tenor Robert Koller, Bass\r\n\t\t<\/div>\r\n\t\t<div class=\"em-item-actions input\">\r\n\t\t\t<a class=\"em-item-read-more button\" href=\"https:\/\/thilomuster.info\/en\/events\/bach-kantaten-119-127-2\/\">Weitere Informationen<\/a>\r\n\t\t\t\r\n\t\t<\/div>\r\n\t<\/div>\r\n<\/div><div class=\"em-event em-item\" style=\"--default-border:#FFFFFF;\">\r\n\t<div class=\"em-item-image \">\r\n\t\t\r\n\t\t<img src='https:\/\/thilomuster.info\/wp-content\/uploads\/2017\/11\/TaragotOrgel-Serif.jpg' alt='Taragot &amp; Orgue \u2013 le souffle des Balkans : franchement d\u00e9coiffant ! \u2013 ANNUL\u00c9 !'\/>\r\n\t\t\r\n\t\t\r\n\t<\/div>\r\n\t<div class=\"em-item-info\">\r\n\t\t<h3 class=\"em-item-title\"><a href=\"https:\/\/thilomuster.info\/en\/events\/taragot-orgue-le-souffle-des-balkans-2\/\">Taragot &amp; Orgue \u2013 le souffle des Balkans : franchement d\u00e9coiffant ! \u2013 ANNUL\u00c9 !<\/a><\/h3>\r\n\t\t<h4>Saint-Jean-de-Luz <\/h4>\r\n\t\t<div class=\"em-event-meta em-item-meta\">\r\n\t\t\t<div class=\"em-item-meta-line em-event-date em-event-meta-datetime\">\r\n\t\t\t\t<span class=\"em-icon-calendar em-icon\"><\/span>\r\n\t\t\t\t13.04.2020\u00a0\u00a0\u00a0\u00a0\r\n\t\t\t<\/div>\r\n\t\t\t<div class=\"em-item-meta-line em-event-time em-event-meta-datetime\">\r\n\t\t\t\t<span class=\"em-icon-clock em-icon\"><\/span>\r\n\t\t\t\t17:00 - 18:15\r\n\t\t\t<\/div>\r\n\t\t\t\r\n\t\t\t\r\n\t\t\t<div class=\"em-item-meta-line em-event-location\">\r\n\t\t\t\t<span class=\"em-icon-location em-icon\"><\/span>\r\n\t\t\t\t<a href=\"https:\/\/thilomuster.info\/locations\/festiorgues-le-chant-des-orgues-basques-eglise-st-jean-baptiste\/\">Festiorgues \u2013 le chant des orgues basques, \u00c9glise St-Jean-Baptiste<\/a>\r\n\t\t\t<\/div>\r\n\t\t\t\r\n\t\t\t\r\n\t\t\t\r\n\t\t\t<div class=\"em-item-meta-line em-item-taxonomy em-event-categories\">\r\n\t\t\t\t<span class=\"em-icon-category em-icon\"><\/span>\r\n\t\t\t\t<div>\t<ul class=\"event-categories\">\r\n\t\t\t\t\t<li><a href=\"https:\/\/thilomuster.info\/en\/events\/categories\/concerts\/\">Concerts<\/a><\/li>\r\n\t\t\t\t\t<li><a href=\"https:\/\/thilomuster.info\/en\/events\/categories\/taragot-organ\/\">Taragot &amp; Organ<\/a><\/li>\r\n\t\t\t<\/ul>\r\n\t<\/div>\r\n\t\t\t<\/div>\r\n\t\t\t\r\n\t\t\t\r\n\t\t<\/div>\r\n\t\t<div class=\"em-item-desc\">\r\n\t\t\tSamuel Freiburghaus, taragot, clarinettes, froula, tilinca Thilo Muster, orgue Musique des Balkans, des Tziganes et Klezmorim de Roumaine, Bulgarie, Serbie, Albanie, Gr\u00e8ce, Arm\u00e9nie et Azerba\u00efdjan. [...]\r\n\t\t<\/div>\r\n\t\t<div class=\"em-item-actions input\">\r\n\t\t\t<a class=\"em-item-read-more button\" href=\"https:\/\/thilomuster.info\/en\/events\/taragot-orgue-le-souffle-des-balkans-2\/\">Weitere Informationen<\/a>\r\n\t\t\t\r\n\t\t<\/div>\r\n\t<\/div>\r\n<\/div><div class=\"em-event em-item\" style=\"--default-border:#FFFFFF;\">\r\n\t<div class=\"em-item-image \">\r\n\t\t\r\n\t\t<img src='https:\/\/thilomuster.info\/wp-content\/uploads\/2020\/01\/FlyerDkl.jpg' alt='Taragot &amp; Orgel \u2013 Musik des Balkans, der Gypsies und Klezmorim'\/>\r\n\t\t\r\n\t\t\r\n\t<\/div>\r\n\t<div class=\"em-item-info\">\r\n\t\t<h3 class=\"em-item-title\"><a href=\"https:\/\/thilomuster.info\/en\/events\/taragot-orgel-jubilaeumstour-musik-des-balkans-der-gypsies-und-klezmorim-9\/\">Taragot &amp; Orgel \u2013 Musik des Balkans, der Gypsies und Klezmorim<\/a><\/h3>\r\n\t\t<h4>Schinznach-Dorf <\/h4>\r\n\t\t<div class=\"em-event-meta em-item-meta\">\r\n\t\t\t<div class=\"em-item-meta-line em-event-date em-event-meta-datetime\">\r\n\t\t\t\t<span class=\"em-icon-calendar em-icon\"><\/span>\r\n\t\t\t\t26.01.2020\u00a0\u00a0\u00a0\u00a0\r\n\t\t\t<\/div>\r\n\t\t\t<div class=\"em-item-meta-line em-event-time em-event-meta-datetime\">\r\n\t\t\t\t<span class=\"em-icon-clock em-icon\"><\/span>\r\n\t\t\t\t17:00 - 18:15\r\n\t\t\t<\/div>\r\n\t\t\t\r\n\t\t\t\r\n\t\t\t<div class=\"em-item-meta-line em-event-location\">\r\n\t\t\t\t<span class=\"em-icon-location em-icon\"><\/span>\r\n\t\t\t\t<a href=\"https:\/\/thilomuster.info\/locations\/ref-kirche-3\/\">ref. Kirche<\/a>\r\n\t\t\t<\/div>\r\n\t\t\t\r\n\t\t\t\r\n\t\t\t\r\n\t\t\t<div class=\"em-item-meta-line em-item-taxonomy em-event-categories\">\r\n\t\t\t\t<span class=\"em-icon-category em-icon\"><\/span>\r\n\t\t\t\t<div>\t<ul class=\"event-categories\">\r\n\t\t\t\t\t<li><a href=\"https:\/\/thilomuster.info\/en\/events\/categories\/concerts\/\">Concerts<\/a><\/li>\r\n\t\t\t\t\t<li><a href=\"https:\/\/thilomuster.info\/en\/events\/categories\/taragot-organ\/\">Taragot &amp; Organ<\/a><\/li>\r\n\t\t\t<\/ul>\r\n\t<\/div>\r\n\t\t\t<\/div>\r\n\t\t\t\r\n\t\t\t\r\n\t\t<\/div>\r\n\t\t<div class=\"em-item-desc\">\r\n\t\t\tKonzert mit\u00a0Samuel Freiburghaus,\u00a0Taragot, Klarinette,\u00a0Frula, Tilinca. Musik des Balkans, der Gypsies und Klezmorim aus Rum\u00e4nien, Bulgarien, Bosnien, Armenien und Aserbaidschan. Infos:\u00a0www.grundschinznach.ch\r\n\t\t<\/div>\r\n\t\t<div class=\"em-item-actions input\">\r\n\t\t\t<a class=\"em-item-read-more button\" href=\"https:\/\/thilomuster.info\/en\/events\/taragot-orgel-jubilaeumstour-musik-des-balkans-der-gypsies-und-klezmorim-9\/\">Weitere Informationen<\/a>\r\n\t\t\t\r\n\t\t<\/div>\r\n\t<\/div>\r\n<\/div><div class=\"em-event em-item\" style=\"--default-border:#FFFFFF;\">\r\n\t<div class=\"em-item-image has-placeholder\">\r\n\t\t\r\n\t\t\r\n\t\t<div class=\"em-item-image-placeholder\">\r\n\t\t\t<div class=\"date\">\r\n\t\t\t\t<span class=\"day\">30<\/span>\r\n\t\t\t\t<span class=\"month\">Nov<\/span>\r\n\t\t\t<\/div>\r\n\t\t<\/div>\r\n\t\t\r\n\t<\/div>\r\n\t<div class=\"em-item-info\">\r\n\t\t<h3 class=\"em-item-title\"><a href=\"https:\/\/thilomuster.info\/en\/events\/orgelvesper-zum-advent\/\">Orgelvesper zum Advent<\/a><\/h3>\r\n\t\t<h4>Arlesheim <\/h4>\r\n\t\t<div class=\"em-event-meta em-item-meta\">\r\n\t\t\t<div class=\"em-item-meta-line em-event-date em-event-meta-datetime\">\r\n\t\t\t\t<span class=\"em-icon-calendar em-icon\"><\/span>\r\n\t\t\t\t30.11.2019\u00a0\u00a0\u00a0\u00a0\r\n\t\t\t<\/div>\r\n\t\t\t<div class=\"em-item-meta-line em-event-time em-event-meta-datetime\">\r\n\t\t\t\t<span class=\"em-icon-clock em-icon\"><\/span>\r\n\t\t\t\t17:30 - 18:15\r\n\t\t\t<\/div>\r\n\t\t\t\r\n\t\t\t\r\n\t\t\t<div class=\"em-item-meta-line em-event-location\">\r\n\t\t\t\t<span class=\"em-icon-location em-icon\"><\/span>\r\n\t\t\t\t<a href=\"https:\/\/thilomuster.info\/en\/locations\/reformierte-kirche\/\">reformierte Kirche<\/a>\r\n\t\t\t<\/div>\r\n\t\t\t\r\n\t\t\t\r\n\t\t\t\r\n\t\t\t<div class=\"em-item-meta-line em-item-taxonomy em-event-categories\">\r\n\t\t\t\t<span class=\"em-icon-category em-icon\"><\/span>\r\n\t\t\t\t<div>\t<ul class=\"event-categories\">\r\n\t\t\t\t\t<li><a href=\"https:\/\/thilomuster.info\/en\/events\/categories\/concerts\/\">Concerts<\/a><\/li>\r\n\t\t\t\t\t<li><a href=\"https:\/\/thilomuster.info\/en\/events\/categories\/concerts\/\">Konzerte<\/a><\/li>\r\n\t\t\t\t\t<li><a href=\"https:\/\/thilomuster.info\/en\/events\/categories\/recital\/\">Recital<\/a><\/li>\r\n\t\t\t\t\t<li><a href=\"https:\/\/thilomuster.info\/en\/events\/categories\/recital\/\">Recital<\/a><\/li>\r\n\t\t\t<\/ul>\r\n\t<\/div>\r\n\t\t\t<\/div>\r\n\t\t\t\r\n\t\t\t\r\n\t\t<\/div>\r\n\t\t<div class=\"em-item-desc\">\r\n\t\t\tProgramm: Charles-Marie Widor:\u00a0Symphonie Gothique op. 70 Th\u00e9odore Dubois: Marche des Rois Mages\r\n\t\t<\/div>\r\n\t\t<div class=\"em-item-actions input\">\r\n\t\t\t<a class=\"em-item-read-more button\" href=\"https:\/\/thilomuster.info\/en\/events\/orgelvesper-zum-advent\/\">Weitere Informationen<\/a>\r\n\t\t\t\r\n\t\t<\/div>\r\n\t<\/div>\r\n<\/div><div class=\"em-event em-item\" style=\"--default-border:#FFFFFF;\">\r\n\t<div class=\"em-item-image has-placeholder\">\r\n\t\t\r\n\t\t\r\n\t\t<div class=\"em-item-image-placeholder\">\r\n\t\t\t<div class=\"date\">\r\n\t\t\t\t<span class=\"day\">07<\/span>\r\n\t\t\t\t<span class=\"month\">Sep<\/span>\r\n\t\t\t<\/div>\r\n\t\t<\/div>\r\n\t\t\r\n\t<\/div>\r\n\t<div class=\"em-item-info\">\r\n\t\t<h3 class=\"em-item-title\"><a href=\"https:\/\/thilomuster.info\/en\/events\/arlesheimer-orgelnacht\/\">Arlesheimer Orgelnacht<\/a><\/h3>\r\n\t\t<h4>Arlesheim <\/h4>\r\n\t\t<div class=\"em-event-meta em-item-meta\">\r\n\t\t\t<div class=\"em-item-meta-line em-event-date em-event-meta-datetime\">\r\n\t\t\t\t<span class=\"em-icon-calendar em-icon\"><\/span>\r\n\t\t\t\t07.09.2019\u00a0\u00a0\u00a0\u00a0\r\n\t\t\t<\/div>\r\n\t\t\t<div class=\"em-item-meta-line em-event-time em-event-meta-datetime\">\r\n\t\t\t\t<span class=\"em-icon-clock em-icon\"><\/span>\r\n\t\t\t\t21:00 - 21:30\r\n\t\t\t<\/div>\r\n\t\t\t\r\n\t\t\t\r\n\t\t\t<div class=\"em-item-meta-line em-event-location\">\r\n\t\t\t\t<span class=\"em-icon-location em-icon\"><\/span>\r\n\t\t\t\t<a href=\"https:\/\/thilomuster.info\/locations\/dom-3\/\">Dom<\/a>\r\n\t\t\t<\/div>\r\n\t\t\t\r\n\t\t\t\r\n\t\t\t\r\n\t\t\t<div class=\"em-item-meta-line em-item-taxonomy em-event-categories\">\r\n\t\t\t\t<span class=\"em-icon-category em-icon\"><\/span>\r\n\t\t\t\t<div>\t<ul class=\"event-categories\">\r\n\t\t\t\t\t<li><a href=\"https:\/\/thilomuster.info\/en\/events\/categories\/concerts\/\">Concerts<\/a><\/li>\r\n\t\t\t\t\t<li><a href=\"https:\/\/thilomuster.info\/en\/events\/categories\/concerts\/\">Konzerte<\/a><\/li>\r\n\t\t\t\t\t<li><a href=\"https:\/\/thilomuster.info\/en\/events\/categories\/recital\/\">Recital<\/a><\/li>\r\n\t\t\t\t\t<li><a href=\"https:\/\/thilomuster.info\/en\/events\/categories\/recital\/\">Recital<\/a><\/li>\r\n\t\t\t<\/ul>\r\n\t<\/div>\r\n\t\t\t<\/div>\r\n\t\t\t\r\n\t\t\t\r\n\t\t<\/div>\r\n\t\t<div class=\"em-item-desc\">\r\n\t\t\tKonzert im Rahmen der Zweiten Arlesheimer Orgelnacht im Dom zu Arlesheim. Transkriptionen von Werken von Jean-Philippe Rameau, Marin Marais und Jean-F\u00e9ry Rebel\r\n\t\t<\/div>\r\n\t\t<div class=\"em-item-actions input\">\r\n\t\t\t<a class=\"em-item-read-more button\" href=\"https:\/\/thilomuster.info\/en\/events\/arlesheimer-orgelnacht\/\">Weitere Informationen<\/a>\r\n\t\t\t\r\n\t\t<\/div>\r\n\t<\/div>\r\n<\/div><div class=\"em-event em-item\" style=\"--default-border:#FFFFFF;\">\r\n\t<div class=\"em-item-image \">\r\n\t\t\r\n\t\t<img src='https:\/\/thilomuster.info\/wp-content\/uploads\/2017\/11\/TaragotOrgel-Serif.jpg' alt='Taragot &amp; Orgel Jubil\u00e4umstour \u2013 Musik des Balkans, der Gypsies und Klezmorim'\/>\r\n\t\t\r\n\t\t\r\n\t<\/div>\r\n\t<div class=\"em-item-info\">\r\n\t\t<h3 class=\"em-item-title\"><a href=\"https:\/\/thilomuster.info\/en\/events\/taragot-orgel-jubilaeumstour-musik-des-balkans-der-gypsies-und-klezmorim-11\/\">Taragot &amp; Orgel Jubil\u00e4umstour \u2013 Musik des Balkans, der Gypsies und Klezmorim<\/a><\/h3>\r\n\t\t<h4>Hinterforst <\/h4>\r\n\t\t<div class=\"em-event-meta em-item-meta\">\r\n\t\t\t<div class=\"em-item-meta-line em-event-date em-event-meta-datetime\">\r\n\t\t\t\t<span class=\"em-icon-calendar em-icon\"><\/span>\r\n\t\t\t\t23.08.2019\u00a0\u00a0\u00a0\u00a0\r\n\t\t\t<\/div>\r\n\t\t\t<div class=\"em-item-meta-line em-event-time em-event-meta-datetime\">\r\n\t\t\t\t<span class=\"em-icon-clock em-icon\"><\/span>\r\n\t\t\t\t18:45 - 20:00\r\n\t\t\t<\/div>\r\n\t\t\t\r\n\t\t\t\r\n\t\t\t<div class=\"em-item-meta-line em-event-location\">\r\n\t\t\t\t<span class=\"em-icon-location em-icon\"><\/span>\r\n\t\t\t\t<a href=\"https:\/\/thilomuster.info\/locations\/kirche\/\">Konzertzyklus Altst\u00e4tten, Kirche Hinterforst<\/a>\r\n\t\t\t<\/div>\r\n\t\t\t\r\n\t\t\t\r\n\t\t\t\r\n\t\t\t<div class=\"em-item-meta-line em-item-taxonomy em-event-categories\">\r\n\t\t\t\t<span class=\"em-icon-category em-icon\"><\/span>\r\n\t\t\t\t<div>\t<ul class=\"event-categories\">\r\n\t\t\t\t\t<li><a href=\"https:\/\/thilomuster.info\/en\/events\/categories\/concerts\/\">Concerts<\/a><\/li>\r\n\t\t\t\t\t<li><a href=\"https:\/\/thilomuster.info\/en\/events\/categories\/taragot-organ\/\">Taragot &amp; Organ<\/a><\/li>\r\n\t\t\t<\/ul>\r\n\t<\/div>\r\n\t\t\t<\/div>\r\n\t\t\t\r\n\t\t\t\r\n\t\t<\/div>\r\n\t\t<div class=\"em-item-desc\">\r\n\t\t\tKonzert mit\u00a0Samuel Freiburghaus,\u00a0Taragot, Klarinette,\u00a0Frula, Tilinca. Musik des Balkans, der Gypsies und Klezmorim aus Rum\u00e4nien, Bulgarien, Bosnien, Armenien und Aserbaidschan. Infos:\u00a0www.konzertzyklus.ch\r\n\t\t<\/div>\r\n\t\t<div class=\"em-item-actions input\">\r\n\t\t\t<a class=\"em-item-read-more button\" href=\"https:\/\/thilomuster.info\/en\/events\/taragot-orgel-jubilaeumstour-musik-des-balkans-der-gypsies-und-klezmorim-11\/\">Weitere Informationen<\/a>\r\n\t\t\t\r\n\t\t<\/div>\r\n\t<\/div>\r\n<\/div><div class=\"em-event em-item\" style=\"--default-border:#FFFFFF;\">\r\n\t<div class=\"em-item-image has-placeholder\">\r\n\t\t\r\n\t\t\r\n\t\t<div class=\"em-item-image-placeholder\">\r\n\t\t\t<div class=\"date\">\r\n\t\t\t\t<span class=\"day\">10<\/span>\r\n\t\t\t\t<span class=\"month\">Aug<\/span>\r\n\t\t\t<\/div>\r\n\t\t<\/div>\r\n\t\t\r\n\t<\/div>\r\n\t<div class=\"em-item-info\">\r\n\t\t<h3 class=\"em-item-title\"><a href=\"https:\/\/thilomuster.info\/en\/events\/concert-du-marche\/\">Concert du march\u00e9<\/a><\/h3>\r\n\t\t<h4>Dole <\/h4>\r\n\t\t<div class=\"em-event-meta em-item-meta\">\r\n\t\t\t<div class=\"em-item-meta-line em-event-date em-event-meta-datetime\">\r\n\t\t\t\t<span class=\"em-icon-calendar em-icon\"><\/span>\r\n\t\t\t\t10.08.2019\u00a0\u00a0\u00a0\u00a0\r\n\t\t\t<\/div>\r\n\t\t\t<div class=\"em-item-meta-line em-event-time em-event-meta-datetime\">\r\n\t\t\t\t<span class=\"em-icon-clock em-icon\"><\/span>\r\n\t\t\t\t11:30 - 12:00\r\n\t\t\t<\/div>\r\n\t\t\t\r\n\t\t\t\r\n\t\t\t<div class=\"em-item-meta-line em-event-location\">\r\n\t\t\t\t<span class=\"em-icon-location em-icon\"><\/span>\r\n\t\t\t\t<a href=\"https:\/\/thilomuster.info\/locations\/collegiale-notre-dame\/\">Coll\u00e9giale Notre-Dame<\/a>\r\n\t\t\t<\/div>\r\n\t\t\t\r\n\t\t\t\r\n\t\t\t\r\n\t\t\t<div class=\"em-item-meta-line em-item-taxonomy em-event-categories\">\r\n\t\t\t\t<span class=\"em-icon-category em-icon\"><\/span>\r\n\t\t\t\t<div>\t<ul class=\"event-categories\">\r\n\t\t\t\t\t<li><a href=\"https:\/\/thilomuster.info\/en\/events\/categories\/concerts\/\">Concerts<\/a><\/li>\r\n\t\t\t\t\t<li><a href=\"https:\/\/thilomuster.info\/en\/events\/categories\/concerts\/\">Konzerte<\/a><\/li>\r\n\t\t\t\t\t<li><a href=\"https:\/\/thilomuster.info\/en\/events\/categories\/recital\/\">Recital<\/a><\/li>\r\n\t\t\t\t\t<li><a href=\"https:\/\/thilomuster.info\/en\/events\/categories\/recital\/\">Recital<\/a><\/li>\r\n\t\t\t<\/ul>\r\n\t<\/div>\r\n\t\t\t<\/div>\r\n\t\t\t\r\n\t\t\t\r\n\t\t<\/div>\r\n\t\t<div class=\"em-item-desc\">\r\n\t\t\tLondres-Bruxelles, aller simple\u2026 Au d\u00e9but du 17e si\u00e8cle, de nombreux musiciens sillonn\u00e8rent l\u2019Europe pour exercer leur m\u00e9tier, pour des raisons parfois religieuses, parfois \u00e9conomiques. Ces [...]\r\n\t\t<\/div>\r\n\t\t<div class=\"em-item-actions input\">\r\n\t\t\t<a class=\"em-item-read-more button\" href=\"https:\/\/thilomuster.info\/en\/events\/concert-du-marche\/\">Weitere Informationen<\/a>\r\n\t\t\t\r\n\t\t<\/div>\r\n\t<\/div>\r\n<\/div><div class=\"em-event em-item\" style=\"--default-border:#FFFFFF;\">\r\n\t<div class=\"em-item-image has-placeholder\">\r\n\t\t\r\n\t\t\r\n\t\t<div class=\"em-item-image-placeholder\">\r\n\t\t\t<div class=\"date\">\r\n\t\t\t\t<span class=\"day\">15<\/span>\r\n\t\t\t\t<span class=\"month\">Jun<\/span>\r\n\t\t\t<\/div>\r\n\t\t<\/div>\r\n\t\t\r\n\t<\/div>\r\n\t<div class=\"em-item-info\">\r\n\t\t<h3 class=\"em-item-title\"><a href=\"https:\/\/thilomuster.info\/en\/events\/musik-zur-markzeit\/\">Musik zur Markzeit<\/a><\/h3>\r\n\t\t<h4>Rheinfelden \/ DE<\/h4>\r\n\t\t<div class=\"em-event-meta em-item-meta\">\r\n\t\t\t<div class=\"em-item-meta-line em-event-date em-event-meta-datetime\">\r\n\t\t\t\t<span class=\"em-icon-calendar em-icon\"><\/span>\r\n\t\t\t\t15.06.2019\u00a0\u00a0\u00a0\u00a0\r\n\t\t\t<\/div>\r\n\t\t\t<div class=\"em-item-meta-line em-event-time em-event-meta-datetime\">\r\n\t\t\t\t<span class=\"em-icon-clock em-icon\"><\/span>\r\n\t\t\t\t11:00 - 11:30\r\n\t\t\t<\/div>\r\n\t\t\t\r\n\t\t\t\r\n\t\t\t<div class=\"em-item-meta-line em-event-location\">\r\n\t\t\t\t<span class=\"em-icon-location em-icon\"><\/span>\r\n\t\t\t\t<a href=\"https:\/\/thilomuster.info\/en\/locations\/christuskirche-musik-zur-marktzeit\/\">Christuskirche<\/a>\r\n\t\t\t<\/div>\r\n\t\t\t\r\n\t\t\t\r\n\t\t\t\r\n\t\t\t<div class=\"em-item-meta-line em-item-taxonomy em-event-categories\">\r\n\t\t\t\t<span class=\"em-icon-category em-icon\"><\/span>\r\n\t\t\t\t<div>\t<ul class=\"event-categories\">\r\n\t\t\t\t\t<li><a href=\"https:\/\/thilomuster.info\/en\/events\/categories\/concerts\/\">Concerts<\/a><\/li>\r\n\t\t\t\t\t<li><a href=\"https:\/\/thilomuster.info\/en\/events\/categories\/concerts\/\">Konzerte<\/a><\/li>\r\n\t\t\t<\/ul>\r\n\t<\/div>\r\n\t\t\t<\/div>\r\n\t\t\t\r\n\t\t\t\r\n\t\t<\/div>\r\n\t\t<div class=\"em-item-desc\">\r\n\t\t\tKonzert mit dem Cantabile Chor, Pratteln\r\n\t\t<\/div>\r\n\t\t<div class=\"em-item-actions input\">\r\n\t\t\t<a class=\"em-item-read-more button\" href=\"https:\/\/thilomuster.info\/en\/events\/musik-zur-markzeit\/\">Weitere Informationen<\/a>\r\n\t\t\t\r\n\t\t<\/div>\r\n\t<\/div>\r\n<\/div><\/tbody><\/table>\t<\/div>\r\n<\/div><br \/>\n[\/et_pb_text][\/et_pb_column][\/et_pb_row][\/et_pb_section]<\/p>\n","protected":false},"excerpt":{"rendered":"<p>Upcoming Events <div class=\"em em-view-container\" id=\"em-view-1642130445\" data-view=\"list\">\r\n\t<div class=\"em pixelbones em-list em-events-list\" id=\"em-events-list-1642130445\" data-view-id=\"1642130445\">\r\n\t<table cellpadding=\"0\" cellspacing=\"0\" class=\"events-table\" >\r\n    <thead>\r\n        <tr>\r\n\t\t\t<th class=\"event-time\" width=\"150\">Date\/Time<\/th>\r\n\t\t\t<th class=\"event-description\" width=\"*\">Event<\/th>\r\n\t\t<\/tr>\r\n   \t<\/thead>\r\n    <tbody><div class=\"em-event em-item\" style=\"--default-border:#FFFFFF;\">\r\n\t<div class=\"em-item-image \">\r\n\t\t\r\n\t\t<img src='https:\/\/thilomuster.info\/wp-content\/uploads\/2015\/09\/Orgel-Pauluskirche1.jpg' alt='Konzert mit Cantus Basel'\/>\r\n\t\t\r\n\t\t\r\n\t<\/div>\r\n\t<div class=\"em-item-info\">\r\n\t\t<h3 class=\"em-item-title\"><a href=\"https:\/\/thilomuster.info\/en\/events\/konzert-mit-cantus-basel-2\/\">Konzert mit Cantus Basel<\/a><\/h3>\r\n\t\t<h4>Basel \/ CH<\/h4>\r\n\t\t<div class=\"em-event-meta em-item-meta\">\r\n\t\t\t<div class=\"em-item-meta-line em-event-date em-event-meta-datetime\">\r\n\t\t\t\t<span class=\"em-icon-calendar em-icon\"><\/span>\r\n\t\t\t\t09.05.2026\u00a0\u00a0\u00a0\u00a0\r\n\t\t\t<\/div>\r\n\t\t\t<div class=\"em-item-meta-line em-event-time em-event-meta-datetime\">\r\n\t\t\t\t<span class=\"em-icon-clock em-icon\"><\/span>\r\n\t\t\t\t19:30 - 20:45\r\n\t\t\t<\/div>\r\n\t\t\t\r\n\t\t\t\r\n\t\t\t<div class=\"em-item-meta-line em-event-location\">\r\n\t\t\t\t<span class=\"em-icon-location em-icon\"><\/span>\r\n\t\t\t\t<a href=\"https:\/\/thilomuster.info\/locations\/pauluskirche\/\">Pauluskirche<\/a>\r\n\t\t\t<\/div>\r\n\t\t\t\r\n\t\t\t\r\n\t\t\t\r\n\t\t\t<div class=\"em-item-meta-line em-item-taxonomy em-event-categories\">\r\n\t\t\t\t<span class=\"em-icon-category em-icon\"><\/span>\r\n\t\t\t\t<div>\t<ul class=\"event-categories\">\r\n\t\t\t\t\t<li><a href=\"https:\/\/thilomuster.info\/en\/events\/categories\/concerts\/\">Concerts<\/a><\/li>\r\n\t\t\t<\/ul>\r\n\t<\/div>\r\n\t\t\t<\/div>\r\n\t\t\t\r\n\t\t\t\r\n\t\t<\/div>\r\n\t\t<div class=\"em-item-desc\">\r\n\t\t\tZolt\u00e1n Kod\u00e1ly (1882-1967): Missa brevis Morten Lauridsen (*1943): Lux aeterna Cantus Basel, Ltg. Olga Pavlu Thilo Muster, Orgel Cantus Basel\r\n\t\t<\/div>\r\n\t\t<div class=\"em-item-actions input\">\r\n\t\t\t<a class=\"em-item-read-more button\" href=\"https:\/\/thilomuster.info\/en\/events\/konzert-mit-cantus-basel-2\/\">Weitere Informationen<\/a>\r\n\t\t\t\r\n\t\t<\/div>\r\n\t<\/div>\r\n<\/div><div class=\"em-event em-item\" style=\"--default-border:#FFFFFF;\">\r\n\t<div class=\"em-item-image \">\r\n\t\t\r\n\t\t<img src='https:\/\/thilomuster.info\/wp-content\/uploads\/2026\/02\/Musiksaal-Ausschnitt-\u00a9Stadtcasino-Basel-Fotografie-\u00a9Roman-Weyeneth-scaled.jpg' alt='Jubil\u00e4umskonzert Unichor und Uniorchester Basel'\/>\r\n\t\t\r\n\t\t\r\n\t<\/div>\r\n\t<div class=\"em-item-info\">\r\n\t\t<h3 class=\"em-item-title\"><a href=\"https:\/\/thilomuster.info\/en\/events\/jubilaeumskonzert-unichor-und-uniorchester-basel\/\">Jubil\u00e4umskonzert Unichor und Uniorchester Basel<\/a><\/h3>\r\n\t\t<h4>Basel <\/h4>\r\n\t\t<div class=\"em-event-meta em-item-meta\">\r\n\t\t\t<div class=\"em-item-meta-line em-event-date em-event-meta-datetime\">\r\n\t\t\t\t<span class=\"em-icon-calendar em-icon\"><\/span>\r\n\t\t\t\t07.06.2026\u00a0\u00a0\u00a0\u00a0\r\n\t\t\t<\/div>\r\n\t\t\t<div class=\"em-item-meta-line em-event-time em-event-meta-datetime\">\r\n\t\t\t\t<span class=\"em-icon-clock em-icon\"><\/span>\r\n\t\t\t\t17:00 - 18:30\r\n\t\t\t<\/div>\r\n\t\t\t\r\n\t\t\t\r\n\t\t\t<div class=\"em-item-meta-line em-event-location\">\r\n\t\t\t\t<span class=\"em-icon-location em-icon\"><\/span>\r\n\t\t\t\t<a href=\"https:\/\/thilomuster.info\/en\/locations\/stadtcasino-musiksaal\/\">Stadtcasino, Musiksaal<\/a>\r\n\t\t\t<\/div>\r\n\t\t\t\r\n\t\t\t\r\n\t\t\t\r\n\t\t\t<div class=\"em-item-meta-line em-item-taxonomy em-event-categories\">\r\n\t\t\t\t<span class=\"em-icon-category em-icon\"><\/span>\r\n\t\t\t\t<div>\t<ul class=\"event-categories\">\r\n\t\t\t\t\t<li><a href=\"https:\/\/thilomuster.info\/en\/events\/categories\/concerts\/\">Concerts<\/a><\/li>\r\n\t\t\t<\/ul>\r\n\t<\/div>\r\n\t\t\t<\/div>\r\n\t\t\t\r\n\t\t\t\r\n\t\t<\/div>\r\n\t\t<div class=\"em-item-desc\">\r\n\t\t\tKonzert anl\u00e4sslich des 30-j\u00e4hrigen Jubil\u00e4ums von Chor und Orchester der Universit\u00e4t Basel PROGRAMM: Felix Mendelssohn-Bartholdy: Psalm 42 MWV A15 - \"Wie der Hirsch schreit\" Edward [...]\r\n\t\t<\/div>\r\n\t\t<div class=\"em-item-actions input\">\r\n\t\t\t<a class=\"em-item-read-more button\" href=\"https:\/\/thilomuster.info\/en\/events\/jubilaeumskonzert-unichor-und-uniorchester-basel\/\">Weitere Informationen<\/a>\r\n\t\t\t\r\n\t\t<\/div>\r\n\t<\/div>\r\n<\/div><div class=\"em-event em-item\" style=\"--default-border:#FFFFFF;\">\r\n\t<div class=\"em-item-image \">\r\n\t\t\r\n\t\t<img src='https:\/\/thilomuster.info\/wp-content\/uploads\/2025\/10\/steinmayer-orgel-christuskirche-mannheim-2-jpg-100-1920x1080-1.jpg' alt='ORGEL:PUNKT:SECHS'\/>\r\n\t\t\r\n\t\t\r\n\t<\/div>\r\n\t<div class=\"em-item-info\">\r\n\t\t<h3 class=\"em-item-title\"><a href=\"https:\/\/thilomuster.info\/en\/events\/orgelpunktsechs\/\">ORGEL:PUNKT:SECHS<\/a><\/h3>\r\n\t\t<h4>Mannheim \/ DE<\/h4>\r\n\t\t<div class=\"em-event-meta em-item-meta\">\r\n\t\t\t<div class=\"em-item-meta-line em-event-date em-event-meta-datetime\">\r\n\t\t\t\t<span class=\"em-icon-calendar em-icon\"><\/span>\r\n\t\t\t\t04.09.2026\u00a0\u00a0\u00a0\u00a0\r\n\t\t\t<\/div>\r\n\t\t\t<div class=\"em-item-meta-line em-event-time em-event-meta-datetime\">\r\n\t\t\t\t<span class=\"em-icon-clock em-icon\"><\/span>\r\n\t\t\t\t18:00 - 18:45\r\n\t\t\t<\/div>\r\n\t\t\t\r\n\t\t\t\r\n\t\t\t<div class=\"em-item-meta-line em-event-location\">\r\n\t\t\t\t<span class=\"em-icon-location em-icon\"><\/span>\r\n\t\t\t\t<a href=\"https:\/\/thilomuster.info\/locations\/christuskirche\/\">Christuskirche<\/a>\r\n\t\t\t<\/div>\r\n\t\t\t\r\n\t\t\t\r\n\t\t\t\r\n\t\t\t<div class=\"em-item-meta-line em-item-taxonomy em-event-categories\">\r\n\t\t\t\t<span class=\"em-icon-category em-icon\"><\/span>\r\n\t\t\t\t<div>\t<ul class=\"event-categories\">\r\n\t\t\t\t\t<li><a href=\"https:\/\/thilomuster.info\/en\/events\/categories\/concerts\/\">Concerts<\/a><\/li>\r\n\t\t\t\t\t<li><a href=\"https:\/\/thilomuster.info\/en\/events\/categories\/recital\/\">Recital<\/a><\/li>\r\n\t\t\t<\/ul>\r\n\t<\/div>\r\n\t\t\t<\/div>\r\n\t\t\t\r\n\t\t\t\r\n\t\t<\/div>\r\n\t\t<div class=\"em-item-desc\">\r\n\t\t\tOrgelkonzert auf dem \u00abMannheimer Wunderwerk\u00bb, der Orgel von G.F. Steinmeyer von 1911 https:\/\/www.christuskirche.org\/programm\/2026 &nbsp; &nbsp;\r\n\t\t<\/div>\r\n\t\t<div class=\"em-item-actions input\">\r\n\t\t\t<a class=\"em-item-read-more button\" href=\"https:\/\/thilomuster.info\/en\/events\/orgelpunktsechs\/\">Weitere Informationen<\/a>\r\n\t\t\t\r\n\t\t<\/div>\r\n\t<\/div>\r\n<\/div><div class=\"em-event em-item\" style=\"--default-border:#a8d144;\">\r\n\t<div class=\"em-item-image \">\r\n\t\t\r\n\t\t<img src='https:\/\/thilomuster.info\/wp-content\/uploads\/2025\/10\/D_Berlin_Auenkirche_014a.jpg' alt='Anton Bruckner Sinfonie Nr. 9'\/>\r\n\t\t\r\n\t\t\r\n\t<\/div>\r\n\t<div class=\"em-item-info\">\r\n\t\t<h3 class=\"em-item-title\"><a href=\"https:\/\/thilomuster.info\/en\/events\/anton-bruckner-sinfonie-nr-9\/\">Anton Bruckner Sinfonie Nr. 9<\/a><\/h3>\r\n\t\t<h4>Berlin \/ DE<\/h4>\r\n\t\t<div class=\"em-event-meta em-item-meta\">\r\n\t\t\t<div class=\"em-item-meta-line em-event-date em-event-meta-datetime\">\r\n\t\t\t\t<span class=\"em-icon-calendar em-icon\"><\/span>\r\n\t\t\t\t11.10.2026\u00a0\u00a0\u00a0\u00a0\r\n\t\t\t<\/div>\r\n\t\t\t<div class=\"em-item-meta-line em-event-time em-event-meta-datetime\">\r\n\t\t\t\t<span class=\"em-icon-clock em-icon\"><\/span>\r\n\t\t\t\t18:00 - 19:15\r\n\t\t\t<\/div>\r\n\t\t\t\r\n\t\t\t\r\n\t\t\t<div class=\"em-item-meta-line em-event-location\">\r\n\t\t\t\t<span class=\"em-icon-location em-icon\"><\/span>\r\n\t\t\t\t<a href=\"https:\/\/thilomuster.info\/locations\/auenkirche-2\/\">Auenkirche<\/a>\r\n\t\t\t<\/div>\r\n\t\t\t\r\n\t\t\t\r\n\t\t\t\r\n\t\t\t<div class=\"em-item-meta-line em-item-taxonomy em-event-categories\">\r\n\t\t\t\t<span class=\"em-icon-category em-icon\"><\/span>\r\n\t\t\t\t<div>\t<ul class=\"event-categories\">\r\n\t\t\t\t\t<li><a href=\"https:\/\/thilomuster.info\/en\/events\/categories\/bruckner-s-ninth\/\">Bruckner&#039;s Ninth<\/a><\/li>\r\n\t\t\t\t\t<li><a href=\"https:\/\/thilomuster.info\/en\/events\/categories\/concerts\/\">Concerts<\/a><\/li>\r\n\t\t\t\t\t<li><a href=\"https:\/\/thilomuster.info\/en\/events\/categories\/recital\/\">Recital<\/a><\/li>\r\n\t\t\t<\/ul>\r\n\t<\/div>\r\n\t\t\t<\/div>\r\n\t\t\t\r\n\t\t\t\r\n\t\t<\/div>\r\n\t\t<div class=\"em-item-desc\">\r\n\t\t\tAnton Bruckner: Symphonie Nr. 9 d-moll in der kongenialen Bearbeitung f\u00fcr Orgel von Eberhard Klotz Im Rahmen der Gesamtauff\u00fchrung aller 11 Sinfonien Bruckners am Bruckner-Orgelfestival [...]\r\n\t\t<\/div>\r\n\t\t<div class=\"em-item-actions input\">\r\n\t\t\t<a class=\"em-item-read-more button\" href=\"https:\/\/thilomuster.info\/en\/events\/anton-bruckner-sinfonie-nr-9\/\">Weitere Informationen<\/a>\r\n\t\t\t\r\n\t\t<\/div>\r\n\t<\/div>\r\n<\/div><div class=\"em-event em-item\" style=\"--default-border:#FFFFFF;\">\r\n\t<div class=\"em-item-image \">\r\n\t\t\r\n\t\t<img src='https:\/\/thilomuster.info\/wp-content\/uploads\/2026\/01\/Flyerneuffr-pdf.jpg' alt='Taragot &amp; Orgue \u00e0 la Biennale Organopole 2026'\/>\r\n\t\t\r\n\t\t\r\n\t<\/div>\r\n\t<div class=\"em-item-info\">\r\n\t\t<h3 class=\"em-item-title\"><a href=\"https:\/\/thilomuster.info\/en\/events\/taragot-orgue-le-souffle-des-balkans-a-la-biennale-organopole-2026\/\">Taragot &amp; Orgue \u00e0 la Biennale Organopole 2026<\/a><\/h3>\r\n\t\t<h4>Lausanne \/ CH<\/h4>\r\n\t\t<div class=\"em-event-meta em-item-meta\">\r\n\t\t\t<div class=\"em-item-meta-line em-event-date em-event-meta-datetime\">\r\n\t\t\t\t<span class=\"em-icon-calendar em-icon\"><\/span>\r\n\t\t\t\t27.11.2026\u00a0\u00a0\u00a0\u00a0\r\n\t\t\t<\/div>\r\n\t\t\t<div class=\"em-item-meta-line em-event-time em-event-meta-datetime\">\r\n\t\t\t\t<span class=\"em-icon-clock em-icon\"><\/span>\r\n\t\t\t\t20:00 - 21:15\r\n\t\t\t<\/div>\r\n\t\t\t\r\n\t\t\t\r\n\t\t\t<div class=\"em-item-meta-line em-event-location\">\r\n\t\t\t\t<span class=\"em-icon-location em-icon\"><\/span>\r\n\t\t\t\t<a href=\"https:\/\/thilomuster.info\/locations\/eglise-saint-paul\/\">\u00c9glise Saint-Paul<\/a>\r\n\t\t\t<\/div>\r\n\t\t\t\r\n\t\t\t\r\n\t\t\t\r\n\t\t\t<div class=\"em-item-meta-line em-item-taxonomy em-event-categories\">\r\n\t\t\t\t<span class=\"em-icon-category em-icon\"><\/span>\r\n\t\t\t\t<div>\t<ul class=\"event-categories\">\r\n\t\t\t\t\t<li><a href=\"https:\/\/thilomuster.info\/en\/events\/categories\/concerts\/\">Concerts<\/a><\/li>\r\n\t\t\t\t\t<li><a href=\"https:\/\/thilomuster.info\/en\/events\/categories\/taragot-organ\/\">Taragot &amp; Organ<\/a><\/li>\r\n\t\t\t<\/ul>\r\n\t<\/div>\r\n\t\t\t<\/div>\r\n\t\t\t\r\n\t\t\t\r\n\t\t<\/div>\r\n\t\t<div class=\"em-item-desc\">\r\n\t\t\tLe souffle des Balkans \u2013 franchement d\u00e9coiffant ! Concert avec\u00a0Samuel Freiburghaus, taragot, clarinette, frula, tilinca Musique des Balkans, tzigane et klezmer de Roumanie, Bulgarie, Bosnie, [...]\r\n\t\t<\/div>\r\n\t\t<div class=\"em-item-actions input\">\r\n\t\t\t<a class=\"em-item-read-more button\" href=\"https:\/\/thilomuster.info\/en\/events\/taragot-orgue-le-souffle-des-balkans-a-la-biennale-organopole-2026\/\">Weitere Informationen<\/a>\r\n\t\t\t\r\n\t\t<\/div>\r\n\t<\/div>\r\n<\/div><\/tbody><\/table>\t<\/div>\r\n<\/div> Past Events <div class=\"em em-view-container\" id=\"em-view-1975925060\" data-view=\"list\">\r\n\t<div class=\"em pixelbones em-list em-events-list\" id=\"em-events-list-1975925060\" data-view-id=\"1975925060\">\r\n\t<table cellpadding=\"0\" cellspacing=\"0\" class=\"events-table\" >\r\n    <thead>\r\n        <tr>\r\n\t\t\t<th class=\"event-time\" width=\"150\">Date\/Time<\/th>\r\n\t\t\t<th class=\"event-description\" width=\"*\">Event<\/th>\r\n\t\t<\/tr>\r\n   \t<\/thead>\r\n    <tbody><div class=\"em-event em-item\" style=\"--default-border:#FFFFFF;\">\r\n\t<div class=\"em-item-image \">\r\n\t\t\r\n\t\t<img src='https:\/\/thilomuster.info\/wp-content\/uploads\/2020\/11\/FlyerDneu-scaled.jpg' alt='Taragot &amp; Orgel \u2013 umwerfender Balkansound'\/>\r\n\t\t\r\n\t\t\r\n\t<\/div>\r\n\t<div class=\"em-item-info\">\r\n\t\t<h3 class=\"em-item-title\"><a href=\"https:\/\/thilomuster.info\/en\/events\/taragot-orgel-umwerfender-balkansound-14\/\">Taragot &amp; Orgel \u2013 umwerfender Balkansound<\/a><\/h3>\r\n\t\t<h4>Heiden \/ CH<\/h4>\r\n\t\t<div class=\"em-event-meta em-item-meta\">\r\n\t\t\t<div class=\"em-item-meta-line em-event-date em-event-meta-datetime\">\r\n\t\t\t\t<span class=\"em-icon-calendar em-icon\"><\/span>\r\n\t\t\t\t22.03.2026\u00a0\u00a0\u00a0\u00a0\r\n\t\t\t<\/div>\r\n\t\t\t<div class=\"em-item-meta-line em-event-time em-event-meta-datetime\">\r\n\t\t\t\t<span class=\"em-icon-clock em-icon\"><\/span>\r\n\t\t\t\t17:00 - 18:15\r\n\t\t\t<\/div>\r\n\t\t\t\r\n\t\t\t\r\n\t\t\t<div class=\"em-item-meta-line em-event-location\">\r\n\t\t\t\t<span class=\"em-icon-location em-icon\"><\/span>\r\n\t\t\t\t<a href=\"https:\/\/thilomuster.info\/locations\/evangelische-kirche-2\/\">evangelische Kirche<\/a>\r\n\t\t\t<\/div>\r\n\t\t\t\r\n\t\t\t\r\n\t\t\t\r\n\t\t\t<div class=\"em-item-meta-line em-item-taxonomy em-event-categories\">\r\n\t\t\t\t<span class=\"em-icon-category em-icon\"><\/span>\r\n\t\t\t\t<div>\t<ul class=\"event-categories\">\r\n\t\t\t\t\t<li><a href=\"https:\/\/thilomuster.info\/en\/events\/categories\/concerts\/\">Concerts<\/a><\/li>\r\n\t\t\t\t\t<li><a href=\"https:\/\/thilomuster.info\/en\/events\/categories\/taragot-organ\/\">Taragot &amp; Organ<\/a><\/li>\r\n\t\t\t<\/ul>\r\n\t<\/div>\r\n\t\t\t<\/div>\r\n\t\t\t\r\n\t\t\t\r\n\t\t<\/div>\r\n\t\t<div class=\"em-item-desc\">\r\n\t\t\tZusammen mit\u00a0Samuel Freiburghaus,\u00a0Taragot, Klarinetten, Frula &amp; Bassethorn Musik des Balkans, der Lautari und Klezmorim\u00a0aus Rum\u00e4nien, Bulgarien, Serbien, Albanien, Griechenland, Azerbaidschan und Armenien\r\n\t\t<\/div>\r\n\t\t<div class=\"em-item-actions input\">\r\n\t\t\t<a class=\"em-item-read-more button\" href=\"https:\/\/thilomuster.info\/en\/events\/taragot-orgel-umwerfender-balkansound-14\/\">Weitere Informationen<\/a>\r\n\t\t\t\r\n\t\t<\/div>\r\n\t<\/div>\r\n<\/div><div class=\"em-event em-item\" style=\"--default-border:#FFFFFF;\">\r\n\t<div class=\"em-item-image \">\r\n\t\t\r\n\t\t<img src='https:\/\/thilomuster.info\/wp-content\/uploads\/2025\/06\/Orgue_de_la_chapelle_des_Maccabees_St-Pierre_Geneve-scaled.jpg' alt='R\u00e9cital d&#039;orgue'\/>\r\n\t\t\r\n\t\t\r\n\t<\/div>\r\n\t<div class=\"em-item-info\">\r\n\t\t<h3 class=\"em-item-title\"><a href=\"https:\/\/thilomuster.info\/en\/events\/recital-dorgue-2\/\">R\u00e9cital d&#039;orgue<\/a><\/h3>\r\n\t\t<h4>Gen\u00e8ve \/ CH<\/h4>\r\n\t\t<div class=\"em-event-meta em-item-meta\">\r\n\t\t\t<div class=\"em-item-meta-line em-event-date em-event-meta-datetime\">\r\n\t\t\t\t<span class=\"em-icon-calendar em-icon\"><\/span>\r\n\t\t\t\t07.03.2026\u00a0\u00a0\u00a0\u00a0\r\n\t\t\t<\/div>\r\n\t\t\t<div class=\"em-item-meta-line em-event-time em-event-meta-datetime\">\r\n\t\t\t\t<span class=\"em-icon-clock em-icon\"><\/span>\r\n\t\t\t\t00:00 - 18:15\r\n\t\t\t<\/div>\r\n\t\t\t\r\n\t\t\t\r\n\t\t\t<div class=\"em-item-meta-line em-event-location\">\r\n\t\t\t\t<span class=\"em-icon-location em-icon\"><\/span>\r\n\t\t\t\t<a href=\"https:\/\/thilomuster.info\/locations\/cathedrale-st-pierre\/\">Cath\u00e9drale St-Pierre<\/a>\r\n\t\t\t<\/div>\r\n\t\t\t\r\n\t\t\t\r\n\t\t\t\r\n\t\t\t<div class=\"em-item-meta-line em-item-taxonomy em-event-categories\">\r\n\t\t\t\t<span class=\"em-icon-category em-icon\"><\/span>\r\n\t\t\t\t<div>\t<ul class=\"event-categories\">\r\n\t\t\t\t\t<li><a href=\"https:\/\/thilomuster.info\/en\/events\/categories\/concerts\/\">Concerts<\/a><\/li>\r\n\t\t\t\t\t<li><a href=\"https:\/\/thilomuster.info\/en\/events\/categories\/recital\/\">Recital<\/a><\/li>\r\n\t\t\t<\/ul>\r\n\t<\/div>\r\n\t\t\t<\/div>\r\n\t\t\t\r\n\t\t\t\r\n\t\t<\/div>\r\n\t\t<div class=\"em-item-desc\">\r\n\t\t\tSur l'orgue Walcker (1888) de la Chapelle des Macchab\u00e9es dans la Cath\u00e9drale St-Pierre\r\n\t\t<\/div>\r\n\t\t<div class=\"em-item-actions input\">\r\n\t\t\t<a class=\"em-item-read-more button\" href=\"https:\/\/thilomuster.info\/en\/events\/recital-dorgue-2\/\">Weitere Informationen<\/a>\r\n\t\t\t\r\n\t\t<\/div>\r\n\t<\/div>\r\n<\/div><div class=\"em-event em-item\" style=\"--default-border:#FFFFFF;\">\r\n\t<div class=\"em-item-image \">\r\n\t\t\r\n\t\t<img src='https:\/\/thilomuster.info\/wp-content\/uploads\/2021\/11\/Flyerneufr-scaled.jpg' alt='Taragot &amp; Orgue \u2013 pour les 100 ans de Marcel Cellier'\/>\r\n\t\t\r\n\t\t\r\n\t<\/div>\r\n\t<div class=\"em-item-info\">\r\n\t\t<h3 class=\"em-item-title\"><a href=\"https:\/\/thilomuster.info\/en\/events\/taragot-orgue-pour-les-100-ans-de-marcel-cellier\/\">Taragot &amp; Orgue \u2013 pour les 100 ans de Marcel Cellier<\/a><\/h3>\r\n\t\t<h4>Cully \/ CH<\/h4>\r\n\t\t<div class=\"em-event-meta em-item-meta\">\r\n\t\t\t<div class=\"em-item-meta-line em-event-date em-event-meta-datetime\">\r\n\t\t\t\t<span class=\"em-icon-calendar em-icon\"><\/span>\r\n\t\t\t\t23.11.2025\u00a0\u00a0\u00a0\u00a0\r\n\t\t\t<\/div>\r\n\t\t\t<div class=\"em-item-meta-line em-event-time em-event-meta-datetime\">\r\n\t\t\t\t<span class=\"em-icon-clock em-icon\"><\/span>\r\n\t\t\t\t17:00 - 18:15\r\n\t\t\t<\/div>\r\n\t\t\t\r\n\t\t\t\r\n\t\t\t<div class=\"em-item-meta-line em-event-location\">\r\n\t\t\t\t<span class=\"em-icon-location em-icon\"><\/span>\r\n\t\t\t\t<a href=\"https:\/\/thilomuster.info\/locations\/temple-3\/\">Temple<\/a>\r\n\t\t\t<\/div>\r\n\t\t\t\r\n\t\t\t\r\n\t\t\t\r\n\t\t\t<div class=\"em-item-meta-line em-item-taxonomy em-event-categories\">\r\n\t\t\t\t<span class=\"em-icon-category em-icon\"><\/span>\r\n\t\t\t\t<div>\t<ul class=\"event-categories\">\r\n\t\t\t\t\t<li><a href=\"https:\/\/thilomuster.info\/en\/events\/categories\/concerts\/\">Concerts<\/a><\/li>\r\n\t\t\t\t\t<li><a href=\"https:\/\/thilomuster.info\/en\/events\/categories\/taragot-organ\/\">Taragot &amp; Organ<\/a><\/li>\r\n\t\t\t<\/ul>\r\n\t<\/div>\r\n\t\t\t<\/div>\r\n\t\t\t\r\n\t\t\t\r\n\t\t<\/div>\r\n\t\t<div class=\"em-item-desc\">\r\n\t\t\tConcert avec Samuel Freiburghaus, taragot, clarinettes, froula Musique des Balkans Taragot &amp; Orgue \u00e0 Cully\r\n\t\t<\/div>\r\n\t\t<div class=\"em-item-actions input\">\r\n\t\t\t<a class=\"em-item-read-more button\" href=\"https:\/\/thilomuster.info\/en\/events\/taragot-orgue-pour-les-100-ans-de-marcel-cellier\/\">Weitere Informationen<\/a>\r\n\t\t\t\r\n\t\t<\/div>\r\n\t<\/div>\r\n<\/div><div class=\"em-event em-item\" style=\"--default-border:#FFFFFF;\">\r\n\t<div class=\"em-item-image \">\r\n\t\t\r\n\t\t<img src='https:\/\/thilomuster.info\/wp-content\/uploads\/2025\/08\/Bildschirmfoto-2025-08-08-um-17.19.01.jpg' alt='Dritte Arlesheimer Orgelnacht'\/>\r\n\t\t\r\n\t\t\r\n\t<\/div>\r\n\t<div class=\"em-item-info\">\r\n\t\t<h3 class=\"em-item-title\"><a href=\"https:\/\/thilomuster.info\/en\/events\/dritte-arlesheimer-orgelnacht\/\">Dritte Arlesheimer Orgelnacht<\/a><\/h3>\r\n\t\t<h4>Arlesheim <\/h4>\r\n\t\t<div class=\"em-event-meta em-item-meta\">\r\n\t\t\t<div class=\"em-item-meta-line em-event-date em-event-meta-datetime\">\r\n\t\t\t\t<span class=\"em-icon-calendar em-icon\"><\/span>\r\n\t\t\t\t20.09.2025\u00a0\u00a0\u00a0\u00a0\r\n\t\t\t<\/div>\r\n\t\t\t<div class=\"em-item-meta-line em-event-time em-event-meta-datetime\">\r\n\t\t\t\t<span class=\"em-icon-clock em-icon\"><\/span>\r\n\t\t\t\t19:00 - 23:45\r\n\t\t\t<\/div>\r\n\t\t\t\r\n\t\t\t\r\n\t\t\t<div class=\"em-item-meta-line em-event-location\">\r\n\t\t\t\t<span class=\"em-icon-location em-icon\"><\/span>\r\n\t\t\t\t<a href=\"https:\/\/thilomuster.info\/en\/locations\/reformierte-kirche\/\">reformierte Kirche<\/a>\r\n\t\t\t<\/div>\r\n\t\t\t\r\n\t\t\t\r\n\t\t\t\r\n\t\t\t<div class=\"em-item-meta-line em-item-taxonomy em-event-categories\">\r\n\t\t\t\t<span class=\"em-icon-category em-icon\"><\/span>\r\n\t\t\t\t<div>\t<ul class=\"event-categories\">\r\n\t\t\t\t\t<li><a href=\"https:\/\/thilomuster.info\/en\/events\/categories\/concerts\/\">Concerts<\/a><\/li>\r\n\t\t\t\t\t<li><a href=\"https:\/\/thilomuster.info\/en\/events\/categories\/recital\/\">Recital<\/a><\/li>\r\n\t\t\t<\/ul>\r\n\t<\/div>\r\n\t\t\t<\/div>\r\n\t\t\t\r\n\t\t\t\r\n\t\t<\/div>\r\n\t\t<div class=\"em-item-desc\">\r\n\t\t\tKonzerte von 19h bis Mitternacht in der ref. Kirche und im Dom zu Arlesheim Weitere Infos hier!\r\n\t\t<\/div>\r\n\t\t<div class=\"em-item-actions input\">\r\n\t\t\t<a class=\"em-item-read-more button\" href=\"https:\/\/thilomuster.info\/en\/events\/dritte-arlesheimer-orgelnacht\/\">Weitere Informationen<\/a>\r\n\t\t\t\r\n\t\t<\/div>\r\n\t<\/div>\r\n<\/div><div class=\"em-event em-item\" style=\"--default-border:#FFFFFF;\">\r\n\t<div class=\"em-item-image has-placeholder\">\r\n\t\t\r\n\t\t\r\n\t\t<div class=\"em-item-image-placeholder\">\r\n\t\t\t<div class=\"date\">\r\n\t\t\t\t<span class=\"day\">07<\/span>\r\n\t\t\t\t<span class=\"month\">Sep<\/span>\r\n\t\t\t<\/div>\r\n\t\t<\/div>\r\n\t\t\r\n\t<\/div>\r\n\t<div class=\"em-item-info\">\r\n\t\t<h3 class=\"em-item-title\"><a href=\"https:\/\/thilomuster.info\/en\/events\/einweihung-der-neuen-klahre-orgel\/\">Einweihung der neuen Klahre-Orgel<\/a><\/h3>\r\n\t\t<h4>Hofstetten \/ CH<\/h4>\r\n\t\t<div class=\"em-event-meta em-item-meta\">\r\n\t\t\t<div class=\"em-item-meta-line em-event-date em-event-meta-datetime\">\r\n\t\t\t\t<span class=\"em-icon-calendar em-icon\"><\/span>\r\n\t\t\t\t07.09.2025\u00a0\u00a0\u00a0\u00a0\r\n\t\t\t<\/div>\r\n\t\t\t<div class=\"em-item-meta-line em-event-time em-event-meta-datetime\">\r\n\t\t\t\t<span class=\"em-icon-clock em-icon\"><\/span>\r\n\t\t\t\t11:00 - 12:30\r\n\t\t\t<\/div>\r\n\t\t\t\r\n\t\t\t\r\n\t\t\t<div class=\"em-item-meta-line em-event-location\">\r\n\t\t\t\t<span class=\"em-icon-location em-icon\"><\/span>\r\n\t\t\t\t<a href=\"https:\/\/thilomuster.info\/locations\/kath-kirche-3\/\">kath. Kirche<\/a>\r\n\t\t\t<\/div>\r\n\t\t\t\r\n\t\t\t\r\n\t\t\t\r\n\t\t\t<div class=\"em-item-meta-line em-item-taxonomy em-event-categories\">\r\n\t\t\t\t<span class=\"em-icon-category em-icon\"><\/span>\r\n\t\t\t\t<div>\t<ul class=\"event-categories\">\r\n\t\t\t\t\t<li><a href=\"https:\/\/thilomuster.info\/en\/events\/categories\/concerts\/\">Concerts<\/a><\/li>\r\n\t\t\t\t\t<li><a href=\"https:\/\/thilomuster.info\/en\/events\/categories\/recital\/\">Recital<\/a><\/li>\r\n\t\t\t<\/ul>\r\n\t<\/div>\r\n\t\t\t<\/div>\r\n\t\t\t\r\n\t\t\t\r\n\t\t<\/div>\r\n\t\t<div class=\"em-item-desc\">\r\n\t\t\tC\u00e4cilienchor Hofstetten-Fl\u00fch, Chor Metzerlen An der Orgel: Thilo Muster, Christian Thomann\r\n\t\t<\/div>\r\n\t\t<div class=\"em-item-actions input\">\r\n\t\t\t<a class=\"em-item-read-more button\" href=\"https:\/\/thilomuster.info\/en\/events\/einweihung-der-neuen-klahre-orgel\/\">Weitere Informationen<\/a>\r\n\t\t\t\r\n\t\t<\/div>\r\n\t<\/div>\r\n<\/div><div class=\"em-event em-item\" style=\"--default-border:#FFFFFF;\">\r\n\t<div class=\"em-item-image \">\r\n\t\t\r\n\t\t<img src='https:\/\/thilomuster.info\/wp-content\/uploads\/2023\/08\/Solothurn_-_St-_Ursen_-_Orgel.jpg' alt='Orgelkonzert'\/>\r\n\t\t\r\n\t\t\r\n\t<\/div>\r\n\t<div class=\"em-item-info\">\r\n\t\t<h3 class=\"em-item-title\"><a href=\"https:\/\/thilomuster.info\/en\/events\/orgelkonzert\/\">Orgelkonzert<\/a><\/h3>\r\n\t\t<h4>Solothurn \/ CH<\/h4>\r\n\t\t<div class=\"em-event-meta em-item-meta\">\r\n\t\t\t<div class=\"em-item-meta-line em-event-date em-event-meta-datetime\">\r\n\t\t\t\t<span class=\"em-icon-calendar em-icon\"><\/span>\r\n\t\t\t\t08.07.2025\u00a0\u00a0\u00a0\u00a0\r\n\t\t\t<\/div>\r\n\t\t\t<div class=\"em-item-meta-line em-event-time em-event-meta-datetime\">\r\n\t\t\t\t<span class=\"em-icon-clock em-icon\"><\/span>\r\n\t\t\t\t18:00 - 19:00\r\n\t\t\t<\/div>\r\n\t\t\t\r\n\t\t\t\r\n\t\t\t<div class=\"em-item-meta-line em-event-location\">\r\n\t\t\t\t<span class=\"em-icon-location em-icon\"><\/span>\r\n\t\t\t\t<a href=\"https:\/\/thilomuster.info\/locations\/st-ursen-kathedrale\/\">St. Ursen-Kathedrale<\/a>\r\n\t\t\t<\/div>\r\n\t\t\t\r\n\t\t\t\r\n\t\t\t\r\n\t\t\t<div class=\"em-item-meta-line em-item-taxonomy em-event-categories\">\r\n\t\t\t\t<span class=\"em-icon-category em-icon\"><\/span>\r\n\t\t\t\t<div>\t<ul class=\"event-categories\">\r\n\t\t\t\t\t<li><a href=\"https:\/\/thilomuster.info\/en\/events\/categories\/concerts\/\">Concerts<\/a><\/li>\r\n\t\t\t\t\t<li><a href=\"https:\/\/thilomuster.info\/en\/events\/categories\/recital\/\">Recital<\/a><\/li>\r\n\t\t\t<\/ul>\r\n\t<\/div>\r\n\t\t\t<\/div>\r\n\t\t\t\r\n\t\t\t\r\n\t\t<\/div>\r\n\t\t<div class=\"em-item-desc\">\r\n\t\t\tThilo Muster spielt auf der Prozessionsorgel, der Chororgel und der Hauptorgel www.orgelkonzertesolothurn.ch\r\n\t\t<\/div>\r\n\t\t<div class=\"em-item-actions input\">\r\n\t\t\t<a class=\"em-item-read-more button\" href=\"https:\/\/thilomuster.info\/en\/events\/orgelkonzert\/\">Weitere Informationen<\/a>\r\n\t\t\t\r\n\t\t<\/div>\r\n\t<\/div>\r\n<\/div><div class=\"em-event em-item\" style=\"--default-border:#FFFFFF;\">\r\n\t<div class=\"em-item-image \">\r\n\t\t\r\n\t\t<img src='https:\/\/thilomuster.info\/wp-content\/uploads\/2024\/10\/H0KFGSWfS1lgX8lxazKsSqmwXxuBitw6M8HOWgOb.jpg' alt='Orgues Estivales de la Cath\u00e9drale'\/>\r\n\t\t\r\n\t\t\r\n\t<\/div>\r\n\t<div class=\"em-item-info\">\r\n\t\t<h3 class=\"em-item-title\"><a href=\"https:\/\/thilomuster.info\/en\/events\/orgues-estivales-de-la-cathedrale\/\">Orgues Estivales de la Cath\u00e9drale<\/a><\/h3>\r\n\t\t<h4>Fribourg \/ CH<\/h4>\r\n\t\t<div class=\"em-event-meta em-item-meta\">\r\n\t\t\t<div class=\"em-item-meta-line em-event-date em-event-meta-datetime\">\r\n\t\t\t\t<span class=\"em-icon-calendar em-icon\"><\/span>\r\n\t\t\t\t02.07.2025\u00a0\u00a0\u00a0\u00a0\r\n\t\t\t<\/div>\r\n\t\t\t<div class=\"em-item-meta-line em-event-time em-event-meta-datetime\">\r\n\t\t\t\t<span class=\"em-icon-clock em-icon\"><\/span>\r\n\t\t\t\t12:15 - 13:00\r\n\t\t\t<\/div>\r\n\t\t\t\r\n\t\t\t\r\n\t\t\t<div class=\"em-item-meta-line em-event-location\">\r\n\t\t\t\t<span class=\"em-icon-location em-icon\"><\/span>\r\n\t\t\t\t<a href=\"https:\/\/thilomuster.info\/locations\/cathedrale-saint-nicolas\/\">Cath\u00e9drale Saint-Nicolas<\/a>\r\n\t\t\t<\/div>\r\n\t\t\t\r\n\t\t\t\r\n\t\t\t\r\n\t\t\t<div class=\"em-item-meta-line em-item-taxonomy em-event-categories\">\r\n\t\t\t\t<span class=\"em-icon-category em-icon\"><\/span>\r\n\t\t\t\t<div>\t<ul class=\"event-categories\">\r\n\t\t\t\t\t<li><a href=\"https:\/\/thilomuster.info\/en\/events\/categories\/concerts\/\">Concerts<\/a><\/li>\r\n\t\t\t\t\t<li><a href=\"https:\/\/thilomuster.info\/en\/events\/categories\/recital\/\">Recital<\/a><\/li>\r\n\t\t\t<\/ul>\r\n\t<\/div>\r\n\t\t\t<\/div>\r\n\t\t\t\r\n\t\t\t\r\n\t\t<\/div>\r\n\t\t<div class=\"em-item-desc\">\r\n\t\t\t\u0152uvres de Anonymus, John Bull, William Byrd, (orgue de ch\u0153ur) Joseph Jongen et Thilo Muster (Wanderings), (grandes orgues) www.concerts-cathedrale-fribourg.ch &nbsp;\r\n\t\t<\/div>\r\n\t\t<div class=\"em-item-actions input\">\r\n\t\t\t<a class=\"em-item-read-more button\" href=\"https:\/\/thilomuster.info\/en\/events\/orgues-estivales-de-la-cathedrale\/\">Weitere Informationen<\/a>\r\n\t\t\t\r\n\t\t<\/div>\r\n\t<\/div>\r\n<\/div><div class=\"em-event em-item\" style=\"--default-border:#FFFFFF;\">\r\n\t<div class=\"em-item-image \">\r\n\t\t\r\n\t\t<img src='https:\/\/thilomuster.info\/wp-content\/uploads\/2020\/11\/FlyerDneu-scaled.jpg' alt='Taragot &amp; Orgel \u2013 umwerfender Balkansound'\/>\r\n\t\t\r\n\t\t\r\n\t<\/div>\r\n\t<div class=\"em-item-info\">\r\n\t\t<h3 class=\"em-item-title\"><a href=\"https:\/\/thilomuster.info\/en\/events\/taragot-orgel-umwerfender-balkansound-13\/\">Taragot &amp; Orgel \u2013 umwerfender Balkansound<\/a><\/h3>\r\n\t\t<h4>Berzona \/ CH<\/h4>\r\n\t\t<div class=\"em-event-meta em-item-meta\">\r\n\t\t\t<div class=\"em-item-meta-line em-event-date em-event-meta-datetime\">\r\n\t\t\t\t<span class=\"em-icon-calendar em-icon\"><\/span>\r\n\t\t\t\t07.06.2025\u00a0\u00a0\u00a0\u00a0\r\n\t\t\t<\/div>\r\n\t\t\t<div class=\"em-item-meta-line em-event-time em-event-meta-datetime\">\r\n\t\t\t\t<span class=\"em-icon-clock em-icon\"><\/span>\r\n\t\t\t\t15:30 - 16:30\r\n\t\t\t<\/div>\r\n\t\t\t\r\n\t\t\t\r\n\t\t\t<div class=\"em-item-meta-line em-event-location\">\r\n\t\t\t\t<span class=\"em-icon-location em-icon\"><\/span>\r\n\t\t\t\t<a href=\"https:\/\/thilomuster.info\/locations\/chiesa-di-s-defendente\/\">Chiesa di S. Defendente<\/a>\r\n\t\t\t<\/div>\r\n\t\t\t\r\n\t\t\t\r\n\t\t\t\r\n\t\t\t<div class=\"em-item-meta-line em-item-taxonomy em-event-categories\">\r\n\t\t\t\t<span class=\"em-icon-category em-icon\"><\/span>\r\n\t\t\t\t<div>\t<ul class=\"event-categories\">\r\n\t\t\t\t\t<li><a href=\"https:\/\/thilomuster.info\/en\/events\/categories\/concerts\/\">Concerts<\/a><\/li>\r\n\t\t\t\t\t<li><a href=\"https:\/\/thilomuster.info\/en\/events\/categories\/taragot-organ\/\">Taragot &amp; Organ<\/a><\/li>\r\n\t\t\t<\/ul>\r\n\t<\/div>\r\n\t\t\t<\/div>\r\n\t\t\t\r\n\t\t\t\r\n\t\t<\/div>\r\n\t\t<div class=\"em-item-desc\">\r\n\t\t\tZusammen mit Samuel Freiburghaus, Taragot, Klarinetten, Frula &amp; Bassethorn Musik des Balkans, der Lautari und Klezmorim aus Rum\u00e4nien, Bulgarien, Serbien, Albanien, Griechenland, Azerbaidschan und Armenien\r\n\t\t<\/div>\r\n\t\t<div class=\"em-item-actions input\">\r\n\t\t\t<a class=\"em-item-read-more button\" href=\"https:\/\/thilomuster.info\/en\/events\/taragot-orgel-umwerfender-balkansound-13\/\">Weitere Informationen<\/a>\r\n\t\t\t\r\n\t\t<\/div>\r\n\t<\/div>\r\n<\/div><div class=\"em-event em-item\" style=\"--default-border:#FFFFFF;\">\r\n\t<div class=\"em-item-image \">\r\n\t\t\r\n\t\t<img src='https:\/\/thilomuster.info\/wp-content\/uploads\/2020\/11\/FlyerDneu-scaled.jpg' alt='Taragot &amp; Orgel \u2013 umwerfender Balkansound.'\/>\r\n\t\t\r\n\t\t\r\n\t<\/div>\r\n\t<div class=\"em-item-info\">\r\n\t\t<h3 class=\"em-item-title\"><a href=\"https:\/\/thilomuster.info\/en\/events\/taragot-orgel-umwerfender-balkansound-12\/\">Taragot &amp; Orgel \u2013 umwerfender Balkansound.<\/a><\/h3>\r\n\t\t<h4>Wittnau <\/h4>\r\n\t\t<div class=\"em-event-meta em-item-meta\">\r\n\t\t\t<div class=\"em-item-meta-line em-event-date em-event-meta-datetime\">\r\n\t\t\t\t<span class=\"em-icon-calendar em-icon\"><\/span>\r\n\t\t\t\t30.03.2025\u00a0\u00a0\u00a0\u00a0\r\n\t\t\t<\/div>\r\n\t\t\t<div class=\"em-item-meta-line em-event-time em-event-meta-datetime\">\r\n\t\t\t\t<span class=\"em-icon-clock em-icon\"><\/span>\r\n\t\t\t\t17:00 - 18:15\r\n\t\t\t<\/div>\r\n\t\t\t\r\n\t\t\t\r\n\t\t\t<div class=\"em-item-meta-line em-event-location\">\r\n\t\t\t\t<span class=\"em-icon-location em-icon\"><\/span>\r\n\t\t\t\t<a href=\"https:\/\/thilomuster.info\/locations\/kirche-st-martin\/\">Kirche St. Martin<\/a>\r\n\t\t\t<\/div>\r\n\t\t\t\r\n\t\t\t\r\n\t\t\t\r\n\t\t\t<div class=\"em-item-meta-line em-item-taxonomy em-event-categories\">\r\n\t\t\t\t<span class=\"em-icon-category em-icon\"><\/span>\r\n\t\t\t\t<div>\t<ul class=\"event-categories\">\r\n\t\t\t\t\t<li><a href=\"https:\/\/thilomuster.info\/en\/events\/categories\/concerts\/\">Concerts<\/a><\/li>\r\n\t\t\t\t\t<li><a href=\"https:\/\/thilomuster.info\/en\/events\/categories\/taragot-organ\/\">Taragot &amp; Organ<\/a><\/li>\r\n\t\t\t<\/ul>\r\n\t<\/div>\r\n\t\t\t<\/div>\r\n\t\t\t\r\n\t\t\t\r\n\t\t<\/div>\r\n\t\t<div class=\"em-item-desc\">\r\n\t\t\tZusammen mit Samuel Freiburghaus, Taragot, Klarinetten, Frula &amp; Bassethorn Musik des Balkans, der Lautari und Klezmorim aus Rum\u00e4nien, Bulgarien, Serbien, Albanien, Griechenland, Azerbaidschan und Armenien\r\n\t\t<\/div>\r\n\t\t<div class=\"em-item-actions input\">\r\n\t\t\t<a class=\"em-item-read-more button\" href=\"https:\/\/thilomuster.info\/en\/events\/taragot-orgel-umwerfender-balkansound-12\/\">Weitere Informationen<\/a>\r\n\t\t\t\r\n\t\t<\/div>\r\n\t<\/div>\r\n<\/div><div class=\"em-event em-item\" style=\"--default-border:#FFFFFF;\">\r\n\t<div class=\"em-item-image \">\r\n\t\t\r\n\t\t<img src='https:\/\/thilomuster.info\/wp-content\/uploads\/2020\/11\/FlyerDneu-scaled.jpg' alt='Taragot &amp; Orgel \u2013 umwerfender Balkansound. Benefizkonzert'\/>\r\n\t\t\r\n\t\t\r\n\t<\/div>\r\n\t<div class=\"em-item-info\">\r\n\t\t<h3 class=\"em-item-title\"><a href=\"https:\/\/thilomuster.info\/en\/events\/taragot-orgel-umwerfender-balkansound-benefizkonzert\/\">Taragot &amp; Orgel \u2013 umwerfender Balkansound. Benefizkonzert<\/a><\/h3>\r\n\t\t<h4>Basel \/ CH<\/h4>\r\n\t\t<div class=\"em-event-meta em-item-meta\">\r\n\t\t\t<div class=\"em-item-meta-line em-event-date em-event-meta-datetime\">\r\n\t\t\t\t<span class=\"em-icon-calendar em-icon\"><\/span>\r\n\t\t\t\t21.03.2025\u00a0\u00a0\u00a0\u00a0\r\n\t\t\t<\/div>\r\n\t\t\t<div class=\"em-item-meta-line em-event-time em-event-meta-datetime\">\r\n\t\t\t\t<span class=\"em-icon-clock em-icon\"><\/span>\r\n\t\t\t\t19:30 - 20:45\r\n\t\t\t<\/div>\r\n\t\t\t\r\n\t\t\t\r\n\t\t\t<div class=\"em-item-meta-line em-event-location\">\r\n\t\t\t\t<span class=\"em-icon-location em-icon\"><\/span>\r\n\t\t\t\t<a href=\"https:\/\/thilomuster.info\/locations\/pauluskirche\/\">Pauluskirche<\/a>\r\n\t\t\t<\/div>\r\n\t\t\t\r\n\t\t\t\r\n\t\t\t\r\n\t\t\t<div class=\"em-item-meta-line em-item-taxonomy em-event-categories\">\r\n\t\t\t\t<span class=\"em-icon-category em-icon\"><\/span>\r\n\t\t\t\t<div>\t<ul class=\"event-categories\">\r\n\t\t\t\t\t<li><a href=\"https:\/\/thilomuster.info\/en\/events\/categories\/concerts\/\">Concerts<\/a><\/li>\r\n\t\t\t\t\t<li><a href=\"https:\/\/thilomuster.info\/en\/events\/categories\/taragot-organ\/\">Taragot &amp; Organ<\/a><\/li>\r\n\t\t\t<\/ul>\r\n\t<\/div>\r\n\t\t\t<\/div>\r\n\t\t\t\r\n\t\t\t\r\n\t\t<\/div>\r\n\t\t<div class=\"em-item-desc\">\r\n\t\t\tZusammen mit Samuel Freiburghaus, Taragot, Klarinetten, Frula &amp; Bassethorn Musik des Balkans, der Lautari und Klezmorim aus Rum\u00e4nien, Bulgarien, Serbien, Albanien, Griechenland, Azerbaidschan und Armenien [...]\r\n\t\t<\/div>\r\n\t\t<div class=\"em-item-actions input\">\r\n\t\t\t<a class=\"em-item-read-more button\" href=\"https:\/\/thilomuster.info\/en\/events\/taragot-orgel-umwerfender-balkansound-benefizkonzert\/\">Weitere Informationen<\/a>\r\n\t\t\t\r\n\t\t<\/div>\r\n\t<\/div>\r\n<\/div><div class=\"em-event em-item\" style=\"--default-border:#FFFFFF;\">\r\n\t<div class=\"em-item-image \">\r\n\t\t\r\n\t\t<img src='https:\/\/thilomuster.info\/wp-content\/uploads\/2020\/11\/FlyerDneu-scaled.jpg' alt='Musik unter Sternen: Taragot &amp; Orgel'\/>\r\n\t\t\r\n\t\t\r\n\t<\/div>\r\n\t<div class=\"em-item-info\">\r\n\t\t<h3 class=\"em-item-title\"><a href=\"https:\/\/thilomuster.info\/en\/events\/musik-unter-sternen-taragot-orgel\/\">Musik unter Sternen: Taragot &amp; Orgel<\/a><\/h3>\r\n\t\t<h4>Arlesheim <\/h4>\r\n\t\t<div class=\"em-event-meta em-item-meta\">\r\n\t\t\t<div class=\"em-item-meta-line em-event-date em-event-meta-datetime\">\r\n\t\t\t\t<span class=\"em-icon-calendar em-icon\"><\/span>\r\n\t\t\t\t15.02.2025\u00a0\u00a0\u00a0\u00a0\r\n\t\t\t<\/div>\r\n\t\t\t<div class=\"em-item-meta-line em-event-time em-event-meta-datetime\">\r\n\t\t\t\t<span class=\"em-icon-clock em-icon\"><\/span>\r\n\t\t\t\t17:30 - 18:15\r\n\t\t\t<\/div>\r\n\t\t\t\r\n\t\t\t\r\n\t\t\t<div class=\"em-item-meta-line em-event-location\">\r\n\t\t\t\t<span class=\"em-icon-location em-icon\"><\/span>\r\n\t\t\t\t<a href=\"https:\/\/thilomuster.info\/en\/locations\/reformierte-kirche\/\">reformierte Kirche<\/a>\r\n\t\t\t<\/div>\r\n\t\t\t\r\n\t\t\t\r\n\t\t\t\r\n\t\t\t<div class=\"em-item-meta-line em-item-taxonomy em-event-categories\">\r\n\t\t\t\t<span class=\"em-icon-category em-icon\"><\/span>\r\n\t\t\t\t<div>\t<ul class=\"event-categories\">\r\n\t\t\t\t\t<li><a href=\"https:\/\/thilomuster.info\/en\/events\/categories\/concerts\/\">Concerts<\/a><\/li>\r\n\t\t\t\t\t<li><a href=\"https:\/\/thilomuster.info\/en\/events\/categories\/taragot-organ\/\">Taragot &amp; Organ<\/a><\/li>\r\n\t\t\t<\/ul>\r\n\t<\/div>\r\n\t\t\t<\/div>\r\n\t\t\t\r\n\t\t\t\r\n\t\t<\/div>\r\n\t\t<div class=\"em-item-desc\">\r\n\t\t\tUmwerfender Balkansound mit Samuel Freiburghaus,\u00a0Taragot, Frula, Bassethorn und Klarinetten und Thilo Muster, Orgel\r\n\t\t<\/div>\r\n\t\t<div class=\"em-item-actions input\">\r\n\t\t\t<a class=\"em-item-read-more button\" href=\"https:\/\/thilomuster.info\/en\/events\/musik-unter-sternen-taragot-orgel\/\">Weitere Informationen<\/a>\r\n\t\t\t\r\n\t\t<\/div>\r\n\t<\/div>\r\n<\/div><div class=\"em-event em-item\" style=\"--default-border:#FFFFFF;\">\r\n\t<div class=\"em-item-image \">\r\n\t\t\r\n\t\t<img src='https:\/\/thilomuster.info\/wp-content\/uploads\/2021\/11\/Flyerneufr-scaled.jpg' alt='Taragot &amp; Orgue \u2013 le souffle des Balkans'\/>\r\n\t\t\r\n\t\t\r\n\t<\/div>\r\n\t<div class=\"em-item-info\">\r\n\t\t<h3 class=\"em-item-title\"><a href=\"https:\/\/thilomuster.info\/en\/events\/taragot-orgue-le-souffle-des-balkans-4\/\">Taragot &amp; Orgue \u2013 le souffle des Balkans<\/a><\/h3>\r\n\t\t<h4>Le Locle \/ CH<\/h4>\r\n\t\t<div class=\"em-event-meta em-item-meta\">\r\n\t\t\t<div class=\"em-item-meta-line em-event-date em-event-meta-datetime\">\r\n\t\t\t\t<span class=\"em-icon-calendar em-icon\"><\/span>\r\n\t\t\t\t02.02.2025\u00a0\u00a0\u00a0\u00a0\r\n\t\t\t<\/div>\r\n\t\t\t<div class=\"em-item-meta-line em-event-time em-event-meta-datetime\">\r\n\t\t\t\t<span class=\"em-icon-clock em-icon\"><\/span>\r\n\t\t\t\t17:00 - 18:15\r\n\t\t\t<\/div>\r\n\t\t\t\r\n\t\t\t\r\n\t\t\t<div class=\"em-item-meta-line em-event-location\">\r\n\t\t\t\t<span class=\"em-icon-location em-icon\"><\/span>\r\n\t\t\t\t<a href=\"https:\/\/thilomuster.info\/locations\/temple-2\/\">Temple<\/a>\r\n\t\t\t<\/div>\r\n\t\t\t\r\n\t\t\t\r\n\t\t\t\r\n\t\t\t<div class=\"em-item-meta-line em-item-taxonomy em-event-categories\">\r\n\t\t\t\t<span class=\"em-icon-category em-icon\"><\/span>\r\n\t\t\t\t<div>\t<ul class=\"event-categories\">\r\n\t\t\t\t\t<li><a href=\"https:\/\/thilomuster.info\/en\/events\/categories\/concerts\/\">Concerts<\/a><\/li>\r\n\t\t\t\t\t<li><a href=\"https:\/\/thilomuster.info\/en\/events\/categories\/taragot-organ\/\">Taragot &amp; Organ<\/a><\/li>\r\n\t\t\t<\/ul>\r\n\t<\/div>\r\n\t\t\t<\/div>\r\n\t\t\t\r\n\t\t\t\r\n\t\t<\/div>\r\n\t\t<div class=\"em-item-desc\">\r\n\t\t\tMusique des Balkans, des Lautari et Klezmorim de Roumanie, Serbie, Bulgarie, Albanie, Azerbaidjan, Arm\u00e9nie avec Samuel Freiburghaus, taragot, frula et clarinettes\r\n\t\t<\/div>\r\n\t\t<div class=\"em-item-actions input\">\r\n\t\t\t<a class=\"em-item-read-more button\" href=\"https:\/\/thilomuster.info\/en\/events\/taragot-orgue-le-souffle-des-balkans-4\/\">Weitere Informationen<\/a>\r\n\t\t\t\r\n\t\t<\/div>\r\n\t<\/div>\r\n<\/div><div class=\"em-event em-item\" style=\"--default-border:#FFFFFF;\">\r\n\t<div class=\"em-item-image \">\r\n\t\t\r\n\t\t<img src='https:\/\/thilomuster.info\/wp-content\/uploads\/2020\/11\/FlyerDneu-scaled.jpg' alt='Taragot &amp; Orgel \u2013 umwerfender Balkansound'\/>\r\n\t\t\r\n\t\t\r\n\t<\/div>\r\n\t<div class=\"em-item-info\">\r\n\t\t<h3 class=\"em-item-title\"><a href=\"https:\/\/thilomuster.info\/en\/events\/taragot-orgel-umwerfender-balkansound-11\/\">Taragot &amp; Orgel \u2013 umwerfender Balkansound<\/a><\/h3>\r\n\t\t<h4>Basel \/ CH<\/h4>\r\n\t\t<div class=\"em-event-meta em-item-meta\">\r\n\t\t\t<div class=\"em-item-meta-line em-event-date em-event-meta-datetime\">\r\n\t\t\t\t<span class=\"em-icon-calendar em-icon\"><\/span>\r\n\t\t\t\t13.11.2024\u00a0\u00a0\u00a0\u00a0\r\n\t\t\t<\/div>\r\n\t\t\t<div class=\"em-item-meta-line em-event-time em-event-meta-datetime\">\r\n\t\t\t\t<span class=\"em-icon-clock em-icon\"><\/span>\r\n\t\t\t\t18:00 - 18:45\r\n\t\t\t<\/div>\r\n\t\t\t\r\n\t\t\t\r\n\t\t\t<div class=\"em-item-meta-line em-event-location\">\r\n\t\t\t\t<span class=\"em-icon-location em-icon\"><\/span>\r\n\t\t\t\t<a href=\"https:\/\/thilomuster.info\/en\/locations\/theodorskirche-2\/\">Theodorskirche<\/a>\r\n\t\t\t<\/div>\r\n\t\t\t\r\n\t\t\t\r\n\t\t\t\r\n\t\t\t<div class=\"em-item-meta-line em-item-taxonomy em-event-categories\">\r\n\t\t\t\t<span class=\"em-icon-category em-icon\"><\/span>\r\n\t\t\t\t<div>\t<ul class=\"event-categories\">\r\n\t\t\t\t\t<li><a href=\"https:\/\/thilomuster.info\/en\/events\/categories\/concerts\/\">Concerts<\/a><\/li>\r\n\t\t\t\t\t<li><a href=\"https:\/\/thilomuster.info\/en\/events\/categories\/taragot-organ\/\">Taragot &amp; Organ<\/a><\/li>\r\n\t\t\t<\/ul>\r\n\t<\/div>\r\n\t\t\t<\/div>\r\n\t\t\t\r\n\t\t\t\r\n\t\t<\/div>\r\n\t\t<div class=\"em-item-desc\">\r\n\t\t\tZusammen mit Samuel Freiburghaus, Taragot, Klarinetten, Frula &amp; Bassethorn Musik des Balkans, der Lautari und Klezmorim aus Rum\u00e4nien, Bulgarien, Serbien, Albanien, Griechenland, Azerbaidschan und Armenien [...]\r\n\t\t<\/div>\r\n\t\t<div class=\"em-item-actions input\">\r\n\t\t\t<a class=\"em-item-read-more button\" href=\"https:\/\/thilomuster.info\/en\/events\/taragot-orgel-umwerfender-balkansound-11\/\">Weitere Informationen<\/a>\r\n\t\t\t\r\n\t\t<\/div>\r\n\t<\/div>\r\n<\/div><div class=\"em-event em-item\" style=\"--default-border:#FFFFFF;\">\r\n\t<div class=\"em-item-image \">\r\n\t\t\r\n\t\t<img src='https:\/\/thilomuster.info\/wp-content\/uploads\/2024\/08\/scene02.jpg' alt='Cercle Bach Gen\u00e8ve \u2013 Rutter, Hagen'\/>\r\n\t\t\r\n\t\t\r\n\t<\/div>\r\n\t<div class=\"em-item-info\">\r\n\t\t<h3 class=\"em-item-title\"><a href=\"https:\/\/thilomuster.info\/en\/events\/cercle-bach-geneve-rutter-hagen\/\">Cercle Bach Gen\u00e8ve \u2013 Rutter, Hagen<\/a><\/h3>\r\n\t\t<h4>Gen\u00e8ve \/ CH<\/h4>\r\n\t\t<div class=\"em-event-meta em-item-meta\">\r\n\t\t\t<div class=\"em-item-meta-line em-event-date em-event-meta-datetime\">\r\n\t\t\t\t<span class=\"em-icon-calendar em-icon\"><\/span>\r\n\t\t\t\t10.11.2024\u00a0\u00a0\u00a0\u00a0\r\n\t\t\t<\/div>\r\n\t\t\t<div class=\"em-item-meta-line em-event-time em-event-meta-datetime\">\r\n\t\t\t\t<span class=\"em-icon-clock em-icon\"><\/span>\r\n\t\t\t\t17:00 - 18:30\r\n\t\t\t<\/div>\r\n\t\t\t\r\n\t\t\t\r\n\t\t\t<div class=\"em-item-meta-line em-event-location\">\r\n\t\t\t\t<span class=\"em-icon-location em-icon\"><\/span>\r\n\t\t\t\t<a href=\"https:\/\/thilomuster.info\/en\/locations\/victoria-hall\/\">Victoria Hall<\/a>\r\n\t\t\t<\/div>\r\n\t\t\t\r\n\t\t\t\r\n\t\t\t\r\n\t\t\t<div class=\"em-item-meta-line em-item-taxonomy em-event-categories\">\r\n\t\t\t\t<span class=\"em-icon-category em-icon\"><\/span>\r\n\t\t\t\t<div>\t<ul class=\"event-categories\">\r\n\t\t\t\t\t<li><a href=\"https:\/\/thilomuster.info\/en\/events\/categories\/concerts\/\">Concerts<\/a><\/li>\r\n\t\t\t<\/ul>\r\n\t<\/div>\r\n\t\t\t<\/div>\r\n\t\t\t\r\n\t\t\t\r\n\t\t<\/div>\r\n\t\t<div class=\"em-item-desc\">\r\n\t\t\tJohn Rutter: Te Deum &amp; Gloria Daron Hagen: Everyone, Everywhere Mi-Young Kim,\u00a0mezzo-soprano Shavon Lloyd, baryton Thilo Muster, orgue Cercle Bach Cantus Laetus Ma\u00eetrise du CPMDT [...]\r\n\t\t<\/div>\r\n\t\t<div class=\"em-item-actions input\">\r\n\t\t\t<a class=\"em-item-read-more button\" href=\"https:\/\/thilomuster.info\/en\/events\/cercle-bach-geneve-rutter-hagen\/\">Weitere Informationen<\/a>\r\n\t\t\t\r\n\t\t<\/div>\r\n\t<\/div>\r\n<\/div><div class=\"em-event em-item\" style=\"--default-border:#a8d144;\">\r\n\t<div class=\"em-item-image \">\r\n\t\t\r\n\t\t<img src='https:\/\/thilomuster.info\/wp-content\/uploads\/2022\/12\/Bruckner-Dudelange-IIb-15.1.23.jpg' alt='Bruckner Symphonie Nr. 9 d-moll f\u00fcr Orgel'\/>\r\n\t\t\r\n\t\t\r\n\t<\/div>\r\n\t<div class=\"em-item-info\">\r\n\t\t<h3 class=\"em-item-title\"><a href=\"https:\/\/thilomuster.info\/en\/events\/bruckner-symphonie-nr-9-d-moll-fuer-orgel-10\/\">Bruckner Symphonie Nr. 9 d-moll f\u00fcr Orgel<\/a><\/h3>\r\n\t\t<h4>Dudelange \/ LUX<\/h4>\r\n\t\t<div class=\"em-event-meta em-item-meta\">\r\n\t\t\t<div class=\"em-item-meta-line em-event-date em-event-meta-datetime\">\r\n\t\t\t\t<span class=\"em-icon-calendar em-icon\"><\/span>\r\n\t\t\t\t02.11.2024\u00a0\u00a0\u00a0\u00a0\r\n\t\t\t<\/div>\r\n\t\t\t<div class=\"em-item-meta-line em-event-time em-event-meta-datetime\">\r\n\t\t\t\t<span class=\"em-icon-clock em-icon\"><\/span>\r\n\t\t\t\t19:30 - 20:45\r\n\t\t\t<\/div>\r\n\t\t\t\r\n\t\t\t\r\n\t\t\t<div class=\"em-item-meta-line em-event-location\">\r\n\t\t\t\t<span class=\"em-icon-location em-icon\"><\/span>\r\n\t\t\t\t<a href=\"https:\/\/thilomuster.info\/en\/locations\/eglise-saint-martin\/\">\u00c9glise Saint-Martin<\/a>\r\n\t\t\t<\/div>\r\n\t\t\t\r\n\t\t\t\r\n\t\t\t\r\n\t\t\t<div class=\"em-item-meta-line em-item-taxonomy em-event-categories\">\r\n\t\t\t\t<span class=\"em-icon-category em-icon\"><\/span>\r\n\t\t\t\t<div>\t<ul class=\"event-categories\">\r\n\t\t\t\t\t<li><a href=\"https:\/\/thilomuster.info\/en\/events\/categories\/bruckner-s-ninth\/\">Bruckner&#039;s Ninth<\/a><\/li>\r\n\t\t\t\t\t<li><a href=\"https:\/\/thilomuster.info\/en\/events\/categories\/concerts\/\">Concerts<\/a><\/li>\r\n\t\t\t\t\t<li><a href=\"https:\/\/thilomuster.info\/en\/events\/categories\/recital\/\">Recital<\/a><\/li>\r\n\t\t\t<\/ul>\r\n\t<\/div>\r\n\t\t\t<\/div>\r\n\t\t\t\r\n\t\t\t\r\n\t\t<\/div>\r\n\t\t<div class=\"em-item-desc\">\r\n\t\t\tAnton Bruckner: Symphonie Nr. 9 d-moll\u00a0in der kongenialen Bearbeitung f\u00fcr Orgel von\u00a0Eberhard Klotz Eintritt frei \u2013 Kollekte\r\n\t\t<\/div>\r\n\t\t<div class=\"em-item-actions input\">\r\n\t\t\t<a class=\"em-item-read-more button\" href=\"https:\/\/thilomuster.info\/en\/events\/bruckner-symphonie-nr-9-d-moll-fuer-orgel-10\/\">Weitere Informationen<\/a>\r\n\t\t\t\r\n\t\t<\/div>\r\n\t<\/div>\r\n<\/div><div class=\"em-event em-item\" style=\"--default-border:#FFFFFF;\">\r\n\t<div class=\"em-item-image \">\r\n\t\t\r\n\t\t<img src='https:\/\/thilomuster.info\/wp-content\/uploads\/2021\/11\/Flyerneufr-scaled.jpg' alt='Taragot &amp; Orgue \u2013 le souffle des Balkans'\/>\r\n\t\t\r\n\t\t\r\n\t<\/div>\r\n\t<div class=\"em-item-info\">\r\n\t\t<h3 class=\"em-item-title\"><a href=\"https:\/\/thilomuster.info\/en\/events\/taragot-orgue-le-souffle-des-balkans-3\/\">Taragot &amp; Orgue \u2013 le souffle des Balkans<\/a><\/h3>\r\n\t\t<h4>Gen\u00e8ve \/ CH<\/h4>\r\n\t\t<div class=\"em-event-meta em-item-meta\">\r\n\t\t\t<div class=\"em-item-meta-line em-event-date em-event-meta-datetime\">\r\n\t\t\t\t<span class=\"em-icon-calendar em-icon\"><\/span>\r\n\t\t\t\t29.09.2024\u00a0\u00a0\u00a0\u00a0\r\n\t\t\t<\/div>\r\n\t\t\t<div class=\"em-item-meta-line em-event-time em-event-meta-datetime\">\r\n\t\t\t\t<span class=\"em-icon-clock em-icon\"><\/span>\r\n\t\t\t\t17:00 - 18:15\r\n\t\t\t<\/div>\r\n\t\t\t\r\n\t\t\t\r\n\t\t\t<div class=\"em-item-meta-line em-event-location\">\r\n\t\t\t\t<span class=\"em-icon-location em-icon\"><\/span>\r\n\t\t\t\t<a href=\"https:\/\/thilomuster.info\/locations\/cathedrale-st-pierre\/\">Cath\u00e9drale St-Pierre<\/a>\r\n\t\t\t<\/div>\r\n\t\t\t\r\n\t\t\t\r\n\t\t\t\r\n\t\t\t<div class=\"em-item-meta-line em-item-taxonomy em-event-categories\">\r\n\t\t\t\t<span class=\"em-icon-category em-icon\"><\/span>\r\n\t\t\t\t<div>\t<ul class=\"event-categories\">\r\n\t\t\t\t\t<li><a href=\"https:\/\/thilomuster.info\/en\/events\/categories\/concerts\/\">Concerts<\/a><\/li>\r\n\t\t\t\t\t<li><a href=\"https:\/\/thilomuster.info\/en\/events\/categories\/taragot-organ\/\">Taragot &amp; Organ<\/a><\/li>\r\n\t\t\t<\/ul>\r\n\t<\/div>\r\n\t\t\t<\/div>\r\n\t\t\t\r\n\t\t\t\r\n\t\t<\/div>\r\n\t\t<div class=\"em-item-desc\">\r\n\t\t\tMusique des Balkans, des Lautari et Klezmorim de Roumanie, Serbie, Bulgarie, Albanie, Azerbaidjan, Arm\u00e9nie avec\u00a0Samuel Freiburghaus,\u00a0taragot, frula et clarinettes\r\n\t\t<\/div>\r\n\t\t<div class=\"em-item-actions input\">\r\n\t\t\t<a class=\"em-item-read-more button\" href=\"https:\/\/thilomuster.info\/en\/events\/taragot-orgue-le-souffle-des-balkans-3\/\">Weitere Informationen<\/a>\r\n\t\t\t\r\n\t\t<\/div>\r\n\t<\/div>\r\n<\/div><div class=\"em-event em-item\" style=\"--default-border:#a8d144;\">\r\n\t<div class=\"em-item-image \">\r\n\t\t\r\n\t\t<img src='https:\/\/thilomuster.info\/wp-content\/uploads\/2022\/12\/Bruckner-Dudelange-IIb-15.1.23.jpg' alt='Bruckner Symphonie Nr. 9 d-moll f\u00fcr Orgel'\/>\r\n\t\t\r\n\t\t\r\n\t<\/div>\r\n\t<div class=\"em-item-info\">\r\n\t\t<h3 class=\"em-item-title\"><a href=\"https:\/\/thilomuster.info\/en\/events\/bruckner-symphonie-nr-9-d-moll-fuer-orgel-11\/\">Bruckner Symphonie Nr. 9 d-moll f\u00fcr Orgel<\/a><\/h3>\r\n\t\t<h4>Rheinfelden \/ DE<\/h4>\r\n\t\t<div class=\"em-event-meta em-item-meta\">\r\n\t\t\t<div class=\"em-item-meta-line em-event-date em-event-meta-datetime\">\r\n\t\t\t\t<span class=\"em-icon-calendar em-icon\"><\/span>\r\n\t\t\t\t21.09.2024\u00a0\u00a0\u00a0\u00a0\r\n\t\t\t<\/div>\r\n\t\t\t<div class=\"em-item-meta-line em-event-time em-event-meta-datetime\">\r\n\t\t\t\t<span class=\"em-icon-clock em-icon\"><\/span>\r\n\t\t\t\t19:00 - 20:00\r\n\t\t\t<\/div>\r\n\t\t\t\r\n\t\t\t\r\n\t\t\t<div class=\"em-item-meta-line em-event-location\">\r\n\t\t\t\t<span class=\"em-icon-location em-icon\"><\/span>\r\n\t\t\t\t<a href=\"https:\/\/thilomuster.info\/locations\/st-josefskirche\/\">St. Josefskirche<\/a>\r\n\t\t\t<\/div>\r\n\t\t\t\r\n\t\t\t\r\n\t\t\t\r\n\t\t\t<div class=\"em-item-meta-line em-item-taxonomy em-event-categories\">\r\n\t\t\t\t<span class=\"em-icon-category em-icon\"><\/span>\r\n\t\t\t\t<div>\t<ul class=\"event-categories\">\r\n\t\t\t\t\t<li><a href=\"https:\/\/thilomuster.info\/en\/events\/categories\/bruckner-s-ninth\/\">Bruckner&#039;s Ninth<\/a><\/li>\r\n\t\t\t\t\t<li><a href=\"https:\/\/thilomuster.info\/en\/events\/categories\/concerts\/\">Concerts<\/a><\/li>\r\n\t\t\t\t\t<li><a href=\"https:\/\/thilomuster.info\/en\/events\/categories\/recital\/\">Recital<\/a><\/li>\r\n\t\t\t<\/ul>\r\n\t<\/div>\r\n\t\t\t<\/div>\r\n\t\t\t\r\n\t\t\t\r\n\t\t<\/div>\r\n\t\t<div class=\"em-item-desc\">\r\n\t\t\tAnton Bruckner: Symphonie Nr. 9 d-moll\u00a0in der kongenialen Bearbeitung f\u00fcr Orgel von\u00a0Eberhard Klotz Eintritt frei \u2013 Kollekte\r\n\t\t<\/div>\r\n\t\t<div class=\"em-item-actions input\">\r\n\t\t\t<a class=\"em-item-read-more button\" href=\"https:\/\/thilomuster.info\/en\/events\/bruckner-symphonie-nr-9-d-moll-fuer-orgel-11\/\">Weitere Informationen<\/a>\r\n\t\t\t\r\n\t\t<\/div>\r\n\t<\/div>\r\n<\/div><div class=\"em-event em-item\" style=\"--default-border:#a8d144;\">\r\n\t<div class=\"em-item-image \">\r\n\t\t\r\n\t\t<img src='https:\/\/thilomuster.info\/wp-content\/uploads\/2023\/01\/image.jpeg' alt='Bruckner Sinfonie Nr. 9 d-moll f\u00fcr Orgel'\/>\r\n\t\t\r\n\t\t\r\n\t<\/div>\r\n\t<div class=\"em-item-info\">\r\n\t\t<h3 class=\"em-item-title\"><a href=\"https:\/\/thilomuster.info\/en\/events\/bruckner-sinfonie-nr-9-d-moll-fuer-orgel\/\">Bruckner Sinfonie Nr. 9 d-moll f\u00fcr Orgel<\/a><\/h3>\r\n\t\t<h4>Speyer \/ DE<\/h4>\r\n\t\t<div class=\"em-event-meta em-item-meta\">\r\n\t\t\t<div class=\"em-item-meta-line em-event-date em-event-meta-datetime\">\r\n\t\t\t\t<span class=\"em-icon-calendar em-icon\"><\/span>\r\n\t\t\t\t31.08.2024\u00a0\u00a0\u00a0\u00a0\r\n\t\t\t<\/div>\r\n\t\t\t<div class=\"em-item-meta-line em-event-time em-event-meta-datetime\">\r\n\t\t\t\t<span class=\"em-icon-clock em-icon\"><\/span>\r\n\t\t\t\t19:30 - 20:30\r\n\t\t\t<\/div>\r\n\t\t\t\r\n\t\t\t\r\n\t\t\t<div class=\"em-item-meta-line em-event-location\">\r\n\t\t\t\t<span class=\"em-icon-location em-icon\"><\/span>\r\n\t\t\t\t<a href=\"https:\/\/thilomuster.info\/locations\/dom-4\/\">Dom<\/a>\r\n\t\t\t<\/div>\r\n\t\t\t\r\n\t\t\t\r\n\t\t\t\r\n\t\t\t<div class=\"em-item-meta-line em-item-taxonomy em-event-categories\">\r\n\t\t\t\t<span class=\"em-icon-category em-icon\"><\/span>\r\n\t\t\t\t<div>\t<ul class=\"event-categories\">\r\n\t\t\t\t\t<li><a href=\"https:\/\/thilomuster.info\/en\/events\/categories\/bruckner-s-ninth\/\">Bruckner&#039;s Ninth<\/a><\/li>\r\n\t\t\t\t\t<li><a href=\"https:\/\/thilomuster.info\/en\/events\/categories\/concerts\/\">Concerts<\/a><\/li>\r\n\t\t\t\t\t<li><a href=\"https:\/\/thilomuster.info\/en\/events\/categories\/recital\/\">Recital<\/a><\/li>\r\n\t\t\t<\/ul>\r\n\t<\/div>\r\n\t\t\t<\/div>\r\n\t\t\t\r\n\t\t\t\r\n\t\t<\/div>\r\n\t\t<div class=\"em-item-desc\">\r\n\t\t\tAnton Bruckner: Sinfonie Nr. 9 d-moll\u00a0in der kongenialen Bearbeitung f\u00fcr Orgel von\u00a0Eberhard Klotz\r\n\t\t<\/div>\r\n\t\t<div class=\"em-item-actions input\">\r\n\t\t\t<a class=\"em-item-read-more button\" href=\"https:\/\/thilomuster.info\/en\/events\/bruckner-sinfonie-nr-9-d-moll-fuer-orgel\/\">Weitere Informationen<\/a>\r\n\t\t\t\r\n\t\t<\/div>\r\n\t<\/div>\r\n<\/div><div class=\"em-event em-item\" style=\"--default-border:#a8d144;\">\r\n\t<div class=\"em-item-image \">\r\n\t\t\r\n\t\t<img src='https:\/\/thilomuster.info\/wp-content\/uploads\/2024\/02\/Hauptorgel_Ulmer_Muenster-scaled.jpg' alt='Bruckner Sinfonie Nr. 9 d-moll'\/>\r\n\t\t\r\n\t\t\r\n\t<\/div>\r\n\t<div class=\"em-item-info\">\r\n\t\t<h3 class=\"em-item-title\"><a href=\"https:\/\/thilomuster.info\/en\/events\/bruckner-sinfonie-nr-9-d-moll\/\">Bruckner Sinfonie Nr. 9 d-moll<\/a><\/h3>\r\n\t\t<h4>Ulm \/ DE<\/h4>\r\n\t\t<div class=\"em-event-meta em-item-meta\">\r\n\t\t\t<div class=\"em-item-meta-line em-event-date em-event-meta-datetime\">\r\n\t\t\t\t<span class=\"em-icon-calendar em-icon\"><\/span>\r\n\t\t\t\t25.08.2024\u00a0\u00a0\u00a0\u00a0\r\n\t\t\t<\/div>\r\n\t\t\t<div class=\"em-item-meta-line em-event-time em-event-meta-datetime\">\r\n\t\t\t\t<span class=\"em-icon-clock em-icon\"><\/span>\r\n\t\t\t\t11:30 - 12:30\r\n\t\t\t<\/div>\r\n\t\t\t\r\n\t\t\t\r\n\t\t\t<div class=\"em-item-meta-line em-event-location\">\r\n\t\t\t\t<span class=\"em-icon-location em-icon\"><\/span>\r\n\t\t\t\t<a href=\"https:\/\/thilomuster.info\/locations\/muenster\/\">M\u00fcnster<\/a>\r\n\t\t\t<\/div>\r\n\t\t\t\r\n\t\t\t\r\n\t\t\t\r\n\t\t\t<div class=\"em-item-meta-line em-item-taxonomy em-event-categories\">\r\n\t\t\t\t<span class=\"em-icon-category em-icon\"><\/span>\r\n\t\t\t\t<div>\t<ul class=\"event-categories\">\r\n\t\t\t\t\t<li><a href=\"https:\/\/thilomuster.info\/en\/events\/categories\/bruckner-s-ninth\/\">Bruckner&#039;s Ninth<\/a><\/li>\r\n\t\t\t\t\t<li><a href=\"https:\/\/thilomuster.info\/en\/events\/categories\/concerts\/\">Concerts<\/a><\/li>\r\n\t\t\t\t\t<li><a href=\"https:\/\/thilomuster.info\/en\/events\/categories\/recital\/\">Recital<\/a><\/li>\r\n\t\t\t<\/ul>\r\n\t<\/div>\r\n\t\t\t<\/div>\r\n\t\t\t\r\n\t\t\t\r\n\t\t<\/div>\r\n\t\t<div class=\"em-item-desc\">\r\n\t\t\tAnton Bruckner: Sinfonie Nr. 9 d-moll\u00a0in der kongenialen Bearbeitung f\u00fcr Orgel von\u00a0Eberhard Klotz\r\n\t\t<\/div>\r\n\t\t<div class=\"em-item-actions input\">\r\n\t\t\t<a class=\"em-item-read-more button\" href=\"https:\/\/thilomuster.info\/en\/events\/bruckner-sinfonie-nr-9-d-moll\/\">Weitere Informationen<\/a>\r\n\t\t\t\r\n\t\t<\/div>\r\n\t<\/div>\r\n<\/div><div class=\"em-event em-item\" style=\"--default-border:#a8d144;\">\r\n\t<div class=\"em-item-image \">\r\n\t\t\r\n\t\t<img src='https:\/\/thilomuster.info\/wp-content\/uploads\/2024\/01\/114690_4g.jpg' alt='Bruckner Sinfonie Nr. 9 d-moll'\/>\r\n\t\t\r\n\t\t\r\n\t<\/div>\r\n\t<div class=\"em-item-info\">\r\n\t\t<h3 class=\"em-item-title\"><a href=\"https:\/\/thilomuster.info\/en\/events\/anton-bruckner-sinfonie-nr-9-d-moll\/\">Bruckner Sinfonie Nr. 9 d-moll<\/a><\/h3>\r\n\t\t<h4>Freiburg i.Br. \/ DE<\/h4>\r\n\t\t<div class=\"em-event-meta em-item-meta\">\r\n\t\t\t<div class=\"em-item-meta-line em-event-date em-event-meta-datetime\">\r\n\t\t\t\t<span class=\"em-icon-calendar em-icon\"><\/span>\r\n\t\t\t\t06.08.2024\u00a0\u00a0\u00a0\u00a0\r\n\t\t\t<\/div>\r\n\t\t\t<div class=\"em-item-meta-line em-event-time em-event-meta-datetime\">\r\n\t\t\t\t<span class=\"em-icon-clock em-icon\"><\/span>\r\n\t\t\t\t20:15 - 21:30\r\n\t\t\t<\/div>\r\n\t\t\t\r\n\t\t\t\r\n\t\t\t<div class=\"em-item-meta-line em-event-location\">\r\n\t\t\t\t<span class=\"em-icon-location em-icon\"><\/span>\r\n\t\t\t\t<a href=\"https:\/\/thilomuster.info\/en\/locations\/munster-unserer-lieben-frau\/\">M\u00fcnster \u00abUnserer lieben Frau\u00bb<\/a>\r\n\t\t\t<\/div>\r\n\t\t\t\r\n\t\t\t\r\n\t\t\t\r\n\t\t\t<div class=\"em-item-meta-line em-item-taxonomy em-event-categories\">\r\n\t\t\t\t<span class=\"em-icon-category em-icon\"><\/span>\r\n\t\t\t\t<div>\t<ul class=\"event-categories\">\r\n\t\t\t\t\t<li><a href=\"https:\/\/thilomuster.info\/en\/events\/categories\/bruckner-s-ninth\/\">Bruckner&#039;s Ninth<\/a><\/li>\r\n\t\t\t\t\t<li><a href=\"https:\/\/thilomuster.info\/en\/events\/categories\/concerts\/\">Concerts<\/a><\/li>\r\n\t\t\t\t\t<li><a href=\"https:\/\/thilomuster.info\/en\/events\/categories\/recital\/\">Recital<\/a><\/li>\r\n\t\t\t<\/ul>\r\n\t<\/div>\r\n\t\t\t<\/div>\r\n\t\t\t\r\n\t\t\t\r\n\t\t<\/div>\r\n\t\t<div class=\"em-item-desc\">\r\n\t\t\tAnton Bruckner: Sinfonie Nr. 9 d-moll\u00a0in der kongenialen Bearbeitung f\u00fcr Orgel von\u00a0Eberhard Klotz\r\n\t\t<\/div>\r\n\t\t<div class=\"em-item-actions input\">\r\n\t\t\t<a class=\"em-item-read-more button\" href=\"https:\/\/thilomuster.info\/en\/events\/anton-bruckner-sinfonie-nr-9-d-moll\/\">Weitere Informationen<\/a>\r\n\t\t\t\r\n\t\t<\/div>\r\n\t<\/div>\r\n<\/div><div class=\"em-event em-item\" style=\"--default-border:#a8d144;\">\r\n\t<div class=\"em-item-image \">\r\n\t\t\r\n\t\t<img src='https:\/\/thilomuster.info\/wp-content\/uploads\/2024\/04\/Muenchner_Lukaschor_in_der_Salvatorkirche_Duisburg_09-scaled.jpg' alt='Orgelfestival Ruhr'\/>\r\n\t\t\r\n\t\t\r\n\t<\/div>\r\n\t<div class=\"em-item-info\">\r\n\t\t<h3 class=\"em-item-title\"><a href=\"https:\/\/thilomuster.info\/en\/events\/orgelfestival-ruhr\/\">Orgelfestival Ruhr<\/a><\/h3>\r\n\t\t<h4>Duisburg \/ DE<\/h4>\r\n\t\t<div class=\"em-event-meta em-item-meta\">\r\n\t\t\t<div class=\"em-item-meta-line em-event-date em-event-meta-datetime\">\r\n\t\t\t\t<span class=\"em-icon-calendar em-icon\"><\/span>\r\n\t\t\t\t23.06.2024\u00a0\u00a0\u00a0\u00a0\r\n\t\t\t<\/div>\r\n\t\t\t<div class=\"em-item-meta-line em-event-time em-event-meta-datetime\">\r\n\t\t\t\t<span class=\"em-icon-clock em-icon\"><\/span>\r\n\t\t\t\t18:00 - 19:00\r\n\t\t\t<\/div>\r\n\t\t\t\r\n\t\t\t\r\n\t\t\t<div class=\"em-item-meta-line em-event-location\">\r\n\t\t\t\t<span class=\"em-icon-location em-icon\"><\/span>\r\n\t\t\t\t<a href=\"https:\/\/thilomuster.info\/locations\/salvatorkirche-duisburg\/\">Salvatorkirche Duisburg<\/a>\r\n\t\t\t<\/div>\r\n\t\t\t\r\n\t\t\t\r\n\t\t\t\r\n\t\t\t<div class=\"em-item-meta-line em-item-taxonomy em-event-categories\">\r\n\t\t\t\t<span class=\"em-icon-category em-icon\"><\/span>\r\n\t\t\t\t<div>\t<ul class=\"event-categories\">\r\n\t\t\t\t\t<li><a href=\"https:\/\/thilomuster.info\/en\/events\/categories\/bruckner-s-ninth\/\">Bruckner&#039;s Ninth<\/a><\/li>\r\n\t\t\t\t\t<li><a href=\"https:\/\/thilomuster.info\/en\/events\/categories\/concerts\/\">Concerts<\/a><\/li>\r\n\t\t\t\t\t<li><a href=\"https:\/\/thilomuster.info\/en\/events\/categories\/recital\/\">Recital<\/a><\/li>\r\n\t\t\t<\/ul>\r\n\t<\/div>\r\n\t\t\t<\/div>\r\n\t\t\t\r\n\t\t\t\r\n\t\t<\/div>\r\n\t\t<div class=\"em-item-desc\">\r\n\t\t\tWerke von Rameau, Jongen, Bruckner (Scherzo aus der neunten Sinfonie) und Thilo Muster (Wanderings) Salvatorkirche Duisburg Orgelfestival Ruhr\r\n\t\t<\/div>\r\n\t\t<div class=\"em-item-actions input\">\r\n\t\t\t<a class=\"em-item-read-more button\" href=\"https:\/\/thilomuster.info\/en\/events\/orgelfestival-ruhr\/\">Weitere Informationen<\/a>\r\n\t\t\t\r\n\t\t<\/div>\r\n\t<\/div>\r\n<\/div><div class=\"em-event em-item\" style=\"--default-border:#FFFFFF;\">\r\n\t<div class=\"em-item-image \">\r\n\t\t\r\n\t\t<img src='https:\/\/thilomuster.info\/wp-content\/uploads\/2020\/11\/FlyerDneu-scaled.jpg' alt='Taragot &amp; Orgel \u2013 umwerfender Balkansound.'\/>\r\n\t\t\r\n\t\t\r\n\t<\/div>\r\n\t<div class=\"em-item-info\">\r\n\t\t<h3 class=\"em-item-title\"><a href=\"https:\/\/thilomuster.info\/en\/events\/taragot-orgel-umwerfender-balkansound-11\/\">Taragot &amp; Orgel \u2013 umwerfender Balkansound.<\/a><\/h3>\r\n\t\t<h4>K\u00f6lliken \/ CH<\/h4>\r\n\t\t<div class=\"em-event-meta em-item-meta\">\r\n\t\t\t<div class=\"em-item-meta-line em-event-date em-event-meta-datetime\">\r\n\t\t\t\t<span class=\"em-icon-calendar em-icon\"><\/span>\r\n\t\t\t\t16.03.2024\u00a0\u00a0\u00a0\u00a0\r\n\t\t\t<\/div>\r\n\t\t\t<div class=\"em-item-meta-line em-event-time em-event-meta-datetime\">\r\n\t\t\t\t<span class=\"em-icon-clock em-icon\"><\/span>\r\n\t\t\t\t20:15 - 21:30\r\n\t\t\t<\/div>\r\n\t\t\t\r\n\t\t\t\r\n\t\t\t<div class=\"em-item-meta-line em-event-location\">\r\n\t\t\t\t<span class=\"em-icon-location em-icon\"><\/span>\r\n\t\t\t\t<a href=\"https:\/\/thilomuster.info\/locations\/ref-kirche-6\/\">ref. Kirche<\/a>\r\n\t\t\t<\/div>\r\n\t\t\t\r\n\t\t\t\r\n\t\t\t\r\n\t\t\t<div class=\"em-item-meta-line em-item-taxonomy em-event-categories\">\r\n\t\t\t\t<span class=\"em-icon-category em-icon\"><\/span>\r\n\t\t\t\t<div>\t<ul class=\"event-categories\">\r\n\t\t\t\t\t<li><a href=\"https:\/\/thilomuster.info\/en\/events\/categories\/concerts\/\">Concerts<\/a><\/li>\r\n\t\t\t\t\t<li><a href=\"https:\/\/thilomuster.info\/en\/events\/categories\/concerts\/\">Konzerte<\/a><\/li>\r\n\t\t\t\t\t<li><a href=\"https:\/\/thilomuster.info\/en\/events\/categories\/taragot-organ\/\">Taragot &amp; Organ<\/a><\/li>\r\n\t\t\t\t\t<li><a href=\"https:\/\/thilomuster.info\/en\/events\/categories\/taragot-organ\/\">Taragot &amp; Orgel<\/a><\/li>\r\n\t\t\t<\/ul>\r\n\t<\/div>\r\n\t\t\t<\/div>\r\n\t\t\t\r\n\t\t\t\r\n\t\t<\/div>\r\n\t\t<div class=\"em-item-desc\">\r\n\t\t\tZusammen mit Samuel Freiburghaus, Taragot, Klarinetten, Frula &amp; Nehrun Aliev,\u00a0Perkussion, Klarinette Website des Veranstalters\r\n\t\t<\/div>\r\n\t\t<div class=\"em-item-actions input\">\r\n\t\t\t<a class=\"em-item-read-more button\" href=\"https:\/\/thilomuster.info\/en\/events\/taragot-orgel-umwerfender-balkansound-11\/\">Weitere Informationen<\/a>\r\n\t\t\t\r\n\t\t<\/div>\r\n\t<\/div>\r\n<\/div><div class=\"em-event em-item\" style=\"--default-border:#FFFFFF;\">\r\n\t<div class=\"em-item-image \">\r\n\t\t\r\n\t\t<img src='https:\/\/thilomuster.info\/wp-content\/uploads\/2024\/01\/DSC_0346-1536x1024-1.jpg' alt='MOTETTENKONZERT mit Cantus Rheinfelden'\/>\r\n\t\t\r\n\t\t\r\n\t<\/div>\r\n\t<div class=\"em-item-info\">\r\n\t\t<h3 class=\"em-item-title\"><a href=\"https:\/\/thilomuster.info\/en\/events\/motettenkonzert-mit-cantus-rheinfelden-2\/\">MOTETTENKONZERT mit Cantus Rheinfelden<\/a><\/h3>\r\n\t\t<h4>Laufenburg CH<\/h4>\r\n\t\t<div class=\"em-event-meta em-item-meta\">\r\n\t\t\t<div class=\"em-item-meta-line em-event-date em-event-meta-datetime\">\r\n\t\t\t\t<span class=\"em-icon-calendar em-icon\"><\/span>\r\n\t\t\t\t10.03.2024\u00a0\u00a0\u00a0\u00a0\r\n\t\t\t<\/div>\r\n\t\t\t<div class=\"em-item-meta-line em-event-time em-event-meta-datetime\">\r\n\t\t\t\t<span class=\"em-icon-clock em-icon\"><\/span>\r\n\t\t\t\t17:00 - 18:30\r\n\t\t\t<\/div>\r\n\t\t\t\r\n\t\t\t\r\n\t\t\t<div class=\"em-item-meta-line em-event-location\">\r\n\t\t\t\t<span class=\"em-icon-location em-icon\"><\/span>\r\n\t\t\t\t<a href=\"https:\/\/thilomuster.info\/locations\/stadtkirche-laufenburg\/\">Stadtkirche Laufenburg<\/a>\r\n\t\t\t<\/div>\r\n\t\t\t\r\n\t\t\t\r\n\t\t\t\r\n\t\t\t<div class=\"em-item-meta-line em-item-taxonomy em-event-categories\">\r\n\t\t\t\t<span class=\"em-icon-category em-icon\"><\/span>\r\n\t\t\t\t<div>\t<ul class=\"event-categories\">\r\n\t\t\t\t\t<li><a href=\"https:\/\/thilomuster.info\/en\/events\/categories\/concerts\/\">Concerts<\/a><\/li>\r\n\t\t\t<\/ul>\r\n\t<\/div>\r\n\t\t\t<\/div>\r\n\t\t\t\r\n\t\t\t\r\n\t\t<\/div>\r\n\t\t<div class=\"em-item-desc\">\r\n\t\t\tMOTETTENKONZERT mit Cantus Rheinfelden, unter der Leitung von Angelika Hirsch Werke: Johann Chr. Fr. Bach: \u201eWachet auf, ruft uns die Stimme\u201c Joseph Gabriel Rheinberger: \u201eStabat [...]\r\n\t\t<\/div>\r\n\t\t<div class=\"em-item-actions input\">\r\n\t\t\t<a class=\"em-item-read-more button\" href=\"https:\/\/thilomuster.info\/en\/events\/motettenkonzert-mit-cantus-rheinfelden-2\/\">Weitere Informationen<\/a>\r\n\t\t\t\r\n\t\t<\/div>\r\n\t<\/div>\r\n<\/div><div class=\"em-event em-item\" style=\"--default-border:#FFFFFF;\">\r\n\t<div class=\"em-item-image \">\r\n\t\t\r\n\t\t<img src='https:\/\/thilomuster.info\/wp-content\/uploads\/2024\/01\/DSC_0346-1536x1024-1.jpg' alt='MOTETTENKONZERT mit Cantus Rheinfelden'\/>\r\n\t\t\r\n\t\t\r\n\t<\/div>\r\n\t<div class=\"em-item-info\">\r\n\t\t<h3 class=\"em-item-title\"><a href=\"https:\/\/thilomuster.info\/en\/events\/motettenkonzert-mit-cantus-rheinfelden\/\">MOTETTENKONZERT mit Cantus Rheinfelden<\/a><\/h3>\r\n\t\t<h4>Rheinfelden \/ CH<\/h4>\r\n\t\t<div class=\"em-event-meta em-item-meta\">\r\n\t\t\t<div class=\"em-item-meta-line em-event-date em-event-meta-datetime\">\r\n\t\t\t\t<span class=\"em-icon-calendar em-icon\"><\/span>\r\n\t\t\t\t09.03.2024\u00a0\u00a0\u00a0\u00a0\r\n\t\t\t<\/div>\r\n\t\t\t<div class=\"em-item-meta-line em-event-time em-event-meta-datetime\">\r\n\t\t\t\t<span class=\"em-icon-clock em-icon\"><\/span>\r\n\t\t\t\t20:00 - 21:30\r\n\t\t\t<\/div>\r\n\t\t\t\r\n\t\t\t\r\n\t\t\t<div class=\"em-item-meta-line em-event-location\">\r\n\t\t\t\t<span class=\"em-icon-location em-icon\"><\/span>\r\n\t\t\t\t<a href=\"https:\/\/thilomuster.info\/locations\/stadtkirche-st-martin\/\">Stadtkirche St. Martin<\/a>\r\n\t\t\t<\/div>\r\n\t\t\t\r\n\t\t\t\r\n\t\t\t\r\n\t\t\t<div class=\"em-item-meta-line em-item-taxonomy em-event-categories\">\r\n\t\t\t\t<span class=\"em-icon-category em-icon\"><\/span>\r\n\t\t\t\t<div>\t<ul class=\"event-categories\">\r\n\t\t\t\t\t<li><a href=\"https:\/\/thilomuster.info\/en\/events\/categories\/concerts\/\">Concerts<\/a><\/li>\r\n\t\t\t<\/ul>\r\n\t<\/div>\r\n\t\t\t<\/div>\r\n\t\t\t\r\n\t\t\t\r\n\t\t<\/div>\r\n\t\t<div class=\"em-item-desc\">\r\n\t\t\tMOTETTENKONZERT mit Cantus Rheinfelden, unter der Leitung von Angelika Hirsch Werke: Johann Chr. Fr. Bach: \u201eWachet auf, ruft uns die Stimme\u201c Joseph Gabriel Rheinberger: \u201eStabat [...]\r\n\t\t<\/div>\r\n\t\t<div class=\"em-item-actions input\">\r\n\t\t\t<a class=\"em-item-read-more button\" href=\"https:\/\/thilomuster.info\/en\/events\/motettenkonzert-mit-cantus-rheinfelden\/\">Weitere Informationen<\/a>\r\n\t\t\t\r\n\t\t<\/div>\r\n\t<\/div>\r\n<\/div><div class=\"em-event em-item\" style=\"--default-border:#FFFFFF;\">\r\n\t<div class=\"em-item-image \">\r\n\t\t\r\n\t\t<img src='https:\/\/thilomuster.info\/wp-content\/uploads\/2017\/11\/TaragotOrgel-Serif.jpg' alt='Taragot &amp; Orgue \u2013 le souffle des Balkans : franchement d\u00e9coiffant !'\/>\r\n\t\t\r\n\t\t\r\n\t<\/div>\r\n\t<div class=\"em-item-info\">\r\n\t\t<h3 class=\"em-item-title\"><a href=\"https:\/\/thilomuster.info\/en\/events\/taragot-orgue-le-souffle-des-balkans-franchement-decoiffant-5\/\">Taragot &amp; Orgue \u2013 le souffle des Balkans : franchement d\u00e9coiffant !<\/a><\/h3>\r\n\t\t<h4>Talant <\/h4>\r\n\t\t<div class=\"em-event-meta em-item-meta\">\r\n\t\t\t<div class=\"em-item-meta-line em-event-date em-event-meta-datetime\">\r\n\t\t\t\t<span class=\"em-icon-calendar em-icon\"><\/span>\r\n\t\t\t\t04.02.2024\u00a0\u00a0\u00a0\u00a0\r\n\t\t\t<\/div>\r\n\t\t\t<div class=\"em-item-meta-line em-event-time em-event-meta-datetime\">\r\n\t\t\t\t<span class=\"em-icon-clock em-icon\"><\/span>\r\n\t\t\t\t17:00 - 18:15\r\n\t\t\t<\/div>\r\n\t\t\t\r\n\t\t\t\r\n\t\t\t<div class=\"em-item-meta-line em-event-location\">\r\n\t\t\t\t<span class=\"em-icon-location em-icon\"><\/span>\r\n\t\t\t\t<a href=\"https:\/\/thilomuster.info\/locations\/eglise-notre-dame\/\">Eglise Notre Dame<\/a>\r\n\t\t\t<\/div>\r\n\t\t\t\r\n\t\t\t\r\n\t\t\t\r\n\t\t\t<div class=\"em-item-meta-line em-item-taxonomy em-event-categories\">\r\n\t\t\t\t<span class=\"em-icon-category em-icon\"><\/span>\r\n\t\t\t\t<div>\t<ul class=\"event-categories\">\r\n\t\t\t\t\t<li><a href=\"https:\/\/thilomuster.info\/en\/events\/categories\/concerts\/\">Concerts<\/a><\/li>\r\n\t\t\t\t\t<li><a href=\"https:\/\/thilomuster.info\/en\/events\/categories\/concerts\/\">Konzerte<\/a><\/li>\r\n\t\t\t\t\t<li><a href=\"https:\/\/thilomuster.info\/en\/events\/categories\/taragot-organ\/\">Taragot &amp; Organ<\/a><\/li>\r\n\t\t\t\t\t<li><a href=\"https:\/\/thilomuster.info\/en\/events\/categories\/taragot-organ\/\">Taragot &amp; Orgel<\/a><\/li>\r\n\t\t\t<\/ul>\r\n\t<\/div>\r\n\t\t\t<\/div>\r\n\t\t\t\r\n\t\t\t\r\n\t\t<\/div>\r\n\t\t<div class=\"em-item-desc\">\r\n\t\t\tSamuel Freiburghaus, taragot, clarinettes, froula, tilinca Thilo Muster, orgue Musique des Balkans, des Tziganes et Klezmorim de Roumaine, Bulgarie, Serbie, Albanie, Gr\u00e8ce, Arm\u00e9nie et Azerba\u00efdjan. [...]\r\n\t\t<\/div>\r\n\t\t<div class=\"em-item-actions input\">\r\n\t\t\t<a class=\"em-item-read-more button\" href=\"https:\/\/thilomuster.info\/en\/events\/taragot-orgue-le-souffle-des-balkans-franchement-decoiffant-5\/\">Weitere Informationen<\/a>\r\n\t\t\t\r\n\t\t<\/div>\r\n\t<\/div>\r\n<\/div><div class=\"em-event em-item\" style=\"--default-border:#FFFFFF;\">\r\n\t<div class=\"em-item-image \">\r\n\t\t\r\n\t\t<img src='https:\/\/thilomuster.info\/wp-content\/uploads\/2015\/09\/Orgel-Pauluskirche1.jpg' alt='BLUES &amp; BEYOND am Blues Festival Basel'\/>\r\n\t\t\r\n\t\t\r\n\t<\/div>\r\n\t<div class=\"em-item-info\">\r\n\t\t<h3 class=\"em-item-title\"><a href=\"https:\/\/thilomuster.info\/en\/events\/__blues-beyond-am-blues-festival-basel\/\">BLUES &amp; BEYOND am Blues Festival Basel<\/a><\/h3>\r\n\t\t<h4>Basel \/ CH<\/h4>\r\n\t\t<div class=\"em-event-meta em-item-meta\">\r\n\t\t\t<div class=\"em-item-meta-line em-event-date em-event-meta-datetime\">\r\n\t\t\t\t<span class=\"em-icon-calendar em-icon\"><\/span>\r\n\t\t\t\t15.11.2023\u00a0\u00a0\u00a0\u00a0\r\n\t\t\t<\/div>\r\n\t\t\t<div class=\"em-item-meta-line em-event-time em-event-meta-datetime\">\r\n\t\t\t\t<span class=\"em-icon-clock em-icon\"><\/span>\r\n\t\t\t\t20:00 - 21:00\r\n\t\t\t<\/div>\r\n\t\t\t\r\n\t\t\t\r\n\t\t\t<div class=\"em-item-meta-line em-event-location\">\r\n\t\t\t\t<span class=\"em-icon-location em-icon\"><\/span>\r\n\t\t\t\t<a href=\"https:\/\/thilomuster.info\/locations\/pauluskirche\/\">Pauluskirche<\/a>\r\n\t\t\t<\/div>\r\n\t\t\t\r\n\t\t\t\r\n\t\t\t\r\n\t\t\t<div class=\"em-item-meta-line em-item-taxonomy em-event-categories\">\r\n\t\t\t\t<span class=\"em-icon-category em-icon\"><\/span>\r\n\t\t\t\t<div>\t<ul class=\"event-categories\">\r\n\t\t\t\t\t<li><a href=\"https:\/\/thilomuster.info\/en\/events\/categories\/concerts\/\">Concerts<\/a><\/li>\r\n\t\t\t<\/ul>\r\n\t<\/div>\r\n\t\t\t<\/div>\r\n\t\t\t\r\n\t\t\t\r\n\t\t<\/div>\r\n\t\t<div class=\"em-item-desc\">\r\n\t\t\tKonzert mit den Basler Madrigalisten, Ltg. Raphael Immmoos und Sam Burckhardt, Saxofon Werke von Alain (Litanies), Muster (Wanderings) u.a. www.bluesbasel.ch\r\n\t\t<\/div>\r\n\t\t<div class=\"em-item-actions input\">\r\n\t\t\t<a class=\"em-item-read-more button\" href=\"https:\/\/thilomuster.info\/en\/events\/__blues-beyond-am-blues-festival-basel\/\">Weitere Informationen<\/a>\r\n\t\t\t\r\n\t\t<\/div>\r\n\t<\/div>\r\n<\/div><div class=\"em-event em-item\" style=\"--default-border:#FFFFFF;\">\r\n\t<div class=\"em-item-image \">\r\n\t\t\r\n\t\t<img src='https:\/\/thilomuster.info\/wp-content\/uploads\/2023\/08\/RefKircheArlesheim.jpg' alt='Jubli\u00e4umskonzert 50 Jahre Orgel Arlesheim'\/>\r\n\t\t\r\n\t\t\r\n\t<\/div>\r\n\t<div class=\"em-item-info\">\r\n\t\t<h3 class=\"em-item-title\"><a href=\"https:\/\/thilomuster.info\/en\/events\/jubliaeumskonzert-50-jahre-orgel-arlesheim\/\">Jubli\u00e4umskonzert 50 Jahre Orgel Arlesheim<\/a><\/h3>\r\n\t\t<h4>Arlesheim <\/h4>\r\n\t\t<div class=\"em-event-meta em-item-meta\">\r\n\t\t\t<div class=\"em-item-meta-line em-event-date em-event-meta-datetime\">\r\n\t\t\t\t<span class=\"em-icon-calendar em-icon\"><\/span>\r\n\t\t\t\t29.10.2023\u00a0\u00a0\u00a0\u00a0\r\n\t\t\t<\/div>\r\n\t\t\t<div class=\"em-item-meta-line em-event-time em-event-meta-datetime\">\r\n\t\t\t\t<span class=\"em-icon-clock em-icon\"><\/span>\r\n\t\t\t\t17:00 - 18:00\r\n\t\t\t<\/div>\r\n\t\t\t\r\n\t\t\t\r\n\t\t\t<div class=\"em-item-meta-line em-event-location\">\r\n\t\t\t\t<span class=\"em-icon-location em-icon\"><\/span>\r\n\t\t\t\t<a href=\"https:\/\/thilomuster.info\/en\/locations\/reformierte-kirche\/\">reformierte Kirche<\/a>\r\n\t\t\t<\/div>\r\n\t\t\t\r\n\t\t\t\r\n\t\t\t\r\n\t\t\t<div class=\"em-item-meta-line em-item-taxonomy em-event-categories\">\r\n\t\t\t\t<span class=\"em-icon-category em-icon\"><\/span>\r\n\t\t\t\t<div>\t<ul class=\"event-categories\">\r\n\t\t\t\t\t<li><a href=\"https:\/\/thilomuster.info\/en\/events\/categories\/concerts\/\">Concerts<\/a><\/li>\r\n\t\t\t\t\t<li><a href=\"https:\/\/thilomuster.info\/en\/events\/categories\/recital\/\">Recital<\/a><\/li>\r\n\t\t\t<\/ul>\r\n\t<\/div>\r\n\t\t\t<\/div>\r\n\t\t\t\r\n\t\t\t\r\n\t\t<\/div>\r\n\t\t<div class=\"em-item-desc\">\r\n\t\t\tWerke von Bach (dorische Toccata und Fuge), Muster (Wanderings \u2013 drei St\u00fccke f\u00fcr Orgel) Mussorgsky (Ausz\u00fcge aus Bilder einer Ausstellung) Alexandra Weidlich und Thilo Muster, [...]\r\n\t\t<\/div>\r\n\t\t<div class=\"em-item-actions input\">\r\n\t\t\t<a class=\"em-item-read-more button\" href=\"https:\/\/thilomuster.info\/en\/events\/jubliaeumskonzert-50-jahre-orgel-arlesheim\/\">Weitere Informationen<\/a>\r\n\t\t\t\r\n\t\t<\/div>\r\n\t<\/div>\r\n<\/div><div class=\"em-event em-item\" style=\"--default-border:#FFFFFF;\">\r\n\t<div class=\"em-item-image \">\r\n\t\t\r\n\t\t<img src='https:\/\/thilomuster.info\/wp-content\/uploads\/2023\/07\/Claraorgel.webp' alt='Festival 30 Jahre Metzlerorgel \u2013 Abschlusskonzert'\/>\r\n\t\t\r\n\t\t\r\n\t<\/div>\r\n\t<div class=\"em-item-info\">\r\n\t\t<h3 class=\"em-item-title\"><a href=\"https:\/\/thilomuster.info\/en\/events\/festival-30-jahre-metzlerorgel-abschlusskonzert\/\">Festival 30 Jahre Metzlerorgel \u2013 Abschlusskonzert<\/a><\/h3>\r\n\t\t<h4>Basel \/ CH<\/h4>\r\n\t\t<div class=\"em-event-meta em-item-meta\">\r\n\t\t\t<div class=\"em-item-meta-line em-event-date em-event-meta-datetime\">\r\n\t\t\t\t<span class=\"em-icon-calendar em-icon\"><\/span>\r\n\t\t\t\t27.10.2023\u00a0\u00a0\u00a0\u00a0\r\n\t\t\t<\/div>\r\n\t\t\t<div class=\"em-item-meta-line em-event-time em-event-meta-datetime\">\r\n\t\t\t\t<span class=\"em-icon-clock em-icon\"><\/span>\r\n\t\t\t\t19:30 - 20:15\r\n\t\t\t<\/div>\r\n\t\t\t\r\n\t\t\t\r\n\t\t\t<div class=\"em-item-meta-line em-event-location\">\r\n\t\t\t\t<span class=\"em-icon-location em-icon\"><\/span>\r\n\t\t\t\t<a href=\"https:\/\/thilomuster.info\/en\/locations\/kirche-st-clara\/\">Kirche St. Clara<\/a>\r\n\t\t\t<\/div>\r\n\t\t\t\r\n\t\t\t\r\n\t\t\t\r\n\t\t\t<div class=\"em-item-meta-line em-item-taxonomy em-event-categories\">\r\n\t\t\t\t<span class=\"em-icon-category em-icon\"><\/span>\r\n\t\t\t\t<div>\t<ul class=\"event-categories\">\r\n\t\t\t\t\t<li><a href=\"https:\/\/thilomuster.info\/en\/events\/categories\/concerts\/\">Concerts<\/a><\/li>\r\n\t\t\t\t\t<li><a href=\"https:\/\/thilomuster.info\/en\/events\/categories\/recital\/\">Recital<\/a><\/li>\r\n\t\t\t<\/ul>\r\n\t<\/div>\r\n\t\t\t<\/div>\r\n\t\t\t\r\n\t\t\t\r\n\t\t<\/div>\r\n\t\t<div class=\"em-item-desc\">\r\n\t\t\tJ.S.Bach Toccata und Fuge d-moll BWV 538 Joseph Jongen Chant de May Jehan Alain Litanies Thilo Muster Wanderings, drei St\u00fccke f\u00fcr Orgel (2012\/2023): Daybreak \u2013 [...]\r\n\t\t<\/div>\r\n\t\t<div class=\"em-item-actions input\">\r\n\t\t\t<a class=\"em-item-read-more button\" href=\"https:\/\/thilomuster.info\/en\/events\/festival-30-jahre-metzlerorgel-abschlusskonzert\/\">Weitere Informationen<\/a>\r\n\t\t\t\r\n\t\t<\/div>\r\n\t<\/div>\r\n<\/div><div class=\"em-event em-item\" style=\"--default-border:#FFFFFF;\">\r\n\t<div class=\"em-item-image \">\r\n\t\t\r\n\t\t<img src='https:\/\/thilomuster.info\/wp-content\/uploads\/2022\/05\/image.jpeg' alt='Orgelkonzerte an der Brosy-Orgel'\/>\r\n\t\t\r\n\t\t\r\n\t<\/div>\r\n\t<div class=\"em-item-info\">\r\n\t\t<h3 class=\"em-item-title\"><a href=\"https:\/\/thilomuster.info\/en\/events\/orgelkonzerte-an-der-brosy-orgel\/\">Orgelkonzerte an der Brosy-Orgel<\/a><\/h3>\r\n\t\t<h4>Erschwil <\/h4>\r\n\t\t<div class=\"em-event-meta em-item-meta\">\r\n\t\t\t<div class=\"em-item-meta-line em-event-date em-event-meta-datetime\">\r\n\t\t\t\t<span class=\"em-icon-calendar em-icon\"><\/span>\r\n\t\t\t\t18.06.2023\u00a0\u00a0\u00a0\u00a0\r\n\t\t\t<\/div>\r\n\t\t\t<div class=\"em-item-meta-line em-event-time em-event-meta-datetime\">\r\n\t\t\t\t<span class=\"em-icon-clock em-icon\"><\/span>\r\n\t\t\t\t16:30 - 17:30\r\n\t\t\t<\/div>\r\n\t\t\t\r\n\t\t\t\r\n\t\t\t<div class=\"em-item-meta-line em-event-location\">\r\n\t\t\t\t<span class=\"em-icon-location em-icon\"><\/span>\r\n\t\t\t\t<a href=\"https:\/\/thilomuster.info\/locations\/kath-kirche-erschwil\/\">kath. Kirche<\/a>\r\n\t\t\t<\/div>\r\n\t\t\t\r\n\t\t\t\r\n\t\t\t\r\n\t\t\t<div class=\"em-item-meta-line em-item-taxonomy em-event-categories\">\r\n\t\t\t\t<span class=\"em-icon-category em-icon\"><\/span>\r\n\t\t\t\t<div>\t<ul class=\"event-categories\">\r\n\t\t\t\t\t<li><a href=\"https:\/\/thilomuster.info\/en\/events\/categories\/concerts\/\">Concerts<\/a><\/li>\r\n\t\t\t\t\t<li><a href=\"https:\/\/thilomuster.info\/en\/events\/categories\/recital\/\">Recital<\/a><\/li>\r\n\t\t\t<\/ul>\r\n\t<\/div>\r\n\t\t\t<\/div>\r\n\t\t\t\r\n\t\t\t\r\n\t\t<\/div>\r\n\t\t<div class=\"em-item-desc\">\r\n\t\t\tOrgel Rezital www.brosyorgel.ch\r\n\t\t<\/div>\r\n\t\t<div class=\"em-item-actions input\">\r\n\t\t\t<a class=\"em-item-read-more button\" href=\"https:\/\/thilomuster.info\/en\/events\/orgelkonzerte-an-der-brosy-orgel\/\">Weitere Informationen<\/a>\r\n\t\t\t\r\n\t\t<\/div>\r\n\t<\/div>\r\n<\/div><div class=\"em-event em-item\" style=\"--default-border:#FFFFFF;\">\r\n\t<div class=\"em-item-image \">\r\n\t\t\r\n\t\t<img src='https:\/\/thilomuster.info\/wp-content\/uploads\/2023\/02\/3-\u00a9-Martin-Doering-scaled.jpg' alt='De l&#039;orgue antique \u00e0 l&#039;orgue moderne'\/>\r\n\t\t\r\n\t\t\r\n\t<\/div>\r\n\t<div class=\"em-item-info\">\r\n\t\t<h3 class=\"em-item-title\"><a href=\"https:\/\/thilomuster.info\/en\/events\/de-lorgue-antique-a-lorgue-moderne\/\">De l&#039;orgue antique \u00e0 l&#039;orgue moderne<\/a><\/h3>\r\n\t\t<h4>Basel <\/h4>\r\n\t\t<div class=\"em-event-meta em-item-meta\">\r\n\t\t\t<div class=\"em-item-meta-line em-event-date em-event-meta-datetime\">\r\n\t\t\t\t<span class=\"em-icon-calendar em-icon\"><\/span>\r\n\t\t\t\t10.06.2023\u00a0\u00a0\u00a0\u00a0\r\n\t\t\t<\/div>\r\n\t\t\t<div class=\"em-item-meta-line em-event-time em-event-meta-datetime\">\r\n\t\t\t\t<span class=\"em-icon-clock em-icon\"><\/span>\r\n\t\t\t\t10:00 - 12:00\r\n\t\t\t<\/div>\r\n\t\t\t\r\n\t\t\t\r\n\t\t\t<div class=\"em-item-meta-line em-event-location\">\r\n\t\t\t\t<span class=\"em-icon-location em-icon\"><\/span>\r\n\t\t\t\t<a href=\"https:\/\/thilomuster.info\/en\/locations\/stadtcasino-musiksaal\/\">Stadtcasino, Musiksaal<\/a>\r\n\t\t\t<\/div>\r\n\t\t\t\r\n\t\t\t\r\n\t\t\t\r\n\t\t\t<div class=\"em-item-meta-line em-item-taxonomy em-event-categories\">\r\n\t\t\t\t<span class=\"em-icon-category em-icon\"><\/span>\r\n\t\t\t\t<div>\t<ul class=\"event-categories\">\r\n\t\t\t\t\t<li><a href=\"https:\/\/thilomuster.info\/en\/events\/categories\/concerts\/\">Concerts<\/a><\/li>\r\n\t\t\t\t\t<li><a href=\"https:\/\/thilomuster.info\/en\/events\/categories\/recital\/\">Recital<\/a><\/li>\r\n\t\t\t<\/ul>\r\n\t<\/div>\r\n\t\t\t<\/div>\r\n\t\t\t\r\n\t\t\t\r\n\t\t<\/div>\r\n\t\t<div class=\"em-item-desc\">\r\n\t\t\tIl y a quelques ann\u00e9es, nos arch\u00e9ologues, dont Anne de Pury, membre de l\u2019AF et de la SEF, ont d\u00e9couvert \u00e0 Avenches un orgue romain. [...]\r\n\t\t<\/div>\r\n\t\t<div class=\"em-item-actions input\">\r\n\t\t\t<a class=\"em-item-read-more button\" href=\"https:\/\/thilomuster.info\/en\/events\/de-lorgue-antique-a-lorgue-moderne\/\">Weitere Informationen<\/a>\r\n\t\t\t\r\n\t\t<\/div>\r\n\t<\/div>\r\n<\/div><div class=\"em-event em-item\" style=\"--default-border:#FFFFFF;\">\r\n\t<div class=\"em-item-image \">\r\n\t\t\r\n\t\t<img src='https:\/\/thilomuster.info\/wp-content\/uploads\/2022\/12\/NOB-Flyer.jpg' alt='Neues Orchester Basel'\/>\r\n\t\t\r\n\t\t\r\n\t<\/div>\r\n\t<div class=\"em-item-info\">\r\n\t\t<h3 class=\"em-item-title\"><a href=\"https:\/\/thilomuster.info\/en\/events\/neues-orchester-basel\/\">Neues Orchester Basel<\/a><\/h3>\r\n\t\t<h4>Basel <\/h4>\r\n\t\t<div class=\"em-event-meta em-item-meta\">\r\n\t\t\t<div class=\"em-item-meta-line em-event-date em-event-meta-datetime\">\r\n\t\t\t\t<span class=\"em-icon-calendar em-icon\"><\/span>\r\n\t\t\t\t14.05.2023\u00a0\u00a0\u00a0\u00a0\r\n\t\t\t<\/div>\r\n\t\t\t<div class=\"em-item-meta-line em-event-time em-event-meta-datetime\">\r\n\t\t\t\t<span class=\"em-icon-clock em-icon\"><\/span>\r\n\t\t\t\t17:00 - 18:30\r\n\t\t\t<\/div>\r\n\t\t\t\r\n\t\t\t\r\n\t\t\t<div class=\"em-item-meta-line em-event-location\">\r\n\t\t\t\t<span class=\"em-icon-location em-icon\"><\/span>\r\n\t\t\t\t<a href=\"https:\/\/thilomuster.info\/en\/locations\/stadtcasino-musiksaal\/\">Stadtcasino, Musiksaal<\/a>\r\n\t\t\t<\/div>\r\n\t\t\t\r\n\t\t\t\r\n\t\t\t\r\n\t\t\t<div class=\"em-item-meta-line em-item-taxonomy em-event-categories\">\r\n\t\t\t\t<span class=\"em-icon-category em-icon\"><\/span>\r\n\t\t\t\t<div>\t<ul class=\"event-categories\">\r\n\t\t\t\t\t<li><a href=\"https:\/\/thilomuster.info\/en\/events\/categories\/concerts\/\">Concerts<\/a><\/li>\r\n\t\t\t<\/ul>\r\n\t<\/div>\r\n\t\t\t<\/div>\r\n\t\t\t\r\n\t\t\t\r\n\t\t<\/div>\r\n\t\t<div class=\"em-item-desc\">\r\n\t\t\t\u00abFliegende Melodien\u00bb Neues Orchester Basel, Ltg. Christian Kn\u00fcsel Thilo Muster, Orgel Franz Schubert \u00abUnvollendete\u00bb Francis Poulenc Orgelkonzert Thilo Muster Urauff\u00fchrung neues Auftragswerk: Bachiana balcanica\u00a0f\u00fcr Orgel [...]\r\n\t\t<\/div>\r\n\t\t<div class=\"em-item-actions input\">\r\n\t\t\t<a class=\"em-item-read-more button\" href=\"https:\/\/thilomuster.info\/en\/events\/neues-orchester-basel\/\">Weitere Informationen<\/a>\r\n\t\t\t\r\n\t\t<\/div>\r\n\t<\/div>\r\n<\/div><div class=\"em-event em-item\" style=\"--default-border:#FFFFFF;\">\r\n\t<div class=\"em-item-image has-placeholder\">\r\n\t\t\r\n\t\t\r\n\t\t<div class=\"em-item-image-placeholder\">\r\n\t\t\t<div class=\"date\">\r\n\t\t\t\t<span class=\"day\">01<\/span>\r\n\t\t\t\t<span class=\"month\">Apr<\/span>\r\n\t\t\t<\/div>\r\n\t\t<\/div>\r\n\t\t\r\n\t<\/div>\r\n\t<div class=\"em-item-info\">\r\n\t\t<h3 class=\"em-item-title\"><a href=\"https:\/\/thilomuster.info\/en\/events\/orgelvesper-zur-passionszeit-2\/\">Orgelvesper zur Passionszeit<\/a><\/h3>\r\n\t\t<h4>Arlesheim <\/h4>\r\n\t\t<div class=\"em-event-meta em-item-meta\">\r\n\t\t\t<div class=\"em-item-meta-line em-event-date em-event-meta-datetime\">\r\n\t\t\t\t<span class=\"em-icon-calendar em-icon\"><\/span>\r\n\t\t\t\t01.04.2023\u00a0\u00a0\u00a0\u00a0\r\n\t\t\t<\/div>\r\n\t\t\t<div class=\"em-item-meta-line em-event-time em-event-meta-datetime\">\r\n\t\t\t\t<span class=\"em-icon-clock em-icon\"><\/span>\r\n\t\t\t\t17:30 - 18:15\r\n\t\t\t<\/div>\r\n\t\t\t\r\n\t\t\t\r\n\t\t\t<div class=\"em-item-meta-line em-event-location\">\r\n\t\t\t\t<span class=\"em-icon-location em-icon\"><\/span>\r\n\t\t\t\t<a href=\"https:\/\/thilomuster.info\/en\/locations\/reformierte-kirche\/\">reformierte Kirche<\/a>\r\n\t\t\t<\/div>\r\n\t\t\t\r\n\t\t\t\r\n\t\t\t\r\n\t\t\t<div class=\"em-item-meta-line em-item-taxonomy em-event-categories\">\r\n\t\t\t\t<span class=\"em-icon-category em-icon\"><\/span>\r\n\t\t\t\t<div>\t<ul class=\"event-categories\">\r\n\t\t\t\t\t<li><a href=\"https:\/\/thilomuster.info\/en\/events\/categories\/concerts\/\">Concerts<\/a><\/li>\r\n\t\t\t\t\t<li><a href=\"https:\/\/thilomuster.info\/en\/events\/categories\/recital\/\">Recital<\/a><\/li>\r\n\t\t\t<\/ul>\r\n\t<\/div>\r\n\t\t\t<\/div>\r\n\t\t\t\r\n\t\t\t\r\n\t\t<\/div>\r\n\t\t<div class=\"em-item-desc\">\r\n\t\t\tProgramm Johann Sebastian Bach\u00a0(1685 \u20131750) \u2013 Pr\u00e4ludium f-Moll\u00a0BWV 534 Otto Malling (1848-1915) \u2013 Gethsemane (aus op. 54) \u2013 Die Worte der Liebe \u2013 Die Worte [...]\r\n\t\t<\/div>\r\n\t\t<div class=\"em-item-actions input\">\r\n\t\t\t<a class=\"em-item-read-more button\" href=\"https:\/\/thilomuster.info\/en\/events\/orgelvesper-zur-passionszeit-2\/\">Weitere Informationen<\/a>\r\n\t\t\t\r\n\t\t<\/div>\r\n\t<\/div>\r\n<\/div><div class=\"em-event em-item\" style=\"--default-border:#FFFFFF;\">\r\n\t<div class=\"em-item-image \">\r\n\t\t\r\n\t\t<img src='https:\/\/thilomuster.info\/wp-content\/uploads\/2020\/11\/FlyerDneu-scaled.jpg' alt='Taragot &amp; Orgel \u2013 umwerfender Balkansound.'\/>\r\n\t\t\r\n\t\t\r\n\t<\/div>\r\n\t<div class=\"em-item-info\">\r\n\t\t<h3 class=\"em-item-title\"><a href=\"https:\/\/thilomuster.info\/en\/events\/taragot-orgel-umwerfender-balkansound-7\/\">Taragot &amp; Orgel \u2013 umwerfender Balkansound.<\/a><\/h3>\r\n\t\t<h4>Erlach <\/h4>\r\n\t\t<div class=\"em-event-meta em-item-meta\">\r\n\t\t\t<div class=\"em-item-meta-line em-event-date em-event-meta-datetime\">\r\n\t\t\t\t<span class=\"em-icon-calendar em-icon\"><\/span>\r\n\t\t\t\t19.02.2023\u00a0\u00a0\u00a0\u00a0\r\n\t\t\t<\/div>\r\n\t\t\t<div class=\"em-item-meta-line em-event-time em-event-meta-datetime\">\r\n\t\t\t\t<span class=\"em-icon-clock em-icon\"><\/span>\r\n\t\t\t\t17:00 - 18:15\r\n\t\t\t<\/div>\r\n\t\t\t\r\n\t\t\t\r\n\t\t\t<div class=\"em-item-meta-line em-event-location\">\r\n\t\t\t\t<span class=\"em-icon-location em-icon\"><\/span>\r\n\t\t\t\t<a href=\"https:\/\/thilomuster.info\/locations\/orgelserenade\/\">Orgelserenade<\/a>\r\n\t\t\t<\/div>\r\n\t\t\t\r\n\t\t\t\r\n\t\t\t\r\n\t\t\t<div class=\"em-item-meta-line em-item-taxonomy em-event-categories\">\r\n\t\t\t\t<span class=\"em-icon-category em-icon\"><\/span>\r\n\t\t\t\t<div>\t<ul class=\"event-categories\">\r\n\t\t\t\t\t<li><a href=\"https:\/\/thilomuster.info\/en\/events\/categories\/concerts\/\">Concerts<\/a><\/li>\r\n\t\t\t\t\t<li><a href=\"https:\/\/thilomuster.info\/en\/events\/categories\/concerts\/\">Konzerte<\/a><\/li>\r\n\t\t\t\t\t<li><a href=\"https:\/\/thilomuster.info\/en\/events\/categories\/taragot-organ\/\">Taragot &amp; Organ<\/a><\/li>\r\n\t\t\t\t\t<li><a href=\"https:\/\/thilomuster.info\/en\/events\/categories\/taragot-organ\/\">Taragot &amp; Orgel<\/a><\/li>\r\n\t\t\t<\/ul>\r\n\t<\/div>\r\n\t\t\t<\/div>\r\n\t\t\t\r\n\t\t\t\r\n\t\t<\/div>\r\n\t\t<div class=\"em-item-desc\">\r\n\t\t\tZusammen mit Samuel Freiburghaus, Taragot, Klarinetten, Frula &amp; Nehrun Aliev,\u00a0Perkussion, Klarinette Website des Veranstalters\r\n\t\t<\/div>\r\n\t\t<div class=\"em-item-actions input\">\r\n\t\t\t<a class=\"em-item-read-more button\" href=\"https:\/\/thilomuster.info\/en\/events\/taragot-orgel-umwerfender-balkansound-7\/\">Weitere Informationen<\/a>\r\n\t\t\t\r\n\t\t<\/div>\r\n\t<\/div>\r\n<\/div><div class=\"em-event em-item\" style=\"--default-border:#FFFFFF;\">\r\n\t<div class=\"em-item-image \">\r\n\t\t\r\n\t\t<img src='https:\/\/thilomuster.info\/wp-content\/uploads\/2020\/11\/FlyerDneu-scaled.jpg' alt='Taragot &amp; Orgel \u2013 umwerfender Balkansound'\/>\r\n\t\t\r\n\t\t\r\n\t<\/div>\r\n\t<div class=\"em-item-info\">\r\n\t\t<h3 class=\"em-item-title\"><a href=\"https:\/\/thilomuster.info\/en\/events\/taragot-orgel-umwerfender-balkansound-10\/\">Taragot &amp; Orgel \u2013 umwerfender Balkansound<\/a><\/h3>\r\n\t\t<h4>Z\u00fcrich \/ CH<\/h4>\r\n\t\t<div class=\"em-event-meta em-item-meta\">\r\n\t\t\t<div class=\"em-item-meta-line em-event-date em-event-meta-datetime\">\r\n\t\t\t\t<span class=\"em-icon-calendar em-icon\"><\/span>\r\n\t\t\t\t22.01.2023\u00a0\u00a0\u00a0\u00a0\r\n\t\t\t<\/div>\r\n\t\t\t<div class=\"em-item-meta-line em-event-time em-event-meta-datetime\">\r\n\t\t\t\t<span class=\"em-icon-clock em-icon\"><\/span>\r\n\t\t\t\t17:00 - 18:15\r\n\t\t\t<\/div>\r\n\t\t\t\r\n\t\t\t\r\n\t\t\t<div class=\"em-item-meta-line em-event-location\">\r\n\t\t\t\t<span class=\"em-icon-location em-icon\"><\/span>\r\n\t\t\t\t<a href=\"https:\/\/thilomuster.info\/en\/locations\/zuercher-orgeltage-citykirche-offener-st-jakob\/\">Z\u00fcrcher Orgeltage \u2013 Citykirche offener St. Jakob<\/a>\r\n\t\t\t<\/div>\r\n\t\t\t\r\n\t\t\t\r\n\t\t\t\r\n\t\t\t<div class=\"em-item-meta-line em-item-taxonomy em-event-categories\">\r\n\t\t\t\t<span class=\"em-icon-category em-icon\"><\/span>\r\n\t\t\t\t<div>\t<ul class=\"event-categories\">\r\n\t\t\t\t\t<li><a href=\"https:\/\/thilomuster.info\/en\/events\/categories\/concerts\/\">Concerts<\/a><\/li>\r\n\t\t\t\t\t<li><a href=\"https:\/\/thilomuster.info\/en\/events\/categories\/taragot-organ\/\">Taragot &amp; Organ<\/a><\/li>\r\n\t\t\t<\/ul>\r\n\t<\/div>\r\n\t\t\t<\/div>\r\n\t\t\t\r\n\t\t\t\r\n\t\t<\/div>\r\n\t\t<div class=\"em-item-desc\">\r\n\t\t\tSamuel Freiburghaus, Taragot, Klarinetten, Frula Thilo Muster,\u00a0Orgel Musik des Balkans, der Lautari und Klezmorim aus Rum\u00e4nien, Bulgarien, Serbien, Albanien, Mazedonien, Griechenland, Armenien und Aserbaidschan\r\n\t\t<\/div>\r\n\t\t<div class=\"em-item-actions input\">\r\n\t\t\t<a class=\"em-item-read-more button\" href=\"https:\/\/thilomuster.info\/en\/events\/taragot-orgel-umwerfender-balkansound-10\/\">Weitere Informationen<\/a>\r\n\t\t\t\r\n\t\t<\/div>\r\n\t<\/div>\r\n<\/div><div class=\"em-event em-item\" style=\"--default-border:#FFFFFF;\">\r\n\t<div class=\"em-item-image \">\r\n\t\t\r\n\t\t<img src='https:\/\/thilomuster.info\/wp-content\/uploads\/2020\/11\/FlyerDneu-scaled.jpg' alt='Taragot &amp; Orgel \u2013 umwerfender Balkansound.'\/>\r\n\t\t\r\n\t\t\r\n\t<\/div>\r\n\t<div class=\"em-item-info\">\r\n\t\t<h3 class=\"em-item-title\"><a href=\"https:\/\/thilomuster.info\/en\/events\/taragot-orgel-umwerfender-balkansound-4\/\">Taragot &amp; Orgel \u2013 umwerfender Balkansound.<\/a><\/h3>\r\n\t\t<h4>Bottrop <\/h4>\r\n\t\t<div class=\"em-event-meta em-item-meta\">\r\n\t\t\t<div class=\"em-item-meta-line em-event-date em-event-meta-datetime\">\r\n\t\t\t\t<span class=\"em-icon-calendar em-icon\"><\/span>\r\n\t\t\t\t02.01.2023\u00a0\u00a0\u00a0\u00a0\r\n\t\t\t<\/div>\r\n\t\t\t<div class=\"em-item-meta-line em-event-time em-event-meta-datetime\">\r\n\t\t\t\t<span class=\"em-icon-clock em-icon\"><\/span>\r\n\t\t\t\t20:00 - 21:15\r\n\t\t\t<\/div>\r\n\t\t\t\r\n\t\t\t\r\n\t\t\t<div class=\"em-item-meta-line em-event-location\">\r\n\t\t\t\t<span class=\"em-icon-location em-icon\"><\/span>\r\n\t\t\t\t<a href=\"https:\/\/thilomuster.info\/en\/locations\/festival-orgel-plus\/\">Festival Orgel PLUS<\/a>\r\n\t\t\t<\/div>\r\n\t\t\t\r\n\t\t\t\r\n\t\t\t\r\n\t\t\t<div class=\"em-item-meta-line em-item-taxonomy em-event-categories\">\r\n\t\t\t\t<span class=\"em-icon-category em-icon\"><\/span>\r\n\t\t\t\t<div>\t<ul class=\"event-categories\">\r\n\t\t\t\t\t<li><a href=\"https:\/\/thilomuster.info\/en\/events\/categories\/concerts\/\">Concerts<\/a><\/li>\r\n\t\t\t\t\t<li><a href=\"https:\/\/thilomuster.info\/en\/events\/categories\/concerts\/\">Konzerte<\/a><\/li>\r\n\t\t\t\t\t<li><a href=\"https:\/\/thilomuster.info\/en\/events\/categories\/taragot-organ\/\">Taragot &amp; Organ<\/a><\/li>\r\n\t\t\t\t\t<li><a href=\"https:\/\/thilomuster.info\/en\/events\/categories\/taragot-organ\/\">Taragot &amp; Orgel<\/a><\/li>\r\n\t\t\t<\/ul>\r\n\t<\/div>\r\n\t\t\t<\/div>\r\n\t\t\t\r\n\t\t\t\r\n\t\t<\/div>\r\n\t\t<div class=\"em-item-desc\">\r\n\t\t\tZusammen mit Samuel Freiburghaus, Taragot, Klarinetten, Frula &amp; Nehrun Aliev,\u00a0Perkussion, Klarinette Website des Veranstalters\r\n\t\t<\/div>\r\n\t\t<div class=\"em-item-actions input\">\r\n\t\t\t<a class=\"em-item-read-more button\" href=\"https:\/\/thilomuster.info\/en\/events\/taragot-orgel-umwerfender-balkansound-4\/\">Weitere Informationen<\/a>\r\n\t\t\t\r\n\t\t<\/div>\r\n\t<\/div>\r\n<\/div><div class=\"em-event em-item\" style=\"--default-border:#FFFFFF;\">\r\n\t<div class=\"em-item-image has-placeholder\">\r\n\t\t\r\n\t\t\r\n\t\t<div class=\"em-item-image-placeholder\">\r\n\t\t\t<div class=\"date\">\r\n\t\t\t\t<span class=\"day\">20<\/span>\r\n\t\t\t\t<span class=\"month\">Nov<\/span>\r\n\t\t\t<\/div>\r\n\t\t<\/div>\r\n\t\t\r\n\t<\/div>\r\n\t<div class=\"em-item-info\">\r\n\t\t<h3 class=\"em-item-title\"><a href=\"https:\/\/thilomuster.info\/en\/events\/dvorak-messe-in-d-op-86-und-biblische-lieder-2\/\">Dvo\u0159\u00e1k: Messe in D, op. 86 und biblische Lieder<\/a><\/h3>\r\n\t\t<h4>Basel <\/h4>\r\n\t\t<div class=\"em-event-meta em-item-meta\">\r\n\t\t\t<div class=\"em-item-meta-line em-event-date em-event-meta-datetime\">\r\n\t\t\t\t<span class=\"em-icon-calendar em-icon\"><\/span>\r\n\t\t\t\t20.11.2022\u00a0\u00a0\u00a0\u00a0\r\n\t\t\t<\/div>\r\n\t\t\t<div class=\"em-item-meta-line em-event-time em-event-meta-datetime\">\r\n\t\t\t\t<span class=\"em-icon-clock em-icon\"><\/span>\r\n\t\t\t\t17:00 - 18:15\r\n\t\t\t<\/div>\r\n\t\t\t\r\n\t\t\t\r\n\t\t\t<div class=\"em-item-meta-line em-event-location\">\r\n\t\t\t\t<span class=\"em-icon-location em-icon\"><\/span>\r\n\t\t\t\t<a href=\"https:\/\/thilomuster.info\/locations\/martinskirche\/\">Martinskirche<\/a>\r\n\t\t\t<\/div>\r\n\t\t\t\r\n\t\t\t\r\n\t\t\t\r\n\t\t\t<div class=\"em-item-meta-line em-item-taxonomy em-event-categories\">\r\n\t\t\t\t<span class=\"em-icon-category em-icon\"><\/span>\r\n\t\t\t\t<div>\t<ul class=\"event-categories\">\r\n\t\t\t\t\t<li><a href=\"https:\/\/thilomuster.info\/en\/events\/categories\/concerts\/\">Concerts<\/a><\/li>\r\n\t\t\t<\/ul>\r\n\t<\/div>\r\n\t\t\t<\/div>\r\n\t\t\t\r\n\t\t\t\r\n\t\t<\/div>\r\n\t\t<div class=\"em-item-desc\">\r\n\t\t\tAline Du Pasquier, Sopran Roswitha M\u00fcller, Alt Raphael H\u00f6hn, Tenor Matthias Helm, Bass Thilo Muster, Orgel Kantorei St. Arbogast, Muttenz Angelika Hirsch, Leitung www.kantoreistarbogast.ch\r\n\t\t<\/div>\r\n\t\t<div class=\"em-item-actions input\">\r\n\t\t\t<a class=\"em-item-read-more button\" href=\"https:\/\/thilomuster.info\/en\/events\/dvorak-messe-in-d-op-86-und-biblische-lieder-2\/\">Weitere Informationen<\/a>\r\n\t\t\t\r\n\t\t<\/div>\r\n\t<\/div>\r\n<\/div><div class=\"em-event em-item\" style=\"--default-border:#FFFFFF;\">\r\n\t<div class=\"em-item-image has-placeholder\">\r\n\t\t\r\n\t\t\r\n\t\t<div class=\"em-item-image-placeholder\">\r\n\t\t\t<div class=\"date\">\r\n\t\t\t\t<span class=\"day\">19<\/span>\r\n\t\t\t\t<span class=\"month\">Nov<\/span>\r\n\t\t\t<\/div>\r\n\t\t<\/div>\r\n\t\t\r\n\t<\/div>\r\n\t<div class=\"em-item-info\">\r\n\t\t<h3 class=\"em-item-title\"><a href=\"https:\/\/thilomuster.info\/en\/events\/dvorak-messe-in-d-op-86-und-biblische-lieder\/\">Dvo\u0159\u00e1k: Messe in D, op. 86 und biblische Lieder<\/a><\/h3>\r\n\t\t<h4>Basel <\/h4>\r\n\t\t<div class=\"em-event-meta em-item-meta\">\r\n\t\t\t<div class=\"em-item-meta-line em-event-date em-event-meta-datetime\">\r\n\t\t\t\t<span class=\"em-icon-calendar em-icon\"><\/span>\r\n\t\t\t\t19.11.2022\u00a0\u00a0\u00a0\u00a0\r\n\t\t\t<\/div>\r\n\t\t\t<div class=\"em-item-meta-line em-event-time em-event-meta-datetime\">\r\n\t\t\t\t<span class=\"em-icon-clock em-icon\"><\/span>\r\n\t\t\t\t19:00 - 20:15\r\n\t\t\t<\/div>\r\n\t\t\t\r\n\t\t\t\r\n\t\t\t<div class=\"em-item-meta-line em-event-location\">\r\n\t\t\t\t<span class=\"em-icon-location em-icon\"><\/span>\r\n\t\t\t\t<a href=\"https:\/\/thilomuster.info\/locations\/martinskirche\/\">Martinskirche<\/a>\r\n\t\t\t<\/div>\r\n\t\t\t\r\n\t\t\t\r\n\t\t\t\r\n\t\t\t<div class=\"em-item-meta-line em-item-taxonomy em-event-categories\">\r\n\t\t\t\t<span class=\"em-icon-category em-icon\"><\/span>\r\n\t\t\t\t<div>\t<ul class=\"event-categories\">\r\n\t\t\t\t\t<li><a href=\"https:\/\/thilomuster.info\/en\/events\/categories\/concerts\/\">Concerts<\/a><\/li>\r\n\t\t\t<\/ul>\r\n\t<\/div>\r\n\t\t\t<\/div>\r\n\t\t\t\r\n\t\t\t\r\n\t\t<\/div>\r\n\t\t<div class=\"em-item-desc\">\r\n\t\t\tAline Du Pasquier, Sopran Roswitha M\u00fcller, Alt Raphael H\u00f6hn, Tenor Matthias Helm, Bass Thilo Muster, Orgel Kantorei St. Arbogast, Muttenz Angelika Hirsch, Leitung www.kantoreistarbogast.ch\r\n\t\t<\/div>\r\n\t\t<div class=\"em-item-actions input\">\r\n\t\t\t<a class=\"em-item-read-more button\" href=\"https:\/\/thilomuster.info\/en\/events\/dvorak-messe-in-d-op-86-und-biblische-lieder\/\">Weitere Informationen<\/a>\r\n\t\t\t\r\n\t\t<\/div>\r\n\t<\/div>\r\n<\/div><div class=\"em-event em-item\" style=\"--default-border:#FFFFFF;\">\r\n\t<div class=\"em-item-image \">\r\n\t\t\r\n\t\t<img src='https:\/\/thilomuster.info\/wp-content\/uploads\/2020\/11\/FlyerDneu-scaled.jpg' alt='Taragot &amp; Orgel \u2013 umwerfender Balkansound'\/>\r\n\t\t\r\n\t\t\r\n\t<\/div>\r\n\t<div class=\"em-item-info\">\r\n\t\t<h3 class=\"em-item-title\"><a href=\"https:\/\/thilomuster.info\/en\/events\/taragot-orgel-umwerfender-balkansound-8\/\">Taragot &amp; Orgel \u2013 umwerfender Balkansound<\/a><\/h3>\r\n\t\t<h4>Seewen <\/h4>\r\n\t\t<div class=\"em-event-meta em-item-meta\">\r\n\t\t\t<div class=\"em-item-meta-line em-event-date em-event-meta-datetime\">\r\n\t\t\t\t<span class=\"em-icon-calendar em-icon\"><\/span>\r\n\t\t\t\t30.10.2022\u00a0\u00a0\u00a0\u00a0\r\n\t\t\t<\/div>\r\n\t\t\t<div class=\"em-item-meta-line em-event-time em-event-meta-datetime\">\r\n\t\t\t\t<span class=\"em-icon-clock em-icon\"><\/span>\r\n\t\t\t\t11:15 - 12:00\r\n\t\t\t<\/div>\r\n\t\t\t\r\n\t\t\t\r\n\t\t\t<div class=\"em-item-meta-line em-event-location\">\r\n\t\t\t\t<span class=\"em-icon-location em-icon\"><\/span>\r\n\t\t\t\t<a href=\"https:\/\/thilomuster.info\/locations\/museum-fuer-musikautomaten\/\">Museum f\u00fcr Musikautomaten<\/a>\r\n\t\t\t<\/div>\r\n\t\t\t\r\n\t\t\t\r\n\t\t\t\r\n\t\t\t<div class=\"em-item-meta-line em-item-taxonomy em-event-categories\">\r\n\t\t\t\t<span class=\"em-icon-category em-icon\"><\/span>\r\n\t\t\t\t<div>\t<ul class=\"event-categories\">\r\n\t\t\t\t\t<li><a href=\"https:\/\/thilomuster.info\/en\/events\/categories\/concerts\/\">Concerts<\/a><\/li>\r\n\t\t\t\t\t<li><a href=\"https:\/\/thilomuster.info\/en\/events\/categories\/taragot-organ\/\">Taragot &amp; Organ<\/a><\/li>\r\n\t\t\t<\/ul>\r\n\t<\/div>\r\n\t\t\t<\/div>\r\n\t\t\t\r\n\t\t\t\r\n\t\t<\/div>\r\n\t\t<div class=\"em-item-desc\">\r\n\t\t\tSamuel Freiburghaus, Taragot, Klarinetten, Bassethorn, Frula, Tilinca Thilo Muster,\u00a0an der Britannic-Orgel www.musikautomaten,ch\r\n\t\t<\/div>\r\n\t\t<div class=\"em-item-actions input\">\r\n\t\t\t<a class=\"em-item-read-more button\" href=\"https:\/\/thilomuster.info\/en\/events\/taragot-orgel-umwerfender-balkansound-8\/\">Weitere Informationen<\/a>\r\n\t\t\t\r\n\t\t<\/div>\r\n\t<\/div>\r\n<\/div><div class=\"em-event em-item\" style=\"--default-border:#FFFFFF;\">\r\n\t<div class=\"em-item-image \">\r\n\t\t\r\n\t\t<img src='https:\/\/thilomuster.info\/wp-content\/uploads\/2020\/11\/FlyerDneu-scaled.jpg' alt='Taragot &amp; Orgel \u2013 umwerfender Balkansound.'\/>\r\n\t\t\r\n\t\t\r\n\t<\/div>\r\n\t<div class=\"em-item-info\">\r\n\t\t<h3 class=\"em-item-title\"><a href=\"https:\/\/thilomuster.info\/en\/events\/taragot-orgel-umwerfender-balkansound-6\/\">Taragot &amp; Orgel \u2013 umwerfender Balkansound.<\/a><\/h3>\r\n\t\t<h4>Leuven <\/h4>\r\n\t\t<div class=\"em-event-meta em-item-meta\">\r\n\t\t\t<div class=\"em-item-meta-line em-event-date em-event-meta-datetime\">\r\n\t\t\t\t<span class=\"em-icon-calendar em-icon\"><\/span>\r\n\t\t\t\t15.10.2022\u00a0\u00a0\u00a0\u00a0\r\n\t\t\t<\/div>\r\n\t\t\t<div class=\"em-item-meta-line em-event-time em-event-meta-datetime\">\r\n\t\t\t\t<span class=\"em-icon-clock em-icon\"><\/span>\r\n\t\t\t\t20:00 - 21:15\r\n\t\t\t<\/div>\r\n\t\t\t\r\n\t\t\t\r\n\t\t\t<div class=\"em-item-meta-line em-event-location\">\r\n\t\t\t\t<span class=\"em-icon-location em-icon\"><\/span>\r\n\t\t\t\t<a href=\"https:\/\/thilomuster.info\/locations\/sint-pieterskerk\/\">Sint-Pieterskerk<\/a>\r\n\t\t\t<\/div>\r\n\t\t\t\r\n\t\t\t\r\n\t\t\t\r\n\t\t\t<div class=\"em-item-meta-line em-item-taxonomy em-event-categories\">\r\n\t\t\t\t<span class=\"em-icon-category em-icon\"><\/span>\r\n\t\t\t\t<div>\t<ul class=\"event-categories\">\r\n\t\t\t\t\t<li><a href=\"https:\/\/thilomuster.info\/en\/events\/categories\/concerts\/\">Concerts<\/a><\/li>\r\n\t\t\t\t\t<li><a href=\"https:\/\/thilomuster.info\/en\/events\/categories\/concerts\/\">Konzerte<\/a><\/li>\r\n\t\t\t\t\t<li><a href=\"https:\/\/thilomuster.info\/en\/events\/categories\/taragot-organ\/\">Taragot &amp; Organ<\/a><\/li>\r\n\t\t\t\t\t<li><a href=\"https:\/\/thilomuster.info\/en\/events\/categories\/taragot-organ\/\">Taragot &amp; Orgel<\/a><\/li>\r\n\t\t\t<\/ul>\r\n\t<\/div>\r\n\t\t\t<\/div>\r\n\t\t\t\r\n\t\t\t\r\n\t\t<\/div>\r\n\t\t<div class=\"em-item-desc\">\r\n\t\t\tZusammen mit Samuel Freiburghaus, Taragot, Klarinetten, Frula &amp; Nehrun Aliev,\u00a0Perkussion, Klarinette Website des Veranstalters\r\n\t\t<\/div>\r\n\t\t<div class=\"em-item-actions input\">\r\n\t\t\t<a class=\"em-item-read-more button\" href=\"https:\/\/thilomuster.info\/en\/events\/taragot-orgel-umwerfender-balkansound-6\/\">Weitere Informationen<\/a>\r\n\t\t\t\r\n\t\t<\/div>\r\n\t<\/div>\r\n<\/div><div class=\"em-event em-item\" style=\"--default-border:#a8d144;\">\r\n\t<div class=\"em-item-image \">\r\n\t\t\r\n\t\t<img src='https:\/\/thilomuster.info\/wp-content\/uploads\/2017\/11\/SamuelThiloAusschnitt.jpg' alt='Taragot &amp; Orgue \u2013 le souffle des Balkans : franchement d\u00e9coiffant !'\/>\r\n\t\t\r\n\t\t\r\n\t<\/div>\r\n\t<div class=\"em-item-info\">\r\n\t\t<h3 class=\"em-item-title\"><a href=\"https:\/\/thilomuster.info\/en\/events\/taragot-orgue-le-souffle-des-balkans-franchement-decoiffant-4\/\">Taragot &amp; Orgue \u2013 le souffle des Balkans : franchement d\u00e9coiffant !<\/a><\/h3>\r\n\t\t<h4>Cormoret <\/h4>\r\n\t\t<div class=\"em-event-meta em-item-meta\">\r\n\t\t\t<div class=\"em-item-meta-line em-event-date em-event-meta-datetime\">\r\n\t\t\t\t<span class=\"em-icon-calendar em-icon\"><\/span>\r\n\t\t\t\t11.09.2022\u00a0\u00a0\u00a0\u00a0\r\n\t\t\t<\/div>\r\n\t\t\t<div class=\"em-item-meta-line em-event-time em-event-meta-datetime\">\r\n\t\t\t\t<span class=\"em-icon-clock em-icon\"><\/span>\r\n\t\t\t\t17:30 - 18:45\r\n\t\t\t<\/div>\r\n\t\t\t\r\n\t\t\t\r\n\t\t\t<div class=\"em-item-meta-line em-event-location\">\r\n\t\t\t\t<span class=\"em-icon-location em-icon\"><\/span>\r\n\t\t\t\t<a href=\"https:\/\/thilomuster.info\/locations\/festival-musicales-jube\/\">Festival Musicales JUBE<\/a>\r\n\t\t\t<\/div>\r\n\t\t\t\r\n\t\t\t\r\n\t\t\t\r\n\t\t\t<div class=\"em-item-meta-line em-item-taxonomy em-event-categories\">\r\n\t\t\t\t<span class=\"em-icon-category em-icon\"><\/span>\r\n\t\t\t\t<div>\t<ul class=\"event-categories\">\r\n\t\t\t\t\t<li><a href=\"https:\/\/thilomuster.info\/en\/events\/categories\/concerts\/\">Konzerte<\/a><\/li>\r\n\t\t\t\t\t<li><a href=\"https:\/\/thilomuster.info\/en\/events\/categories\/taragot-organ\/\">Taragot &amp; Orgel<\/a><\/li>\r\n\t\t\t<\/ul>\r\n\t<\/div>\r\n\t\t\t<\/div>\r\n\t\t\t\r\n\t\t\t\r\n\t\t<\/div>\r\n\t\t<div class=\"em-item-desc\">\r\n\t\t\tConcert avec\u00a0Samuel Freiburghaus, taragot, clarinette, frula, tilinca Musique des Balkans, tzigane et klezmer de Roumanie, Bulgarie, Bosnie, Arm\u00e9nie und Azerbaidjan.\r\n\t\t<\/div>\r\n\t\t<div class=\"em-item-actions input\">\r\n\t\t\t<a class=\"em-item-read-more button\" href=\"https:\/\/thilomuster.info\/en\/events\/taragot-orgue-le-souffle-des-balkans-franchement-decoiffant-4\/\">Weitere Informationen<\/a>\r\n\t\t\t\r\n\t\t<\/div>\r\n\t<\/div>\r\n<\/div><div class=\"em-event em-item\" style=\"--default-border:#FFFFFF;\">\r\n\t<div class=\"em-item-image has-placeholder\">\r\n\t\t\r\n\t\t\r\n\t\t<div class=\"em-item-image-placeholder\">\r\n\t\t\t<div class=\"date\">\r\n\t\t\t\t<span class=\"day\">02<\/span>\r\n\t\t\t\t<span class=\"month\">Sep<\/span>\r\n\t\t\t<\/div>\r\n\t\t<\/div>\r\n\t\t\r\n\t<\/div>\r\n\t<div class=\"em-item-info\">\r\n\t\t<h3 class=\"em-item-title\"><a href=\"https:\/\/thilomuster.info\/en\/events\/4-basler-orgelfestival-cesar-franck-zum-200-geburtstag\/\">4. Basler Orgelfestival \u2013 C\u00e9sar Franck zum 200. Geburtstag<\/a><\/h3>\r\n\t\t<h4>Liestal <\/h4>\r\n\t\t<div class=\"em-event-meta em-item-meta\">\r\n\t\t\t<div class=\"em-item-meta-line em-event-date em-event-meta-datetime\">\r\n\t\t\t\t<span class=\"em-icon-calendar em-icon\"><\/span>\r\n\t\t\t\t02.09.2022\u00a0\u00a0\u00a0\u00a0\r\n\t\t\t<\/div>\r\n\t\t\t<div class=\"em-item-meta-line em-event-time em-event-meta-datetime\">\r\n\t\t\t\t<span class=\"em-icon-clock em-icon\"><\/span>\r\n\t\t\t\t18:30 - 19:30\r\n\t\t\t<\/div>\r\n\t\t\t\r\n\t\t\t\r\n\t\t\t<div class=\"em-item-meta-line em-event-location\">\r\n\t\t\t\t<span class=\"em-icon-location em-icon\"><\/span>\r\n\t\t\t\t<a href=\"https:\/\/thilomuster.info\/en\/locations\/stadtkirche-4\/\">Stadtkirche<\/a>\r\n\t\t\t<\/div>\r\n\t\t\t\r\n\t\t\t\r\n\t\t\t\r\n\t\t\t<div class=\"em-item-meta-line em-item-taxonomy em-event-categories\">\r\n\t\t\t\t<span class=\"em-icon-category em-icon\"><\/span>\r\n\t\t\t\t<div>\t<ul class=\"event-categories\">\r\n\t\t\t\t\t<li><a href=\"https:\/\/thilomuster.info\/en\/events\/categories\/concerts\/\">Concerts<\/a><\/li>\r\n\t\t\t\t\t<li><a href=\"https:\/\/thilomuster.info\/en\/events\/categories\/recital\/\">Recital<\/a><\/li>\r\n\t\t\t<\/ul>\r\n\t<\/div>\r\n\t\t\t<\/div>\r\n\t\t\t\r\n\t\t\t\r\n\t\t<\/div>\r\n\t\t<div class=\"em-item-desc\">\r\n\t\t\tWerke von Charles Tournemire, Samuel Rousseau und Joseph Ermend Bonnal Thilo Muster und Ilja V\u00f6llmy,\u00a0Orgel www.orgel-basel.ch\r\n\t\t<\/div>\r\n\t\t<div class=\"em-item-actions input\">\r\n\t\t\t<a class=\"em-item-read-more button\" href=\"https:\/\/thilomuster.info\/en\/events\/4-basler-orgelfestival-cesar-franck-zum-200-geburtstag\/\">Weitere Informationen<\/a>\r\n\t\t\t\r\n\t\t<\/div>\r\n\t<\/div>\r\n<\/div><div class=\"em-event em-item\" style=\"--default-border:#FFFFFF;\">\r\n\t<div class=\"em-item-image has-placeholder\">\r\n\t\t\r\n\t\t\r\n\t\t<div class=\"em-item-image-placeholder\">\r\n\t\t\t<div class=\"date\">\r\n\t\t\t\t<span class=\"day\">13<\/span>\r\n\t\t\t\t<span class=\"month\">Aug<\/span>\r\n\t\t\t<\/div>\r\n\t\t<\/div>\r\n\t\t\r\n\t<\/div>\r\n\t<div class=\"em-item-info\">\r\n\t\t<h3 class=\"em-item-title\"><a href=\"https:\/\/thilomuster.info\/en\/events\/basler-orgelspaziergang\/\">Basler Orgelspaziergang<\/a><\/h3>\r\n\t\t<h4>Basel <\/h4>\r\n\t\t<div class=\"em-event-meta em-item-meta\">\r\n\t\t\t<div class=\"em-item-meta-line em-event-date em-event-meta-datetime\">\r\n\t\t\t\t<span class=\"em-icon-calendar em-icon\"><\/span>\r\n\t\t\t\t13.08.2022\u00a0\u00a0\u00a0\u00a0\r\n\t\t\t<\/div>\r\n\t\t\t<div class=\"em-item-meta-line em-event-time em-event-meta-datetime\">\r\n\t\t\t\t<span class=\"em-icon-clock em-icon\"><\/span>\r\n\t\t\t\t09:00 - 10:00\r\n\t\t\t<\/div>\r\n\t\t\t\r\n\t\t\t\r\n\t\t\t<div class=\"em-item-meta-line em-event-location\">\r\n\t\t\t\t<span class=\"em-icon-location em-icon\"><\/span>\r\n\t\t\t\t<a href=\"https:\/\/thilomuster.info\/en\/locations\/stadtcasino-musiksaal\/\">Stadtcasino, Musiksaal<\/a>\r\n\t\t\t<\/div>\r\n\t\t\t\r\n\t\t\t\r\n\t\t\t\r\n\t\t\t<div class=\"em-item-meta-line em-item-taxonomy em-event-categories\">\r\n\t\t\t\t<span class=\"em-icon-category em-icon\"><\/span>\r\n\t\t\t\t<div>\t<ul class=\"event-categories\">\r\n\t\t\t\t\t<li><a href=\"https:\/\/thilomuster.info\/en\/events\/categories\/concerts\/\">Concerts<\/a><\/li>\r\n\t\t\t\t\t<li><a href=\"https:\/\/thilomuster.info\/en\/events\/categories\/recital\/\">Recital<\/a><\/li>\r\n\t\t\t<\/ul>\r\n\t<\/div>\r\n\t\t\t<\/div>\r\n\t\t\t\r\n\t\t\t\r\n\t\t<\/div>\r\n\t\t<div class=\"em-item-desc\">\r\n\t\t\tKurzkonzert\u00a0an der Metzler Orgel im Musiksaal des Stadtcasino Basel Weitere Konzerte: www.orgel-basel.ch 09h00-10h00 Stadtcasino Basel 10h30-11h30 Orchesterproberaum Sinfonierochester Basel 13h30-14h30 Kleiner Saal Musikakademie 15h00-16h00 Marienkirche\r\n\t\t<\/div>\r\n\t\t<div class=\"em-item-actions input\">\r\n\t\t\t<a class=\"em-item-read-more button\" href=\"https:\/\/thilomuster.info\/en\/events\/basler-orgelspaziergang\/\">Weitere Informationen<\/a>\r\n\t\t\t\r\n\t\t<\/div>\r\n\t<\/div>\r\n<\/div><div class=\"em-event em-item\" style=\"--default-border:#FFFFFF;\">\r\n\t<div class=\"em-item-image has-placeholder\">\r\n\t\t\r\n\t\t\r\n\t\t<div class=\"em-item-image-placeholder\">\r\n\t\t\t<div class=\"date\">\r\n\t\t\t\t<span class=\"day\">19<\/span>\r\n\t\t\t\t<span class=\"month\">Jun<\/span>\r\n\t\t\t<\/div>\r\n\t\t<\/div>\r\n\t\t\r\n\t<\/div>\r\n\t<div class=\"em-item-info\">\r\n\t\t<h3 class=\"em-item-title\"><a href=\"https:\/\/thilomuster.info\/en\/events\/recital-dorgue\/\">R\u00e9cital d&#039;orgue<\/a><\/h3>\r\n\t\t<h4>Chavannes \/ CH<\/h4>\r\n\t\t<div class=\"em-event-meta em-item-meta\">\r\n\t\t\t<div class=\"em-item-meta-line em-event-date em-event-meta-datetime\">\r\n\t\t\t\t<span class=\"em-icon-calendar em-icon\"><\/span>\r\n\t\t\t\t19.06.2022\u00a0\u00a0\u00a0\u00a0\r\n\t\t\t<\/div>\r\n\t\t\t<div class=\"em-item-meta-line em-event-time em-event-meta-datetime\">\r\n\t\t\t\t<span class=\"em-icon-clock em-icon\"><\/span>\r\n\t\t\t\t17:00 - 18:00\r\n\t\t\t<\/div>\r\n\t\t\t\r\n\t\t\t\r\n\t\t\t<div class=\"em-item-meta-line em-event-location\">\r\n\t\t\t\t<span class=\"em-icon-location em-icon\"><\/span>\r\n\t\t\t\t<a href=\"https:\/\/thilomuster.info\/locations\/temple\/\">Temple<\/a>\r\n\t\t\t<\/div>\r\n\t\t\t\r\n\t\t\t\r\n\t\t\t\r\n\t\t\t<div class=\"em-item-meta-line em-item-taxonomy em-event-categories\">\r\n\t\t\t\t<span class=\"em-icon-category em-icon\"><\/span>\r\n\t\t\t\t<div>\t<ul class=\"event-categories\">\r\n\t\t\t\t\t<li><a href=\"https:\/\/thilomuster.info\/en\/events\/categories\/concerts\/\">Concerts<\/a><\/li>\r\n\t\t\t\t\t<li><a href=\"https:\/\/thilomuster.info\/en\/events\/categories\/recital\/\">Recital<\/a><\/li>\r\n\t\t\t<\/ul>\r\n\t<\/div>\r\n\t\t\t<\/div>\r\n\t\t\t\r\n\t\t\t\r\n\t\t<\/div>\r\n\t\t<div class=\"em-item-desc\">\r\n\t\t\tmusique ancienne\r\n\t\t<\/div>\r\n\t\t<div class=\"em-item-actions input\">\r\n\t\t\t<a class=\"em-item-read-more button\" href=\"https:\/\/thilomuster.info\/en\/events\/recital-dorgue\/\">Weitere Informationen<\/a>\r\n\t\t\t\r\n\t\t<\/div>\r\n\t<\/div>\r\n<\/div><div class=\"em-event em-item\" style=\"--default-border:#FFFFFF;\">\r\n\t<div class=\"em-item-image has-placeholder\">\r\n\t\t\r\n\t\t\r\n\t\t<div class=\"em-item-image-placeholder\">\r\n\t\t\t<div class=\"date\">\r\n\t\t\t\t<span class=\"day\">12<\/span>\r\n\t\t\t\t<span class=\"month\">Jun<\/span>\r\n\t\t\t<\/div>\r\n\t\t<\/div>\r\n\t\t\r\n\t<\/div>\r\n\t<div class=\"em-item-info\">\r\n\t\t<h3 class=\"em-item-title\"><a href=\"https:\/\/thilomuster.info\/en\/events\/bach-und-schuetz\/\">Bach und Sch\u00fctz<\/a><\/h3>\r\n\t\t<h4>Arlesheim <\/h4>\r\n\t\t<div class=\"em-event-meta em-item-meta\">\r\n\t\t\t<div class=\"em-item-meta-line em-event-date em-event-meta-datetime\">\r\n\t\t\t\t<span class=\"em-icon-calendar em-icon\"><\/span>\r\n\t\t\t\t12.06.2022\u00a0\u00a0\u00a0\u00a0\r\n\t\t\t<\/div>\r\n\t\t\t<div class=\"em-item-meta-line em-event-time em-event-meta-datetime\">\r\n\t\t\t\t<span class=\"em-icon-clock em-icon\"><\/span>\r\n\t\t\t\t20:00 - 21:30\r\n\t\t\t<\/div>\r\n\t\t\t\r\n\t\t\t\r\n\t\t\t<div class=\"em-item-meta-line em-event-location\">\r\n\t\t\t\t<span class=\"em-icon-location em-icon\"><\/span>\r\n\t\t\t\t<a href=\"https:\/\/thilomuster.info\/en\/locations\/reformierte-kirche\/\">reformierte Kirche<\/a>\r\n\t\t\t<\/div>\r\n\t\t\t\r\n\t\t\t\r\n\t\t\t\r\n\t\t\t<div class=\"em-item-meta-line em-item-taxonomy em-event-categories\">\r\n\t\t\t\t<span class=\"em-icon-category em-icon\"><\/span>\r\n\t\t\t\t<div>\t<ul class=\"event-categories\">\r\n\t\t\t\t\t<li><a href=\"https:\/\/thilomuster.info\/en\/events\/categories\/concerts\/\">Concerts<\/a><\/li>\r\n\t\t\t<\/ul>\r\n\t<\/div>\r\n\t\t\t<\/div>\r\n\t\t\t\r\n\t\t\t\r\n\t\t<\/div>\r\n\t\t<div class=\"em-item-desc\">\r\n\t\t\tAline Du Pasquier und Linda Deborah Loosli, Sopran Christina Metz, Alt Hans-J\u00fcrg Rickenbacher, Tenor Robert Koller, Bass Simon Lilly und Andrew Hammersley, Trompete Arlesheimer Bach-Kantaten-Chor [...]\r\n\t\t<\/div>\r\n\t\t<div class=\"em-item-actions input\">\r\n\t\t\t<a class=\"em-item-read-more button\" href=\"https:\/\/thilomuster.info\/en\/events\/bach-und-schuetz\/\">Weitere Informationen<\/a>\r\n\t\t\t\r\n\t\t<\/div>\r\n\t<\/div>\r\n<\/div><div class=\"em-event em-item\" style=\"--default-border:#FFFFFF;\">\r\n\t<div class=\"em-item-image has-placeholder\">\r\n\t\t\r\n\t\t\r\n\t\t<div class=\"em-item-image-placeholder\">\r\n\t\t\t<div class=\"date\">\r\n\t\t\t\t<span class=\"day\">12<\/span>\r\n\t\t\t\t<span class=\"month\">Jun<\/span>\r\n\t\t\t<\/div>\r\n\t\t<\/div>\r\n\t\t\r\n\t<\/div>\r\n\t<div class=\"em-item-info\">\r\n\t\t<h3 class=\"em-item-title\"><a href=\"https:\/\/thilomuster.info\/en\/events\/bach-und-schuetz-2\/\">Bach und Sch\u00fctz<\/a><\/h3>\r\n\t\t<h4>Arlesheim <\/h4>\r\n\t\t<div class=\"em-event-meta em-item-meta\">\r\n\t\t\t<div class=\"em-item-meta-line em-event-date em-event-meta-datetime\">\r\n\t\t\t\t<span class=\"em-icon-calendar em-icon\"><\/span>\r\n\t\t\t\t12.06.2022\u00a0\u00a0\u00a0\u00a0\r\n\t\t\t<\/div>\r\n\t\t\t<div class=\"em-item-meta-line em-event-time em-event-meta-datetime\">\r\n\t\t\t\t<span class=\"em-icon-clock em-icon\"><\/span>\r\n\t\t\t\t10:00 - 11:30\r\n\t\t\t<\/div>\r\n\t\t\t\r\n\t\t\t\r\n\t\t\t<div class=\"em-item-meta-line em-event-location\">\r\n\t\t\t\t<span class=\"em-icon-location em-icon\"><\/span>\r\n\t\t\t\t<a href=\"https:\/\/thilomuster.info\/en\/locations\/reformierte-kirche\/\">reformierte Kirche<\/a>\r\n\t\t\t<\/div>\r\n\t\t\t\r\n\t\t\t\r\n\t\t\t\r\n\t\t\t<div class=\"em-item-meta-line em-item-taxonomy em-event-categories\">\r\n\t\t\t\t<span class=\"em-icon-category em-icon\"><\/span>\r\n\t\t\t\t<div>\t<ul class=\"event-categories\">\r\n\t\t\t\t\t<li><a href=\"https:\/\/thilomuster.info\/en\/events\/categories\/concerts\/\">Concerts<\/a><\/li>\r\n\t\t\t<\/ul>\r\n\t<\/div>\r\n\t\t\t<\/div>\r\n\t\t\t\r\n\t\t\t\r\n\t\t<\/div>\r\n\t\t<div class=\"em-item-desc\">\r\n\t\t\tAline Du Pasquier und Linda Deborah Loosli, Sopran Christina Metz, Alt Hans-J\u00fcrg Rickenbacher, Tenor Robert Koller, Bass Simon Lilly und Andrew Hammersley, Trompete Arlesheimer Bach-Kantaten-Chor [...]\r\n\t\t<\/div>\r\n\t\t<div class=\"em-item-actions input\">\r\n\t\t\t<a class=\"em-item-read-more button\" href=\"https:\/\/thilomuster.info\/en\/events\/bach-und-schuetz-2\/\">Weitere Informationen<\/a>\r\n\t\t\t\r\n\t\t<\/div>\r\n\t<\/div>\r\n<\/div><div class=\"em-event em-item\" style=\"--default-border:#FFFFFF;\">\r\n\t<div class=\"em-item-image has-placeholder\">\r\n\t\t\r\n\t\t\r\n\t\t<div class=\"em-item-image-placeholder\">\r\n\t\t\t<div class=\"date\">\r\n\t\t\t\t<span class=\"day\">27<\/span>\r\n\t\t\t\t<span class=\"month\">May<\/span>\r\n\t\t\t<\/div>\r\n\t\t<\/div>\r\n\t\t\r\n\t<\/div>\r\n\t<div class=\"em-item-info\">\r\n\t\t<h3 class=\"em-item-title\"><a href=\"https:\/\/thilomuster.info\/en\/events\/in-memoriam\/\">In Memoriam<\/a><\/h3>\r\n\t\t<h4>Rheinfelden <\/h4>\r\n\t\t<div class=\"em-event-meta em-item-meta\">\r\n\t\t\t<div class=\"em-item-meta-line em-event-date em-event-meta-datetime\">\r\n\t\t\t\t<span class=\"em-icon-calendar em-icon\"><\/span>\r\n\t\t\t\t27.05.2022\u00a0\u00a0\u00a0\u00a0\r\n\t\t\t<\/div>\r\n\t\t\t<div class=\"em-item-meta-line em-event-time em-event-meta-datetime\">\r\n\t\t\t\t<span class=\"em-icon-clock em-icon\"><\/span>\r\n\t\t\t\t20:00 - 21:00\r\n\t\t\t<\/div>\r\n\t\t\t\r\n\t\t\t\r\n\t\t\t<div class=\"em-item-meta-line em-event-location\">\r\n\t\t\t\t<span class=\"em-icon-location em-icon\"><\/span>\r\n\t\t\t\t<a href=\"https:\/\/thilomuster.info\/locations\/ref-kirche-5\/\">ref. Kirche<\/a>\r\n\t\t\t<\/div>\r\n\t\t\t\r\n\t\t\t\r\n\t\t\t\r\n\t\t\t<div class=\"em-item-meta-line em-item-taxonomy em-event-categories\">\r\n\t\t\t\t<span class=\"em-icon-category em-icon\"><\/span>\r\n\t\t\t\t<div>\t<ul class=\"event-categories\">\r\n\t\t\t\t\t<li><a href=\"https:\/\/thilomuster.info\/en\/events\/categories\/concerts\/\">Concerts<\/a><\/li>\r\n\t\t\t<\/ul>\r\n\t<\/div>\r\n\t\t\t<\/div>\r\n\t\t\t\r\n\t\t\t\r\n\t\t<\/div>\r\n\t\t<div class=\"em-item-desc\">\r\n\t\t\tMusik f\u00fcr Blechbl\u00e4ser und Orgel \u2013 In Memoriam Thomas Haas Der Titel bezieht sich auf das letzte St\u00fcck des Abends und auf den verstorbenen Trompeter [...]\r\n\t\t<\/div>\r\n\t\t<div class=\"em-item-actions input\">\r\n\t\t\t<a class=\"em-item-read-more button\" href=\"https:\/\/thilomuster.info\/en\/events\/in-memoriam\/\">Weitere Informationen<\/a>\r\n\t\t\t\r\n\t\t<\/div>\r\n\t<\/div>\r\n<\/div><div class=\"em-event em-item\" style=\"--default-border:#FFFFFF;\">\r\n\t<div class=\"em-item-image \">\r\n\t\t\r\n\t\t<img src='https:\/\/thilomuster.info\/wp-content\/uploads\/2017\/11\/TaragotOrgel-Serif.jpg' alt='Taragot &amp; Orgue \u2013 le souffle des Balkans : franchement d\u00e9coiffant !'\/>\r\n\t\t\r\n\t\t\r\n\t<\/div>\r\n\t<div class=\"em-item-info\">\r\n\t\t<h3 class=\"em-item-title\"><a href=\"https:\/\/thilomuster.info\/en\/events\/taragot-orgue-le-souffle-des-balkans-franchement-decoiffant-3\/\">Taragot &amp; Orgue \u2013 le souffle des Balkans : franchement d\u00e9coiffant !<\/a><\/h3>\r\n\t\t<h4>Saint-Jean-de-Luz <\/h4>\r\n\t\t<div class=\"em-event-meta em-item-meta\">\r\n\t\t\t<div class=\"em-item-meta-line em-event-date em-event-meta-datetime\">\r\n\t\t\t\t<span class=\"em-icon-calendar em-icon\"><\/span>\r\n\t\t\t\t18.04.2022\u00a0\u00a0\u00a0\u00a0\r\n\t\t\t<\/div>\r\n\t\t\t<div class=\"em-item-meta-line em-event-time em-event-meta-datetime\">\r\n\t\t\t\t<span class=\"em-icon-clock em-icon\"><\/span>\r\n\t\t\t\t17:00 - 18:15\r\n\t\t\t<\/div>\r\n\t\t\t\r\n\t\t\t\r\n\t\t\t<div class=\"em-item-meta-line em-event-location\">\r\n\t\t\t\t<span class=\"em-icon-location em-icon\"><\/span>\r\n\t\t\t\t<a href=\"https:\/\/thilomuster.info\/locations\/festiorgues-le-chant-des-orgues-basques-eglise-st-jean-baptiste\/\">Festiorgues \u2013 le chant des orgues basques, \u00c9glise St-Jean-Baptiste<\/a>\r\n\t\t\t<\/div>\r\n\t\t\t\r\n\t\t\t\r\n\t\t\t\r\n\t\t\t<div class=\"em-item-meta-line em-item-taxonomy em-event-categories\">\r\n\t\t\t\t<span class=\"em-icon-category em-icon\"><\/span>\r\n\t\t\t\t<div>\t<ul class=\"event-categories\">\r\n\t\t\t\t\t<li><a href=\"https:\/\/thilomuster.info\/en\/events\/categories\/concerts\/\">Concerts<\/a><\/li>\r\n\t\t\t\t\t<li><a href=\"https:\/\/thilomuster.info\/en\/events\/categories\/concerts\/\">Konzerte<\/a><\/li>\r\n\t\t\t\t\t<li><a href=\"https:\/\/thilomuster.info\/en\/events\/categories\/taragot-organ\/\">Taragot &amp; Organ<\/a><\/li>\r\n\t\t\t\t\t<li><a href=\"https:\/\/thilomuster.info\/en\/events\/categories\/taragot-organ\/\">Taragot &amp; Orgel<\/a><\/li>\r\n\t\t\t<\/ul>\r\n\t<\/div>\r\n\t\t\t<\/div>\r\n\t\t\t\r\n\t\t\t\r\n\t\t<\/div>\r\n\t\t<div class=\"em-item-desc\">\r\n\t\t\tSamuel Freiburghaus, taragot, clarinettes, froula, tilinca Thilo Muster, orgue Musique des Balkans, des Tziganes et Klezmorim de Roumaine, Bulgarie, Serbie, Albanie, Gr\u00e8ce, Arm\u00e9nie et Azerba\u00efdjan. [...]\r\n\t\t<\/div>\r\n\t\t<div class=\"em-item-actions input\">\r\n\t\t\t<a class=\"em-item-read-more button\" href=\"https:\/\/thilomuster.info\/en\/events\/taragot-orgue-le-souffle-des-balkans-franchement-decoiffant-3\/\">Weitere Informationen<\/a>\r\n\t\t\t\r\n\t\t<\/div>\r\n\t<\/div>\r\n<\/div><div class=\"em-event em-item\" style=\"--default-border:#FFFFFF;\">\r\n\t<div class=\"em-item-image \">\r\n\t\t\r\n\t\t<img src='https:\/\/thilomuster.info\/wp-content\/uploads\/2017\/11\/SamuelThiloAusschnitt.jpg' alt='Taragot &amp; Orgue \u2013 le souffle des Balkans : franchement d\u00e9coiffant !'\/>\r\n\t\t\r\n\t\t\r\n\t<\/div>\r\n\t<div class=\"em-item-info\">\r\n\t\t<h3 class=\"em-item-title\"><a href=\"https:\/\/thilomuster.info\/en\/events\/taragot-orgue-le-souffle-des-balkans-franchement-decoiffant-annule\/\">Taragot &amp; Orgue \u2013 le souffle des Balkans : franchement d\u00e9coiffant !<\/a><\/h3>\r\n\t\t<h4>Milvignes <\/h4>\r\n\t\t<div class=\"em-event-meta em-item-meta\">\r\n\t\t\t<div class=\"em-item-meta-line em-event-date em-event-meta-datetime\">\r\n\t\t\t\t<span class=\"em-icon-calendar em-icon\"><\/span>\r\n\t\t\t\t27.03.2022\u00a0\u00a0\u00a0\u00a0\r\n\t\t\t<\/div>\r\n\t\t\t<div class=\"em-item-meta-line em-event-time em-event-meta-datetime\">\r\n\t\t\t\t<span class=\"em-icon-clock em-icon\"><\/span>\r\n\t\t\t\t17:00 - 18:15\r\n\t\t\t<\/div>\r\n\t\t\t\r\n\t\t\t\r\n\t\t\t<div class=\"em-item-meta-line em-event-location\">\r\n\t\t\t\t<span class=\"em-icon-location em-icon\"><\/span>\r\n\t\t\t\t<a href=\"https:\/\/thilomuster.info\/locations\/temple-dauvernier\/\">Temple d&#039;Auvernier<\/a>\r\n\t\t\t<\/div>\r\n\t\t\t\r\n\t\t\t\r\n\t\t\t\r\n\t\t\t<div class=\"em-item-meta-line em-item-taxonomy em-event-categories\">\r\n\t\t\t\t<span class=\"em-icon-category em-icon\"><\/span>\r\n\t\t\t\t<div>\t<ul class=\"event-categories\">\r\n\t\t\t\t\t<li><a href=\"https:\/\/thilomuster.info\/en\/events\/categories\/concerts\/\">Concerts<\/a><\/li>\r\n\t\t\t\t\t<li><a href=\"https:\/\/thilomuster.info\/en\/events\/categories\/concerts\/\">Konzerte<\/a><\/li>\r\n\t\t\t\t\t<li><a href=\"https:\/\/thilomuster.info\/en\/events\/categories\/taragot-organ\/\">Taragot &amp; Organ<\/a><\/li>\r\n\t\t\t\t\t<li><a href=\"https:\/\/thilomuster.info\/en\/events\/categories\/taragot-organ\/\">Taragot &amp; Orgel<\/a><\/li>\r\n\t\t\t<\/ul>\r\n\t<\/div>\r\n\t\t\t<\/div>\r\n\t\t\t\r\n\t\t\t\r\n\t\t<\/div>\r\n\t\t<div class=\"em-item-desc\">\r\n\t\t\tConcert avec\u00a0Samuel Freiburghaus, taragot, clarinette, frula, tilinca Musique des Balkans, tzigane et klezmer de Roumanie, Bulgarie, Bosnie, Arm\u00e9nie und Azerbaidjan.\r\n\t\t<\/div>\r\n\t\t<div class=\"em-item-actions input\">\r\n\t\t\t<a class=\"em-item-read-more button\" href=\"https:\/\/thilomuster.info\/en\/events\/taragot-orgue-le-souffle-des-balkans-franchement-decoiffant-annule\/\">Weitere Informationen<\/a>\r\n\t\t\t\r\n\t\t<\/div>\r\n\t<\/div>\r\n<\/div><div class=\"em-event em-item\" style=\"--default-border:#FFFFFF;\">\r\n\t<div class=\"em-item-image \">\r\n\t\t\r\n\t\t<img src='https:\/\/thilomuster.info\/wp-content\/uploads\/2020\/11\/FlyerDneu-scaled.jpg' alt='Taragot &amp; Orgel \u2013 umwerfender Balkansound.'\/>\r\n\t\t\r\n\t\t\r\n\t<\/div>\r\n\t<div class=\"em-item-info\">\r\n\t\t<h3 class=\"em-item-title\"><a href=\"https:\/\/thilomuster.info\/en\/events\/taragot-orgel-umwerfender-balkansound-9\/\">Taragot &amp; Orgel \u2013 umwerfender Balkansound.<\/a><\/h3>\r\n\t\t<h4>Z\u00fcrich \/ CH<\/h4>\r\n\t\t<div class=\"em-event-meta em-item-meta\">\r\n\t\t\t<div class=\"em-item-meta-line em-event-date em-event-meta-datetime\">\r\n\t\t\t\t<span class=\"em-icon-calendar em-icon\"><\/span>\r\n\t\t\t\t22.01.2022\u00a0\u00a0\u00a0\u00a0\r\n\t\t\t<\/div>\r\n\t\t\t<div class=\"em-item-meta-line em-event-time em-event-meta-datetime\">\r\n\t\t\t\t<span class=\"em-icon-clock em-icon\"><\/span>\r\n\t\t\t\t17:00 - 18:15\r\n\t\t\t<\/div>\r\n\t\t\t\r\n\t\t\t\r\n\t\t\t<div class=\"em-item-meta-line em-event-location\">\r\n\t\t\t\t<span class=\"em-icon-location em-icon\"><\/span>\r\n\t\t\t\t<a href=\"https:\/\/thilomuster.info\/en\/locations\/zuercher-orgeltage-citykirche-offener-st-jakob\/\">Z\u00fcrcher Orgeltage \u2013 Citykirche offener St. Jakob<\/a>\r\n\t\t\t<\/div>\r\n\t\t\t\r\n\t\t\t\r\n\t\t\t\r\n\t\t\t<div class=\"em-item-meta-line em-item-taxonomy em-event-categories\">\r\n\t\t\t\t<span class=\"em-icon-category em-icon\"><\/span>\r\n\t\t\t\t<div>\t<ul class=\"event-categories\">\r\n\t\t\t\t\t<li><a href=\"https:\/\/thilomuster.info\/en\/events\/categories\/concerts\/\">Concerts<\/a><\/li>\r\n\t\t\t\t\t<li><a href=\"https:\/\/thilomuster.info\/en\/events\/categories\/taragot-organ\/\">Taragot &amp; Organ<\/a><\/li>\r\n\t\t\t<\/ul>\r\n\t<\/div>\r\n\t\t\t<\/div>\r\n\t\t\t\r\n\t\t\t\r\n\t\t<\/div>\r\n\t\t<div class=\"em-item-desc\">\r\n\t\t\tSamuel Freiburghaus, Taragot, Klarinetten, Frula Thilo Muster, Orgel Musik des Balkans, der Lautari und Klezmorim aus Rum\u00e4nien, Serbien, Bulgarien, Albanien, Griechenland, Armenien und Azerbaidschan\r\n\t\t<\/div>\r\n\t\t<div class=\"em-item-actions input\">\r\n\t\t\t<a class=\"em-item-read-more button\" href=\"https:\/\/thilomuster.info\/en\/events\/taragot-orgel-umwerfender-balkansound-9\/\">Weitere Informationen<\/a>\r\n\t\t\t\r\n\t\t<\/div>\r\n\t<\/div>\r\n<\/div><div class=\"em-event em-item\" style=\"--default-border:#FFFFFF;\">\r\n\t<div class=\"em-item-image \">\r\n\t\t\r\n\t\t<img src='https:\/\/thilomuster.info\/wp-content\/uploads\/2020\/11\/FlyerDneu-scaled.jpg' alt='Taragot &amp; Orgel \u2013 umwerfender Balkansound.'\/>\r\n\t\t\r\n\t\t\r\n\t<\/div>\r\n\t<div class=\"em-item-info\">\r\n\t\t<h3 class=\"em-item-title\"><a href=\"https:\/\/thilomuster.info\/en\/events\/taragot-orgel-umwerfender-balkansound-5\/\">Taragot &amp; Orgel \u2013 umwerfender Balkansound.<\/a><\/h3>\r\n\t\t<h4>Stammheim \/ CH<\/h4>\r\n\t\t<div class=\"em-event-meta em-item-meta\">\r\n\t\t\t<div class=\"em-item-meta-line em-event-date em-event-meta-datetime\">\r\n\t\t\t\t<span class=\"em-icon-calendar em-icon\"><\/span>\r\n\t\t\t\t12.11.2021\u00a0\u00a0\u00a0\u00a0\r\n\t\t\t<\/div>\r\n\t\t\t<div class=\"em-item-meta-line em-event-time em-event-meta-datetime\">\r\n\t\t\t\t<span class=\"em-icon-clock em-icon\"><\/span>\r\n\t\t\t\t18:30 - 19:45\r\n\t\t\t<\/div>\r\n\t\t\t\r\n\t\t\t\r\n\t\t\t<div class=\"em-item-meta-line em-event-location\">\r\n\t\t\t\t<span class=\"em-icon-location em-icon\"><\/span>\r\n\t\t\t\t<a href=\"https:\/\/thilomuster.info\/locations\/ref-kirche-4\/\">ref. Kirche<\/a>\r\n\t\t\t<\/div>\r\n\t\t\t\r\n\t\t\t\r\n\t\t\t\r\n\t\t\t<div class=\"em-item-meta-line em-item-taxonomy em-event-categories\">\r\n\t\t\t\t<span class=\"em-icon-category em-icon\"><\/span>\r\n\t\t\t\t<div>\t<ul class=\"event-categories\">\r\n\t\t\t\t\t<li><a href=\"https:\/\/thilomuster.info\/en\/events\/categories\/concerts\/\">Concerts<\/a><\/li>\r\n\t\t\t\t\t<li><a href=\"https:\/\/thilomuster.info\/en\/events\/categories\/taragot-organ\/\">Taragot &amp; Organ<\/a><\/li>\r\n\t\t\t<\/ul>\r\n\t<\/div>\r\n\t\t\t<\/div>\r\n\t\t\t\r\n\t\t\t\r\n\t\t<\/div>\r\n\t\t<div class=\"em-item-desc\">\r\n\t\t\tZusammen mit Samuel Freiburghaus, Taragot, Klarinetten, Frula &amp; Nehrun Aliev,\u00a0Perkussion, Klarinette &nbsp;\r\n\t\t<\/div>\r\n\t\t<div class=\"em-item-actions input\">\r\n\t\t\t<a class=\"em-item-read-more button\" href=\"https:\/\/thilomuster.info\/en\/events\/taragot-orgel-umwerfender-balkansound-5\/\">Weitere Informationen<\/a>\r\n\t\t\t\r\n\t\t<\/div>\r\n\t<\/div>\r\n<\/div><div class=\"em-event em-item\" style=\"--default-border:#FFFFFF;\">\r\n\t<div class=\"em-item-image \">\r\n\t\t\r\n\t\t<img src='https:\/\/thilomuster.info\/wp-content\/uploads\/2017\/11\/TaragotOrgel-Serif.jpg' alt='Taragot &amp; Orgue \u2013 le souffle des Balkans : franchement d\u00e9coiffant !'\/>\r\n\t\t\r\n\t\t\r\n\t<\/div>\r\n\t<div class=\"em-item-info\">\r\n\t\t<h3 class=\"em-item-title\"><a href=\"https:\/\/thilomuster.info\/en\/events\/taragot-orgue-le-souffle-des-balkans-franchement-decoiffant-2\/\">Taragot &amp; Orgue \u2013 le souffle des Balkans : franchement d\u00e9coiffant !<\/a><\/h3>\r\n\t\t<h4>La R\u00e9ole\/Bordeaux <\/h4>\r\n\t\t<div class=\"em-event-meta em-item-meta\">\r\n\t\t\t<div class=\"em-item-meta-line em-event-date em-event-meta-datetime\">\r\n\t\t\t\t<span class=\"em-icon-calendar em-icon\"><\/span>\r\n\t\t\t\t07.11.2021\u00a0\u00a0\u00a0\u00a0\r\n\t\t\t<\/div>\r\n\t\t\t<div class=\"em-item-meta-line em-event-time em-event-meta-datetime\">\r\n\t\t\t\t<span class=\"em-icon-clock em-icon\"><\/span>\r\n\t\t\t\t17:00 - 18:15\r\n\t\t\t<\/div>\r\n\t\t\t\r\n\t\t\t\r\n\t\t\t<div class=\"em-item-meta-line em-event-location\">\r\n\t\t\t\t<span class=\"em-icon-location em-icon\"><\/span>\r\n\t\t\t\t<a href=\"https:\/\/thilomuster.info\/en\/locations\/festival-dorgue-de-la-reole-eglise-st-pierre\/\">Festival d&#039;orgue \u2013 Eglise St-Pierre<\/a>\r\n\t\t\t<\/div>\r\n\t\t\t\r\n\t\t\t\r\n\t\t\t\r\n\t\t\t<div class=\"em-item-meta-line em-item-taxonomy em-event-categories\">\r\n\t\t\t\t<span class=\"em-icon-category em-icon\"><\/span>\r\n\t\t\t\t<div>\t<ul class=\"event-categories\">\r\n\t\t\t\t\t<li><a href=\"https:\/\/thilomuster.info\/en\/events\/categories\/concerts\/\">Concerts<\/a><\/li>\r\n\t\t\t\t\t<li><a href=\"https:\/\/thilomuster.info\/en\/events\/categories\/taragot-organ\/\">Taragot &amp; Organ<\/a><\/li>\r\n\t\t\t<\/ul>\r\n\t<\/div>\r\n\t\t\t<\/div>\r\n\t\t\t\r\n\t\t\t\r\n\t\t<\/div>\r\n\t\t<div class=\"em-item-desc\">\r\n\t\t\tSamuel Freiburghaus, taragot, clarinettes, froula, tilinca Thilo Muster, orgue Musique des Balkans, des Tziganes et Klezmorim de Roumaine, Bulgarie, Serbie, Albanie, Gr\u00e8ce, Arm\u00e9nie et Azerba\u00efdjan. [...]\r\n\t\t<\/div>\r\n\t\t<div class=\"em-item-actions input\">\r\n\t\t\t<a class=\"em-item-read-more button\" href=\"https:\/\/thilomuster.info\/en\/events\/taragot-orgue-le-souffle-des-balkans-franchement-decoiffant-2\/\">Weitere Informationen<\/a>\r\n\t\t\t\r\n\t\t<\/div>\r\n\t<\/div>\r\n<\/div><div class=\"em-event em-item\" style=\"--default-border:#FFFFFF;\">\r\n\t<div class=\"em-item-image \">\r\n\t\t\r\n\t\t<img src='https:\/\/thilomuster.info\/wp-content\/uploads\/2021\/05\/image.jpeg' alt='Orgelspiel Herbstzyklus'\/>\r\n\t\t\r\n\t\t\r\n\t<\/div>\r\n\t<div class=\"em-item-info\">\r\n\t\t<h3 class=\"em-item-title\"><a href=\"https:\/\/thilomuster.info\/en\/events\/orgelspiel-herbstzyklus\/\">Orgelspiel Herbstzyklus<\/a><\/h3>\r\n\t\t<h4>Z\u00fcrich <\/h4>\r\n\t\t<div class=\"em-event-meta em-item-meta\">\r\n\t\t\t<div class=\"em-item-meta-line em-event-date em-event-meta-datetime\">\r\n\t\t\t\t<span class=\"em-icon-calendar em-icon\"><\/span>\r\n\t\t\t\t27.10.2021\u00a0\u00a0\u00a0\u00a0\r\n\t\t\t<\/div>\r\n\t\t\t<div class=\"em-item-meta-line em-event-time em-event-meta-datetime\">\r\n\t\t\t\t<span class=\"em-icon-clock em-icon\"><\/span>\r\n\t\t\t\t18:30 - 19:30\r\n\t\t\t<\/div>\r\n\t\t\t\r\n\t\t\t\r\n\t\t\t<div class=\"em-item-meta-line em-event-location\">\r\n\t\t\t\t<span class=\"em-icon-location em-icon\"><\/span>\r\n\t\t\t\t<a href=\"https:\/\/thilomuster.info\/en\/locations\/grossmuenster\/\">Grossm\u00fcnster<\/a>\r\n\t\t\t<\/div>\r\n\t\t\t\r\n\t\t\t\r\n\t\t\t\r\n\t\t\t<div class=\"em-item-meta-line em-item-taxonomy em-event-categories\">\r\n\t\t\t\t<span class=\"em-icon-category em-icon\"><\/span>\r\n\t\t\t\t<div>\t<ul class=\"event-categories\">\r\n\t\t\t\t\t<li><a href=\"https:\/\/thilomuster.info\/en\/events\/categories\/concerts\/\">Concerts<\/a><\/li>\r\n\t\t\t\t\t<li><a href=\"https:\/\/thilomuster.info\/en\/events\/categories\/recital\/\">Recital<\/a><\/li>\r\n\t\t\t<\/ul>\r\n\t<\/div>\r\n\t\t\t<\/div>\r\n\t\t\t\r\n\t\t\t\r\n\t\t<\/div>\r\n\t\t<div class=\"em-item-desc\">\r\n\t\t\tOrgelkonzert Werke von Jehan Alain, Maurice Durufl\u00e9, Ermend Bonnal Mehr Info: www.grossmuenster.ch\r\n\t\t<\/div>\r\n\t\t<div class=\"em-item-actions input\">\r\n\t\t\t<a class=\"em-item-read-more button\" href=\"https:\/\/thilomuster.info\/en\/events\/orgelspiel-herbstzyklus\/\">Weitere Informationen<\/a>\r\n\t\t\t\r\n\t\t<\/div>\r\n\t<\/div>\r\n<\/div><div class=\"em-event em-item\" style=\"--default-border:#FFFFFF;\">\r\n\t<div class=\"em-item-image \">\r\n\t\t\r\n\t\t<img src='https:\/\/thilomuster.info\/wp-content\/uploads\/2020\/11\/FlyerDneu-scaled.jpg' alt='Taragot &amp; Orgel \u2013 umwerfender Balkansound.'\/>\r\n\t\t\r\n\t\t\r\n\t<\/div>\r\n\t<div class=\"em-item-info\">\r\n\t\t<h3 class=\"em-item-title\"><a href=\"https:\/\/thilomuster.info\/en\/events\/taragot-orgel-umwerfender-balkansound-3\/\">Taragot &amp; Orgel \u2013 umwerfender Balkansound.<\/a><\/h3>\r\n\t\t<h4>Rheinfelden <\/h4>\r\n\t\t<div class=\"em-event-meta em-item-meta\">\r\n\t\t\t<div class=\"em-item-meta-line em-event-date em-event-meta-datetime\">\r\n\t\t\t\t<span class=\"em-icon-calendar em-icon\"><\/span>\r\n\t\t\t\t26.09.2021\u00a0\u00a0\u00a0\u00a0\r\n\t\t\t<\/div>\r\n\t\t\t<div class=\"em-item-meta-line em-event-time em-event-meta-datetime\">\r\n\t\t\t\t<span class=\"em-icon-clock em-icon\"><\/span>\r\n\t\t\t\t17:00 - 18:15\r\n\t\t\t<\/div>\r\n\t\t\t\r\n\t\t\t\r\n\t\t\t<div class=\"em-item-meta-line em-event-location\">\r\n\t\t\t\t<span class=\"em-icon-location em-icon\"><\/span>\r\n\t\t\t\t<a href=\"https:\/\/thilomuster.info\/en\/locations\/orgelwoche-christuskirche\/\">Orgelwoche Christuskirche<\/a>\r\n\t\t\t<\/div>\r\n\t\t\t\r\n\t\t\t\r\n\t\t\t\r\n\t\t\t<div class=\"em-item-meta-line em-item-taxonomy em-event-categories\">\r\n\t\t\t\t<span class=\"em-icon-category em-icon\"><\/span>\r\n\t\t\t\t<div>\t<ul class=\"event-categories\">\r\n\t\t\t\t\t<li><a href=\"https:\/\/thilomuster.info\/en\/events\/categories\/concerts\/\">Concerts<\/a><\/li>\r\n\t\t\t\t\t<li><a href=\"https:\/\/thilomuster.info\/en\/events\/categories\/taragot-organ\/\">Taragot &amp; Organ<\/a><\/li>\r\n\t\t\t<\/ul>\r\n\t<\/div>\r\n\t\t\t<\/div>\r\n\t\t\t\r\n\t\t\t\r\n\t\t<\/div>\r\n\t\t<div class=\"em-item-desc\">\r\n\t\t\tZusammen mit Samuel Freiburghaus, Taragot, Klarinetten, Frula &amp; Nehrun Aliev,\u00a0Perkussion, Klarinette &nbsp;\r\n\t\t<\/div>\r\n\t\t<div class=\"em-item-actions input\">\r\n\t\t\t<a class=\"em-item-read-more button\" href=\"https:\/\/thilomuster.info\/en\/events\/taragot-orgel-umwerfender-balkansound-3\/\">Weitere Informationen<\/a>\r\n\t\t\t\r\n\t\t<\/div>\r\n\t<\/div>\r\n<\/div><div class=\"em-event em-item\" style=\"--default-border:#FFFFFF;\">\r\n\t<div class=\"em-item-image has-placeholder\">\r\n\t\t\r\n\t\t\r\n\t\t<div class=\"em-item-image-placeholder\">\r\n\t\t\t<div class=\"date\">\r\n\t\t\t\t<span class=\"day\">05<\/span>\r\n\t\t\t\t<span class=\"month\">Sep<\/span>\r\n\t\t\t<\/div>\r\n\t\t<\/div>\r\n\t\t\r\n\t<\/div>\r\n\t<div class=\"em-item-info\">\r\n\t\t<h3 class=\"em-item-title\"><a href=\"https:\/\/thilomuster.info\/en\/events\/deine-erde-brennt-orgelfestival-im-stadtcasino-basel\/\">\u00abDeine Erde brennt\u00bb Orgelfestival im Stadtcasino Basel<\/a><\/h3>\r\n\t\t<h4>Basel <\/h4>\r\n\t\t<div class=\"em-event-meta em-item-meta\">\r\n\t\t\t<div class=\"em-item-meta-line em-event-date em-event-meta-datetime\">\r\n\t\t\t\t<span class=\"em-icon-calendar em-icon\"><\/span>\r\n\t\t\t\t05.09.2021\u00a0\u00a0\u00a0\u00a0\r\n\t\t\t<\/div>\r\n\t\t\t<div class=\"em-item-meta-line em-event-time em-event-meta-datetime\">\r\n\t\t\t\t<span class=\"em-icon-clock em-icon\"><\/span>\r\n\t\t\t\t19:30 - 21:15\r\n\t\t\t<\/div>\r\n\t\t\t\r\n\t\t\t\r\n\t\t\t<div class=\"em-item-meta-line em-event-location\">\r\n\t\t\t\t<span class=\"em-icon-location em-icon\"><\/span>\r\n\t\t\t\t<a href=\"https:\/\/thilomuster.info\/en\/locations\/stadtcasino-musiksaal\/\">Stadtcasino, Musiksaal<\/a>\r\n\t\t\t<\/div>\r\n\t\t\t\r\n\t\t\t\r\n\t\t\t\r\n\t\t\t<div class=\"em-item-meta-line em-item-taxonomy em-event-categories\">\r\n\t\t\t\t<span class=\"em-icon-category em-icon\"><\/span>\r\n\t\t\t\t<div>\t<ul class=\"event-categories\">\r\n\t\t\t\t\t<li><a href=\"https:\/\/thilomuster.info\/en\/events\/categories\/concerts\/\">Concerts<\/a><\/li>\r\n\t\t\t<\/ul>\r\n\t<\/div>\r\n\t\t\t<\/div>\r\n\t\t\t\r\n\t\t\t\r\n\t\t<\/div>\r\n\t\t<div class=\"em-item-desc\">\r\n\t\t\tSONNTAG, 5.9.2021, 19.30h\u00a0\u2013 \u00abDEINE ERDE BRENNT\u00bb Benefizkonzert mit Schwerpunkt Lettland mit Ch\u00f6ren und SolistInnen aus der\u00a0Region\u00a0Basel. 50% der Ticketeinnahmen gehen zugunsten des Wiederaufbaus\u00a0der alten Orgel [...]\r\n\t\t<\/div>\r\n\t\t<div class=\"em-item-actions input\">\r\n\t\t\t<a class=\"em-item-read-more button\" href=\"https:\/\/thilomuster.info\/en\/events\/deine-erde-brennt-orgelfestival-im-stadtcasino-basel\/\">Weitere Informationen<\/a>\r\n\t\t\t\r\n\t\t<\/div>\r\n\t<\/div>\r\n<\/div><div class=\"em-event em-item\" style=\"--default-border:#FFFFFF;\">\r\n\t<div class=\"em-item-image \">\r\n\t\t\r\n\t\t<img src='https:\/\/thilomuster.info\/wp-content\/uploads\/2020\/11\/FlyerDneu-scaled.jpg' alt='Taragot &amp; Orgel \u2013 umwerfender Balkansound.'\/>\r\n\t\t\r\n\t\t\r\n\t<\/div>\r\n\t<div class=\"em-item-info\">\r\n\t\t<h3 class=\"em-item-title\"><a href=\"https:\/\/thilomuster.info\/en\/events\/taragot-orgel-umwerfender-balkansound-2\/\">Taragot &amp; Orgel \u2013 umwerfender Balkansound.<\/a><\/h3>\r\n\t\t<h4>Biel \/ CH<\/h4>\r\n\t\t<div class=\"em-event-meta em-item-meta\">\r\n\t\t\t<div class=\"em-item-meta-line em-event-date em-event-meta-datetime\">\r\n\t\t\t\t<span class=\"em-icon-calendar em-icon\"><\/span>\r\n\t\t\t\t22.08.2021\u00a0\u00a0\u00a0\u00a0\r\n\t\t\t<\/div>\r\n\t\t\t<div class=\"em-item-meta-line em-event-time em-event-meta-datetime\">\r\n\t\t\t\t<span class=\"em-icon-clock em-icon\"><\/span>\r\n\t\t\t\t17:00 - 18:15\r\n\t\t\t<\/div>\r\n\t\t\t\r\n\t\t\t\r\n\t\t\t<div class=\"em-item-meta-line em-event-location\">\r\n\t\t\t\t<span class=\"em-icon-location em-icon\"><\/span>\r\n\t\t\t\t<a href=\"https:\/\/thilomuster.info\/locations\/stadtkirche-6\/\">Stadtkirche<\/a>\r\n\t\t\t<\/div>\r\n\t\t\t\r\n\t\t\t\r\n\t\t\t\r\n\t\t\t<div class=\"em-item-meta-line em-item-taxonomy em-event-categories\">\r\n\t\t\t\t<span class=\"em-icon-category em-icon\"><\/span>\r\n\t\t\t\t<div>\t<ul class=\"event-categories\">\r\n\t\t\t\t\t<li><a href=\"https:\/\/thilomuster.info\/en\/events\/categories\/concerts\/\">Concerts<\/a><\/li>\r\n\t\t\t\t\t<li><a href=\"https:\/\/thilomuster.info\/en\/events\/categories\/taragot-organ\/\">Taragot &amp; Organ<\/a><\/li>\r\n\t\t\t<\/ul>\r\n\t<\/div>\r\n\t\t\t<\/div>\r\n\t\t\t\r\n\t\t\t\r\n\t\t<\/div>\r\n\t\t<div class=\"em-item-desc\">\r\n\t\t\tZusammen mit Samuel Freiburghaus, Taragot, Klarinetten, Frula &amp; Nehrun Aliev,\u00a0Perkussion, Klarinette Website des Veranstalters\r\n\t\t<\/div>\r\n\t\t<div class=\"em-item-actions input\">\r\n\t\t\t<a class=\"em-item-read-more button\" href=\"https:\/\/thilomuster.info\/en\/events\/taragot-orgel-umwerfender-balkansound-2\/\">Weitere Informationen<\/a>\r\n\t\t\t\r\n\t\t<\/div>\r\n\t<\/div>\r\n<\/div><div class=\"em-event em-item\" style=\"--default-border:#FFFFFF;\">\r\n\t<div class=\"em-item-image \">\r\n\t\t\r\n\t\t<img src='https:\/\/thilomuster.info\/wp-content\/uploads\/2020\/11\/FlyerDneu-scaled.jpg' alt='Taragot &amp; Orgel \u2013 umwerfender Balkansound.'\/>\r\n\t\t\r\n\t\t\r\n\t<\/div>\r\n\t<div class=\"em-item-info\">\r\n\t\t<h3 class=\"em-item-title\"><a href=\"https:\/\/thilomuster.info\/en\/events\/taragot-orgel-umwerfender-balkansound\/\">Taragot &amp; Orgel \u2013 umwerfender Balkansound.<\/a><\/h3>\r\n\t\t<h4>Murrhardt \/ DE<\/h4>\r\n\t\t<div class=\"em-event-meta em-item-meta\">\r\n\t\t\t<div class=\"em-item-meta-line em-event-date em-event-meta-datetime\">\r\n\t\t\t\t<span class=\"em-icon-calendar em-icon\"><\/span>\r\n\t\t\t\t04.07.2021\u00a0\u00a0\u00a0\u00a0\r\n\t\t\t<\/div>\r\n\t\t\t<div class=\"em-item-meta-line em-event-time em-event-meta-datetime\">\r\n\t\t\t\t<span class=\"em-icon-clock em-icon\"><\/span>\r\n\t\t\t\t19:30 - 20:45\r\n\t\t\t<\/div>\r\n\t\t\t\r\n\t\t\t\r\n\t\t\t<div class=\"em-item-meta-line em-event-location\">\r\n\t\t\t\t<span class=\"em-icon-location em-icon\"><\/span>\r\n\t\t\t\t<a href=\"https:\/\/thilomuster.info\/en\/locations\/internationaler-orgelzyklus-stadtkirche\/\">internationaler Orgelzyklus Stadtkirche<\/a>\r\n\t\t\t<\/div>\r\n\t\t\t\r\n\t\t\t\r\n\t\t\t\r\n\t\t\t<div class=\"em-item-meta-line em-item-taxonomy em-event-categories\">\r\n\t\t\t\t<span class=\"em-icon-category em-icon\"><\/span>\r\n\t\t\t\t<div>\t<ul class=\"event-categories\">\r\n\t\t\t\t\t<li><a href=\"https:\/\/thilomuster.info\/en\/events\/categories\/concerts\/\">Concerts<\/a><\/li>\r\n\t\t\t\t\t<li><a href=\"https:\/\/thilomuster.info\/en\/events\/categories\/taragot-organ\/\">Taragot &amp; Organ<\/a><\/li>\r\n\t\t\t<\/ul>\r\n\t<\/div>\r\n\t\t\t<\/div>\r\n\t\t\t\r\n\t\t\t\r\n\t\t<\/div>\r\n\t\t<div class=\"em-item-desc\">\r\n\t\t\tKonzert mit Samuel Freiburghaus, Taragot, Frula, Klarinetten Musik des Balkans, der Lautari und Klezmorim aus Rum\u00e4nien, Bulgarien, Serbien, Albanien, Armenien und Azerbaidschan\r\n\t\t<\/div>\r\n\t\t<div class=\"em-item-actions input\">\r\n\t\t\t<a class=\"em-item-read-more button\" href=\"https:\/\/thilomuster.info\/en\/events\/taragot-orgel-umwerfender-balkansound\/\">Weitere Informationen<\/a>\r\n\t\t\t\r\n\t\t<\/div>\r\n\t<\/div>\r\n<\/div><div class=\"em-event em-item\" style=\"--default-border:#FFFFFF;\">\r\n\t<div class=\"em-item-image has-placeholder\">\r\n\t\t\r\n\t\t\r\n\t\t<div class=\"em-item-image-placeholder\">\r\n\t\t\t<div class=\"date\">\r\n\t\t\t\t<span class=\"day\">22<\/span>\r\n\t\t\t\t<span class=\"month\">Jan<\/span>\r\n\t\t\t<\/div>\r\n\t\t<\/div>\r\n\t\t\r\n\t<\/div>\r\n\t<div class=\"em-item-info\">\r\n\t\t<h3 class=\"em-item-title\"><a href=\"https:\/\/thilomuster.info\/en\/events\/horatio-parker-orgelkonzert\/\">Horatio Parker \u2013 Orgelkonzert \u2013 ABGESAGT!<\/a><\/h3>\r\n\t\t<h4>Basel <\/h4>\r\n\t\t<div class=\"em-event-meta em-item-meta\">\r\n\t\t\t<div class=\"em-item-meta-line em-event-date em-event-meta-datetime\">\r\n\t\t\t\t<span class=\"em-icon-calendar em-icon\"><\/span>\r\n\t\t\t\t22.01.2021\u00a0\u00a0\u00a0\u00a0\r\n\t\t\t<\/div>\r\n\t\t\t<div class=\"em-item-meta-line em-event-time em-event-meta-datetime\">\r\n\t\t\t\t<span class=\"em-icon-clock em-icon\"><\/span>\r\n\t\t\t\t19:30 - 21:30\r\n\t\t\t<\/div>\r\n\t\t\t\r\n\t\t\t\r\n\t\t\t<div class=\"em-item-meta-line em-event-location\">\r\n\t\t\t\t<span class=\"em-icon-location em-icon\"><\/span>\r\n\t\t\t\t<a href=\"https:\/\/thilomuster.info\/en\/locations\/stadtcasino-musiksaal\/\">Stadtcasino, Musiksaal<\/a>\r\n\t\t\t<\/div>\r\n\t\t\t\r\n\t\t\t\r\n\t\t\t\r\n\t\t\t<div class=\"em-item-meta-line em-item-taxonomy em-event-categories\">\r\n\t\t\t\t<span class=\"em-icon-category em-icon\"><\/span>\r\n\t\t\t\t<div>\t<ul class=\"event-categories\">\r\n\t\t\t\t\t<li><a href=\"https:\/\/thilomuster.info\/en\/events\/categories\/concerts\/\">Concerts<\/a><\/li>\r\n\t\t\t<\/ul>\r\n\t<\/div>\r\n\t\t\t<\/div>\r\n\t\t\t\r\n\t\t\t\r\n\t\t<\/div>\r\n\t\t<div class=\"em-item-desc\">\r\n\t\t\tCollegium Musicum Basel, Leitung Johannes Schlaefli Programm: Felix Mendelssohn: Ouverture \u201eHeimkehr aus der Fremde\u201c Horatio Parker (1863-1919): Orgelkonzert \u2014 Pause \u2014 Johannes Brahms: 3. Sinfonie, [...]\r\n\t\t<\/div>\r\n\t\t<div class=\"em-item-actions input\">\r\n\t\t\t<a class=\"em-item-read-more button\" href=\"https:\/\/thilomuster.info\/en\/events\/horatio-parker-orgelkonzert\/\">Weitere Informationen<\/a>\r\n\t\t\t\r\n\t\t<\/div>\r\n\t<\/div>\r\n<\/div><div class=\"em-event em-item\" style=\"--default-border:#FFFFFF;\">\r\n\t<div class=\"em-item-image \">\r\n\t\t\r\n\t\t<img src='https:\/\/thilomuster.info\/wp-content\/uploads\/2017\/11\/SamuelThiloAusschnitt.jpg' alt='Taragot &amp; Orgue \u2013 le souffle des Balkans : franchement d\u00e9coiffant ! \u2013 ANNUL\u00c9 !'\/>\r\n\t\t\r\n\t\t\r\n\t<\/div>\r\n\t<div class=\"em-item-info\">\r\n\t\t<h3 class=\"em-item-title\"><a href=\"https:\/\/thilomuster.info\/en\/events\/taragot-orgue-musique-des-balkans-tzigane-et-klezmer\/\">Taragot &amp; Orgue \u2013 le souffle des Balkans : franchement d\u00e9coiffant ! \u2013 ANNUL\u00c9 !<\/a><\/h3>\r\n\t\t<h4>Milvignes <\/h4>\r\n\t\t<div class=\"em-event-meta em-item-meta\">\r\n\t\t\t<div class=\"em-item-meta-line em-event-date em-event-meta-datetime\">\r\n\t\t\t\t<span class=\"em-icon-calendar em-icon\"><\/span>\r\n\t\t\t\t22.11.2020\u00a0\u00a0\u00a0\u00a0\r\n\t\t\t<\/div>\r\n\t\t\t<div class=\"em-item-meta-line em-event-time em-event-meta-datetime\">\r\n\t\t\t\t<span class=\"em-icon-clock em-icon\"><\/span>\r\n\t\t\t\t17:00 - 18:15\r\n\t\t\t<\/div>\r\n\t\t\t\r\n\t\t\t\r\n\t\t\t<div class=\"em-item-meta-line em-event-location\">\r\n\t\t\t\t<span class=\"em-icon-location em-icon\"><\/span>\r\n\t\t\t\t<a href=\"https:\/\/thilomuster.info\/locations\/temple-dauvernier\/\">Temple d&#039;Auvernier<\/a>\r\n\t\t\t<\/div>\r\n\t\t\t\r\n\t\t\t\r\n\t\t\t\r\n\t\t\t<div class=\"em-item-meta-line em-item-taxonomy em-event-categories\">\r\n\t\t\t\t<span class=\"em-icon-category em-icon\"><\/span>\r\n\t\t\t\t<div>\t<ul class=\"event-categories\">\r\n\t\t\t\t\t<li><a href=\"https:\/\/thilomuster.info\/en\/events\/categories\/concerts\/\">Concerts<\/a><\/li>\r\n\t\t\t\t\t<li><a href=\"https:\/\/thilomuster.info\/en\/events\/categories\/taragot-organ\/\">Taragot &amp; Organ<\/a><\/li>\r\n\t\t\t<\/ul>\r\n\t<\/div>\r\n\t\t\t<\/div>\r\n\t\t\t\r\n\t\t\t\r\n\t\t<\/div>\r\n\t\t<div class=\"em-item-desc\">\r\n\t\t\tConcert avec\u00a0Samuel Freiburghaus, taragot, clarinette, frula, tilinca Musique des Balkans, tzigane et klezmer de Roumanie, Bulgarie, Bosnie, Arm\u00e9nie und Azerbaidjan.\r\n\t\t<\/div>\r\n\t\t<div class=\"em-item-actions input\">\r\n\t\t\t<a class=\"em-item-read-more button\" href=\"https:\/\/thilomuster.info\/en\/events\/taragot-orgue-musique-des-balkans-tzigane-et-klezmer\/\">Weitere Informationen<\/a>\r\n\t\t\t\r\n\t\t<\/div>\r\n\t<\/div>\r\n<\/div><div class=\"em-event em-item\" style=\"--default-border:#FFFFFF;\">\r\n\t<div class=\"em-item-image \">\r\n\t\t\r\n\t\t<img src='https:\/\/thilomuster.info\/wp-content\/uploads\/2017\/11\/TaragotOrgel-Serif.jpg' alt='Taragot &amp; Orgue \u2013 le souffle des Balkans : franchement d\u00e9coiffant ! \u2013 REPORT\u00c9 !'\/>\r\n\t\t\r\n\t\t\r\n\t<\/div>\r\n\t<div class=\"em-item-info\">\r\n\t\t<h3 class=\"em-item-title\"><a href=\"https:\/\/thilomuster.info\/en\/events\/taragot-orgue-le-souffle-des-balkans-franchement-decoiffant\/\">Taragot &amp; Orgue \u2013 le souffle des Balkans : franchement d\u00e9coiffant ! \u2013 REPORT\u00c9 !<\/a><\/h3>\r\n\t\t<h4>La R\u00e9ole\/Bordeaux <\/h4>\r\n\t\t<div class=\"em-event-meta em-item-meta\">\r\n\t\t\t<div class=\"em-item-meta-line em-event-date em-event-meta-datetime\">\r\n\t\t\t\t<span class=\"em-icon-calendar em-icon\"><\/span>\r\n\t\t\t\t15.11.2020\u00a0\u00a0\u00a0\u00a0\r\n\t\t\t<\/div>\r\n\t\t\t<div class=\"em-item-meta-line em-event-time em-event-meta-datetime\">\r\n\t\t\t\t<span class=\"em-icon-clock em-icon\"><\/span>\r\n\t\t\t\t17:00 - 18:15\r\n\t\t\t<\/div>\r\n\t\t\t\r\n\t\t\t\r\n\t\t\t<div class=\"em-item-meta-line em-event-location\">\r\n\t\t\t\t<span class=\"em-icon-location em-icon\"><\/span>\r\n\t\t\t\t<a href=\"https:\/\/thilomuster.info\/en\/locations\/festival-dorgue-de-la-reole-eglise-st-pierre\/\">Festival d&#039;orgue \u2013 Eglise St-Pierre<\/a>\r\n\t\t\t<\/div>\r\n\t\t\t\r\n\t\t\t\r\n\t\t\t\r\n\t\t\t<div class=\"em-item-meta-line em-item-taxonomy em-event-categories\">\r\n\t\t\t\t<span class=\"em-icon-category em-icon\"><\/span>\r\n\t\t\t\t<div>\t<ul class=\"event-categories\">\r\n\t\t\t\t\t<li><a href=\"https:\/\/thilomuster.info\/en\/events\/categories\/concerts\/\">Concerts<\/a><\/li>\r\n\t\t\t\t\t<li><a href=\"https:\/\/thilomuster.info\/en\/events\/categories\/taragot-organ\/\">Taragot &amp; Organ<\/a><\/li>\r\n\t\t\t<\/ul>\r\n\t<\/div>\r\n\t\t\t<\/div>\r\n\t\t\t\r\n\t\t\t\r\n\t\t<\/div>\r\n\t\t<div class=\"em-item-desc\">\r\n\t\t\tSamuel Freiburghaus, taragot, clarinettes, froula, tilinca Thilo Muster, orgue Musique des Balkans, des Tziganes et Klezmorim de Roumaine, Bulgarie, Serbie, Albanie, Gr\u00e8ce, Arm\u00e9nie et Azerba\u00efdjan. [...]\r\n\t\t<\/div>\r\n\t\t<div class=\"em-item-actions input\">\r\n\t\t\t<a class=\"em-item-read-more button\" href=\"https:\/\/thilomuster.info\/en\/events\/taragot-orgue-le-souffle-des-balkans-franchement-decoiffant\/\">Weitere Informationen<\/a>\r\n\t\t\t\r\n\t\t<\/div>\r\n\t<\/div>\r\n<\/div><div class=\"em-event em-item\" style=\"--default-border:#FFFFFF;\">\r\n\t<div class=\"em-item-image \">\r\n\t\t\r\n\t\t<img src='https:\/\/thilomuster.info\/wp-content\/uploads\/2019\/06\/SamuelThiloAusschnitt.jpg' alt='Orgelfestival im Stadtcasino Basel \u2013 Orgel trifft Tango, Jazz und Balkanmusik'\/>\r\n\t\t\r\n\t\t\r\n\t<\/div>\r\n\t<div class=\"em-item-info\">\r\n\t\t<h3 class=\"em-item-title\"><a href=\"https:\/\/thilomuster.info\/en\/events\/orgelfestival-stadtcasino-basel-orgeltanznacht\/\">Orgelfestival im Stadtcasino Basel \u2013 Orgel trifft Tango, Jazz und Balkanmusik<\/a><\/h3>\r\n\t\t<h4>Basel <\/h4>\r\n\t\t<div class=\"em-event-meta em-item-meta\">\r\n\t\t\t<div class=\"em-item-meta-line em-event-date em-event-meta-datetime\">\r\n\t\t\t\t<span class=\"em-icon-calendar em-icon\"><\/span>\r\n\t\t\t\t19.09.2020\u00a0\u00a0\u00a0\u00a0\r\n\t\t\t<\/div>\r\n\t\t\t<div class=\"em-item-meta-line em-event-time em-event-meta-datetime\">\r\n\t\t\t\t<span class=\"em-icon-clock em-icon\"><\/span>\r\n\t\t\t\t19:30 - 22:00\r\n\t\t\t<\/div>\r\n\t\t\t\r\n\t\t\t\r\n\t\t\t<div class=\"em-item-meta-line em-event-location\">\r\n\t\t\t\t<span class=\"em-icon-location em-icon\"><\/span>\r\n\t\t\t\t<a href=\"https:\/\/thilomuster.info\/en\/locations\/stadtcasino-musiksaal\/\">Stadtcasino, Musiksaal<\/a>\r\n\t\t\t<\/div>\r\n\t\t\t\r\n\t\t\t\r\n\t\t\t\r\n\t\t\t<div class=\"em-item-meta-line em-item-taxonomy em-event-categories\">\r\n\t\t\t\t<span class=\"em-icon-category em-icon\"><\/span>\r\n\t\t\t\t<div>\t<ul class=\"event-categories\">\r\n\t\t\t\t\t<li><a href=\"https:\/\/thilomuster.info\/en\/events\/categories\/concerts\/\">Concerts<\/a><\/li>\r\n\t\t\t\t\t<li><a href=\"https:\/\/thilomuster.info\/en\/events\/categories\/taragot-organ\/\">Taragot &amp; Organ<\/a><\/li>\r\n\t\t\t<\/ul>\r\n\t<\/div>\r\n\t\t\t<\/div>\r\n\t\t\t\r\n\t\t\t\r\n\t\t<\/div>\r\n\t\t<div class=\"em-item-desc\">\r\n\t\t\tKonzert mit Showtanz. Durch das Programm f\u00fchrt Patricia Moreno von Radio SRF2. Ausf\u00fchrende: Tango: Orchestra SILENCIO, Roger H\u00e9lou, Leitung &amp; Orgel, Lysandre Donoso (Bandoneon), Luciano [...]\r\n\t\t<\/div>\r\n\t\t<div class=\"em-item-actions input\">\r\n\t\t\t<a class=\"em-item-read-more button\" href=\"https:\/\/thilomuster.info\/en\/events\/orgelfestival-stadtcasino-basel-orgeltanznacht\/\">Weitere Informationen<\/a>\r\n\t\t\t\r\n\t\t<\/div>\r\n\t<\/div>\r\n<\/div><div class=\"em-event em-item\" style=\"--default-border:#FFFFFF;\">\r\n\t<div class=\"em-item-image \">\r\n\t\t\r\n\t\t<img src='https:\/\/thilomuster.info\/wp-content\/uploads\/2017\/11\/SamuelThiloAusschnitt.jpg' alt='Taragot &amp; Orgel \u2013 Musik des Balkans, der Gypsies und Klezmorim \u2013 verschoben!'\/>\r\n\t\t\r\n\t\t\r\n\t<\/div>\r\n\t<div class=\"em-item-info\">\r\n\t\t<h3 class=\"em-item-title\"><a href=\"https:\/\/thilomuster.info\/en\/events\/taragot-orgel-musik-des-balkans-der-gypsies-und-klezmorim-2\/\">Taragot &amp; Orgel \u2013 Musik des Balkans, der Gypsies und Klezmorim \u2013 verschoben!<\/a><\/h3>\r\n\t\t<h4>Aarau <\/h4>\r\n\t\t<div class=\"em-event-meta em-item-meta\">\r\n\t\t\t<div class=\"em-item-meta-line em-event-date em-event-meta-datetime\">\r\n\t\t\t\t<span class=\"em-icon-calendar em-icon\"><\/span>\r\n\t\t\t\t27.06.2020\u00a0\u00a0\u00a0\u00a0\r\n\t\t\t<\/div>\r\n\t\t\t<div class=\"em-item-meta-line em-event-time em-event-meta-datetime\">\r\n\t\t\t\t<span class=\"em-icon-clock em-icon\"><\/span>\r\n\t\t\t\t11:30 - 12:00\r\n\t\t\t<\/div>\r\n\t\t\t\r\n\t\t\t\r\n\t\t\t<div class=\"em-item-meta-line em-event-location\">\r\n\t\t\t\t<span class=\"em-icon-location em-icon\"><\/span>\r\n\t\t\t\t<a href=\"https:\/\/thilomuster.info\/en\/locations\/stadtkirche\/\">Stadtkirche<\/a>\r\n\t\t\t<\/div>\r\n\t\t\t\r\n\t\t\t\r\n\t\t\t\r\n\t\t\t<div class=\"em-item-meta-line em-item-taxonomy em-event-categories\">\r\n\t\t\t\t<span class=\"em-icon-category em-icon\"><\/span>\r\n\t\t\t\t<div>\t<ul class=\"event-categories\">\r\n\t\t\t\t\t<li><a href=\"https:\/\/thilomuster.info\/en\/events\/categories\/concerts\/\">Concerts<\/a><\/li>\r\n\t\t\t\t\t<li><a href=\"https:\/\/thilomuster.info\/en\/events\/categories\/taragot-organ\/\">Taragot &amp; Organ<\/a><\/li>\r\n\t\t\t<\/ul>\r\n\t<\/div>\r\n\t\t\t<\/div>\r\n\t\t\t\r\n\t\t\t\r\n\t\t<\/div>\r\n\t\t<div class=\"em-item-desc\">\r\n\t\t\tKonzert mit\u00a0Samuel Freiburghaus,\u00a0Taragot, Klarinette,\u00a0Frula, Tilinca. Musik des Balkans, der Gypsies und Klezmorim aus Rum\u00e4nien, Bulgarien, Bosnien, Armenien und Aserbaidschan. Infos:\u00a0www.ref-aarau.ch\r\n\t\t<\/div>\r\n\t\t<div class=\"em-item-actions input\">\r\n\t\t\t<a class=\"em-item-read-more button\" href=\"https:\/\/thilomuster.info\/en\/events\/taragot-orgel-musik-des-balkans-der-gypsies-und-klezmorim-2\/\">Weitere Informationen<\/a>\r\n\t\t\t\r\n\t\t<\/div>\r\n\t<\/div>\r\n<\/div><div class=\"em-event em-item\" style=\"--default-border:#FFFFFF;\">\r\n\t<div class=\"em-item-image \">\r\n\t\t\r\n\t\t<img src='https:\/\/thilomuster.info\/wp-content\/uploads\/2017\/11\/TaragotOrgel-Serif.jpg' alt='Taragot &amp; Orgel \u2013 Musik des Balkans, der Gypsies und Klezmorim \u2013 FINDET STATT!'\/>\r\n\t\t\r\n\t\t\r\n\t<\/div>\r\n\t<div class=\"em-item-info\">\r\n\t\t<h3 class=\"em-item-title\"><a href=\"https:\/\/thilomuster.info\/en\/events\/taragot-orgel-musik-des-balkans-der-gypsies-und-klezmorim-3\/\">Taragot &amp; Orgel \u2013 Musik des Balkans, der Gypsies und Klezmorim \u2013 FINDET STATT!<\/a><\/h3>\r\n\t\t<h4>Wittnau <\/h4>\r\n\t\t<div class=\"em-event-meta em-item-meta\">\r\n\t\t\t<div class=\"em-item-meta-line em-event-date em-event-meta-datetime\">\r\n\t\t\t\t<span class=\"em-icon-calendar em-icon\"><\/span>\r\n\t\t\t\t21.06.2020\u00a0\u00a0\u00a0\u00a0\r\n\t\t\t<\/div>\r\n\t\t\t<div class=\"em-item-meta-line em-event-time em-event-meta-datetime\">\r\n\t\t\t\t<span class=\"em-icon-clock em-icon\"><\/span>\r\n\t\t\t\t17:00 - 18:15\r\n\t\t\t<\/div>\r\n\t\t\t\r\n\t\t\t\r\n\t\t\t<div class=\"em-item-meta-line em-event-location\">\r\n\t\t\t\t<span class=\"em-icon-location em-icon\"><\/span>\r\n\t\t\t\t<a href=\"https:\/\/thilomuster.info\/locations\/kirche-st-martin\/\">Kirche St. Martin<\/a>\r\n\t\t\t<\/div>\r\n\t\t\t\r\n\t\t\t\r\n\t\t\t\r\n\t\t\t<div class=\"em-item-meta-line em-item-taxonomy em-event-categories\">\r\n\t\t\t\t<span class=\"em-icon-category em-icon\"><\/span>\r\n\t\t\t\t<div>\t<ul class=\"event-categories\">\r\n\t\t\t\t\t<li><a href=\"https:\/\/thilomuster.info\/en\/events\/categories\/concerts\/\">Concerts<\/a><\/li>\r\n\t\t\t\t\t<li><a href=\"https:\/\/thilomuster.info\/en\/events\/categories\/taragot-organ\/\">Taragot &amp; Organ<\/a><\/li>\r\n\t\t\t<\/ul>\r\n\t<\/div>\r\n\t\t\t<\/div>\r\n\t\t\t\r\n\t\t\t\r\n\t\t<\/div>\r\n\t\t<div class=\"em-item-desc\">\r\n\t\t\tKonzert mit\u00a0Samuel Freiburghaus,\u00a0Taragot, Klarinette,\u00a0Frula, Tilinca. Musik des Balkans, der Gypsies und Klezmorim aus Rum\u00e4nien, Bulgarien, Bosnien, Armenien und Aserbaidschan. Infos:\u00a0www.grundschinznach.ch\r\n\t\t<\/div>\r\n\t\t<div class=\"em-item-actions input\">\r\n\t\t\t<a class=\"em-item-read-more button\" href=\"https:\/\/thilomuster.info\/en\/events\/taragot-orgel-musik-des-balkans-der-gypsies-und-klezmorim-3\/\">Weitere Informationen<\/a>\r\n\t\t\t\r\n\t\t<\/div>\r\n\t<\/div>\r\n<\/div><div class=\"em-event em-item\" style=\"--default-border:#FFFFFF;\">\r\n\t<div class=\"em-item-image has-placeholder\">\r\n\t\t\r\n\t\t\r\n\t\t<div class=\"em-item-image-placeholder\">\r\n\t\t\t<div class=\"date\">\r\n\t\t\t\t<span class=\"day\">07<\/span>\r\n\t\t\t\t<span class=\"month\">Jun<\/span>\r\n\t\t\t<\/div>\r\n\t\t<\/div>\r\n\t\t\r\n\t<\/div>\r\n\t<div class=\"em-item-info\">\r\n\t\t<h3 class=\"em-item-title\"><a href=\"https:\/\/thilomuster.info\/en\/events\/bach-kantaten-119-127\/\">Bach Kantaten 119 &amp; 127 \u2013 ABGESAGT!<\/a><\/h3>\r\n\t\t<h4>Arlesheim <\/h4>\r\n\t\t<div class=\"em-event-meta em-item-meta\">\r\n\t\t\t<div class=\"em-item-meta-line em-event-date em-event-meta-datetime\">\r\n\t\t\t\t<span class=\"em-icon-calendar em-icon\"><\/span>\r\n\t\t\t\t07.06.2020\u00a0\u00a0\u00a0\u00a0\r\n\t\t\t<\/div>\r\n\t\t\t<div class=\"em-item-meta-line em-event-time em-event-meta-datetime\">\r\n\t\t\t\t<span class=\"em-icon-clock em-icon\"><\/span>\r\n\t\t\t\t19:00 - 20:30\r\n\t\t\t<\/div>\r\n\t\t\t\r\n\t\t\t\r\n\t\t\t<div class=\"em-item-meta-line em-event-location\">\r\n\t\t\t\t<span class=\"em-icon-location em-icon\"><\/span>\r\n\t\t\t\t<a href=\"https:\/\/thilomuster.info\/en\/locations\/reformierte-kirche\/\">reformierte Kirche<\/a>\r\n\t\t\t<\/div>\r\n\t\t\t\r\n\t\t\t\r\n\t\t\t\r\n\t\t\t<div class=\"em-item-meta-line em-item-taxonomy em-event-categories\">\r\n\t\t\t\t<span class=\"em-icon-category em-icon\"><\/span>\r\n\t\t\t\t<div>\t<ul class=\"event-categories\">\r\n\t\t\t\t\t<li><a href=\"https:\/\/thilomuster.info\/en\/events\/categories\/concerts\/\">Concerts<\/a><\/li>\r\n\t\t\t<\/ul>\r\n\t<\/div>\r\n\t\t\t<\/div>\r\n\t\t\t\r\n\t\t\t\r\n\t\t<\/div>\r\n\t\t<div class=\"em-item-desc\">\r\n\t\t\tBach-Kantaten-Chor Arlesheim Leitung: Peter Koller Aline Du Pasquier, Sopran Linda Deborah Loosli, Sopran Nino Aurelio Gm\u00fcnder,Tenor Robert Koller, Bass\r\n\t\t<\/div>\r\n\t\t<div class=\"em-item-actions input\">\r\n\t\t\t<a class=\"em-item-read-more button\" href=\"https:\/\/thilomuster.info\/en\/events\/bach-kantaten-119-127\/\">Weitere Informationen<\/a>\r\n\t\t\t\r\n\t\t<\/div>\r\n\t<\/div>\r\n<\/div><div class=\"em-event em-item\" style=\"--default-border:#FFFFFF;\">\r\n\t<div class=\"em-item-image has-placeholder\">\r\n\t\t\r\n\t\t\r\n\t\t<div class=\"em-item-image-placeholder\">\r\n\t\t\t<div class=\"date\">\r\n\t\t\t\t<span class=\"day\">07<\/span>\r\n\t\t\t\t<span class=\"month\">Jun<\/span>\r\n\t\t\t<\/div>\r\n\t\t<\/div>\r\n\t\t\r\n\t<\/div>\r\n\t<div class=\"em-item-info\">\r\n\t\t<h3 class=\"em-item-title\"><a href=\"https:\/\/thilomuster.info\/en\/events\/bach-kantaten-119-127-2\/\">Bach Kantaten 119 &amp; 127 Im Gottesdienst \u2013 ABGESAGT!<\/a><\/h3>\r\n\t\t<h4>Arlesheim <\/h4>\r\n\t\t<div class=\"em-event-meta em-item-meta\">\r\n\t\t\t<div class=\"em-item-meta-line em-event-date em-event-meta-datetime\">\r\n\t\t\t\t<span class=\"em-icon-calendar em-icon\"><\/span>\r\n\t\t\t\t07.06.2020\u00a0\u00a0\u00a0\u00a0\r\n\t\t\t<\/div>\r\n\t\t\t<div class=\"em-item-meta-line em-event-time em-event-meta-datetime\">\r\n\t\t\t\t<span class=\"em-icon-clock em-icon\"><\/span>\r\n\t\t\t\t10:00 - 11:30\r\n\t\t\t<\/div>\r\n\t\t\t\r\n\t\t\t\r\n\t\t\t<div class=\"em-item-meta-line em-event-location\">\r\n\t\t\t\t<span class=\"em-icon-location em-icon\"><\/span>\r\n\t\t\t\t<a href=\"https:\/\/thilomuster.info\/en\/locations\/reformierte-kirche\/\">reformierte Kirche<\/a>\r\n\t\t\t<\/div>\r\n\t\t\t\r\n\t\t\t\r\n\t\t\t\r\n\t\t\t<div class=\"em-item-meta-line em-item-taxonomy em-event-categories\">\r\n\t\t\t\t<span class=\"em-icon-category em-icon\"><\/span>\r\n\t\t\t\t<div>\t<ul class=\"event-categories\">\r\n\t\t\t\t\t<li><a href=\"https:\/\/thilomuster.info\/en\/events\/categories\/concerts\/\">Concerts<\/a><\/li>\r\n\t\t\t<\/ul>\r\n\t<\/div>\r\n\t\t\t<\/div>\r\n\t\t\t\r\n\t\t\t\r\n\t\t<\/div>\r\n\t\t<div class=\"em-item-desc\">\r\n\t\t\tBach-Kantaten-Chor Arlesheim Leitung: Peter Koller Aline Du Pasquier, Sopran Linda Deborah Loosli, Sopran Nino Aurelio Gm\u00fcnder,Tenor Robert Koller, Bass\r\n\t\t<\/div>\r\n\t\t<div class=\"em-item-actions input\">\r\n\t\t\t<a class=\"em-item-read-more button\" href=\"https:\/\/thilomuster.info\/en\/events\/bach-kantaten-119-127-2\/\">Weitere Informationen<\/a>\r\n\t\t\t\r\n\t\t<\/div>\r\n\t<\/div>\r\n<\/div><div class=\"em-event em-item\" style=\"--default-border:#FFFFFF;\">\r\n\t<div class=\"em-item-image \">\r\n\t\t\r\n\t\t<img src='https:\/\/thilomuster.info\/wp-content\/uploads\/2017\/11\/TaragotOrgel-Serif.jpg' alt='Taragot &amp; Orgue \u2013 le souffle des Balkans : franchement d\u00e9coiffant ! \u2013 ANNUL\u00c9 !'\/>\r\n\t\t\r\n\t\t\r\n\t<\/div>\r\n\t<div class=\"em-item-info\">\r\n\t\t<h3 class=\"em-item-title\"><a href=\"https:\/\/thilomuster.info\/en\/events\/taragot-orgue-le-souffle-des-balkans-2\/\">Taragot &amp; Orgue \u2013 le souffle des Balkans : franchement d\u00e9coiffant ! \u2013 ANNUL\u00c9 !<\/a><\/h3>\r\n\t\t<h4>Saint-Jean-de-Luz <\/h4>\r\n\t\t<div class=\"em-event-meta em-item-meta\">\r\n\t\t\t<div class=\"em-item-meta-line em-event-date em-event-meta-datetime\">\r\n\t\t\t\t<span class=\"em-icon-calendar em-icon\"><\/span>\r\n\t\t\t\t13.04.2020\u00a0\u00a0\u00a0\u00a0\r\n\t\t\t<\/div>\r\n\t\t\t<div class=\"em-item-meta-line em-event-time em-event-meta-datetime\">\r\n\t\t\t\t<span class=\"em-icon-clock em-icon\"><\/span>\r\n\t\t\t\t17:00 - 18:15\r\n\t\t\t<\/div>\r\n\t\t\t\r\n\t\t\t\r\n\t\t\t<div class=\"em-item-meta-line em-event-location\">\r\n\t\t\t\t<span class=\"em-icon-location em-icon\"><\/span>\r\n\t\t\t\t<a href=\"https:\/\/thilomuster.info\/locations\/festiorgues-le-chant-des-orgues-basques-eglise-st-jean-baptiste\/\">Festiorgues \u2013 le chant des orgues basques, \u00c9glise St-Jean-Baptiste<\/a>\r\n\t\t\t<\/div>\r\n\t\t\t\r\n\t\t\t\r\n\t\t\t\r\n\t\t\t<div class=\"em-item-meta-line em-item-taxonomy em-event-categories\">\r\n\t\t\t\t<span class=\"em-icon-category em-icon\"><\/span>\r\n\t\t\t\t<div>\t<ul class=\"event-categories\">\r\n\t\t\t\t\t<li><a href=\"https:\/\/thilomuster.info\/en\/events\/categories\/concerts\/\">Concerts<\/a><\/li>\r\n\t\t\t\t\t<li><a href=\"https:\/\/thilomuster.info\/en\/events\/categories\/taragot-organ\/\">Taragot &amp; Organ<\/a><\/li>\r\n\t\t\t<\/ul>\r\n\t<\/div>\r\n\t\t\t<\/div>\r\n\t\t\t\r\n\t\t\t\r\n\t\t<\/div>\r\n\t\t<div class=\"em-item-desc\">\r\n\t\t\tSamuel Freiburghaus, taragot, clarinettes, froula, tilinca Thilo Muster, orgue Musique des Balkans, des Tziganes et Klezmorim de Roumaine, Bulgarie, Serbie, Albanie, Gr\u00e8ce, Arm\u00e9nie et Azerba\u00efdjan. [...]\r\n\t\t<\/div>\r\n\t\t<div class=\"em-item-actions input\">\r\n\t\t\t<a class=\"em-item-read-more button\" href=\"https:\/\/thilomuster.info\/en\/events\/taragot-orgue-le-souffle-des-balkans-2\/\">Weitere Informationen<\/a>\r\n\t\t\t\r\n\t\t<\/div>\r\n\t<\/div>\r\n<\/div><div class=\"em-event em-item\" style=\"--default-border:#FFFFFF;\">\r\n\t<div class=\"em-item-image \">\r\n\t\t\r\n\t\t<img src='https:\/\/thilomuster.info\/wp-content\/uploads\/2020\/01\/FlyerDkl.jpg' alt='Taragot &amp; Orgel \u2013 Musik des Balkans, der Gypsies und Klezmorim'\/>\r\n\t\t\r\n\t\t\r\n\t<\/div>\r\n\t<div class=\"em-item-info\">\r\n\t\t<h3 class=\"em-item-title\"><a href=\"https:\/\/thilomuster.info\/en\/events\/taragot-orgel-jubilaeumstour-musik-des-balkans-der-gypsies-und-klezmorim-9\/\">Taragot &amp; Orgel \u2013 Musik des Balkans, der Gypsies und Klezmorim<\/a><\/h3>\r\n\t\t<h4>Schinznach-Dorf <\/h4>\r\n\t\t<div class=\"em-event-meta em-item-meta\">\r\n\t\t\t<div class=\"em-item-meta-line em-event-date em-event-meta-datetime\">\r\n\t\t\t\t<span class=\"em-icon-calendar em-icon\"><\/span>\r\n\t\t\t\t26.01.2020\u00a0\u00a0\u00a0\u00a0\r\n\t\t\t<\/div>\r\n\t\t\t<div class=\"em-item-meta-line em-event-time em-event-meta-datetime\">\r\n\t\t\t\t<span class=\"em-icon-clock em-icon\"><\/span>\r\n\t\t\t\t17:00 - 18:15\r\n\t\t\t<\/div>\r\n\t\t\t\r\n\t\t\t\r\n\t\t\t<div class=\"em-item-meta-line em-event-location\">\r\n\t\t\t\t<span class=\"em-icon-location em-icon\"><\/span>\r\n\t\t\t\t<a href=\"https:\/\/thilomuster.info\/locations\/ref-kirche-3\/\">ref. Kirche<\/a>\r\n\t\t\t<\/div>\r\n\t\t\t\r\n\t\t\t\r\n\t\t\t\r\n\t\t\t<div class=\"em-item-meta-line em-item-taxonomy em-event-categories\">\r\n\t\t\t\t<span class=\"em-icon-category em-icon\"><\/span>\r\n\t\t\t\t<div>\t<ul class=\"event-categories\">\r\n\t\t\t\t\t<li><a href=\"https:\/\/thilomuster.info\/en\/events\/categories\/concerts\/\">Concerts<\/a><\/li>\r\n\t\t\t\t\t<li><a href=\"https:\/\/thilomuster.info\/en\/events\/categories\/taragot-organ\/\">Taragot &amp; Organ<\/a><\/li>\r\n\t\t\t<\/ul>\r\n\t<\/div>\r\n\t\t\t<\/div>\r\n\t\t\t\r\n\t\t\t\r\n\t\t<\/div>\r\n\t\t<div class=\"em-item-desc\">\r\n\t\t\tKonzert mit\u00a0Samuel Freiburghaus,\u00a0Taragot, Klarinette,\u00a0Frula, Tilinca. Musik des Balkans, der Gypsies und Klezmorim aus Rum\u00e4nien, Bulgarien, Bosnien, Armenien und Aserbaidschan. Infos:\u00a0www.grundschinznach.ch\r\n\t\t<\/div>\r\n\t\t<div class=\"em-item-actions input\">\r\n\t\t\t<a class=\"em-item-read-more button\" href=\"https:\/\/thilomuster.info\/en\/events\/taragot-orgel-jubilaeumstour-musik-des-balkans-der-gypsies-und-klezmorim-9\/\">Weitere Informationen<\/a>\r\n\t\t\t\r\n\t\t<\/div>\r\n\t<\/div>\r\n<\/div><div class=\"em-event em-item\" style=\"--default-border:#FFFFFF;\">\r\n\t<div class=\"em-item-image has-placeholder\">\r\n\t\t\r\n\t\t\r\n\t\t<div class=\"em-item-image-placeholder\">\r\n\t\t\t<div class=\"date\">\r\n\t\t\t\t<span class=\"day\">30<\/span>\r\n\t\t\t\t<span class=\"month\">Nov<\/span>\r\n\t\t\t<\/div>\r\n\t\t<\/div>\r\n\t\t\r\n\t<\/div>\r\n\t<div class=\"em-item-info\">\r\n\t\t<h3 class=\"em-item-title\"><a href=\"https:\/\/thilomuster.info\/en\/events\/orgelvesper-zum-advent\/\">Orgelvesper zum Advent<\/a><\/h3>\r\n\t\t<h4>Arlesheim <\/h4>\r\n\t\t<div class=\"em-event-meta em-item-meta\">\r\n\t\t\t<div class=\"em-item-meta-line em-event-date em-event-meta-datetime\">\r\n\t\t\t\t<span class=\"em-icon-calendar em-icon\"><\/span>\r\n\t\t\t\t30.11.2019\u00a0\u00a0\u00a0\u00a0\r\n\t\t\t<\/div>\r\n\t\t\t<div class=\"em-item-meta-line em-event-time em-event-meta-datetime\">\r\n\t\t\t\t<span class=\"em-icon-clock em-icon\"><\/span>\r\n\t\t\t\t17:30 - 18:15\r\n\t\t\t<\/div>\r\n\t\t\t\r\n\t\t\t\r\n\t\t\t<div class=\"em-item-meta-line em-event-location\">\r\n\t\t\t\t<span class=\"em-icon-location em-icon\"><\/span>\r\n\t\t\t\t<a href=\"https:\/\/thilomuster.info\/en\/locations\/reformierte-kirche\/\">reformierte Kirche<\/a>\r\n\t\t\t<\/div>\r\n\t\t\t\r\n\t\t\t\r\n\t\t\t\r\n\t\t\t<div class=\"em-item-meta-line em-item-taxonomy em-event-categories\">\r\n\t\t\t\t<span class=\"em-icon-category em-icon\"><\/span>\r\n\t\t\t\t<div>\t<ul class=\"event-categories\">\r\n\t\t\t\t\t<li><a href=\"https:\/\/thilomuster.info\/en\/events\/categories\/concerts\/\">Concerts<\/a><\/li>\r\n\t\t\t\t\t<li><a href=\"https:\/\/thilomuster.info\/en\/events\/categories\/concerts\/\">Konzerte<\/a><\/li>\r\n\t\t\t\t\t<li><a href=\"https:\/\/thilomuster.info\/en\/events\/categories\/recital\/\">Recital<\/a><\/li>\r\n\t\t\t\t\t<li><a href=\"https:\/\/thilomuster.info\/en\/events\/categories\/recital\/\">Recital<\/a><\/li>\r\n\t\t\t<\/ul>\r\n\t<\/div>\r\n\t\t\t<\/div>\r\n\t\t\t\r\n\t\t\t\r\n\t\t<\/div>\r\n\t\t<div class=\"em-item-desc\">\r\n\t\t\tProgramm: Charles-Marie Widor:\u00a0Symphonie Gothique op. 70 Th\u00e9odore Dubois: Marche des Rois Mages\r\n\t\t<\/div>\r\n\t\t<div class=\"em-item-actions input\">\r\n\t\t\t<a class=\"em-item-read-more button\" href=\"https:\/\/thilomuster.info\/en\/events\/orgelvesper-zum-advent\/\">Weitere Informationen<\/a>\r\n\t\t\t\r\n\t\t<\/div>\r\n\t<\/div>\r\n<\/div><div class=\"em-event em-item\" style=\"--default-border:#FFFFFF;\">\r\n\t<div class=\"em-item-image has-placeholder\">\r\n\t\t\r\n\t\t\r\n\t\t<div class=\"em-item-image-placeholder\">\r\n\t\t\t<div class=\"date\">\r\n\t\t\t\t<span class=\"day\">07<\/span>\r\n\t\t\t\t<span class=\"month\">Sep<\/span>\r\n\t\t\t<\/div>\r\n\t\t<\/div>\r\n\t\t\r\n\t<\/div>\r\n\t<div class=\"em-item-info\">\r\n\t\t<h3 class=\"em-item-title\"><a href=\"https:\/\/thilomuster.info\/en\/events\/arlesheimer-orgelnacht\/\">Arlesheimer Orgelnacht<\/a><\/h3>\r\n\t\t<h4>Arlesheim <\/h4>\r\n\t\t<div class=\"em-event-meta em-item-meta\">\r\n\t\t\t<div class=\"em-item-meta-line em-event-date em-event-meta-datetime\">\r\n\t\t\t\t<span class=\"em-icon-calendar em-icon\"><\/span>\r\n\t\t\t\t07.09.2019\u00a0\u00a0\u00a0\u00a0\r\n\t\t\t<\/div>\r\n\t\t\t<div class=\"em-item-meta-line em-event-time em-event-meta-datetime\">\r\n\t\t\t\t<span class=\"em-icon-clock em-icon\"><\/span>\r\n\t\t\t\t21:00 - 21:30\r\n\t\t\t<\/div>\r\n\t\t\t\r\n\t\t\t\r\n\t\t\t<div class=\"em-item-meta-line em-event-location\">\r\n\t\t\t\t<span class=\"em-icon-location em-icon\"><\/span>\r\n\t\t\t\t<a href=\"https:\/\/thilomuster.info\/locations\/dom-3\/\">Dom<\/a>\r\n\t\t\t<\/div>\r\n\t\t\t\r\n\t\t\t\r\n\t\t\t\r\n\t\t\t<div class=\"em-item-meta-line em-item-taxonomy em-event-categories\">\r\n\t\t\t\t<span class=\"em-icon-category em-icon\"><\/span>\r\n\t\t\t\t<div>\t<ul class=\"event-categories\">\r\n\t\t\t\t\t<li><a href=\"https:\/\/thilomuster.info\/en\/events\/categories\/concerts\/\">Concerts<\/a><\/li>\r\n\t\t\t\t\t<li><a href=\"https:\/\/thilomuster.info\/en\/events\/categories\/concerts\/\">Konzerte<\/a><\/li>\r\n\t\t\t\t\t<li><a href=\"https:\/\/thilomuster.info\/en\/events\/categories\/recital\/\">Recital<\/a><\/li>\r\n\t\t\t\t\t<li><a href=\"https:\/\/thilomuster.info\/en\/events\/categories\/recital\/\">Recital<\/a><\/li>\r\n\t\t\t<\/ul>\r\n\t<\/div>\r\n\t\t\t<\/div>\r\n\t\t\t\r\n\t\t\t\r\n\t\t<\/div>\r\n\t\t<div class=\"em-item-desc\">\r\n\t\t\tKonzert im Rahmen der Zweiten Arlesheimer Orgelnacht im Dom zu Arlesheim. Transkriptionen von Werken von Jean-Philippe Rameau, Marin Marais und Jean-F\u00e9ry Rebel\r\n\t\t<\/div>\r\n\t\t<div class=\"em-item-actions input\">\r\n\t\t\t<a class=\"em-item-read-more button\" href=\"https:\/\/thilomuster.info\/en\/events\/arlesheimer-orgelnacht\/\">Weitere Informationen<\/a>\r\n\t\t\t\r\n\t\t<\/div>\r\n\t<\/div>\r\n<\/div><div class=\"em-event em-item\" style=\"--default-border:#FFFFFF;\">\r\n\t<div class=\"em-item-image \">\r\n\t\t\r\n\t\t<img src='https:\/\/thilomuster.info\/wp-content\/uploads\/2017\/11\/TaragotOrgel-Serif.jpg' alt='Taragot &amp; Orgel Jubil\u00e4umstour \u2013 Musik des Balkans, der Gypsies und Klezmorim'\/>\r\n\t\t\r\n\t\t\r\n\t<\/div>\r\n\t<div class=\"em-item-info\">\r\n\t\t<h3 class=\"em-item-title\"><a href=\"https:\/\/thilomuster.info\/en\/events\/taragot-orgel-jubilaeumstour-musik-des-balkans-der-gypsies-und-klezmorim-11\/\">Taragot &amp; Orgel Jubil\u00e4umstour \u2013 Musik des Balkans, der Gypsies und Klezmorim<\/a><\/h3>\r\n\t\t<h4>Hinterforst <\/h4>\r\n\t\t<div class=\"em-event-meta em-item-meta\">\r\n\t\t\t<div class=\"em-item-meta-line em-event-date em-event-meta-datetime\">\r\n\t\t\t\t<span class=\"em-icon-calendar em-icon\"><\/span>\r\n\t\t\t\t23.08.2019\u00a0\u00a0\u00a0\u00a0\r\n\t\t\t<\/div>\r\n\t\t\t<div class=\"em-item-meta-line em-event-time em-event-meta-datetime\">\r\n\t\t\t\t<span class=\"em-icon-clock em-icon\"><\/span>\r\n\t\t\t\t18:45 - 20:00\r\n\t\t\t<\/div>\r\n\t\t\t\r\n\t\t\t\r\n\t\t\t<div class=\"em-item-meta-line em-event-location\">\r\n\t\t\t\t<span class=\"em-icon-location em-icon\"><\/span>\r\n\t\t\t\t<a href=\"https:\/\/thilomuster.info\/locations\/kirche\/\">Konzertzyklus Altst\u00e4tten, Kirche Hinterforst<\/a>\r\n\t\t\t<\/div>\r\n\t\t\t\r\n\t\t\t\r\n\t\t\t\r\n\t\t\t<div class=\"em-item-meta-line em-item-taxonomy em-event-categories\">\r\n\t\t\t\t<span class=\"em-icon-category em-icon\"><\/span>\r\n\t\t\t\t<div>\t<ul class=\"event-categories\">\r\n\t\t\t\t\t<li><a href=\"https:\/\/thilomuster.info\/en\/events\/categories\/concerts\/\">Concerts<\/a><\/li>\r\n\t\t\t\t\t<li><a href=\"https:\/\/thilomuster.info\/en\/events\/categories\/taragot-organ\/\">Taragot &amp; Organ<\/a><\/li>\r\n\t\t\t<\/ul>\r\n\t<\/div>\r\n\t\t\t<\/div>\r\n\t\t\t\r\n\t\t\t\r\n\t\t<\/div>\r\n\t\t<div class=\"em-item-desc\">\r\n\t\t\tKonzert mit\u00a0Samuel Freiburghaus,\u00a0Taragot, Klarinette,\u00a0Frula, Tilinca. Musik des Balkans, der Gypsies und Klezmorim aus Rum\u00e4nien, Bulgarien, Bosnien, Armenien und Aserbaidschan. Infos:\u00a0www.konzertzyklus.ch\r\n\t\t<\/div>\r\n\t\t<div class=\"em-item-actions input\">\r\n\t\t\t<a class=\"em-item-read-more button\" href=\"https:\/\/thilomuster.info\/en\/events\/taragot-orgel-jubilaeumstour-musik-des-balkans-der-gypsies-und-klezmorim-11\/\">Weitere Informationen<\/a>\r\n\t\t\t\r\n\t\t<\/div>\r\n\t<\/div>\r\n<\/div><div class=\"em-event em-item\" style=\"--default-border:#FFFFFF;\">\r\n\t<div class=\"em-item-image has-placeholder\">\r\n\t\t\r\n\t\t\r\n\t\t<div class=\"em-item-image-placeholder\">\r\n\t\t\t<div class=\"date\">\r\n\t\t\t\t<span class=\"day\">10<\/span>\r\n\t\t\t\t<span class=\"month\">Aug<\/span>\r\n\t\t\t<\/div>\r\n\t\t<\/div>\r\n\t\t\r\n\t<\/div>\r\n\t<div class=\"em-item-info\">\r\n\t\t<h3 class=\"em-item-title\"><a href=\"https:\/\/thilomuster.info\/en\/events\/concert-du-marche\/\">Concert du march\u00e9<\/a><\/h3>\r\n\t\t<h4>Dole <\/h4>\r\n\t\t<div class=\"em-event-meta em-item-meta\">\r\n\t\t\t<div class=\"em-item-meta-line em-event-date em-event-meta-datetime\">\r\n\t\t\t\t<span class=\"em-icon-calendar em-icon\"><\/span>\r\n\t\t\t\t10.08.2019\u00a0\u00a0\u00a0\u00a0\r\n\t\t\t<\/div>\r\n\t\t\t<div class=\"em-item-meta-line em-event-time em-event-meta-datetime\">\r\n\t\t\t\t<span class=\"em-icon-clock em-icon\"><\/span>\r\n\t\t\t\t11:30 - 12:00\r\n\t\t\t<\/div>\r\n\t\t\t\r\n\t\t\t\r\n\t\t\t<div class=\"em-item-meta-line em-event-location\">\r\n\t\t\t\t<span class=\"em-icon-location em-icon\"><\/span>\r\n\t\t\t\t<a href=\"https:\/\/thilomuster.info\/locations\/collegiale-notre-dame\/\">Coll\u00e9giale Notre-Dame<\/a>\r\n\t\t\t<\/div>\r\n\t\t\t\r\n\t\t\t\r\n\t\t\t\r\n\t\t\t<div class=\"em-item-meta-line em-item-taxonomy em-event-categories\">\r\n\t\t\t\t<span class=\"em-icon-category em-icon\"><\/span>\r\n\t\t\t\t<div>\t<ul class=\"event-categories\">\r\n\t\t\t\t\t<li><a href=\"https:\/\/thilomuster.info\/en\/events\/categories\/concerts\/\">Concerts<\/a><\/li>\r\n\t\t\t\t\t<li><a href=\"https:\/\/thilomuster.info\/en\/events\/categories\/concerts\/\">Konzerte<\/a><\/li>\r\n\t\t\t\t\t<li><a href=\"https:\/\/thilomuster.info\/en\/events\/categories\/recital\/\">Recital<\/a><\/li>\r\n\t\t\t\t\t<li><a href=\"https:\/\/thilomuster.info\/en\/events\/categories\/recital\/\">Recital<\/a><\/li>\r\n\t\t\t<\/ul>\r\n\t<\/div>\r\n\t\t\t<\/div>\r\n\t\t\t\r\n\t\t\t\r\n\t\t<\/div>\r\n\t\t<div class=\"em-item-desc\">\r\n\t\t\tLondres-Bruxelles, aller simple\u2026 Au d\u00e9but du 17e si\u00e8cle, de nombreux musiciens sillonn\u00e8rent l\u2019Europe pour exercer leur m\u00e9tier, pour des raisons parfois religieuses, parfois \u00e9conomiques. Ces [...]\r\n\t\t<\/div>\r\n\t\t<div class=\"em-item-actions input\">\r\n\t\t\t<a class=\"em-item-read-more button\" href=\"https:\/\/thilomuster.info\/en\/events\/concert-du-marche\/\">Weitere Informationen<\/a>\r\n\t\t\t\r\n\t\t<\/div>\r\n\t<\/div>\r\n<\/div><div class=\"em-event em-item\" style=\"--default-border:#FFFFFF;\">\r\n\t<div class=\"em-item-image has-placeholder\">\r\n\t\t\r\n\t\t\r\n\t\t<div class=\"em-item-image-placeholder\">\r\n\t\t\t<div class=\"date\">\r\n\t\t\t\t<span class=\"day\">15<\/span>\r\n\t\t\t\t<span class=\"month\">Jun<\/span>\r\n\t\t\t<\/div>\r\n\t\t<\/div>\r\n\t\t\r\n\t<\/div>\r\n\t<div class=\"em-item-info\">\r\n\t\t<h3 class=\"em-item-title\"><a href=\"https:\/\/thilomuster.info\/en\/events\/musik-zur-markzeit\/\">Musik zur Markzeit<\/a><\/h3>\r\n\t\t<h4>Rheinfelden \/ DE<\/h4>\r\n\t\t<div class=\"em-event-meta em-item-meta\">\r\n\t\t\t<div class=\"em-item-meta-line em-event-date em-event-meta-datetime\">\r\n\t\t\t\t<span class=\"em-icon-calendar em-icon\"><\/span>\r\n\t\t\t\t15.06.2019\u00a0\u00a0\u00a0\u00a0\r\n\t\t\t<\/div>\r\n\t\t\t<div class=\"em-item-meta-line em-event-time em-event-meta-datetime\">\r\n\t\t\t\t<span class=\"em-icon-clock em-icon\"><\/span>\r\n\t\t\t\t11:00 - 11:30\r\n\t\t\t<\/div>\r\n\t\t\t\r\n\t\t\t\r\n\t\t\t<div class=\"em-item-meta-line em-event-location\">\r\n\t\t\t\t<span class=\"em-icon-location em-icon\"><\/span>\r\n\t\t\t\t<a href=\"https:\/\/thilomuster.info\/en\/locations\/christuskirche-musik-zur-marktzeit\/\">Christuskirche<\/a>\r\n\t\t\t<\/div>\r\n\t\t\t\r\n\t\t\t\r\n\t\t\t\r\n\t\t\t<div class=\"em-item-meta-line em-item-taxonomy em-event-categories\">\r\n\t\t\t\t<span class=\"em-icon-category em-icon\"><\/span>\r\n\t\t\t\t<div>\t<ul class=\"event-categories\">\r\n\t\t\t\t\t<li><a href=\"https:\/\/thilomuster.info\/en\/events\/categories\/concerts\/\">Concerts<\/a><\/li>\r\n\t\t\t\t\t<li><a href=\"https:\/\/thilomuster.info\/en\/events\/categories\/concerts\/\">Konzerte<\/a><\/li>\r\n\t\t\t<\/ul>\r\n\t<\/div>\r\n\t\t\t<\/div>\r\n\t\t\t\r\n\t\t\t\r\n\t\t<\/div>\r\n\t\t<div class=\"em-item-desc\">\r\n\t\t\tKonzert mit dem Cantabile Chor, Pratteln\r\n\t\t<\/div>\r\n\t\t<div class=\"em-item-actions input\">\r\n\t\t\t<a class=\"em-item-read-more button\" href=\"https:\/\/thilomuster.info\/en\/events\/musik-zur-markzeit\/\">Weitere Informationen<\/a>\r\n\t\t\t\r\n\t\t<\/div>\r\n\t<\/div>\r\n<\/div><\/tbody><\/table>\t<\/div>\r\n<\/div><\/p>\n","protected":false},"author":1,"featured_media":0,"parent":0,"menu_order":0,"comment_status":"open","ping_status":"open","template":"","meta":{"_et_pb_use_builder":"on","_et_pb_old_content":"[events_list scope=\"future\"]","_et_gb_content_width":"","_exactmetrics_skip_tracking":false,"_exactmetrics_sitenote_active":false,"_exactmetrics_sitenote_note":"","_exactmetrics_sitenote_category":0,"footnotes":""},"class_list":["post-1298","page","type-page","status-publish","hentry"],"yoast_head":"<!-- This site is optimized with the Yoast SEO plugin v27.5 - https:\/\/yoast.com\/product\/yoast-seo-wordpress\/ -->\n<title>Concerts &amp; Events - Thilo Muster<\/title>\n<meta name=\"robots\" content=\"index, follow, max-snippet:-1, max-image-preview:large, max-video-preview:-1\" \/>\n<link rel=\"canonical\" href=\"https:\/\/thilomuster.info\/en\/upcoming-events\/\" \/>\n<meta property=\"og:locale\" content=\"en_US\" \/>\n<meta property=\"og:type\" content=\"article\" \/>\n<meta property=\"og:title\" content=\"Concerts &amp; Events - Thilo Muster\" \/>\n<meta property=\"og:description\" content=\"Upcoming Events Past Events\" \/>\n<meta property=\"og:url\" content=\"https:\/\/thilomuster.info\/en\/upcoming-events\/\" \/>\n<meta property=\"og:site_name\" content=\"Thilo Muster\" \/>\n<meta property=\"article:modified_time\" content=\"2025-06-25T23:12:57+00:00\" \/>\n<meta name=\"twitter:card\" content=\"summary_large_image\" \/>\n<meta name=\"twitter:label1\" content=\"Est. reading time\" \/>\n\t<meta name=\"twitter:data1\" content=\"32 minutes\" \/>\n<script type=\"application\/ld+json\" class=\"yoast-schema-graph\">{\"@context\":\"https:\\\/\\\/schema.org\",\"@graph\":[{\"@type\":\"WebPage\",\"@id\":\"https:\\\/\\\/thilomuster.info\\\/en\\\/upcoming-events\\\/\",\"url\":\"https:\\\/\\\/thilomuster.info\\\/en\\\/upcoming-events\\\/\",\"name\":\"Concerts & Events - Thilo Muster\",\"isPartOf\":{\"@id\":\"https:\\\/\\\/thilomuster.info\\\/#website\"},\"datePublished\":\"2015-01-15T20:56:00+00:00\",\"dateModified\":\"2025-06-25T23:12:57+00:00\",\"breadcrumb\":{\"@id\":\"https:\\\/\\\/thilomuster.info\\\/en\\\/upcoming-events\\\/#breadcrumb\"},\"inLanguage\":\"en-US\",\"potentialAction\":[{\"@type\":\"ReadAction\",\"target\":[\"https:\\\/\\\/thilomuster.info\\\/en\\\/upcoming-events\\\/\"]}]},{\"@type\":\"BreadcrumbList\",\"@id\":\"https:\\\/\\\/thilomuster.info\\\/en\\\/upcoming-events\\\/#breadcrumb\",\"itemListElement\":[{\"@type\":\"ListItem\",\"position\":1,\"name\":\"Startseite\",\"item\":\"https:\\\/\\\/thilomuster.info\\\/en\\\/\"},{\"@type\":\"ListItem\",\"position\":2,\"name\":\"Concerts &#038; Events\"}]},{\"@type\":\"WebSite\",\"@id\":\"https:\\\/\\\/thilomuster.info\\\/#website\",\"url\":\"https:\\\/\\\/thilomuster.info\\\/\",\"name\":\"Thilo Muster\",\"description\":\"organist\",\"publisher\":{\"@id\":\"https:\\\/\\\/thilomuster.info\\\/#\\\/schema\\\/person\\\/7ea3a1277f49d680734b680f0669947c\"},\"potentialAction\":[{\"@type\":\"SearchAction\",\"target\":{\"@type\":\"EntryPoint\",\"urlTemplate\":\"https:\\\/\\\/thilomuster.info\\\/?s={search_term_string}\"},\"query-input\":{\"@type\":\"PropertyValueSpecification\",\"valueRequired\":true,\"valueName\":\"search_term_string\"}}],\"inLanguage\":\"en-US\"},{\"@type\":[\"Person\",\"Organization\"],\"@id\":\"https:\\\/\\\/thilomuster.info\\\/#\\\/schema\\\/person\\\/7ea3a1277f49d680734b680f0669947c\",\"name\":\"thilo\",\"image\":{\"@type\":\"ImageObject\",\"inLanguage\":\"en-US\",\"@id\":\"https:\\\/\\\/thilomuster.info\\\/wp-content\\\/uploads\\\/2019\\\/02\\\/Thilo-Muster-Organist-Logo.jpg\",\"url\":\"https:\\\/\\\/thilomuster.info\\\/wp-content\\\/uploads\\\/2019\\\/02\\\/Thilo-Muster-Organist-Logo.jpg\",\"contentUrl\":\"https:\\\/\\\/thilomuster.info\\\/wp-content\\\/uploads\\\/2019\\\/02\\\/Thilo-Muster-Organist-Logo.jpg\",\"width\":300,\"height\":113,\"caption\":\"thilo\"},\"logo\":{\"@id\":\"https:\\\/\\\/thilomuster.info\\\/wp-content\\\/uploads\\\/2019\\\/02\\\/Thilo-Muster-Organist-Logo.jpg\"},\"sameAs\":[\"https:\\\/\\\/thilomuster.info\"]}]}<\/script>\n<!-- \/ Yoast SEO plugin. -->","yoast_head_json":{"title":"Concerts & Events - Thilo Muster","robots":{"index":"index","follow":"follow","max-snippet":"max-snippet:-1","max-image-preview":"max-image-preview:large","max-video-preview":"max-video-preview:-1"},"canonical":"https:\/\/thilomuster.info\/en\/upcoming-events\/","og_locale":"en_US","og_type":"article","og_title":"Concerts & Events - Thilo Muster","og_description":"Upcoming Events Past Events","og_url":"https:\/\/thilomuster.info\/en\/upcoming-events\/","og_site_name":"Thilo Muster","article_modified_time":"2025-06-25T23:12:57+00:00","twitter_card":"summary_large_image","twitter_misc":{"Est. reading time":"32 minutes"},"schema":{"@context":"https:\/\/schema.org","@graph":[{"@type":"WebPage","@id":"https:\/\/thilomuster.info\/en\/upcoming-events\/","url":"https:\/\/thilomuster.info\/en\/upcoming-events\/","name":"Concerts & Events - Thilo Muster","isPartOf":{"@id":"https:\/\/thilomuster.info\/#website"},"datePublished":"2015-01-15T20:56:00+00:00","dateModified":"2025-06-25T23:12:57+00:00","breadcrumb":{"@id":"https:\/\/thilomuster.info\/en\/upcoming-events\/#breadcrumb"},"inLanguage":"en-US","potentialAction":[{"@type":"ReadAction","target":["https:\/\/thilomuster.info\/en\/upcoming-events\/"]}]},{"@type":"BreadcrumbList","@id":"https:\/\/thilomuster.info\/en\/upcoming-events\/#breadcrumb","itemListElement":[{"@type":"ListItem","position":1,"name":"Startseite","item":"https:\/\/thilomuster.info\/en\/"},{"@type":"ListItem","position":2,"name":"Concerts &#038; Events"}]},{"@type":"WebSite","@id":"https:\/\/thilomuster.info\/#website","url":"https:\/\/thilomuster.info\/","name":"Thilo Muster","description":"organist","publisher":{"@id":"https:\/\/thilomuster.info\/#\/schema\/person\/7ea3a1277f49d680734b680f0669947c"},"potentialAction":[{"@type":"SearchAction","target":{"@type":"EntryPoint","urlTemplate":"https:\/\/thilomuster.info\/?s={search_term_string}"},"query-input":{"@type":"PropertyValueSpecification","valueRequired":true,"valueName":"search_term_string"}}],"inLanguage":"en-US"},{"@type":["Person","Organization"],"@id":"https:\/\/thilomuster.info\/#\/schema\/person\/7ea3a1277f49d680734b680f0669947c","name":"thilo","image":{"@type":"ImageObject","inLanguage":"en-US","@id":"https:\/\/thilomuster.info\/wp-content\/uploads\/2019\/02\/Thilo-Muster-Organist-Logo.jpg","url":"https:\/\/thilomuster.info\/wp-content\/uploads\/2019\/02\/Thilo-Muster-Organist-Logo.jpg","contentUrl":"https:\/\/thilomuster.info\/wp-content\/uploads\/2019\/02\/Thilo-Muster-Organist-Logo.jpg","width":300,"height":113,"caption":"thilo"},"logo":{"@id":"https:\/\/thilomuster.info\/wp-content\/uploads\/2019\/02\/Thilo-Muster-Organist-Logo.jpg"},"sameAs":["https:\/\/thilomuster.info"]}]}},"_links":{"self":[{"href":"https:\/\/thilomuster.info\/en\/wp-json\/wp\/v2\/pages\/1298","targetHints":{"allow":["GET"]}}],"collection":[{"href":"https:\/\/thilomuster.info\/en\/wp-json\/wp\/v2\/pages"}],"about":[{"href":"https:\/\/thilomuster.info\/en\/wp-json\/wp\/v2\/types\/page"}],"author":[{"embeddable":true,"href":"https:\/\/thilomuster.info\/en\/wp-json\/wp\/v2\/users\/1"}],"replies":[{"embeddable":true,"href":"https:\/\/thilomuster.info\/en\/wp-json\/wp\/v2\/comments?post=1298"}],"version-history":[{"count":2,"href":"https:\/\/thilomuster.info\/en\/wp-json\/wp\/v2\/pages\/1298\/revisions"}],"predecessor-version":[{"id":5745,"href":"https:\/\/thilomuster.info\/en\/wp-json\/wp\/v2\/pages\/1298\/revisions\/5745"}],"wp:attachment":[{"href":"https:\/\/thilomuster.info\/en\/wp-json\/wp\/v2\/media?parent=1298"}],"curies":[{"name":"wp","href":"https:\/\/api.w.org\/{rel}","templated":true}]}}